{"id":532,"date":"2014-05-20T15:13:58","date_gmt":"2014-05-20T13:13:58","guid":{"rendered":"http:\/\/www.accomplir.asso.fr\/accomplir\/?page_id=532"},"modified":"2015-05-02T23:26:09","modified_gmt":"2015-05-02T21:26:09","slug":"sdf","status":"publish","type":"page","link":"http:\/\/www.accomplir.asso.fr\/accomplir\/?page_id=532","title":{"rendered":"SDF"},"content":{"rendered":"<h2>Nos archives<\/h2>\n<ul>\n<li>Seule bonne nouvelle en ce moment dans le d\u00e9sastre du projet des Halles, la bagagerie Mains libres a trouv\u00e9 un nouveau local pour remplacer celui des pavillons Willerval qui doit \u00eatre d\u00e9truit (mars 2011). En attendant de s&rsquo;installer <a href=\"http:\/\/www.accomplir.asso.fr\/dossiers\/20110328\/20 Lettre CHOTARD.pdf\" target=\"_blank\">dans l&rsquo;immeuble du 15\true Jean Lantier, comme promis par l&rsquo;H\u00f4tel de Ville<\/a>, <a href=\"http:\/\/www.accomplir.asso.fr\/iweb\/Accomplir\/Les_photos\/Pages\/2local-bagagerie-23032011.html#0\">l&rsquo;association\ta emm\u00e9nag\u00e9 pour un an et demi dans un bungalow situ\u00e9 sur le\tchantier des Halles<\/a> et a pr\u00e9sent\u00e9 \u00e0 cette occasion une <a href=\"http:\/\/www.accomplir.asso.fr\/iweb\/Accomplir\/Les_photos\/Pages\/retrospective-maints-libres-2006-2011.html\" target=\"_blank\">r\u00e9trospective en photos de ses activit\u00e9s depuis 2006 et de la fa\u00e7on dont elle a\tpermis aux SDF de prendre leur place dans l&rsquo;animation et la\tvie du quartier<\/a>. Voir le <a href=\"http:\/\/www.accomplir.asso.fr\/association\/photos\/20110326\/19 Discours inauguration.pdf\" target=\"_blank\">discours\tde la pr\u00e9sidente de Mains libres, Elisabeth Bourguinat,<\/a> \u00e0\tl&rsquo;occasion de l&rsquo;inauguration.<\/li>\n<li>Sans abri \u00e0 Paris : la pr\u00e9sence des sans-abri sur le territoire parisien et l'action de la collectivit\u00e9 pour aider \u00e0 leur r\u00e9insertion, <a href=\"http:\/\/www.accomplir.asso.fr\/dossiers\/20110328\/11.02%20APUR.pdf\" target=\"_blank\">rapport de l'Atelier parisien d'urbanisme<\/a> (janvier 2011).<\/li>\n<li>La bagagerie Mains libres f&ecirc;te ses deux ans d&rsquo;existence (17\/03\/09) et vous invite &agrave; <a href=\"http:\/\/www.accomplir.asso.fr\/dossiers\/20090223\/14 Affiche2.pdf\" target=\"_blank\">une soir&eacute;e comprenant un\tpetit spectacle sur le th&egrave;me des Fables de La Fontaine, suivi d&rsquo;un diaporama sur la bagagerie, d&rsquo;un d&eacute;bat et d&rsquo;une collation<\/a>. Ce sera le mardi 17 mars 2009, de 19h30 &agrave; 22h, au Centre d&rsquo;animation des Halles (Forum des Halles, niveau -3, Place Carr&eacute;e). Si vous voulez mieux conna&icirc;tre le monde de la rue, d&eacute;couvrir le\tfonctionnement de la bagagerie, mais surtout changer de regard sur les SDF, cette soir&eacute;e est pour vous ! Entr&eacute;e libre mais r&eacute;servation obligatoire au 01 40 28 18 48.<\/li>\n<li>L&rsquo;association Mains libres a publi&eacute; son <a\thref=\"http:\/\/www.accomplir.asso.fr\/dossiers\/20090223\/03 Rapport ML 2009.pdf\" target=\"_blank\">Bilan apr&egrave;s 20 mois de fonctionnement<\/a> (f&eacute;vrier 2009). Ce rapport\td&rsquo;une cinquantaine de pages rappelle l&rsquo;histoire et le fonctionnement de la bagagerie, pr&eacute;sente des t&eacute;moignages d&rsquo;usagers et de b&eacute;n&eacute;voles\tainsi que ceux des partenaires associatifs, fournit des statistiques sur l&rsquo;impact social de la bagagerie, sur sa\tfr&eacute;quentation, sur l&rsquo;origine du recrutement des\tusagers, sur l&rsquo;implication des b&eacute;n&eacute;voles SDF\tet ADF, sur la vie de l&rsquo;association et sur sa gestion financi&egrave;re. Le Conseil d&rsquo;administration a notamment estim&eacute; qu&rsquo;avoir un casier &agrave; la bagagerie avait &eacute;t&eacute; &laquo;&nbsp;tr&egrave;s b&eacute;n&eacute;fique&nbsp;&raquo; pour 39 usagers sur les 88 qui sont pass&eacute;s par cet &eacute;quipement depuis sa\tcr&eacute;ation&nbsp;; 11 d&rsquo;entre eux ont retrouv&eacute; un logement et 15 un h&eacute;bergement de longue dur&eacute;e.<\/li>\n<li>Les SDF de la bagagerie Mains libres relancent leur stand de produits &eacute;quitables &laquo;&nbsp;Aux copains des\tHalles&nbsp;&raquo;, le dimanche matin &agrave; l&rsquo;angle\tMontorgueil-Montmartre, et vous donnent <a href=\"http:\/\/www.accomplir.asso.fr\/dossiers\/20080911\/27%20prospectus%20copains%20sep08.pdf\" target=\"_blank\">quatre bonnes raisons d&rsquo;y faire quelques emplettes<\/a> (septembre\t2008).<\/li>\n<li>La belle histoire de Bernard, <a href=\"http:\/\/www.accomplir.asso.fr\/dossiers\/20080524\/10%20histoire%20de%20Bernard.pdf\" target=\"_blank\">SDF des Halles en voie de r&eacute;insertion gr&acirc;ce &agrave; la bagagerie\tMains Libres<\/a> (mai 2008).<\/li>\n<li><a href=\"http:\/\/www.accomplir.asso.fr\/dossiers\/20080330\/03%20Creation%20stand%20solidaire.pdf\" target=\"_blank\">Cr&eacute;ation d&rsquo;un stand solidaire &agrave; l&rsquo;angle Montmartre-Montorgueil<\/a> au b&eacute;n&eacute;fice des SDF membres de Mains libres qui tiennent le stand (9 mars 2008). <a href=\"http:\/\/www.accomplir.asso.fr\/dossiers\/20080330\/10%20prospectus%20vente%20avec%20logo.pdf\" target=\"_blank\">Voir le prospectus<\/a>.<\/li>\n<li><a href=\"http:\/\/www.accomplir.asso.fr\/dossiers\/20080210\/10%20bagagerie.pdf\" target=\"_blank\">Un an apr&egrave;s l&rsquo;ouverture de la bagagerie Mains libres, son bilan est\tpositif et la ville a reconduit l&rsquo;attribution du local pour un an<\/a>. Prochaine &eacute;tape pour Mains libres&nbsp;:\tl&rsquo;ouverture d&rsquo;un stand de produits issus du commerce &eacute;quitable qui se tiendra &agrave; l&rsquo;angle des rues\tTurbigo et Montmartre, et permettra aux SDF volontaires de reprendre contact avec une activit&eacute; &eacute;conomique.\tFaites-leur bon accueil&nbsp;! (f&eacute;vrier 2008)<\/li>\n<li>Nouvelles r&eacute;unions de l&rsquo;association&nbsp;:  <a href=\"http:\/\/www.accomplir.asso.fr\/dossiers\/cloche_des_halles\/20%20PV%20AG%20ML%2009-03-07.pdf\" target=\"_blank\">Assembl&eacute;e g&eacute;n&eacute;rale<\/a> (09\/03\/07), r&eacute;union de  <a href=\"http:\/\/www.accomplir.asso.fr\/dossiers\/cloche_des_halles\/19%20ML-22%2003%2007.pdf\" target=\"_blank\">premier bilan\tsur l&rsquo;ouverture<\/a> (22\/03\/05), r&eacute;union sur  <a href=\"http:\/\/www.accomplir.asso.fr\/dossiers\/cloche_des_halles\/18%20ML-03%2004%2007.pdf\" target=\"_blank\">diverses\tquestions<\/a> (03\/04\/07), r&eacute;union sur la  <a href=\"http:\/\/www.accomplir.asso.fr\/dossiers\/cloche_des_halles\/17%2026-04-07MainsLibres.pdf\" target=\"_blank\">fr&eacute;quentation de la bagagerie<\/a> (26\/04\/07).<\/li>\n<li><a href=\"http:\/\/www.accomplir.asso.fr\/dossiers\/cloche_des_halles\/09%20bagagerie.pdf\" target=\"_blank\">La bagagerie Mains libres a ouvert ses portes le 5 mars 2007<\/a>, &agrave;\tpeine plus d&rsquo;un an apr&egrave;s le lancement de\tl&rsquo;id&eacute;e&nbsp;! <a href=\"http:\/\/www.mainslibres.asso.fr\/photos.htm#9mars\" target=\"_blank\">Voir les photos de quelques-unes des r&eacute;unions qui ont ponctu&eacute; ce processus<\/a> et les <a href=\"http:\/\/www.mainslibres.asso.fr\/plan.htm#casiers\" target=\"_blank\">photos des locaux am&eacute;nag&eacute;s<\/a>,\tjuste avant le d&eacute;marrage de l&rsquo;activit&eacute;. <a href=\"http:\/\/www.mainslibres.asso.fr\/equipes.htm\" target=\"_blank\">Voir les photos des &eacute;quipes de b&eacute;n&eacute;voles SDF et ADF<\/a>.<\/li>\n<li>Trois nouvelles r&eacute;unions de l&rsquo;association Mains libres&nbsp;: <a href=\"http:\/\/www.accomplir.asso.fr\/dossiers\/cloche_des_halles\/29%20CR%2024-01-07.pdf\" target=\"_blank\">sur les conventions avec la Ville et le r&eacute;tro-planning<\/a> (24\/01\/07) ;  <a href=\"http:\/\/www.accomplir.asso.fr\/dossiers\/cloche_des_halles\/30%20CR%2009%2002%2007.pdf\" target=\"_blank\">sur\tl&rsquo;am&eacute;nagement des locaux et la s&eacute;curit&eacute;<\/a> (09\/02\/07)&nbsp;;  <a href=\"http:\/\/www.accomplir.asso.fr\/dossiers\/cloche_des_halles\/31_CR_20_02_07.pdf\" target=\"_blank\">sur diverses questions &agrave; r&eacute;gler avant l&rsquo;ouverture de la bagagerie<\/a>\t(20\/02\/07).<\/li>\n<li>Nouvelles r&eacute;unions de l&rsquo;association &laquo;&nbsp;Mains libres&nbsp;&raquo;&nbsp;: sur  <a href=\"http:\/\/www.accomplir.asso.fr\/dossiers\/cloche_des_halles\/25%20CR%2011%2012%2006.pdf\" target=\"_blank\">la cotisation des adh&eacute;rents<\/a> (12\/12\/06), sur  <a href=\"http:\/\/www.accomplir.asso.fr\/dossiers\/cloche_des_halles\/26%20CR%2018-12-06.pdf\" target=\"_blank\">le recrutement des usagers<\/a> (18\/12\/06),&nbsp; sur  <a href=\"http:\/\/www.accomplir.asso.fr\/dossiers\/cloche_des_halles\/27%20CR%2026-12-06.pdf\" target=\"_blank\">les conventions avec les partenaires associatifs de Mains libres<\/a> (26\/12\/07), sur <a href=\"http:\/\/www.accomplir.asso.fr\/dossiers\/cloche_des_halles\/28%20CR%2010-01-07.pdf\" target=\"_blank\">la participation de Mains libres &agrave; la f&ecirc;te du Jardin extraordinaire 2007<\/a> (10\/01\/07).<\/li>\n<li>Robert Autret, 56 ans, SDF, est d&eacute;c&eacute;d&eacute;\td&rsquo;une crise cardiaque sur la terrasse Rambuteau du Forum des Halles&nbsp;(23\/12\/06) : comment peut-on encore mourir dehors, au c&oelig;ur de Paris, au 21&egrave;me si&egrave;cle&nbsp;? Voir la <a href=\"http:\/\/www.accomplir.asso.fr\/dossiers\/cloche_des_halles\/Robert%20Autret.jpg\">photo<\/a> prise la\tveille de sa mort par la maraude d&rsquo;Emma&uuml;s.<\/li>\n<li>Trois nouvelles r&eacute;unions de l&rsquo;association\t&laquo;&nbsp;Mains libres&nbsp;&raquo;, l&rsquo;une  <a href=\"http:\/\/www.accomplir.asso.fr\/dossiers\/cloche_des_halles\/04%20mains%20libres%2020%2011%20bulletin.pdf\" target=\"_blank\">sur les locaux et l&rsquo;implantation des casiers<\/a> dans la future\tbagagerie (20\/11\/06), l&rsquo;autre  <a href=\"http:\/\/www.accomplir.asso.fr\/dossiers\/cloche_des_halles\/09%20mains%20libres%20CR%2028-11-06%20bulletin.pdf\" target=\"_blank\">sur\tle recrutement des usagers<\/a> (28\/11\/06), la troisi&egrave;me  <a href=\"http:\/\/www.accomplir.asso.fr\/dossiers\/cloche_des_halles\/14%20bis%20CR_04_12_06.pdf\" target=\"_blank\">sur le recrutement des volontaires et des donateurs<\/a>.<\/li>\n<li>Gr&acirc;ce &agrave; l&rsquo;action conjointe des &eacute;lus de droite et de gauche, <a href=\"http:\/\/www.accomplir.asso.fr\/dossiers\/cloche_des_halles\/41%20bagagerie%20local.pdf\" target=\"_blank\">le projet de bagagerie des Halles aura bient&ocirc;t son local<\/a> (novembre\t2006)<\/li>\n<li>Nouvelles r&eacute;unions pl&eacute;ni&egrave;res de Mains libres&nbsp;: un brainstorming o&ugrave; <a href=\"http:\/\/www.accomplir.asso.fr\/dossiers\/renovation\/17%20REUNION%20DU%204%20OCTOBRE.pdf\" target=\"_blank\">chaque participant a pu exprimer comment il vit ce projet de bagagerie<\/a>\t(04\/10\/06)&nbsp;; une r&eacute;union de <a href=\"http:\/\/www.accomplir.asso.fr\/dossiers\/renovation\/18%20REUNION%20DU%2011%20oct.pdf\" target=\"_blank\">pr&eacute;paration de la soir&eacute;e &laquo;&nbsp;Rencontre avec la rue&nbsp;&raquo;<\/a>&nbsp; (11\/10\/06)&nbsp;; une r&eacute;flexion sur les <a href=\"http:\/\/www.accomplir.asso.fr\/dossiers\/cloche_des_halles\/20%20CR%2011-06.pdf\" target=\"_blank\">crit&egrave;res\td&rsquo;&eacute;valuation du projet<\/a> (06\/11\/06)&nbsp;; la <a href=\"http:\/\/www.accomplir.asso.fr\/dossiers\/renovation\/34%20visite%20locaux%20bagagerie%2017-11.pdf\" target=\"_blank\">visite de locaux<\/a> o&ugrave; implanter la bagagerie (17\/11\/06) ; ainsi\tqu&rsquo;un  <a href=\"http:\/\/www.accomplir.asso.fr\/dossiers\/cloche_des_halles\/19%20soiree%20rencontre%2013-10.pdf\" target=\"_blank\">bilan\tde la soir&eacute;e &laquo;&nbsp;Rencontre avec la\true&nbsp;&raquo;<\/a>.<\/li>\n<li><a href=\"http:\/\/www.accomplir.asso.fr\/dossiers\/cloche_des_halles\/17%20Delanoe%20let%20version%20finale.pdf\" target=\"_blank\">Courrier\tde Mains libres au Maire de Paris<\/a> pour lui demander un local\tdans le quartier des Halles (26\/09\/06)<\/li>\n<li><a href=\"http:\/\/www.accomplir.asso.fr\/dossiers\/cloche_des_halles\/16%20bagagerie%2014-09.pdf\" target=\"_blank\">R&eacute;union\tpl&eacute;ni&egrave;re de Mains libres<\/a> (14\/09\/06).<\/li>\n<li>Premi&egrave;re  <a href=\"http:\/\/www.accomplir.asso.fr\/dossiers\/cloche_des_halles\/09%20bagagerie%2014.pdf\" target=\"_blank\">R&eacute;union pl&eacute;ni&egrave;re de l&rsquo;association Mains libres<\/a>\t&agrave; la Pointe Saint-Eustache (23\/08\/06). Au programme : le bilan des d&eacute;marches officielles pour trouver un local et\tdes financements, le lancement de cours d&rsquo;informatique pour les personnes sans domicile au centre social La Clairi&egrave;re, la pr&eacute;paration d&rsquo;une soir&eacute;e spectacle &agrave; l&rsquo;espace L&eacute;opold Bellan.<\/li>\n<li>Le  <a href=\"http:\/\/www.accomplir.asso.fr\/dossiers\/cloche_des_halles\/10%20DOSSIER%20presentation%20bagagerie.pdf\" target=\"_blank\">Dossier de pr&eacute;sentation du projet<\/a> de bagagerie de l&rsquo;association Mains libres (juillet 2006).<\/li>\n<li><a href=\"http:\/\/www.accomplir.asso.fr\/dossiers\/cloche_des_halles\/11%20PV%20constituante%2027-06.pdf\" target=\"_blank\">Assembl&eacute;e constituante de l&rsquo;association Mains libres<\/a>, destin&eacute;e &agrave; porter le projet de bagagerie (27\/06\/06).\tL&rsquo;une des caract&eacute;ristiques de cette association est que son conseil d&rsquo;administration est compos&eacute; pour un\ttiers de SDF, pour un tiers d&rsquo;ADF (&laquo; avec domicile fixe &raquo;), et pour un tiers d&rsquo;associations sp&eacute;cialis&eacute;es dans l&rsquo;aide aux personnes sans\tdomicile.<\/li>\n<li>Quatre nouvelles r&eacute;unions de travail sur le projet de bagagerie&nbsp;:  <a href=\"http:\/\/www.accomplir.asso.fr\/dossiers\/cloche_des_halles\/09%20bagagerie%2018-05.pdf\" target=\"_blank\">sur les\tr&eacute;sultats de &rsquo;enqu&ecirc;te aupr&egrave;s des\tfuturs usagers<\/a> (18\/05\/06),  <a href=\"http:\/\/www.accomplir.asso.fr\/dossiers\/cloche_des_halles\/10%20bagagerie%2026-05.pdf\" target=\"_blank\">sur le budget<\/a> (26\/05\/06), <a href=\"http:\/\/www.accomplir.asso.fr\/dossiers\/cloche_des_halles\/11%20bagagerie%2012-06.pdf\" target=\"_blank\">sur les contacts avec les &eacute;lus<\/a> (12\/06\/06),  <a href=\"http:\/\/www.accomplir.asso.fr\/dossiers\/cloche_des_halles\/12%20bagagerie%2022-06.pdf\" target=\"_blank\">sur les\tstatuts<\/a> (22\/06\/06).<\/li>\n<li>Trois nouvelles r&eacute;unions de travail sur le projet de\tbagagerie des Halles ont eu lieu : l&rsquo;une &eacute;tait\tconsacr&eacute;e plus particuli&egrave;rement aux  <a href=\"http:\/\/www.accomplir.asso.fr\/dossiers\/cloche_des_halles\/01%20bagagerie%2031-03.pdf\" target=\"_blank\">probl&egrave;mes de s&eacute;curit&eacute;<\/a> (31\/03\/06), l&rsquo;autre au  <a href=\"http:\/\/www.accomplir.asso.fr\/dossiers\/cloche_des_halles\/08%20bagagerie%2027-04.pdf\" target=\"_blank\">recrutement et\t&agrave; la gestion des b&eacute;n&eacute;voles<\/a> (27\/04\/06), la troisi&egrave;me &agrave; l&rsquo;&eacute;laboration\td&rsquo;une <a href=\"http:\/\/www.accomplir.asso.fr\/dossiers\/cloche_des_halles\/09%20bagagerie%2003-05.pdf\" target=\"_blank\">fiche d&eacute;taill&eacute;e sur le fonctionnement de\tl&rsquo;&eacute;quipement<\/a> avec l&rsquo;aide de 7 personnes de\tla rue (03\/05\/06). Cela prend tournure !<\/li>\n<li><a href=\"http:\/\/www.accomplir.asso.fr\/dossiers\/cloche_des_halles\/09%20CR%20bagagerie%20Agora.pdf\" target=\"_blank\">R&eacute;union\tdu groupe de travail de Solidarit&eacute; Paris Centre &agrave; l&rsquo;Agora Emma&uuml;s sur le projet de Bagagerie des Halles<\/a>\t(15\/03\/06). La r&eacute;flexion continue, en analysant de\tfa&ccedil;on tr&egrave;s concr&egrave;te comment cet\t&eacute;quipement pourrait fonctionner.<\/li>\n<li><a href=\"http:\/\/www.accomplir.asso.fr\/dossiers\/cloche_des_halles\/05%20visite%20bagageries.pdf\" target=\"_blank\">Visites des bagageries du Refuge et d&rsquo;Emma&uuml;s alternatives<\/a> (03\/03\/06) Suite &agrave; la soir&eacute;e-d&eacute;bat du 24 f&eacute;vrier, le groupe de travail de &laquo;&nbsp;Solidarit&eacute; Paris Centre&nbsp;&raquo; a associ&eacute; trois personnes de la rue, Martine, Patrick et\tThierry, &agrave; la visite de deux bagageries situ&eacute;es\t&agrave; Pantin et &agrave; Montreuil. Leur point de vue tr&egrave;s pragmatique nous a d&rsquo;ores et d&eacute;j&agrave; &eacute;t&eacute; tr&egrave;s utile pour d&eacute;finir la formule de bagagerie qu&rsquo;il faudrait mettre en &oelig;uvre aux Halles.<\/li>\n<li><a href=\"http:\/\/www.accomplir.asso.fr\/dossiers\/cloche_des_halles\/06%20CR%20debat%2024%2002%2006.pdf\" target=\"_blank\">Soir&eacute;e\t&laquo;&nbsp;Rencontre avec la rue&nbsp;&raquo; au Centre d&rsquo;animation des Halles<\/a> (24\/02\/06). Le spectacle &agrave; la fois cocasse et bouleversant de Francis Cymbler, &laquo;&nbsp;Sur la route&nbsp;&raquo;, a &eacute;t&eacute; suivi\td&rsquo;un d&eacute;bat de grande qualit&eacute;, o&ugrave; plusieurs sans-abri ont longuement pris la parole. Ils ont\tnotamment exprim&eacute; le d&eacute;sir d&rsquo;&ecirc;tre\tdirectement associ&eacute;s aux projets et aux d&eacute;cisions qui les concernent.<\/li>\n<li><a\thref=\"http:\/\/www.accomplir.asso.fr\/dossiers\/cloche_des_halles\/07%20soutien%20personnes%20rue%2017-02-06.pdf\" target=\"_blank\">Mise\ten place d&rsquo;un r&eacute;seau de soutien aux personnes de la rue dans les arrondissements du centre de Paris<\/a> (17\/02\/06) Un groupe, &laquo;&nbsp;Solidarit&eacute; Paris Centre&nbsp;&raquo;\ts&rsquo;est cr&eacute;&eacute; il y a quelques mois &agrave; l&rsquo;initiative de conseils de quartier et d&rsquo;associations\tdes quatre premiers arrondissements. Nous nous y sommes\tassoci&eacute;s pour r&eacute;fl&eacute;chir &agrave; la cr&eacute;ation de nouveaux &eacute;quipements pour les sans-abri au c&oelig;ur de Paris.<\/li>\n<li><a href=\"http:\/\/www.accomplir.asso.fr\/dossiers\/cloche_des_halles\/10%20Exclusion%20et%20logement.pdf\" target=\"_blank\">&laquo;<\/a> <a href=\"http:\/\/www.accomplir.asso.fr\/dossiers\/cloche_des_halles\/10%20Exclusion%20et%20logement.pdf\" target=\"_blank\">Pourquoi tant de gens vivent-ils dans nos rues ? &raquo; -\tExclusion et logement<\/a> (13\/10\/05). D&eacute;bat organis&eacute; par la commission &laquo; Solidarit&eacute;\t&raquo; des conseils de quartier du 2&egrave;me arrondissement, &agrave; l&rsquo;occasion de la Journ&eacute;e mondiale du refus de la mis&egrave;re ; des t&eacute;moignages bouleversants sur la\tvie sans logement.<\/li>\n<li>R&eacute;union de pr&eacute;sentation du  <a href=\"http:\/\/www.accomplir.asso.fr\/dossiers\/cloche_des_halles\/CR%20collectif%20rue%2009-12.pdf\" target=\"_blank\">Collectif\tRue<\/a>, qui f&eacute;d&egrave;re de tr&egrave;s nombreuses\tassociations et organismes venant en aide aux gens de la rue dans\tle centre de Paris (09\/12\/04).<\/li>\n<li><a href=\"http:\/\/www.accomplir.asso.fr\/dossiers\/cloche_des_halles\/41_Rencontre_%27Agora_Emmaus.pdf\" target=\"_blank\">Rencontre\tavec les responsables de l&#8217;Agora-Emma&uuml;s<\/a> (27\/03\/03) : Nous avons rencontr&eacute; les responsables\td&#8217;Emma&uuml;s, qui nous ont fait d&eacute;couvrir leurs\tactivit&eacute;s nombreuses et impressionnantes ( <a href=\"http:\/\/www.accomplir.asso.fr\/dossiers\/cloche_des_halles\/emmaus_visite\/emmaus_visite.html\" target=\"_blank\">voir les\tphotos<\/a>).<\/li>\n<li><a href=\"http:\/\/www.accomplir.asso.fr\/dossiers\/cloche_des_halles\/23_Noel_2002_avec_SDF.pdf\" target=\"_blank\">Participation d'ACCOMPLIR &agrave; l'animation du repas de\tNo&euml;l de Saint-Leu avec les SDF<\/a> (24 d&eacute;cembre 2002) : un grand moment de f&ecirc;te et d'&eacute;motion (<a\thref=\"http:\/\/www.accomplir.asso.fr\/association\/photos\/noel_st-leu\/noel_st-leu.php\"  target=\"_blank\">voir les photos<\/a>).<\/li>\n<li><a href=\"http:\/\/www.accomplir.asso.fr\/dossiers\/cloche_des_halles\/24_Partenariat_captifs.htm\" target=\"_blank\">Proposition\tde partenariat avec l'association &quot; Aux Captifs la lib&eacute;ration &quot; qui s'occupe des SDF &agrave; Saint-Leu<\/a>\t(27 novembre 2002) : L'association &quot; Aux captifs la lib&eacute;ration &quot; est pr&ecirc;te &agrave; un partenariat avec ACCOMPLIR pour des actions concr&egrave;tes en faveur des SDF\tdu quartier, &agrave; commencer par une participation au repas de\tNo&euml;l des SDF.<\/li>\n<li><a href=\"http:\/\/www.accomplir.asso.fr\/dossiers\/cloche_des_halles\/25_Soiree_capitaine_TERRY_SDF.pdf\" target=\"_blank\">D&eacute;bat\tavec le capitaine TERRY &agrave; propos des SDF du quartier des\tHalles<\/a> (extrait du d&eacute;bat du 07 novembre 2002) : le probl&egrave;me des SDF n'est pas un probl&egrave;me de police,\tc'est un probl&egrave;me de soci&eacute;t&eacute;, et c'est\t&agrave; la soci&eacute;t&eacute; d'y apporter une r&eacute;ponse.<\/li>\n<li><a href=\"http:\/\/www.accomplir.asso.fr\/dossiers\/cloche_des_halles\/26_Contrat_local_securite_SDF.pdf\" target=\"_blank\">Contrat local de s&eacute;curit&eacute; : compte rendu de la r&eacute;union du Groupe de Travail &quot; SDF &quot;<\/a> (28\tf&eacute;vrier 2002) : Tour d'horizon des actions en faveur des SDF dans le quartier ; quelques propositions.<\/li>\n<\/ul>\n","protected":false},"excerpt":{"rendered":"<p>Nos archives Seule bonne nouvelle en ce moment dans le d\u00e9sastre du projet des Halles, la bagagerie Mains libres a trouv\u00e9 un nouveau local pour remplacer celui des pavillons Willerval qui doit \u00eatre d\u00e9truit (mars 2011). En attendant de s&rsquo;installer dans l&rsquo;immeuble du 15 rue Jean Lantier, comme promis par l&rsquo;H\u00f4tel de Ville, l&rsquo;association a &hellip; <a href=\"http:\/\/www.accomplir.asso.fr\/accomplir\/?page_id=532\" class=\"more-link\">Continuer la lecture de <span class=\"screen-reader-text\">SDF<\/span>  <span class=\"meta-nav\">&rarr;<\/span><\/a><\/p>\n","protected":false},"author":4,"featured_media":0,"parent":0,"menu_order":0,"comment_status":"closed","ping_status":"closed","template":"","meta":[],"_links":{"self":[{"href":"http:\/\/www.accomplir.asso.fr\/accomplir\/index.php?rest_route=\/wp\/v2\/pages\/532"}],"collection":[{"href":"http:\/\/www.accomplir.asso.fr\/accomplir\/index.php?rest_route=\/wp\/v2\/pages"}],"about":[{"href":"http:\/\/www.accomplir.asso.fr\/accomplir\/index.php?rest_route=\/wp\/v2\/types\/page"}],"author":[{"embeddable":true,"href":"http:\/\/www.accomplir.asso.fr\/accomplir\/index.php?rest_route=\/wp\/v2\/users\/4"}],"replies":[{"embeddable":true,"href":"http:\/\/www.accomplir.asso.fr\/accomplir\/index.php?rest_route=%2Fwp%2Fv2%2Fcomments&post=532"}],"version-history":[{"count":5,"href":"http:\/\/www.accomplir.asso.fr\/accomplir\/index.php?rest_route=\/wp\/v2\/pages\/532\/revisions"}],"predecessor-version":[{"id":761,"href":"http:\/\/www.accomplir.asso.fr\/accomplir\/index.php?rest_route=\/wp\/v2\/pages\/532\/revisions\/761"}],"wp:attachment":[{"href":"http:\/\/www.accomplir.asso.fr\/accomplir\/index.php?rest_route=%2Fwp%2Fv2%2Fmedia&parent=532"}],"curies":[{"name":"wp","href":"https:\/\/api.w.org\/{rel}","templated":true}]}}