{"id":489,"date":"2014-05-19T18:15:52","date_gmt":"2014-05-19T16:15:52","guid":{"rendered":"http:\/\/www.accomplir.asso.fr\/accomplir\/?page_id=489"},"modified":"2019-02-16T10:24:41","modified_gmt":"2019-02-16T08:24:41","slug":"renovation-du-quartier-des-halles-archives-2000-2004","status":"publish","type":"page","link":"http:\/\/www.accomplir.asso.fr\/accomplir\/?page_id=489","title":{"rendered":"R\u00e9novation des Halles"},"content":{"rendered":"<p><script src=\"..\/code.js\"><\/script><script>\/\/ <![CDATA[ $ = jQuery; $(document).ready(parserDossiers); afficherFiltres(); \/\/ ]]><\/script><\/p>\n<h2>Nos dossiers<\/h2>\n<p><a href=\"#2018\">2018 -<\/a><a href=\"#2015\">2015<\/a> - <a href=\"#2014\">2014<\/a> - <a href=\"#2013\">2013<\/a> - <a href=\"#2012\">2012<\/a> - <a href=\"#2011\">2011<\/a> - <a href=\"#2010\">2010<\/a> - <a href=\"#2009\">2009<\/a> - <a href=\"#2008\">2008<\/a> - <a href=\"#2007\">2007<\/a> - <a href=\"#2006\">2006<\/a> - <a href=\"#2005\">2005<\/a> - <a href=\"#2004\">2004<\/a> - <a href=\"#2003\">2003<\/a> - <a href=\"#2002\">2002<\/a> - <a href=\"#2001\">2001<\/a> - <a href=\"#2000\">2000<\/a><\/p>\n<hr \/>\n<div id=\"2014\">2018 - <a href=\"#top\">Haut<\/a><\/div>\n<div>\n<ul>\n<li><a href=\"http:\/\/www.accomplir.asso.fr\/accomplir\/wp-content\/uploads\/2019\/02\/d\u00e9bat-conseil-de-paris.pdf\" target=\"_blank\" rel=\"noopener\">D\u00e9bat au conseil de Paris sur le rapport de la Cour des Comptes sur l'am\u00e9nagement des Halles<\/a> (octobre 2018)<\/li>\n<li><a href=\"http:\/\/www.accomplir.asso.fr\/accomplir\/wp-content\/uploads\/2019\/02\/Rapport-CRC-Halles.pdf\" target=\"_blank\" rel=\"noopener\">Rapport de la cour des comptes sur l'op\u00e9ration d'am\u00e9nagement des Halles<\/a> (Juillet 2018)<\/li>\n<\/ul>\n<\/div>\n<hr \/>\n<div id=\"2015\">2015 - <a href=\"#top\">Haut<\/a><\/div>\n<ul>\n<li>R\u00e9union publique : <a href=\"http:\/\/www.accomplir.asso.fr\/accomplir\/wp-content\/uploads\/2014\/05\/2015-09-23-SemPariSeine-Reunion-publique.pdf\" target=\"_blank\" rel=\"noopener\">suivi du chantier<\/a>, <a href=\"http:\/\/www.accomplir.asso.fr\/accomplir\/wp-content\/uploads\/2014\/05\/2015-09-23_RATP_RNM.pdf\" target=\"_blank\" rel=\"noopener\">r\u00e9novation de la station Ch\u00e2telet<\/a>, <a href=\"http:\/\/www.accomplir.asso.fr\/accomplir\/wp-content\/uploads\/2014\/05\/2015-09-23_RATP_PoleTransport.pdf\" target=\"_blank\" rel=\"noopener\">p\u00f4le transport<\/a> (23\/09\/15)<\/li>\n<li><a href=\"http:\/\/www.accomplir.asso.fr\/accomplir\/wp-content\/uploads\/2014\/05\/CR-ComiteSuiviChantier-20150910.pdf\" target=\"_blank\" rel=\"noopener\">R\u00e9union du comit\u00e9 de suivi du chantier<\/a> (10\/09\/15)<\/li>\n<li><a href=\"http:\/\/www.accomplir.asso.fr\/accomplir\/wp-content\/uploads\/2014\/05\/CR-ComiteSuiviChantier-20150707.pdf\" target=\"_blank\" rel=\"noopener\">R\u00e9union du comit\u00e9 de suivi du chantier<\/a> (07\/07\/15)<\/li>\n<li>R\u00e9union d'information : <a href=\"http:\/\/www.accomplir.asso.fr\/accomplir\/wp-content\/uploads\/2014\/05\/20150609-Reunion_equipements_publics_Canopee.pdf\" target=\"_blank\" rel=\"noopener\">pr\u00e9sentation des nouveaux \u00e9quipements publics des Halles<\/a> (09\/06\/15)<\/li>\n<li><a href=\"http:\/\/www.accomplir.asso.fr\/accomplir\/wp-content\/uploads\/2014\/05\/CR-ComiteSuiviChantier-20150528.pdf\" target=\"_blank\" rel=\"noopener\">R\u00e9union du comit\u00e9 de suivi du chantier<\/a> (28\/05\/15)<\/li>\n<li><a href=\"http:\/\/www.accomplir.asso.fr\/accomplir\/wp-content\/uploads\/2014\/05\/CR-ComiteSuiviChantier-20150429.pdf\" target=\"_blank\" rel=\"noopener\">R\u00e9union du comit\u00e9 de suivi du chantier<\/a> (29\/04\/15)<\/li>\n<li><a href=\"http:\/\/www.accomplir.asso.fr\/accomplir\/wp-content\/uploads\/2014\/05\/CR-ComiteSuiviChantier-20150318.pdf\" target=\"_blank\" rel=\"noopener\">R\u00e9union du comit\u00e9 de suivi du chantier<\/a> (18\/03\/15)<\/li>\n<li><a href=\"http:\/\/www.accomplir.asso.fr\/accomplir\/wp-content\/uploads\/2014\/05\/20150211-CR-ComiteSuiviChantier.pdf\" target=\"_blank\" rel=\"noopener\">R\u00e9union du comit\u00e9 de suivi du chantier<\/a> (11\/02\/15)<\/li>\n<li>R\u00e9union de concertation : <a href=\"http:\/\/www.accomplir.asso.fr\/accomplir\/wp-content\/uploads\/2014\/05\/20150203-Halles-Reunion-concertation-voirie-surface.pdf\" target=\"_blank\" rel=\"noopener\">am\u00e9nagement des voiries<\/a><\/li>\n<li><a href=\"http:\/\/www.accomplir.asso.fr\/accomplir\/wp-content\/uploads\/2014\/05\/CR-ComiteSuiviChantier-20150115.pdf\" target=\"_blank\" rel=\"noopener\">R\u00e9union du comit\u00e9 de suivi du chantier<\/a> (15\/01\/15)<\/li>\n<\/ul>\n<hr \/>\n<div id=\"2014\">2014 - <a href=\"#top\">Haut<\/a><\/div>\n<ul>\n<li>R\u00e9union publique : <a href=\"http:\/\/www.accomplir.asso.fr\/accomplir\/wp-content\/uploads\/2014\/05\/20141208-SemPariSeine-Reunion_publique.pdf\" target=\"_blank\" rel=\"noopener\">suivi du chantier<\/a>, <a href=\"http:\/\/www.accomplir.asso.fr\/accomplir\/wp-content\/uploads\/2014\/05\/20141208-RATP-Reunion_publique-Chantier.pdf\" target=\"_blank\" rel=\"noopener\">\u00c7a change \u00e0 Ch\u00e2telet\u2010Les Halles<\/a> et <a href=\"http:\/\/www.accomplir.asso.fr\/accomplir\/wp-content\/uploads\/2014\/05\/20141208-RATP-Reunion_publique-RNM.pdf\" target=\"_blank\" rel=\"noopener\">Renouveau du M\u00e9tro<\/a> (08\/12\/14)<\/li>\n<li><a href=\"http:\/\/www.accomplir.asso.fr\/accomplir\/wp-content\/uploads\/2014\/05\/CR-ComiteSuiviChantier-20141118.pdf\" target=\"_blank\" rel=\"noopener\">R\u00e9union du comit\u00e9 de suivi du chantier<\/a> (18\/11\/14)<\/li>\n<li><a href=\"http:\/\/www.accomplir.asso.fr\/accomplir\/wp-content\/uploads\/2014\/05\/CR-Comit\u00e9SuiviChantier-20141009.pdf\">R\u00e9union du comit\u00e9 de suivi du chantier<\/a> (09\/10\/14)<\/li>\n<li><a href=\"http:\/\/www.accomplir.asso.fr\/accomplir\/wp-content\/uploads\/2014\/05\/CR-Comit\u00e9SuiviChantier-20140909.pdf\">R\u00e9union du comit\u00e9 de suivi du chantier<\/a> (09\/09\/14)<\/li>\n<li><a href=\"http:\/\/www.accomplir.asso.fr\/accomplir\/wp-content\/uploads\/2014\/05\/2014-07-09-cr_comite_suivi_chantier.pdf\" target=\"_blank\" rel=\"noopener\">R\u00e9union du comit\u00e9 de suivi du chantier<\/a> (09\/07\/14)<\/li>\n<li><a href=\"http:\/\/www.accomplir.asso.fr\/accomplir\/wp-content\/uploads\/2014\/05\/2014-06-11_cr_comite_suivi_chantier.pdf\" target=\"_blank\" rel=\"noopener\">R\u00e9union du comit\u00e9 de suivi du chantier<\/a> (11\/06\/14)<\/li>\n<li>R\u00e9union publique suivi de chantier : <a href=\"http:\/\/www.accomplir.asso.fr\/accomplir\/wp-content\/uploads\/2014\/05\/20140605-Reunion-Publique-Pole-Transport-RNM-.pdf\" target=\"_blank\" rel=\"noopener\">la pr\u00e9sentation (p\u00f4le transport)<\/a>, <a href=\"http:\/\/www.accomplir.asso.fr\/accomplir\/wp-content\/uploads\/2014\/05\/20140605-Reunion-publique-suivi-chantier-.pdf\" target=\"_blank\" rel=\"noopener\">la pr\u00e9sentation (chantier Canop\u00e9e et jardin)<\/a> et <a href=\"http:\/\/www.accomplir.asso.fr\/accomplir\/wp-content\/uploads\/2014\/05\/20140605-CR-Reunion_Publique-Suivi_chantier+RATP.pdf\" target=\"_blank\" rel=\"noopener\">le compte-rendu<\/a> (05\/06\/14)<\/li>\n<li><a href=\"http:\/\/www.accomplir.asso.fr\/accomplir\/wp-content\/uploads\/2014\/05\/CR-ComiteSuiviChantier-20140506.pdf\" target=\"_blank\" rel=\"noopener\">R\u00e9union du comit\u00e9 de suivi du chantier<\/a> (06\/05\/14)<\/li>\n<li><a href=\"http:\/\/www.accomplir.asso.fr\/accomplir\/wp-content\/uploads\/2014\/05\/CR-Comit\u00e9SuiviChantier-20140401.pdf\" target=\"_blank\" rel=\"noopener\">R\u00e9union du comit\u00e9 de suivi du chantier<\/a> (01\/04\/14)<\/li>\n<li><a href=\"http:\/\/www.accomplir.asso.fr\/accomplir\/wp-content\/uploads\/2014\/05\/CR-ComiteSuiviChantier-20140218.pdf\" target=\"_blank\" rel=\"noopener\">R\u00e9union du comit\u00e9 de suivi du chantier<\/a> (18\/02\/14)<\/li>\n<li><a href=\"http:\/\/www.accomplir.asso.fr\/accomplir\/wp-content\/uploads\/2014\/05\/CR-ComiteSuiviChantier-20140121.pdf\" target=\"_blank\" rel=\"noopener\">R\u00e9union du comit\u00e9 de suivi du chantier<\/a> (21\/01\/14)<\/li>\n<\/ul>\n<hr \/>\n<div id=\"2013\">2013 - <a href=\"#top\">Haut<\/a><\/div>\n<ul>\n<li><a href=\"http:\/\/www.accomplir.asso.fr\/accomplir\/wp-content\/uploads\/2014\/05\/CR-ComiteSuiviChantier-201311121.pdf\" target=\"_blank\" rel=\"noopener\">R\u00e9union du comit\u00e9 de suivi du chantier<\/a> (10\/12\/13)<\/li>\n<li><a href=\"http:\/\/www.accomplir.asso.fr\/accomplir\/wp-content\/uploads\/2014\/05\/CR-ComiteSuiviChantier-20131112.pdf\" target=\"_blank\" rel=\"noopener\">R\u00e9union du comit\u00e9 de suivi du chantier<\/a> (12\/11\/13)<\/li>\n<li><a href=\"http:\/\/www.accomplir.asso.fr\/accomplir\/wp-content\/uploads\/2014\/05\/CR-ComiteSuiviChantier-20131008.pdf\" target=\"_blank\" rel=\"noopener\">R\u00e9union du comit\u00e9 de suivi du chantier<\/a> (08\/10\/13)<\/li>\n<li><a href=\"http:\/\/www.accomplir.asso.fr\/accomplir\/wp-content\/uploads\/2014\/05\/20130919-RATP-Reunion-publique.pdf\" target=\"_blank\" rel=\"noopener\">R\u00e9union publique P\u00f4le Transport<\/a> (19\/09\/13)<\/li>\n<li>R\u00e9union publique suivi de chantier : <a href=\"http:\/\/www.accomplir.asso.fr\/accomplir\/wp-content\/uploads\/2014\/05\/20130919-SemPariSeine-Reunion-publique.pdf\" target=\"_blank\" rel=\"noopener\">la pr\u00e9sentation<\/a> et <a href=\"http:\/\/www.accomplir.asso.fr\/accomplir\/wp-content\/uploads\/2014\/05\/20130919-CR-Reunion-publique-Suivi-chantier+RATP_0.pdf\" target=\"_blank\" rel=\"noopener\">le compte-rendu<\/a> (19\/09\/13)<\/li>\n<li><a href=\"http:\/\/www.accomplir.asso.fr\/accomplir\/wp-content\/uploads\/2014\/05\/20130910-CR-Comit\u00e9SuiviChantier.pdf\" target=\"_blank\" rel=\"noopener\">R\u00e9union du comit\u00e9 de suivi du chantier<\/a> (10\/09\/13)<\/li>\n<li><a href=\"http:\/\/www.accomplir.asso.fr\/accomplir\/wp-content\/uploads\/2014\/05\/20130702-CR-ComiteSuiviChantier.pdf\" target=\"_blank\" rel=\"noopener\">R\u00e9union du comit\u00e9 de suivi du chantier<\/a> (02\/07\/13)<\/li>\n<li>R\u00e9union d\u2019information avec le GIE des commer\u00e7ants du Forum : <a href=\"http:\/\/www.accomplir.asso.fr\/accomplir\/wp-content\/uploads\/2014\/05\/20130207-Reunion-commercants-GIE_0.pdf\" target=\"_blank\" rel=\"noopener\">la pr\u00e9sentation<\/a> et <a href=\"http:\/\/www.accomplir.asso.fr\/accomplir\/wp-content\/uploads\/2014\/05\/20130207-CR-Reunion-Commercants-Halles-UGC.pdf\" target=\"_blank\" rel=\"noopener\">le compte-rendu<\/a> (02\/07\/13)<\/li>\n<li><a href=\"http:\/\/www.accomplir.asso.fr\/accomplir\/wp-content\/uploads\/2014\/05\/20130517-CR-ComiteSuiviChantier.pdf\" target=\"_blank\" rel=\"noopener\">R\u00e9union du comit\u00e9 de suivi du chantier<\/a> (17\/05\/13)<\/li>\n<li><a href=\"http:\/\/www.accomplir.asso.fr\/accomplir\/wp-content\/uploads\/2014\/05\/20130418-CR-ComiteSuiviChantier.pdf\" target=\"_blank\" rel=\"noopener\">R\u00e9union du comit\u00e9 de suivi du chantier<\/a> (18\/04\/13)<\/li>\n<li><a href=\"http:\/\/www.accomplir.asso.fr\/accomplir\/wp-content\/uploads\/2014\/05\/20130321-CR-ComiteSuiviChantier.pdf\" target=\"_blank\" rel=\"noopener\">R\u00e9union du comit\u00e9 de suivi du chantier<\/a> (21\/03\/13)<\/li>\n<li><a href=\"http:\/\/www.accomplir.asso.fr\/dossiers\/20130301\/10 CR-ComiteSuiviChantier-20130213.pdf\" target=\"_blank\" rel=\"noopener\">R\u00e9union du comit\u00e9 de suivi du chantier<\/a> (13\/02\/13)<\/li>\n<li>R\u00e9union publique d\u2019information (29\/01\/13). Voir <a href=\"http:\/\/www.accomplir.asso.fr\/dossiers\/20130301\/03-Reunion-publique-Suivi-chantier.pdf\" target=\"_blank\" rel=\"noopener\">le diaporama sur le chantier des Halles<\/a> et <a href=\"http:\/\/www.accomplir.asso.fr\/dossiers\/20130301\/04-Reunion-publique-Pole-Transport.pdf\" target=\"_blank\" rel=\"noopener\">sur le p\u00f4le transport<\/a>.<\/li>\n<li><a href=\"http:\/\/www.accomplir.asso.fr\/dossiers\/20130301\/06 CR-ComiteSuiviChantier-20130109-1.pdf\" target=\"_blank\" rel=\"noopener\">R\u00e9union du comit\u00e9 de suivi du chantier<\/a> (09\/01\/13)<\/li>\n<li><a href=\"http:\/\/www.accomplir.asso.fr\/dossiers\/20130301\/16 decision cour d-appel brossat.pdf\" target=\"_blank\" rel=\"noopener\">Nouvelle victoire d\u2019Accomplir en appel contre Ian Brossat<\/a> (janvier 2013)<\/li>\n<\/ul>\n<hr \/>\n<div id=\"2012\">2012 - <a href=\"#top\">Haut<\/a><\/div>\n<ul>\n<li><a href=\"http:\/\/www.accomplir.asso.fr\/dossiers\/20130301\/05 CR-ComiteSuiviChantier-20121206-1.pdf\" target=\"_blank\" rel=\"noopener\">R\u00e9union du comit\u00e9 de suivi du chantier<\/a> (06\/12\/12)<\/li>\n<li><a href=\"http:\/\/www.accomplir.asso.fr\/dossiers\/20130301\/14 Fiche-Proto_Canopee.pdf\" target=\"_blank\" rel=\"noopener\">Fiche de pr\u00e9sentation du prototype de la Canop\u00e9e<\/a> (05\/12\/12)<\/li>\n<li>Chute de parpaings au Forum des Halles (28\/11\/12). Voir le <a href=\"http:\/\/www.accomplir.asso.fr\/dossiers\/20130301\/07 courriers Praliaud ecoles quartier.pdf\" target=\"_blank\" rel=\"noopener\">Courrier du directeur de la SemPariSeine aux directeurs des \u00e9coles du quartier<\/a>, le <a href=\"http:\/\/www.accomplir.asso.fr\/dossiers\/20130301\/08 lettre legaret 11 dec.pdf\" target=\"_blank\" rel=\"noopener\">Courrier du Maire du 1er aux parents d\u2019\u00e9l\u00e8ves<\/a>, le <a href=\"http:\/\/www.accomplir.asso.fr\/dossiers\/20130301\/11 Voeu Loig Raoul sortie scolaire.pdf\" target=\"_blank\" rel=\"noopener\">v\u0153u de Lo\u00efg Raoul et de Laurent Sa\u00efag<\/a>.<\/li>\n<li><a href=\"http:\/\/www.accomplir.asso.fr\/dossiers\/20130301\/15 courrier hidalgo biblio nov 12.pdf\" target=\"_blank\" rel=\"noopener\">Courrier \u00e0 Anne Hidalgo sur le devenir de la biblioth\u00e8que La Fontaine et de la biblioth\u00e8que du Louvre dans la future biblioth\u00e8que de la Canop\u00e9e<\/a> (16\/11\/12)<\/li>\n<li><a href=\"http:\/\/www.accomplir.asso.fr\/dossiers\/20130301\/09 20121018-CR-ComiteSuiviChantier.pdf\" target=\"_blank\" rel=\"noopener\">R\u00e9union du comit\u00e9 de suivi du chantier<\/a> (18\/10\/12)<\/li>\n<li>R\u00e9union publique sur le suivi du chantier Halles (26\/09\/12). Le <a href=\"http:\/\/www.accomplir.asso.fr\/dossiers\/20121027\/02 CR-Reunion-publique-Suivi-chantier.pdf\" target=\"_blank\" rel=\"noopener\">compte rendu officiel<\/a>, le <a href=\"http:\/\/www.accomplir.asso.fr\/dossiers\/20121027\/03 ppt Reunion-publique-Suivi-chantier.pdf\" target=\"_blank\" rel=\"noopener\">diaporama<\/a>.<\/li>\n<li><a href=\"http:\/\/www.accomplir.asso.fr\/dossiers\/20121027\/05 comite suivi chantier.pdf\" target=\"_blank\" rel=\"noopener\">R\u00e9union du comit\u00e9 de suivi du chantier<\/a> (20\/09\/12)<\/li>\n<li><a href=\"http:\/\/www.accomplir.asso.fr\/dossiers\/20120910\/25 ComiteSuiviChantier-22-08-12.pdf\" target=\"_blank\" rel=\"noopener\">R\u00e9union du comit\u00e9 de suivi du chantier<\/a> (22\/08\/12)<\/li>\n<li>R\u00e9union publique sur le suivi du chantier Halles (28\/06\/12) : <a href=\"http:\/\/www.accomplir.asso.fr\/dossiers\/20120910\/18 PV reu publ.pdf\" target=\"_blank\" rel=\"noopener\">compte-rendu officiel<\/a>, <a href=\"http:\/\/www.accomplir.asso.fr\/dossiers\/20120910\/16 diaporama SemPariSeine.pdf\" target=\"_blank\" rel=\"noopener\">diaporama de la SemPariSeine<\/a>, <a href=\"http:\/\/www.accomplir.asso.fr\/dossiers\/20120910\/17 diaporama ratp.pdf\" target=\"_blank\" rel=\"noopener\">diaporama de la RATP<\/a>.<\/li>\n<li><a href=\"http:\/\/www.accomplir.asso.fr\/dossiers\/20120910\/12 SG50 communication marches Les Halles.pdf\" target=\"_blank\" rel=\"noopener\">Communication SG50 du bilan d\u2019avancement du projet de r\u00e9am\u00e9nagement du quartier des Halles<\/a>, <a href=\"http:\/\/www.accomplir.asso.fr\/dossiers\/20120910\/13 SG50 annexe 1.pdf\" target=\"_blank\" rel=\"noopener\">Annexe<\/a> 1, <a href=\"http:\/\/www.accomplir.asso.fr\/dossiers\/20120910\/14 SG 50 annexe 2.pdf\" target=\"_blank\" rel=\"noopener\">Annexe 2<\/a>, <a href=\"http:\/\/www.accomplir.asso.fr\/dossiers\/20120910\/15 SG 50 annexe 3.pdf\" target=\"_blank\" rel=\"noopener\">Annexe 3<\/a> (19 et 20\/06\/12).<\/li>\n<li><a href=\"http:\/\/www.accomplir.asso.fr\/dossiers\/20120910\/05 CR-ComiteSuiviChantier-23-05-12.pdf\" target=\"_blank\" rel=\"noopener\">R\u00e9union du comit\u00e9 de suivi du chantier<\/a> (23\/05\/12)<\/li>\n<li>Guillaume Poitrinal, PDG d\u2019Unibail-RODAMCO, a publi\u00e9 un ouvrage <a href=\"http:\/\/www.accomplir.asso.fr\/dossiers\/20120605\/02%20extrait-poitrinal.pdf\" target=\"_blank\" rel=\"noopener\">dans lequel il d\u00e9nigre l\u2019association Accomplir<\/a> et cherche \u00e0 nous faire \u00ab porter le chapeau \u00bb des retards accumul\u00e9s par le projet des Halles (mai 2012). Nous rendons publique la <a href=\"http:\/\/www.accomplir.asso.fr\/dossiers\/20120605\/01%20reponse%20a%20Poitrinal.pdf\" target=\"_blank\" rel=\"noopener\">r\u00e9ponse que nous lui avons adress\u00e9e, dans laquelle nous revenons sur les dessous du projet des Halles et le r\u00f4le tout \u00e0 fait central qu\u2019y a jou\u00e9 Unibail<\/a>. Voir <a href=\"http:\/\/www.accomplir.asso.fr\/dossiers\/20120910\/08 reponse poitrinal.pdf\" target=\"_blank\" rel=\"noopener\">la missive qu\u2019il nous a envoy\u00e9e en retour<\/a>.<\/li>\n<li><a href=\"http:\/\/www.accomplir.asso.fr\/dossiers\/20120527\/03 unibail frustre.pdf\" target=\"_blank\" rel=\"noopener\">L\u2019app\u00e9tit d\u2019Unibail provisoirement frustr\u00e9<\/a> (mai 2012)<\/li>\n<li><a href=\"http:\/\/www.accomplir.asso.fr\/dossiers\/20120527\/04 suite avenant illegal.pdf\" target=\"_blank\" rel=\"noopener\">Suite du feuilleton de l\u2019avenant ill\u00e9gal<\/a> (mai 2012)<\/li>\n<li><a href=\"http:\/\/www.accomplir.asso.fr\/dossiers\/20120527\/07 CR-ComiteSuiviChantier-20120419.pdf\" target=\"_blank\" rel=\"noopener\">R\u00e9union du comit\u00e9 de suivi du chantier<\/a> (19\/04\/12)<\/li>\n<li><a href=\"http:\/\/www.accomplir.asso.fr\/dossiers\/20120411\/11 CR-ComiteSuiviChantier-20120326 def.pdf\" target=\"_blank\" rel=\"noopener\">R\u00e9union du comit\u00e9 de suivi du chantier<\/a> (26\/03\/12) et <a href=\"http:\/\/www.accomplir.asso.fr\/dossiers\/20120411\/03 eval charte chantier mars 2012.pdf\" target=\"_blank\" rel=\"noopener\">power-point de pr\u00e9sentation de l\u2019\u00e9valuation annuelle de la charte de d\u00e9veloppement durable du chantier<\/a>. Nous avons obtenu <a href=\"http:\/\/www.accomplir.asso.fr\/dossiers\/20120910\/06 Charte-chantier-2011.pdf\" target=\"_blank\" rel=\"noopener\">une pr\u00e9sentation plus lisible de cette \u00e9valuation<\/a><\/li>\n<li><a href=\"http:\/\/www.accomplir.asso.fr\/dossiers\/20120411\/06 Evolutions du calendrier des Halles.pdf\" target=\"_blank\" rel=\"noopener\">Evolution du calendrier de l\u2019op\u00e9ration des Halles<\/a> (f\u00e9vrier 2012)<\/li>\n<li><a href=\"http:\/\/www.accomplir.asso.fr\/dossiers\/20120411\/05 CR-ComiteSuiviChantier-20120214 def.pdf\" target=\"_blank\" rel=\"noopener\">R\u00e9union du comit\u00e9 de suivi du chantier<\/a> (14\/02\/12)<\/li>\n<li><a href=\"http:\/\/www.accomplir.asso.fr\/dossiers\/20120212\/13 Question ecrite Verts Halles.pdf\" target=\"_blank\" rel=\"noopener\">Question \u00e9crite pos\u00e9e par le groupe EELV au Conseil de Paris<\/a> sur le d\u00e9classement des voies publiques de l\u2019Ancien Forum et sur le d\u00e9classement du Centre d\u2019animation des Halles (06\/02\/12). <a href=\"http:\/\/www.accomplir.asso.fr\/dossiers\/20120527\/09 Reponse QE 2012.pdf\" target=\"_blank\" rel=\"noopener\">La r\u00e9ponse de la Ville<\/a>.<\/li>\n<li>Le <a href=\"http:\/\/www.accomplir.asso.fr\/dossiers\/20120212\/jugement_bourguinat_accomplir_brossat.pdf\" target=\"_blank\" rel=\"noopener\">jugement<\/a> qui blanchit totalement Accomplir et sa secr\u00e9taire. <a href=\"http:\/\/www.accomplir.asso.fr\/dossiers\/20120411\/10 Affaire Brossat.pdf\" target=\"_blank\" rel=\"noopener\">Notre r\u00e9sum\u00e9 de l\u2019<\/a>affaire (f\u00e9vrier 2012).<\/li>\n<li>Affaire Brossat : <a href=\"http:\/\/www.accomplir.asso.fr\/dossiers\/20120212\/03 !assignationBrossat.pdf\" target=\"_blank\" rel=\"noopener\">l\u2019assignation par Brossat<\/a>, <a href=\"http:\/\/www.accomplir.asso.fr\/dossiers\/20120212\/02jugement_brossat.pdf\" target=\"_blank\" rel=\"noopener\">le jugement qui innocente Accomplir et Elisabeth Bourguinat<\/a> (03\/02\/12).<\/li>\n<li>Trois images pour montrer le changement de nature du projet Canop\u00e9e entre 2007 et 2011 : <a href=\"http:\/\/www.accomplir.asso.fr\/dossiers\/20120212\/16 Canopee nuage ferraille_web.pdf\" target=\"_blank\" rel=\"noopener\">du nuage transparent \u00e0 la for\u00eat de ferraille<\/a> (janvier 2012)<\/li>\n<li><a href=\"http:\/\/www.accomplir.asso.fr\/dossiers\/20120212\/01 CR-ComiteSuiviChantier-20120111 def.pdf\" target=\"_blank\" rel=\"noopener\">R\u00e9union du comit\u00e9 de suivi du chantier<\/a> (11\/01\/12).<\/li>\n<\/ul>\n<hr \/>\n<div id=\"2011\">2011 - <a href=\"#top\">Haut<\/a><\/div>\n<ul>\n<li>Affaire Ian Brossat : <a href=\"http:\/\/www.accomplir.asso.fr\/dossiers\/20120212\/03 !assignationBrossat.pdf\" target=\"_blank\" rel=\"noopener\">l\u2019assignation par Ian Brossat<\/a> (16\/12\/11).<\/li>\n<li><a href=\"http:\/\/www.accomplir.asso.fr\/dossiers\/20111213\/17 aires de jeux.pdf\" target=\"_blank\" rel=\"noopener\">Bient\u00f4t deux nouvelles aires de jeux pour les enfants<\/a> ; dommage que l\u2019emplacement ait \u00e9t\u00e9 aussi mal choisi (d\u00e9cembre2011).<\/li>\n<li><a href=\"http:\/\/www.accomplir.asso.fr\/dossiers\/20111213\/18 Robins des Bois.pdf\" target=\"_blank\" rel=\"noopener\">Accomplirjoue les Robins des bois contre Unibail<\/a> (d\u00e9cembre 2011).<\/li>\n<li><a href=\"http:\/\/www.accomplir.asso.fr\/dossiers\/20111213\/20 jackpot.pdf\" target=\"_blank\" rel=\"noopener\">Mangin touche le jackpot<\/a>, Berger et Anziutti c\u2019est moins s\u00fbr (d\u00e9cembre 2011)<\/li>\n<li>R\u00e9union publique sur le chantier des Halles (07\/12\/11). <a href=\"http:\/\/www.accomplir.asso.fr\/dossiers\/20111213\/01 ReunionPublique-PPT-07-12-11.pdf\" target=\"_blank\" rel=\"noopener\">Voir le power-point<\/a>, avec notamment le d\u00e9tail du mode de construction de la Canop\u00e9e(diapositives 30 \u00e0 58). Pour m\u00e9moire, voici <a href=\"http:\/\/www.accomplir.asso.fr\/association\/photos\/20111215\/Vimeo-29364028%20Cinematique%20du%20chantier%20Canopee%20des%20Halles%20.mp4\" target=\"_blank\" rel=\"noopener\">le mode de construction grandiose \u00e9labor\u00e9 ant\u00e9rieurement par les architectes Berger et<\/a>Anziutti... et jug\u00e9 irr\u00e9alisable par le vainqueur de l'appel d'offre, Vinci, qui a par cons\u00e9quent d\u00fb en proposerun autre. Pas tr\u00e8s rassurant sur le savoir-faire de nos deux architectes... Voir le <a href=\"http:\/\/www.accomplir.asso.fr\/dossiers\/20120212\/05%202011-12-07%20-%20CR%20Reunion%20publique%20suivi%20chantier%20des%20Halles.pdf\" target=\"_blank\" rel=\"noopener\">compte rendu officiel<\/a>.<\/li>\n<li><a href=\"http:\/\/www.accomplir.asso.fr\/dossiers\/20111213\/06 CR-ComiteSuiviChantier.pdf\" target=\"_blank\" rel=\"noopener\">R\u00e9union du comit\u00e9 de suivi du chantier<\/a> (08\/11\/11)<\/li>\n<li>Conseil de Paris (17 et 18\/10\/11). Voir <a href=\"http:\/\/www.accomplir.asso.fr\/dossiers\/20111213\/08%20comm%202011%20SG%20112.pdf\" target=\"_blank\" rel=\"noopener\">la communication 2011 SG 112<\/a> sur le bilan d\u2019avancement du projet de r\u00e9am\u00e9nagementdu quartier des Halles, et <a href=\"http:\/\/www.accomplir.asso.fr\/dossiers\/20111213\/09 2011 SG 182 Lalanne.pdf\" target=\"_blank\" rel=\"noopener\">la d\u00e9lib\u00e9ration 2011 SG 182<\/a> sur un protocole entre la Ville de Paris, la SemPariSeine et Mme ClaudeLalanne, qui consacre la disparition de tout souvenir du jardin Lalanne dans le jardin des Halles.<\/li>\n<li>Dans son ouvrage <a href=\"http:\/\/livre.fnac.com\/a3614751\/Dominique- Foing-Comptes-et-legendes-de-Paris\" target=\"_blank\" rel=\"noopener\"><i>Comptes et l\u00e9gendes de Paris<\/i><\/a>, enqu\u00eate sur la gestion Delano\u00eb, publi\u00e9 chez Deno\u00ebl (octobre 2011), Dominique Foing consacre un chapitre entier, intitul\u00e9 <i>Du Forum des Halles \u00e0 la tour Triangle<\/i>, aux \u00ab liaisons dangereuses \u00bb entre la Ville et le promoteur immobilier Unibail, d\u00e9sormais propri\u00e9taire du Forum des Halles. Ce livre tr\u00e8s bien \u00e9crit s\u2019appuie sur de nombreux rapports de l\u2019Inspection g\u00e9n\u00e9rale des services et de la Cour r\u00e9gionale des comptes, pour dresser un tableau assez accablant de la gestion municipale depuis 2001. Le ton n\u2019est jamais haineux, parfois humoristique mais sans vraie m\u00e9chancet\u00e9. Ce n'est pas l\u2019homme qui est attaqu\u00e9 ni ses id\u00e9es ou ses valeurs (que Foing partage) mais vraiment la mauvaise gestion, l\u2019incomp\u00e9tence et les mensonges. A lire de toute urgence si vous voulez vous faire une id\u00e9e plus pr\u00e9cise des m\u00e9thodes de celui qui proclame partout qu\u2019il est <i>\u00ab un bon gestionnaire \u00bb<\/i>.<\/li>\n<li><a href=\"http:\/\/www.accomplir.asso.fr\/dossiers\/20111017\/04%20Question%20ecrite%20EELV.pdf\" target=\"_blank\" rel=\"noopener\">Question \u00e9crite pos\u00e9e par Jacques Boutault et les \u00e9luEs du groupe Europe Ecologie Les Verts et apparent\u00e9s<\/a> au Maire de Paris relative au co\u00fbt de l\u2019op\u00e9ration de r\u00e9am\u00e9nagement des Halles et \u00e0 la pr\u00e9sentation du bilan d\u2019avancement du projet aupr\u00e8s du Conseil de Paris et des Conseils des 1er, 2\u00e8me, 3\u00e8me et 4\u00e8me arrondissements (17\/10\/11)<\/li>\n<li><a href=\"http:\/\/www.accomplir.asso.fr\/dossiers\/20111017\/16 prototype.pdf\" target=\"_blank\" rel=\"noopener\">L\u2019\u00e9trange affaire du prototype invisible<\/a> (octobre 2011)<\/li>\n<li><a href=\"http:\/\/www.accomplir.asso.fr\/dossiers\/20111017\/01 CR-ComiteSuiviChantier-20111005.pdf\" target=\"_blank\" rel=\"noopener\">R\u00e9union du comit\u00e9 de suivi du chantier<\/a> (05\/10\/11)<\/li>\n<li><a href=\"http:\/\/www.accomplir.asso.fr\/accomplir\/wp-content\/uploads\/2014\/05\/20110915_cote_chantier.mp4\" target=\"_blank\" rel=\"noopener\">Les Halles, c\u00f4t\u00e9 chantier, \u00e9pisode 1<\/a> (20\/09\/11). Une vid\u00e9o de la SemPariSeine sur les 9 premiers mois du chantier des Halles.<\/li>\n<li><a href=\"http:\/\/www.accomplir.asso.fr\/dossiers\/20111017\/07 Communique Ville - marche Canopee.pdf\" target=\"_blank\" rel=\"noopener\">Communiqu\u00e9 de la Ville sur l\u2019attribution du march\u00e9 de construction de la Canop\u00e9e<\/a> (14\/09\/11)<\/li>\n<li><a href=\"http:\/\/www.accomplir.asso.fr\/dossiers\/20111017\/08 ComiteSuiviChantier-20110906.pdf\" target=\"_blank\" rel=\"noopener\">R\u00e9union du comit\u00e9 de suivi du chantier<\/a> (06\/09\/11)<\/li>\n<li><a href=\"http:\/\/www.accomplir.asso.fr\/dossiers\/20110903\/19 Adieu Cassin.pdf\" target=\"_blank\" rel=\"noopener\">Adieu la place Cassin<\/a> (septembre 2011) : son arr\u00eat de mort va \u00eatre sign\u00e9 courant septembre avec la publication de l\u2019appel d\u2019offre pour les travaux de la partie nord-ouest du jardin.<\/li>\n<li><a href=\"http:\/\/www.accomplir.asso.fr\/dossiers\/20111017\/06 !appel offre Canopee 13 juillet 2011.pdf\" target=\"_blank\" rel=\"noopener\">Nouvel appel d\u2019offre pour la construction de la Canop\u00e9e, avec un d\u00e9coupage par lots<\/a>(13\/07\/11).<\/li>\n<li><a href=\"http:\/\/www.accomplir.asso.fr\/dossiers\/20110903\/01 CR-ComiteSuiviChantier-28-06-11.pdf\" target=\"_blank\" rel=\"noopener\">R\u00e9union du comit\u00e9 de suivi du chantier<\/a> (28\/06\/11).<\/li>\n<li>R\u00e9union d\u2019information des commer\u00e7ants (07\/06\/11) : le <a href=\"http:\/\/www.accomplir.asso.fr\/dossiers\/20110903\/03 infos_commercants.pdf\" target=\"_blank\" rel=\"noopener\">power-point pr\u00e9sent\u00e9 lors de la r\u00e9union<\/a>.<\/li>\n<li><a href=\"http:\/\/www.accomplir.asso.fr\/dossiers\/20110515\/INVITATION%20concours%20casserole.pdf\" target=\"_blank\" rel=\"noopener\">Grand Prix de la Casserole parisienne<\/a> (31\/05\/11) : Dix ans se sont \u00e9coul\u00e9s et l'heure du bilan a sonn\u00e9: l'\u00e9quipe municipale est devenue championne du monologue, les voies de concertation mises en places se sont peu \u00e0 peu vid\u00e9es de leur contenu. Pour rappeler ses engagements \u00e0 l'\u00e9quipe municipale les associations parisiennes organisent, sous l'\u00e9gide de Marc Ambroise-Rendu, ancien pr\u00e9sident d'Ile de France Environnement, le Grand Prix de la Casserole parisienne, mardi 31 mai \u00e0 18h30, salle Jean Dame dans le 2e.Voir <a href=\"http:\/\/www.accomplir.asso.fr\/dossiers\/20110903\/10%20CASSEROLE%20PARISIENNE%20DP.pdf\" target=\"_blank\" rel=\"noopener\">le dossier de presse<\/a>, notre <a href=\"http:\/\/www.accomplir.asso.fr\/dossiers\/20110903\/12%20CR%20Casserole%20parisienne.pdf\" target=\"_blank\" rel=\"noopener\">compte-rendu<\/a>, le <a href=\"http:\/\/www.accomplir.asso.fr\/association\/presse\/20110515\/fr3-1920-01062011.mp4\" target=\"_blank\" rel=\"noopener\">reportage de France 3<\/a>, le <a href=\"http:\/\/www.accomplir.asso.fr\/association\/photos\/08%20ACCOMPLIR_casseroles.pdf\" target=\"_blank\" rel=\"noopener\">dessin de Nicolas Tabary<\/a>, les <a href=\"http:\/\/www.accomplir.asso.fr\/iweb\/Accomplir\/Les_photos\/Pages\/gp_casserole_310511.html\" target=\"_blank\" rel=\"noopener\">photos<\/a>, le <a href=\"http:\/\/www.accomplir.asso.fr\/association\/photos\/07%20capture%20ecran.pdf\" target=\"_blank\" rel=\"noopener\">communiqu\u00e9 de presse de la Ville<\/a> (capture d\u2019\u00e9cran France 3).<\/li>\n<li>Epilogue de l\u2019affaire de l\u2019avenant ill\u00e9gal accord\u00e9 \u00e0 David Mangin pour la ma\u00eetrise d\u2019\u0153uvre du jardin des Halles (26\/05\/11). La Ville lui accorde <a href=\"http:\/\/www.accomplir.asso.fr\/dossiers\/20111213\/16%20rapport%20CAO%202e%20marche%20Mangin.pdf\" target=\"_blank\" rel=\"noopener\">un nouveau march\u00e9 partiel de ma\u00eetrise d\u2019\u0153uvre<\/a>, d\u2019un montant de 2,2 M\u20ac, ce qui porte sa r\u00e9mun\u00e9ration totale \u00e0 3 M\u20ac au lieu de 1,5 initialement !<\/li>\n<li><a href=\"http:\/\/www.accomplir.asso.fr\/dossiers\/20110903\/11 CR-ComiteSuiviChantier-22-05-11.pdf\" target=\"_blank\" rel=\"noopener\">R\u00e9union du comit\u00e9 de suivi du chantier<\/a> (22\/05\/11).<\/li>\n<li><a href=\"http:\/\/www.accomplir.asso.fr\/dossiers\/20110515\/05 recours.pdf\" target=\"_blank\" rel=\"noopener\">Le point sur nos recours<\/a> (mai 2011)<\/li>\n<li>La SemPariSeine apporte <a href=\"http:\/\/www.accomplir.asso.fr\/dossiers\/20110515\/01%202011-05-03%20-%20FIC%20Halles%20-%20Special%20Traversee%20Jardin.pdf\" target=\"_blank\" rel=\"noopener\">des pr\u00e9cisions sur la travers\u00e9e nord-sud du jardin<\/a> (03\/05\/11)<\/li>\n<li><a href=\"http:\/\/www.accomplir.asso.fr\/dossiers\/20110515\/04 Ordonnances desistement TA Jardin Halles.pdf\" target=\"_blank\" rel=\"noopener\">Abandon des recours d\u2019Accomplir contre le permis de d\u00e9molir le jardin<\/a> (28\/04\/11)<\/li>\n<li><a href=\"http:\/\/www.accomplir.asso.fr\/dossiers\/20110515\/03 CR-ComiteSuiviChantier-20110428.pdf\" target=\"_blank\" rel=\"noopener\">R\u00e9union du comit\u00e9 de suivi du chantier<\/a> (28\/04\/11)<\/li>\n<li><a href=\"http:\/\/www.accomplir.asso.fr\/dossiers\/20110515\/02 CR-ComiteSuiviChantier-20110331.pdf\" target=\"_blank\" rel=\"noopener\">R\u00e9union du comit\u00e9 de suivi du chantier<\/a> (31\/03\/11)<\/li>\n<li><a href=\"http:\/\/architecturhalles.com\/colboc1.htm\" target=\"_blank\" rel=\"noopener\">Pierre Colboc, l\u2019un des architectes du Mus\u00e9e d\u2019Orsay et habitant du quartier des Halles, d\u00e9plore vivement la suppression de la place Cassin dans le projet de jardin de Mangin<\/a> (mars 2011). Il propose <a href=\"http:\/\/architecturhalles.com\/colboc2.htm\" target=\"_blank\" rel=\"noopener\">une solution de compromis<\/a> permettant de conserver la forme en h\u00e9micycle de la place, tout en l\u2019int\u00e9grant au projet de Mangin. Vous en trouverez <a href=\"http:\/\/www.accomplir.asso.fr\/dossiers\/20110328\/12 sauver Cassin.pdf\" target=\"_blank\" rel=\"noopener\">un r\u00e9sum\u00e9 ici<\/a>. Si vous approuvez cette proposition, <a href=\"http:\/\/www.accomplir.asso.fr\/actualite\/petition_cassin_032011.php\">merci de signer en ligne la p\u00e9tition que nous allons adresser au mois de juin aux conseillers de Paris<\/a> ! Vous pouvez \u00e9galement <a href=\"http:\/\/www.accomplir.asso.fr\/actualite\/formulaire-petition-Cassin.pdf\" target=\"_blank\" rel=\"noopener\">l\u2019imprimer sous forme papier et la faire signer autour de vous<\/a>, avant de nous l\u2019envoyer.<\/li>\n<li><a name=\"lien2\"><\/a>Accomplir d\u00e9pose <a href=\"http:\/\/www.accomplir.asso.fr\/dossiers\/20110328\/15 RECOURS Avenant n3 Canopee.pdf\" target=\"_blank\" rel=\"noopener\">un nouveau recours<\/a> contre <a href=\"http:\/\/www.accomplir.asso.fr\/dossiers\/20110328\/14 avenantBA.pdf\" target=\"_blank\" rel=\"noopener\">un deuxi\u00e8me avenant ill\u00e9gal, accord\u00e9 cette fois aux architectes Berger et Anziutti pour le projet Canop\u00e9e<\/a> (17\/03\/11). Cet avenant repr\u00e9sente une rallonge de 28 % par rapport au contrat d\u2019origine, alors qu\u2019on ne peut aller au-del\u00e0 de 15 % sans faire un nouvel appel d\u2019offre. <a href=\"http:\/\/www.accomplir.asso.fr\/dossiers\/20110328\/16%20Courrier%20Prefet%2017-3-11.pdf\" target=\"_blank\" rel=\"noopener\">Notre avocat, Ma\u00eetre Laroche, a \u00e9crit au Pr\u00e9fet Canepa pour s\u2019\u00e9tonner qu\u2019il laisse passer ce deuxi\u00e8me avenant ill\u00e9gal, alors qu\u2019il est charg\u00e9 de contr\u00f4ler la l\u00e9galit\u00e9 des actes du Maire de Paris<\/a>. Dans <a href=\"http:\/\/www.accomplir.asso.fr\/dossiers\/20110328\/23 Parisien-26-03-11.pdf\" target=\"_blank\" rel=\"noopener\">un article du Parisien,<\/a> Dominique Hucher, chef du projet des Halles, pr\u00e9tend que ce genre d\u2019avenant est courant. Mais ce n\u2019est pas parce qu\u2019une pratique est courante qu\u2019elle est l\u00e9gale ! D\u2019ailleurs, dans un courrier confidentiel adress\u00e9 \u00e0 l\u2019architecte en d\u00e9cembre 2009, <a href=\"http:\/\/www.accomplir.asso.fr\/dossiers\/20110328\/11 Courrier Hucher.pdf\" target=\"_blank\" rel=\"noopener\">Dominique Hucher avait lui-m\u00eame d\u00e9nonc\u00e9 la d\u00e9rive architecturale et financi\u00e8re du projet<\/a>\u2026 Si tous les contrats du projet des Halles doivent augmenter de 30%, on va se retrouver bient\u00f4t avec un projet d\u20191,3 milliard, soit trois fois le prix du viaduc de Millau\u2026 pour quelle am\u00e9lioration concr\u00e8te aux Halles ? Voir le <a href=\"http:\/\/www.accomplir.asso.fr\/dossiers\/\/dossiers\/20110515\/MEMOIRE%20EN%20DEFENSE%20SEMPARISEINE.pdf\" target=\"_blank\" rel=\"noopener\">m\u00e9moire en d\u00e9fense de la SemPariSeine<\/a> et <a href=\"http:\/\/www.accomplir.asso.fr\/dossiers\/20110903\/13 !MEMOIRE REPLIQUE Accomplir.pdf\" target=\"_blank\" rel=\"noopener\">notre M\u00e9moire en r\u00e9plique<\/a>, le <a href=\"http:\/\/www.accomplir.asso.fr\/dossiers\/20111213\/10 memoire defense 2.pdf\" target=\"_blank\" rel=\"noopener\">m\u00e9moire en d\u00e9fense n\u00b02<\/a>de la SemPariSeine accompagn\u00e9 d\u2019un int\u00e9ressant <a href=\"http:\/\/www.accomplir.asso.fr\/dossiers\/20111213\/11 Avis prefet police.pdf\" target=\"_blank\" rel=\"noopener\">rapport du pr\u00e9fet de police<\/a> en date du 16\/03\/09, <a href=\"http:\/\/www.accomplir.asso.fr\/dossiers\/20111213\/12 MEMOIRE DUPLIQUE.pdf\" target=\"_blank\" rel=\"noopener\">notre m\u00e9moire en duplique<\/a>, le <a href=\"http:\/\/www.accomplir.asso.fr\/dossiers\/20111213\/13 MEM N 3 SEMPARISEINE.pdf\" target=\"_blank\" rel=\"noopener\">m\u00e9moire en d\u00e9fense n\u00b03 de la SemPariSeine<\/a>, <a href=\"http:\/\/www.accomplir.asso.fr\/dossiers\/20111213\/14 MEMOIRE COMPLEMENTAIRE.pdf\" target=\"_blank\" rel=\"noopener\">notre m\u00e9moire compl\u00e9mentaire<\/a>, les <a href=\"http:\/\/www.accomplir.asso.fr\/dossiers\/20111213\/15 Telecopie Ta 29-11-11.pdf\" target=\"_blank\" rel=\"noopener\">observations de notre avocat<\/a> suite \u00e0 l\u2019annonce des conclusions du rapporteur selon lesquelles notre association ne serait pas fond\u00e9e \u00e0 agir. voir <a href=\"http:\/\/www.accomplir.asso.fr\/dossiers\/20111213\/Jugement TA 6-1-12 Accomplir_web.pdf\" target=\"_blank\" rel=\"noopener\">le <\/a> jugement concernant le recours d'Accomplir (Accomplir est d\u00e9bout\u00e9 faute \"d'int\u00e9r\u00eat \u00e0 agir\" !) et <a href=\"http:\/\/www.accomplir.asso.fr\/dossiers\/20111213\/Jugement TA 6-1-12 Prefet_web.pdf\" target=\"_blank\" rel=\"noopener\">le jugement <\/a> concernant le recours du pr\u00e9fet de Paris, qui soutenait les m\u00eames arguments que nous : le juge donne raison au pr\u00e9fet et annule l'avenant.La Ville reconna\u00eet sa d\u00e9faite dans un <a href=\"http:\/\/www.accomplir.asso.fr\/dossiers\/20120212\/12 Communique Ville avenant.pdf\" target=\"_blank\" rel=\"noopener\">communiqu\u00e9<\/a>. Notre bilan de cette op\u00e9ration : <a href=\"http:\/\/www.accomplir.asso.fr\/dossiers\/20120212\/15 bilan avenant illegal.pdf\" target=\"_blank\" rel=\"noopener\">Accomplir a fait gagner plusieurs millions d\u2019euros \u00e0 la Ville de Paris<\/a> ! De leur c\u00f4t\u00e9, la <a href=\"http:\/\/www.accomplir.asso.fr\/dossiers\/20120212\/20 maf.com-09-02-12.pdf\" target=\"_blank\" rel=\"noopener\">Mutuelle des Architectes <\/a> de France, tirant la le\u00e7on de l\u2019\u00e9v\u00e9nement, met ses clients en garde : \u00ab Veillez \u00e0 ne pas d\u00e9passer la tol\u00e9rance de 20 % en mati\u00e8re d\u2019avenants ! \u00bb La Ville ayant fait appel de la d\u00e9cision, nous avons d\u00e9cid\u00e9 de faire appel \u00e9galement pour le cas o\u00f9 le Pr\u00e9fet ne poursuivrait pas. Voir <a href=\"http:\/\/www.accomplir.asso.fr\/dossiers\/20120527\/10%20memoire%20appel.pdf\" target=\"_blank\" rel=\"noopener\">notre recours en appel<\/a> et <a href=\"http:\/\/www.accomplir.asso.fr\/dossiers\/20120527\/11%20MEMOIRE%20AMPLIATIF.pdf\" target=\"_blank\" rel=\"noopener\">notre m\u00e9moire ampliatif<\/a>. Parall\u00e8lement \u00e0 son recours en appel, la Ville a entrepris de se conformer \u00e0 la d\u00e9cision du juge, mais de fa\u00e7on pour le moins \u00e9trange : <a href=\"http:\/\/www.accomplir.asso.fr\/dossiers\/20120411\/07 - 2012 SG 145-1.pdf\" target=\"_blank\" rel=\"noopener\">D\u00e9lib\u00e9ration du Conseil de Paris SG-145<\/a> (19-20\/03\/12), <a href=\"http:\/\/www.accomplir.asso.fr\/dossiers\/20120411\/08 Transaction.pdf\" target=\"_blank\" rel=\"noopener\">Transaction conclue entre la SemPariSeine et les architectes<\/a>, <a href=\"http:\/\/www.accomplir.asso.fr\/dossiers\/20120411\/09 Courrier Prefet 28-3-12.pdf\" target=\"_blank\" rel=\"noopener\">nouveau courrier de notre avocat Ma\u00eetre Laroche au pr\u00e9fet Canepa<\/a>, <a href=\"http:\/\/www.accomplir.asso.fr\/dossiers\/20120411\/02%20Communique%20EELVA%20avenant%20mars%2012.pdf\" target=\"_blank\" rel=\"noopener\">Communiqu\u00e9 d\u2019EELVA<\/a> (16\/03\/12). Notre avocat ma\u00eetre Laroche a adress\u00e9 un <a href=\"http:\/\/www.accomplir.asso.fr\/dossiers\/20120527\/12%20RECOURS%20GRACIEUX.pdf\" target=\"_blank\" rel=\"noopener\">recours gracieux \u00e0 la SemPariSeine<\/a> pour lui demander d\u2019annuler le protocole sign\u00e9 avec les architectes et de tirer les cons\u00e9quences de l\u2019absence de signature d\u2019un nouvel avenant avant la date du 31 mai 2012 fix\u00e9e par le juge.<\/li>\n<li>Tout le quartier (travailleurs, \u00e9coliers, personnes \u00e2g\u00e9es, commer\u00e7ants s\u00e9dentaires et du march\u00e9, usagers en g\u00e9n\u00e9ral) est p\u00e9nalis\u00e9 par l\u2019impossibilit\u00e9 de traverser le jardin dans le sens nord-sud (mars 2011). Nous si\u00e9geons au Comit\u00e9 de suivi de chantier et nous y avons relay\u00e9 les protestations qui s\u2019expriment de toute part. <a href=\"http:\/\/www.accomplir.asso.fr\/dossiers\/20110328\/09 travers-nord-sud.pdf\" target=\"_blank\" rel=\"noopener\">Nous avons \u00e9galement \u00e9crit aux \u00e9lus de l\u2019H\u00f4tel de Ville<\/a>, pour leur demander de r\u00e9tablir dans les meilleurs d\u00e9lais cet axe vital pour la vie du quartier (sans r\u00e9ponse \u00e0 ce jour).<\/li>\n<li><a href=\"http:\/\/www.accomplir.asso.fr\/dossiers\/20110328\/02 CR-ComiteSuiviChantier-20110224-1.pdf\" target=\"_blank\" rel=\"noopener\">R\u00e9union du comit\u00e9 de suivi du chantier<\/a> (24\/02\/11)<\/li>\n<li>Le Jardin Lalanne, c\u2019est fini\u2026 Voir <a href=\"http:\/\/www.accomplir.asso.fr\/iweb\/Accomplir\/Les_photos\/Pages\/demolition-lalanne-02032011.html\" target=\"_blank\" rel=\"noopener\">le diaporama r\u00e9alis\u00e9 \u00e0 partir des photos prises depuis l\u2019appartement d\u2019un de nos adh\u00e9rents<\/a> (f\u00e9vrier-mars 2011).<\/li>\n<li>En quelques heures \u00e0 peine, pendant les vacances et sous haute protection polici\u00e8re, <a href=\"http:\/\/www.accomplir.asso.fr\/dossiers\/20110328\/08%20Communique%20Accomplir%20abattage-16-02-11.pdf\" target=\"_blank\" rel=\"noopener\">250 arbres du jardin des Halles ont \u00e9t\u00e9 abattus dans la partie Est<\/a> (16\/02\/11). Voir <a href=\"http:\/\/www.accomplir.asso.fr\/iweb\/Accomplir\/Les_photos\/Pages\/Abattage_des_arbres_16022011.html\" target=\"_blank\" rel=\"noopener\">le diaporama du massacre<\/a>. Le <a href=\"http:\/\/www.accomplir.asso.fr\/dossiers\/20110328\/07 Communique Boutault.pdf\" target=\"_blank\" rel=\"noopener\">Maire du 2\u00e8me Jacques Boutault a exprim\u00e9 son indignation dans un communiqu\u00e9<\/a>, le <a href=\"http:\/\/www.accomplir.asso.fr\/dossiers\/20110328\/13 paris1er-mars11.pdf\" target=\"_blank\" rel=\"noopener\">Maire du 1er dans le journal de l\u2019arrondissement<\/a>. La Ville s\u2019est livr\u00e9e \u00e0 <a href=\"http:\/\/www.accomplir.asso.fr\/dossiers\/20110328\/05 Abattage et propagande_web.pdf\" target=\"_blank\" rel=\"noopener\">une propagande \u00e9hont\u00e9e en truquant les chiffres pour expliquer qu\u2019il y aurait davantage d\u2019arbres \u00e0 l\u2019arriv\u00e9e<\/a>, comme s\u2019il y avait besoin de couper des arbres pour en planter d\u2019autres\u2026<\/li>\n<li>Conseil de Paris (07 et 08\/02\/11). Communication <a href=\"http:\/\/www.accomplir.asso.fr\/dossiers\/20111213\/07%20comm%202011%20SG%2071.PDF\" target=\"_blank\" rel=\"noopener\">2011 SG 71<\/a> :communication du bilan d\u2019avancement du projet de r\u00e9am\u00e9nagement du quartier des Halles.<\/li>\n<li><a href=\"http:\/\/www.accomplir.asso.fr\/dossiers\/20110328\/06 Journal-les-halles-metropole-fevrier-2011.pdf\" target=\"_blank\" rel=\"noopener\">Les Halles M\u00e9tropole<\/a> (f\u00e9vrier 2011)<\/li>\n<li>R\u00e9union d'information sur le chantier des Halles (04\/02\/11). Voir le <a href=\"http:\/\/www.accomplir.asso.fr\/dossiers\/20110107\/2011-02-04 - Reunion Reunion Info Travaux 2011.pdf\" target=\"_blank\" rel=\"noopener\">diaporama<\/a> incluant une pr\u00e9sentation du chantier en surface et du chantier au sein du centre commercial. Voir le <a href=\"http:\/\/www.accomplir.asso.fr\/dossiers\/20110328\/21%20CR%20reu%20info%20chantier-04-02-11.pdf\" target=\"_blank\" rel=\"noopener\">compte-rendu officiel<\/a><\/li>\n<li>Un pseudo d\u00e9bat sur le projet des Halles a \u00e9t\u00e9 organis\u00e9 par France 3 (25\/01\/11) avec seulement Anne Hidalgo, David Mangin et Patrick Berger (<a href=\"http:\/\/www.accomplir.asso.fr\/video\/fr3-1840-25012011.mp4\" target=\"_blank\" rel=\"noopener\">premi\u00e8re partie<\/a>, <a href=\"http:\/\/www.accomplir.asso.fr\/video\/fr3-1920-25012011b.mp4\" target=\"_blank\" rel=\"noopener\">deuxi\u00e8me partie<\/a>). Nous avions demand\u00e9 \u00e0 pouvoir y participer, mais Anne Hidalgo a admis au cours de l\u2019\u00e9mission s\u2019y \u00eatre oppos\u00e9e ! Nous avons saisi le CSA (<a href=\"http:\/\/www.accomplir.asso.fr\/dossiers\/20110107\/21 csa_24-01-2011.pdf\" target=\"_blank\" rel=\"noopener\">courrier 1<\/a>, <a href=\"http:\/\/www.accomplir.asso.fr\/dossiers\/20110107\/22 csa_12-02-2011.pdf\" target=\"_blank\" rel=\"noopener\">courrier 2<\/a>) qui a <a href=\"http:\/\/www.accomplir.asso.fr\/dossiers\/20110107\/23 CSA_03-02-2011.pdf\" target=\"_blank\" rel=\"noopener\">promis d\u2019analyser cette \u00e9mission<\/a>.<\/li>\n<li>Accomplir d\u00e9pose un <a href=\"http:\/\/www.accomplir.asso.fr\/dossiers\/20110107\/14%20RECOURS%20&amp;%20MEMOIRE-Accomplir.pdf\" target=\"_blank\" rel=\"noopener\">recours contre la d\u00e9cision du Secr\u00e9taire g\u00e9n\u00e9ral d\u00e9l\u00e9gu\u00e9 de la Ville de Paris de signer le 18 novembre 2010 un protocole conclu entre la Ville de Paris et la Soci\u00e9t\u00e9 civile du Forum des Halles de Paris relatif \u00e0 l\u2019op\u00e9ration de r\u00e9am\u00e9nagement du quartier des Halles<\/a> et la d\u00e9lib\u00e9ration n\u00b0 2010 DU 49 - SG 95 - 1\u00b0 du Conseil municipal de la Ville de Paris des 15 et 16 novembre 2010 relative au r\u00e9am\u00e9nagement du quartier des Halles (17\/01\/11). Voir notre <a href=\"http:\/\/www.accomplir.asso.fr\/dossiers\/20110107\/02%20comm%20presse%2021-01-11.pdf\" target=\"_blank\" rel=\"noopener\">communiqu\u00e9<\/a>. Voir le <a href=\"http:\/\/www.accomplir.asso.fr\/dossiers\/20110903\/14 MEMOIRE VILLE PROCED. ACCOMPLIR.pdf\" target=\"_blank\" rel=\"noopener\">m\u00e9moire en d\u00e9fense de la SemPariSeine<\/a>, le <a href=\"http:\/\/www.accomplir.asso.fr\/dossiers\/20110903\/15 MEMOIRE REPLIQUE (Association).pdf\" target=\"_blank\" rel=\"noopener\">m\u00e9moire en r\u00e9plique d\u2019Accomplir<\/a>, les <a href=\"http:\/\/www.accomplir.asso.fr\/dossiers\/20110903\/16 memoire-debut.pdf\" target=\"_blank\" rel=\"noopener\">observations compl\u00e9mentaires et r\u00e9capitulatives de la SemPariSeine<\/a>, le <a href=\"http:\/\/www.accomplir.asso.fr\/dossiers\/20110903\/17 MEMOIRE COMPLEMENTAIRE (Association).pdf\" target=\"_blank\" rel=\"noopener\">m\u00e9moire compl\u00e9mentaire d\u2019Accomplir<\/a>, les <a href=\"http:\/\/www.accomplir.asso.fr\/dossiers\/20111017\/02%20obs%20compl%20ville%20oct%2011.pdf\" target=\"_blank\" rel=\"noopener\">observations compl\u00e9mentaires de la Ville<\/a>, le <a href=\"http:\/\/www.accomplir.asso.fr\/dossiers\/20111017\/03 Sec Mem Complementaire Accomplir.pdf\" target=\"_blank\" rel=\"noopener\">second<\/a>m\u00e9moire compl\u00e9mentaire d\u2019Accomplir. La <a href=\"http:\/\/www.accomplir.asso.fr\/dossiers\/20111017\/Note en delibere Ville.pdf\" target=\"_blank\" rel=\"noopener\">note en d\u00e9lib\u00e9r\u00e9<\/a>de la Ville, qui fournit elle-m\u00eame une pi\u00e8ce plut\u00f4t accablante, le <a href=\"http:\/\/www.accomplir.asso.fr\/dossiers\/20111213\/04 plan voies Forum privatisees.pdf\" target=\"_blank\" rel=\"noopener\">plan des voies int\u00e9rieures du Forum vendues \u00e0 Unibail selon le protocole<\/a>. Voir nos deux notes en d\u00e9lib\u00e9r\u00e9 en ce qui concerne <a href=\"http:\/\/www.accomplir.asso.fr\/dossiers\/20111213\/03 NOTE EN DELIBERE Association-1.pdf\" target=\"_blank\" rel=\"noopener\">l\u2019int\u00e9r\u00eat \u00e0 agir de l\u2019association<\/a> et <a href=\"http:\/\/www.accomplir.asso.fr\/dossiers\/20111213\/02%20NOTE%20EN%20DELIBERE%20contrib.pdf\" target=\"_blank\" rel=\"noopener\">les arguments de fonds<\/a> pr\u00e9sent\u00e9s par les 3 contribuables (membres d\u2019Accomplir) qui avaient par prudence d\u00e9pos\u00e9 un recours en parall\u00e8le. Voir le <a href=\"http:\/\/www.accomplir.asso.fr\/dossiers\/20120212\/04 jugement protocole Accomplir.pdf\" target=\"_blank\" rel=\"noopener\">jugement en premi\u00e8re instance<\/a>: le juge estime que l\u2019association doit attaquer la d\u00e9cision de vente des voies publiques, et non le protocole, consid\u00e9r\u00e9 comme un simple \u00ab accord cadre \u00bb. La Ville publie un <a href=\"http:\/\/www.accomplir.asso.fr\/dossiers\/20120212\/06 communique-21-12-11.png\" target=\"_blank\" rel=\"noopener\">communiqu\u00e9 ridicule<\/a>, dans lequel elle pr\u00e9tend que le juge lui a donn\u00e9 raison. <a href=\"http:\/\/www.accomplir.asso.fr\/dossiers\/20120212\/17%20defi%20Unibail_web.pdf\" target=\"_blank\" rel=\"noopener\">Accomplir met la Ville et Unibail au d\u00e9fi de d\u00e9saffecter les voies publiques de l\u2019ancien Forum<\/a>. Accomplir d\u00e9pose un <a href=\"http:\/\/www.accomplir.asso.fr\/dossiers\/20120527\/13 RECOURS APPEL protocole Unibail.pdf\" target=\"_blank\" rel=\"noopener\">recours en appel contre la d\u00e9cision du juge<\/a>. Voir le <a href=\"http:\/\/www.accomplir.asso.fr\/dossiers\/20130301\/02 memoire defense Ville protocole unibail.pdf\" target=\"_blank\" rel=\"noopener\">m\u00e9moire en d\u00e9fense de la Ville<\/a>, le <a href=\"http:\/\/www.accomplir.asso.fr\/dossiers\/20130301\/01%20MEM%20REPLIQUE%20CAA%20Accomplir.pdf\" target=\"_blank\" rel=\"noopener\">m\u00e9moire en r\u00e9plique d\u2019Accomplir<\/a>.<\/li>\n<li>R\u00e9union d\u2019information sur le chantier des Halles (18\/01\/11). Voir le <a href=\"http:\/\/www.accomplir.asso.fr\/dossiers\/20110107\/01 ppt-18-01-11.pdf\" target=\"_blank\" rel=\"noopener\">diaporama<\/a> incluant la pr\u00e9sentation du dernier \u00e9tat du projet de la RATP et de la charte \u00ab Chantier \u00e0 faible impact environnemental et \u00e0 nuisances limit\u00e9es \u00bb. Voir la <a href=\"http:\/\/www.accomplir.asso.fr\/dossiers\/20110107\/15 Charte_Chantier_091110.pdf\" target=\"_blank\" rel=\"noopener\">charte<\/a>. Voir le <a href=\"http:\/\/www.accomplir.asso.fr\/dossiers\/20110328\/22 CR reu info chantier 18-01-11.pdf\" target=\"_blank\" rel=\"noopener\">compte-rendu officiel<\/a>.<\/li>\n<li>Le jardin Lalanne a d\u00e9finitivement ferm\u00e9 ses portes (02\/01\/11). Voir le <a href=\"http:\/\/www.accomplir.asso.fr\/dossiers\/20110107\/05 COMMUNIQUE Jardin Lalanne.pdf\" target=\"_blank\" rel=\"noopener\">communiqu\u00e9 d\u2019Accomplir<\/a>.<\/li>\n<li><a href=\"http:\/\/www.accomplir.asso.fr\/dossiers\/20110107\/16 appel donateurs.pdf\" target=\"_blank\" rel=\"noopener\">Accomplir<\/a>fait appel aux dons (janvier 2011)<\/li>\n<li><a href=\"http:\/\/www.accomplir.asso.fr\/dossiers\/20110107\/03 info_chantier_01-2011.pdf\" target=\"_blank\" rel=\"noopener\">Halles Info chantier<\/a> (janvier 2011).<\/li>\n<\/ul>\n<hr \/>\n<div id=\"2010\">2010 - <a href=\"#top\">Haut<\/a><\/div>\n<ul>\n<li>La Ville a gagn\u00e9 au Conseil d\u2019Etat contre l\u2019ordonnance du 12 mai 2010 du juge des r\u00e9f\u00e9r\u00e9s, qui nous avait donn\u00e9 raison et avait suspendu le 1er permis de d\u00e9molir du jardin des Halles (17\/12\/10). Voir <a href=\"http:\/\/www.accomplir.asso.fr\/dossiers\/20110107\/06%20!ARRET%20cassation%20complet.pdf\" target=\"_blank\" rel=\"noopener\">l\u2019arr\u00eat du Conseil d\u2019Etat<\/a>. Voir le <a href=\"http:\/\/www.accomplir.asso.fr\/dossiers\/20110328\/01 ordre paiement 4000.pdf\" target=\"_blank\" rel=\"noopener\">commandement \u00e0 payer 4000 euros<\/a>, dont nous nous sommes acquitt\u00e9s rubis sur l\u2019ongle. En s\u2019acharnant sur ce 1er permis qui ne lui sert plus \u00e0 rien, la Ville cherche manifestement \u00e0 nous asphyxier financi\u00e8rement, mais <a href=\"http:\/\/www.accomplir.asso.fr\/dossiers\/20110328\/10 cheque_web.pdf\" target=\"_blank\" rel=\"noopener\">nous n\u2019allons pas nous laisser b\u00e2illonner aussi facilement<\/a>. Sabine Boussard, professeur de droit public \u00e0 la facult\u00e9 de droit de Paris-Est, a s\u00e9v\u00e8rement critiqu\u00e9 cet arr\u00eat duConseil d\u2019Etat, d\u00e9non\u00e7ant sa \u00ab bienveillance \u00bb et sa \u00ab mansu\u00e9tude \u00bb \u00e0 l\u2019\u00e9gard de la Ville. Voir le <a href=\"http:\/\/www.accomplir.asso.fr\/dossiers\/20110903\/18 professeur de droit.pdf\" target=\"_blank\" rel=\"noopener\">r\u00e9sum\u00e9 de son article<\/a>, voir <a href=\"http:\/\/www.accomplir.asso.fr\/association\/presse\/20110903\/05%20Note%20ajda% 2020%20juin%202011.pdf\" target=\"_blank\" rel=\"noopener\">l\u2019article complet de l\u2019AJDA<\/a>.<\/li>\n<li><a href=\"http:\/\/www.accomplir.asso.fr\/dossiers\/20110107\/07 CR-ComiteSuiviChantier-20101217-V1.pdf\" target=\"_blank\" rel=\"noopener\">R\u00e9union du Comit\u00e9 de suivi du chantier<\/a> (17\/12\/10).<\/li>\n<li>Inauguration de l\u2019exposition \u00ab Les Halles, le nouveau c\u0153ur de Paris \u00bb (08\/12\/10). Voir le <a href=\"http:\/\/www.accomplir.asso.fr\/dossiers\/20110107\/08%20Communique-HDV-081210.pdf\" target=\"_blank\" rel=\"noopener\">communiqu\u00e9 de la Ville<\/a>, la <a href=\"http:\/\/www.accomplir.asso.fr\/dossiers\/20110107\/17 0212_Plaquette_Halles-web.pdf\" target=\"_blank\" rel=\"noopener\">plaquette de pr\u00e9sentation du projet<\/a>, le <a href=\"http:\/\/www.accomplir.asso.fr\/accomplir\/wp-content\/uploads\/2014\/05\/Montage_HALLES_NOV2010-50.mp4\" target=\"_blank\" rel=\"noopener\">film de pr\u00e9sentation du projet diffus\u00e9 dans l\u2019exposition et dans les cin\u00e9mas parisiens<\/a>, notre analyse des <a href=\"http:\/\/www.accomplir.asso.fr\/dossiers\/20110107\/11%20Communique-08-12-10.pdf\" target=\"_blank\" rel=\"noopener\">dix gags du film<\/a> et notre <a href=\"http:\/\/www.accomplir.asso.fr\/dossiers\/20110107\/09 Appel-archis-8dec10.pdf\" target=\"_blank\" rel=\"noopener\">appel aux architectes<\/a>.<\/li>\n<li>Le bilan de mandat du Maire de Paris dans le 1er arrondissement (07\/12\/10) devait \u00eatre consacr\u00e9 exclusivement aux \u00ab Enjeux m\u00e9tropolitains \u00bb alors que le d\u00e9marrage du chantier des Halles est imminent : M. Delano\u00eb craignait manifestement de prendre des coups. Devant cette l\u00e2chet\u00e9, nous avons pr\u00e9f\u00e9r\u00e9 boycotter la r\u00e9union. Voir le <a href=\"http:\/\/www.accomplir.asso.fr\/dossiers\/20110107\/12 Boycott Bilan Mandat 1er.pdf\" target=\"_blank\" rel=\"noopener\">communiqu\u00e9<\/a> que nous avons distribu\u00e9 \u00e0 l\u2019entr\u00e9e de la salle.<\/li>\n<li>Certains habitants ont du mal \u00e0 croire que l\u2019H\u00f4tel de Ville puisse mentir sans vergogne sur le projet des Halles comme nous l\u2019affirmons. Un petit d\u00e9tour par l\u2019affaire des Serres d\u2019Auteuil vous montrera que c\u2019est la m\u00eame m\u00e9thode qui est appliqu\u00e9e ailleurs. Voici la <a href=\"http:\/\/www.petitions24.net\/serresdauteuil\" target=\"_blank\" rel=\"noopener\">p\u00e9tition associative<\/a> pour sauver les serres d\u2019Auteuil (\u00e0 signer d\u2019urgence !), le <a href=\"http:\/\/www.paris.fr\/portail\/paris\/Portal.lut? page_id=5777&amp;document_type_id=7&amp;document_id=91881&amp;portlet_id=12645\" target=\"_blank\" rel=\"noopener\">communiqu\u00e9 de la Ville<\/a>, et l\u2019analyse qu\u2019en fait <a href=\"http:\/\/www.latribunedelart.com\/ecrire\/la-mairie-de-paris-a- communique-a-sur-les-serres-d-auteuil-article002820.html?var_mode=calcul\" target=\"_blank\" rel=\"noopener\">la Tribune de l\u2019Art<\/a>. <a href=\"http:\/\/www.leparisien.fr\/paris-75\/paris-75005\/francoise-hardy-defend-les- serres-d-auteuil-25-11-2010-1164498.php\" target=\"_blank\" rel=\"noopener\">Fran\u00e7oise Hardy<\/a> s\u2019\u00e9tant mobilis\u00e9e contre le projet d\u2019extension de Roland-Garros, le Maire lui a envoy\u00e9 <a href=\"http:\/\/www.latribunedelart.com\/IMG\/pdf\/Lettre_Delanoe.pdf\" target=\"_blank\" rel=\"noopener\">une missive<\/a> dont <a href=\"http:\/\/www.latribunedelart.com\/serres-daeur-tm-auteuil-les-omissions- approximations-et-contre-verites-de-bertrand-delanoe-article002885.html\" target=\"_blank\" rel=\"noopener\">la Tribune de l\u2019art a de<\/a>nouveau d\u00e9nonc\u00e9 les contre-v\u00e9rit\u00e9s. C\u2019est ensuite au tour de <a href=\"http:\/\/www.latribunedelart.com\/IMG\/pdf\/Lettre_Hulot.pdf\" target=\"_blank\" rel=\"noopener\">Nicolas Hulot<\/a> de protester : <a href=\"http:\/\/www.latribunedelart.com\/IMG\/pdf\/Lettre_Delanoe_Hulot.pdf\" target=\"_blank\" rel=\"noopener\">nouvelle r\u00e9ponse de Delano\u00eb<\/a>, et nouveaux \u00ab mensonges \u00e9hont\u00e9s \u00bb d\u00e9cortiqu\u00e9s par <a href=\"http:\/\/yvescontassot.eu\/? 2010\/12\/04\/311-serres-d-auteuil-des-mensonges-de-plus-en-plus-ehontes\" target=\"_blank\" rel=\"noopener\">Yves Contassot<\/a>. CommeBertrand Delano\u00eb avait pr\u00e9tendu, lors du bilan de mandat dans le 2\u00e8me arrondissement, que ne seraient d\u00e9truites que des \u00ab baraques de jardiniers \u00bb, <a href=\"http:\/\/www.jacques-boutault.fr\/article\/886\" target=\"_blank\" rel=\"noopener\">Jacques Boutault, maire du 2\u00e8me, s\u2019est d\u00e9plac\u00e9 aux Serres d\u2019Auteuil et ne peut que contredire<\/a>, photos \u00e0 l\u2019appui, les affirmations du maire de Paris. De m\u00eame qu\u2019il ment sur les Serres d\u2019Auteuil, Delano\u00eb ment sur le jardin des Halles, sur la place Cassin, sur la honteuse transaction entre la Ville et Unibail ! Certains habitants ont \u00e9galement du mal \u00e0 croire que Delano\u00eb soit un aussi mauvais gestionnaire que nous l'affirmons. Mais la v\u00e9rit\u00e9 commence \u00e0 se faire jour peu \u00e0 peu, par exemple avec <a href=\"http:\/\/www.accomplir.asso.fr\/dossiers\/20101205\/04%20louvrepourtous25-11-10.pdf\" target=\"_blank\" rel=\"noopener\">un article du blog \" Louvre pour tous \" sur la gestion des mus\u00e9es municipaux<\/a> et surtout avec un article au vitriol de la revue Capital sur <a href=\"http:\/\/www.accomplir.asso.fr\/dossiers\/20101205\/53%20Capital-28-10-10.pdf\" target=\"_blank\" rel=\"noopener\">\" L'incroyable d\u00e9rive financi\u00e8re de la mairie de Paris \"<\/a>. C'est la m\u00eame gestion aberrante qui est pratiqu\u00e9e sur le projet des Halles !<\/li>\n<li>Accomplir r\u00e9capitule <a href=\"http:\/\/www.accomplir.asso.fr\/dossiers\/20101205\/03 triplepeine.pdf\" target=\"_blank\" rel=\"noopener\">les trois grands rat\u00e9s du projet des Halles<\/a> : la destruction du jardin et de la place Cassin (avec le <a href=\"http:\/\/www.accomplir.asso.fr\/dossiers\/20101205\/05 delaballe-nov10.pdf\" target=\"_blank\" rel=\"noopener\">t\u00e9moignage de Thierry Delaballe,<\/a> qui a travaill\u00e9 aux c\u00f4t\u00e9s de Louis Arretche), l\u2019aberration architecturale de la Canop\u00e9e, le scandale de l\u2019accord financier avec Unibail. Les Halles, le projet des pires records ! (novembre 2010)<\/li>\n<li><a href=\"http:\/\/www.accomplir.asso.fr\/dossiers\/20101205\/09 Halles-Metropole-nov10.pdf\" target=\"_blank\" rel=\"noopener\">Les Halles m\u00e9tropole<\/a> (novembre 2010)<\/li>\n<li>Les principales pi\u00e8ces de la d\u00e9lib\u00e9ration du Conseil de Paris sur le scandaleux protocole financier entre la Ville et Unibail (16\/11\/10) : <a href=\"http:\/\/www.accomplir.asso.fr\/dossiers\/20101205\/10 Expose motifs.pdf\" target=\"_blank\" rel=\"noopener\">l\u2019expos\u00e9 des motifs<\/a>, le <a href=\"http:\/\/www.accomplir.asso.fr\/dossiers\/20101205\/11 Protocole.pdf\" target=\"_blank\" rel=\"noopener\">protocole<\/a>, <a href=\"http:\/\/www.accomplir.asso.fr\/dossiers\/20101205\/22 avis France Domaine.pdf\" target=\"_blank\" rel=\"noopener\">l\u2019avis de France Domaine<\/a>, le <a href=\"http:\/\/www.accomplir.asso.fr\/dossiers\/20101205\/12%20annexe1%20au%20Protocole.PDF\" target=\"_blank\" rel=\"noopener\">calendrier pr\u00e9visionnel<\/a>, la <a href=\"http:\/\/www.accomplir.asso.fr\/dossiers\/20101205\/13%20annexe2%20au%20Protocole-%20legende%20plans.PDF\" target=\"_blank\" rel=\"noopener\">l\u00e9gende des plans<\/a>, les <a href=\"http:\/\/www.accomplir.asso.fr\/dossiers\/20101205\/14%20annexe2%20au%20protocole-%20Plan%20R0%20existant.PDF\" target=\"_blank\" rel=\"noopener\">plans du rez-de-chauss\u00e9e existant<\/a>, les plans des diff\u00e9rents niveaux selon le projet : <a href=\"http:\/\/www.accomplir.asso.fr\/dossiers\/20101205\/15%20annexe2%20au%20protocole-%20Plan%20R0.PDF\" target=\"_blank\" rel=\"noopener\">rez-de-chauss\u00e9e<\/a>, <a href=\"http:\/\/www.accomplir.asso.fr\/dossiers\/20101205\/16%20annexe2%20au%20protocole-%20Plan%20R1.PDF\" target=\"_blank\" rel=\"noopener\">niveau 1<\/a>, <a href=\"http:\/\/www.accomplir.asso.fr\/dossiers\/20101205\/17%20annexe2%20au%20protocole-%20Plan%20S1.PDF\" target=\"_blank\" rel=\"noopener\">niveau -1<\/a>, <a href=\"http:\/\/www.accomplir.asso.fr\/dossiers\/20101205\/18%20annexe2%20au%20protocole-%20Plan%20S2.PDF\" target=\"_blank\" rel=\"noopener\">niveau -2<\/a>, <a href=\"http:\/\/www.accomplir.asso.fr\/dossiers\/20101205\/19%20annexe2%20au%20protocole-%20Plan%20S3.PDF\" target=\"_blank\" rel=\"noopener\">niveau -3<\/a>, <a href=\"http:\/\/www.accomplir.asso.fr\/dossiers\/20101205\/20%20annexe2%20au%20protocole-%20Plan%20S3bis.PDF\" target=\"_blank\" rel=\"noopener\">niveau -3 bis<\/a>, <a href=\"http:\/\/www.accomplir.asso.fr\/dossiers\/20101205\/21%20annexe2%20au%20protocole-%20Plan%20S4.PDF\" target=\"_blank\" rel=\"noopener\">niveau -4<\/a>. Voir <a href=\"http:\/\/www.accomplir.asso.fr\/dossiers\/20110107\/10%20ExtraitCRsommaire-CDP-15-16-novembre-2010.pdf\" target=\"_blank\" rel=\"noopener\">l\u2019extrait du Compte-rendu sommaire des d\u00e9bats du Conseil de Paris<\/a>, avec les interventions des porte-parole des diff\u00e9rents groupes politiques.<\/li>\n<li><a href=\"http:\/\/www.accomplir.asso.fr\/dossiers\/20101205\/04 Analyse accord Unibail.pdf\" target=\"_blank\" rel=\"noopener\">Communiqu\u00e9 d\u2019Accomplir : La vente du Forum des Halles, \u00ab une bonne affaire pour les Parisiens \u00bb ?<\/a> Argumentaire adress\u00e9 aux 163 conseillers de Paris, en leur demandant de ne pas voter le protocole entre la Ville et Unibail (03\/11\/10). L\u2019H\u00f4tel de Ville a r\u00e9pondu par un communiqu\u00e9 <a href=\"http:\/\/www.accomplir.asso.fr\/dossiers\/20101205\/25%20ParisFr-05-11-10.pdf\" target=\"_blank\" rel=\"noopener\">\u00ab La Ville de Paris r\u00e9tablit la v\u00e9rit\u00e9 sur l'op\u00e9ration de r\u00e9novation du forum des Halles \u00bb<\/a> (05\/11\/10). <a href=\"http:\/\/www.delanopolis.fr\/Braderie-des-Halles -le-jeu-des-10-mensonges-de-Delanoe-_a928.html\" target=\"_blank\" rel=\"noopener\">Serge Federbusch a analys\u00e9 les \u00ab 10 mensonges de Delano\u00eb \u00bb sur cette affaire sur son site Delanopolis<\/a>. Nous avons \u00e9galement r\u00e9pondu dans un nouveau communiqu\u00e9, <a href=\"http:\/\/www.accomplir.asso.fr\/dossiers\/20101205\/07 communique-12-11-10.pdf\" target=\"_blank\" rel=\"noopener\">\u00ab Affaire Unibail - Les Halles : \u2018la\u2019 v\u00e9rit\u00e9 r\u00e9v\u00e9l\u00e9e par la Ville \u00bb<\/a> (12\/11\/10) mais la presse a cru l\u2019H\u00f4tel de Ville sur parole et n\u2019a pas jug\u00e9 bon de relayer ces d\u00e9mentis\u2026 Pourtant, ne devrait-elle pas \u00eatre alert\u00e9e par le fait que cette vente scandaleuse est d\u00e9nonc\u00e9e \u00e0 la fois <a href=\"http:\/\/www.accomplir.asso.fr\/dossiers\/20101205\/26 Blog de Jacques Boutault.pdf\" target=\"_blank\" rel=\"noopener\">par le Maire Verts du 2\u00e8me, Jacques Boutault<\/a> et <a href=\"http:\/\/www.accomplir.asso.fr\/dossiers\/20101205\/23%20Analyse%20Legaret.pdf\" target=\"_blank\" rel=\"noopener\">par le Maire UMP du 1er, Jean-Fran\u00e7ois Legaret<\/a> ?<\/li>\n<li>Conseil de Paris (18\/10\/10). Une s\u00e9rie de d\u00e9lib\u00e9rations concernant les Halles \u00e0 l\u2019ordre du jour de ce conseil :\n<ul>\n<li>Approbation d\u2019un protocole relatif au march\u00e9 subs\u00e9quent de ma\u00eetrise d\u2019\u0153uvre de l\u2019am\u00e9nagement du jardin des Halles (<a href=\"http:\/\/www.accomplir.asso.fr\/dossiers\/20101002\/07%20JARDIN%20Expose%20des%20motifs.PDF\" target=\"_blank\" rel=\"noopener\">expos\u00e9 des motifs<\/a> et <a href=\"http:\/\/www.accomplir.asso.fr\/dossiers\/20101002\/08%20JARDIN%20Protocole.PDF\" target=\"_blank\" rel=\"noopener\">protocole<\/a>)<\/li>\n<li>Approbation du sch\u00e9ma de principe de r\u00e9am\u00e9nagement de la place Ren\u00e9 Cassin (<a href=\"http:\/\/www.accomplir.asso.fr\/dossiers\/20101002\/09%20CASSIN%20ExposE%20des%20motifs.PDF\" target=\"_blank\" rel=\"noopener\">expos\u00e9 des motifs<\/a> et <a href=\"http:\/\/www.accomplir.asso.fr\/dossiers\/20101002\/10%20CASSIN%20Annexe.PDF\" target=\"_blank\" rel=\"noopener\">image virtuelle<\/a>)<\/li>\n<li>Approbation d\u2019un protocole transactionnel relatif au march\u00e9 subs\u00e9quent de ma\u00eetrise d\u2019\u0153uvre de l\u2019am\u00e9nagement d\u2019espaces publics de voirie dans le quartier des Halles (<a href=\"http:\/\/www.accomplir.asso.fr\/dossiers\/20101002\/11%20VOIRIE%20Expose%20des%20motifs.PDF\" target=\"_blank\" rel=\"noopener\">expos\u00e9 des motifs<\/a> et <a href=\"http:\/\/www.accomplir.asso.fr\/dossiers\/20101002\/12%20VOIRIE%20Protocole.PDF\" target=\"_blank\" rel=\"noopener\">protocole<\/a>)<\/li>\n<li><a href=\"http:\/\/www.accomplir.asso.fr\/dossiers\/20101002\/13%20MARCHES%20Communication.PDF\" target=\"_blank\" rel=\"noopener\">Communication du bilan d\u2019avancement des march\u00e9s pass\u00e9s ou \u00e0 passer<\/a>, liste des <a href=\"http:\/\/www.accomplir.asso.fr\/dossiers\/20101002\/14%20MARCHES%20Annexe1.PDF\" target=\"_blank\" rel=\"noopener\">march\u00e9s attribu\u00e9s depuis mai 2010<\/a>, liste des <a href=\"http:\/\/www.accomplir.asso.fr\/dossiers\/20101002\/15%20MARCHES%20Annexe2.PDF\" target=\"_blank\" rel=\"noopener\">consultations en cours<\/a>, liste pr\u00e9visionnelles des <a href=\"http:\/\/www.accomplir.asso.fr\/dossiers\/20101002\/16%20MARCHES%20Annexe3.PDF\" target=\"_blank\" rel=\"noopener\">consultations \u00e0 engager au cours des prochains mois<\/a> (d\u00e9lib\u00e9ration 2010 SG 197)<\/li>\n<li>Projet de r\u00e9am\u00e9nagement du p\u00f4le transport RER Ch\u00e2telet-Les Halles (compte-rendu des enqu\u00eates publiques et d\u00e9claration de projet, etc.) : <a href=\"http:\/\/www.accomplir.asso.fr\/dossiers\/20101002\/17%20TRANSPORT%20expose%20motifs.PDF\" target=\"_blank\" rel=\"noopener\">expos\u00e9 des motifs<\/a>, <a href=\"http:\/\/www.accomplir.asso.fr\/dossiers\/20101002\/18%20TRANSPORT%20Annexe%20Rapport%20commission%20enquete.pdf\" target=\"_blank\" rel=\"noopener\">rapport de la commission d\u2019enqu\u00eate<\/a>, <a href=\"http:\/\/www.accomplir.asso.fr\/dossiers\/20101002\/19%20TRANSPORT%20Annexe%20conclusion%20rapport%20commission%20enquete.pdf\" target=\"_blank\" rel=\"noopener\">conclusion et avis des enqu\u00eates publiques<\/a>.<\/li>\n<\/ul>\n<\/li>\n<li><i>\u00ab Les Halles : r\u00e9novation ou vandalisation ? \u00bb<\/i>, r\u00e9union publique co-organis\u00e9e par Accomplir et la Mairie du 1er (06\/10\/10), en pr\u00e9sence de l'architecte Georges Pencr\u00e9ac'h, qui a pr\u00e9sent\u00e9 une analyse critique du projet de Canop\u00e9e et de jardin (voir le <a href=\"http:\/\/www.accomplir.asso.fr\/dossiers\/20101002\/05 PPT-GP-06-10-10_web.pdf\" target=\"_blank\" rel=\"noopener\">diaporama<\/a>).<\/li>\n<li>R\u00e9union du GTT \u00ab Jardin \u00bb (20\/09\/10). Voir le <a href=\"http:\/\/www.accomplir.asso.fr\/dossiers\/20101002\/24%20GTT_Jardin.pdf\" target=\"_blank\" rel=\"noopener\">diaporama<\/a> qui a \u00e9t\u00e9 pr\u00e9sent\u00e9 \u00e0 cette occasion. Voir le <a href=\"http:\/\/www.accomplir.asso.fr\/dossiers\/20101205\/02 compte-rendu-GTT-jardin.pdf\" target=\"_blank\" rel=\"noopener\">compte rendu officiel<\/a>.<\/li>\n<li><a href=\"http:\/\/www.accomplir.asso.fr\/dossiers\/20101002\/20 France Domaine.pdf\" target=\"_blank\" rel=\"noopener\">Courrier<\/a> adress\u00e9 par Accomplir \u00e0 France Domaine(17\/09\/10), l\u2019organisme charg\u00e9 de contr\u00f4ler la l\u00e9galit\u00e9 de l\u2019accord financier entre la Ville de Paris et Unibail, pour lui faire part de nos inqui\u00e9tudes \u00e0 ce sujet.<\/li>\n<li>La <a href=\"http:\/\/www.accomplir.asso.fr\/dossiers\/20101205\/01 Courrier Prefet 10-09-10.pdf\" target=\"_blank\" rel=\"noopener\">r\u00e9ponse du Pr\u00e9fet \u00e0 notre demande de d\u00e9ferrement au TA de l\u2019avenant ill\u00e9gal<\/a> (10\/09\/10).<\/li>\n<li><a href=\"http:\/\/www.accomplir.asso.fr\/dossiers\/20101002\/25 Bureau du CPC - 02-09-10.pdf\" target=\"_blank\" rel=\"noopener\">R\u00e9union du bureau de la concertation<\/a> (02\/09\/10)<\/li>\n<li><a href=\"http:\/\/www.accomplir.asso.fr\/dossiers\/20101205\/06 palissades.pdf\" target=\"_blank\" rel=\"noopener\">Appel d\u2019offre<\/a> pour la cr\u00e9ation de la cit\u00e9 de chantier(20\/08\/10), o\u00f9 l\u2019on apprend que les palissades du chantier sont lou\u00e9es pour 84 mois, soit\u2026 sept ans !<\/li>\n<li><a href=\"http:\/\/www.accomplir.asso.fr\/dossiers\/20101002\/22 Appel doffres cite chantier.pdf\" target=\"_blank\" rel=\"noopener\">Appel d\u2019offre pour la cit\u00e9 de chantier<\/a> (20\/08\/10)<\/li>\n<li>Expliquez le projet des Halles \u00e0 vos amis gr\u00e2ce \u00e0 ce texte d\u2019une page intitul\u00e9 <a href=\"http:\/\/www.accomplir.asso.fr\/dossiers\/20100903\/05 Scandales-Version finale.pdf\" target=\"_blank\" rel=\"noopener\"><i>\u00ab Les 4 scandales des Halles \u00bb<\/i> <\/a> (septembre 2010)<\/li>\n<li><a href=\"http:\/\/www.accomplir.asso.fr\/dossiers\/20100903\/12 Bilan ete.pdf\" target=\"_blank\" rel=\"noopener\">Projet des Halles<\/a> : le bilan de nos actions de l\u2019\u00e9t\u00e92010 (septembre 2010).<\/li>\n<li><a href=\"http:\/\/www.accomplir.asso.fr\/dossiers\/20100825\/42 AO Construction Canopee.pdf\" target=\"_blank\" rel=\"noopener\">Appel d'offre pour la construction de la Canop\u00e9e<\/a> (21\/07\/10)<\/li>\n<li><a href=\"http:\/\/www.accomplir.asso.fr\/dossiers\/20100903\/06 circulaire.pdf\" target=\"_blank\" rel=\"noopener\">La circulaire du Ministre de l'int\u00e9rieur<\/a>, suscit\u00e9e par Pierre Lellouche, pour demander \u00e0 tous les pr\u00e9fets de France de mettre fin aux march\u00e9s d\u2019\u00e9tude de d\u00e9finition (13\/07\/10).<\/li>\n<li><a href=\"http:\/\/www.accomplir.asso.fr\/dossiers\/20100825\/45 Arrete prefectoral 8 juillet.pdf\" target=\"_blank\" rel=\"noopener\">Arr\u00eat\u00e9 pr\u00e9fectoral d\u00e9clarant d'utilit\u00e9 publique l'op\u00e9ration de r\u00e9am\u00e9nagement du quartier des Halles<\/a>(08\/07\/10), avec les <a href=\"http:\/\/www.accomplir.asso.fr\/dossiers\/20100825\/43 DUP.pdf\" target=\"_blank\" rel=\"noopener\">motifs justifiant la DUP<\/a> et le <a href=\"http:\/\/www.accomplir.asso.fr\/dossiers\/20100825\/44 plan DUP.jpg\" target=\"_blank\" rel=\"noopener\">plan du p\u00e9rim\u00e8tre concern\u00e9<\/a><\/li>\n<li><a href=\"http:\/\/www.accomplir.asso.fr\/dossiers\/20100903\/08 memoire edelman.pdf\" target=\"_blank\" rel=\"noopener\">Mme Claude Lalanne attaque la Ville pour atteinte \u00e0 son droit moral sur le jardin Lalanne<\/a> (09\/07\/10).<\/li>\n<li><a href=\"http:\/\/www.accomplir.asso.fr\/dossiers\/20100825\/49 memoire edelman.pdf\" target=\"_blank\" rel=\"noopener\">Assignation en r\u00e9f\u00e9r\u00e9 \u00e0 compara\u00eetre au Tribunal de grande instance adress\u00e9e par l'avocat de Mme Claude Lalanne \u00e0 la Ville<\/a> (09\/07\/10)<\/li>\n<li>Deuxi\u00e8me permis de d\u00e9molir le jardin des Halles d\u00e9pos\u00e9 par la Ville (juillet 2010) : voir <a href=\"http:\/\/www.accomplir.asso.fr\/dossiers\/20100825\/07%20SG%20148%20-%20expose%20-%20delib%20.pdf\" target=\"_blank\" rel=\"noopener\">la d\u00e9lib\u00e9ration par laquelle le Maire de Paris s'est fait autoriser par le Conseil de Paris \u00e0 d\u00e9poser tous les permis possibles<\/a> jusqu'\u00e0 la fin du projet des Halles ; voir <a href=\"http:\/\/www.accomplir.asso.fr\/dossiers\/20100825\/08%20!RECOURS%20&amp;%20MEMOIRE.pdf\" target=\"_blank\" rel=\"noopener\">le recours que nous avons d\u00e9pos\u00e9<\/a> contre cette d\u00e9lib\u00e9ration ; voir le <a href=\"http:\/\/www.accomplir.asso.fr\/dossiers\/20101002\/01 MEMOIRE EN REPLIQUE delib 7 et 8 juin.pdf\" target=\"_blank\" rel=\"noopener\">m\u00e9moire en r\u00e9plique de la Ville<\/a> ; la <a href=\"http:\/\/www.accomplir.asso.fr\/dossiers\/20100825\/09 !decisionMaire.pdf\" target=\"_blank\" rel=\"noopener\">photocopie du 2\u00e8me permis que nous avons recueillie au PASU le 28 juillet apr\u00e8s-midi<\/a> ; <a href=\"http:\/\/www.accomplir.asso.fr\/dossiers\/20100825\/17 sans-nom.pdf\" target=\"_blank\" rel=\"noopener\">le d\u00e9tail de la signature de<\/a>ce permis, o\u00f9 l'on voit que la signataire (Elisabeth Borne, Directrice de l'urbanisme) a oubli\u00e9 d'indiquer son nom, ce qui a pour cons\u00e9quence automatique de rendre ce permis nul ; deux pi\u00e8ces int\u00e9ressantes de ce permis, <a href=\"http:\/\/www.accomplir.asso.fr\/dossiers\/20100825\/10%20Avis%20Legaret%20-%20PD%20075%20101%2010%20V%200005.pdf\" target=\"_blank\" rel=\"noopener\">l'avis tr\u00e8s n\u00e9gatif de Jean-Fran\u00e7ois Legaret, maire du 1er<\/a>, et <a href=\"http:\/\/www.accomplir.asso.fr\/dossiers\/20100825\/11%20AvisABF2ePermis.PDF\" target=\"_blank\" rel=\"noopener\">l'avis tr\u00e8s laconique de l'ABF, Catherine Combin<\/a>, qui a encore oubli\u00e9 un monument historique dans sa liste (la colonne M\u00e9dicis) ; le <a href=\"http:\/\/www.accomplir.asso.fr\/dossiers\/20100825\/12%20REFERE.pdf\" target=\"_blank\" rel=\"noopener\">r\u00e9f\u00e9r\u00e9<\/a> et <a href=\"http:\/\/www.accomplir.asso.fr\/dossiers\/20100825\/13%20RECOURS%20REP.pdf\" target=\"_blank\" rel=\"noopener\">le recours<\/a> que nous avons d\u00e9pos\u00e9s contre ce 2\u00e8me permis, ainsi que notre <a href=\"http:\/\/www.accomplir.asso.fr\/dossiers\/20100825\/48%20communique%20accomplir-02-08-10.pdf\" target=\"_blank\" rel=\"noopener\">communiqu\u00e9<\/a> ; le <a href=\"http:\/\/www.accomplir.asso.fr\/dossiers\/20100825\/14%20Memoire%20defense%20ville.pdf\" target=\"_blank\" rel=\"noopener\">m\u00e9moire en d\u00e9fense de la Ville<\/a> et <a href=\"http:\/\/www.accomplir.asso.fr\/dossiers\/20100825\/15 Delibere Ville-avec nom.pdf\" target=\"_blank\" rel=\"noopener\">la pi\u00e8ce qu'elle a pr\u00e9sent\u00e9e \u00e0 l'appui de ce m\u00e9moire<\/a>, pour d\u00e9montrer que le permis portait bel et bien le nom de Mme Borne, comme on le voit sur <a href=\"http:\/\/www.accomplir.asso.fr\/dossiers\/20100825\/18 avec-nom.pdf\" target=\"_blank\" rel=\"noopener\">le d\u00e9tail de lasignature<\/a>. Profond myst\u00e8re en v\u00e9rit\u00e9, car comment ce nom pouvait-il figurer sur la copie adress\u00e9e \u00e0 la Pr\u00e9fecture et ne pas figurer sur l'original photocopi\u00e9 par nos soins ? Notre avocat a d\u00e9nonc\u00e9 dans son <a href=\"http:\/\/www.accomplir.asso.fr\/dossiers\/20100825\/16 !MEMOIRE REPLIQUE.pdf\" target=\"_blank\" rel=\"noopener\">m\u00e9moire en r\u00e9plique<\/a> ce qu'il qualifie pudiquement de <i>r\u00e9gularisation a posteriori<\/i>. <a href=\"http:\/\/www.accomplir.asso.fr\/dossiers\/20100825\/51 Ordonnance refere 16-8-10.pdf\" target=\"_blank\" rel=\"noopener\">L'ordonnance du 16 ao\u00fbt par laquelle le juge donne raison \u00e0 la Ville<\/a> et <a href=\"http:\/\/www.accomplir.asso.fr\/dossiers\/20100825\/50 com Accomplir-17-08-10.pdf\" target=\"_blank\" rel=\"noopener\">notre communiqu\u00e9 apr\u00e8s cette d\u00e9faite<\/a>.<\/li>\n<li>Les Verts demandent <a href=\"http:\/\/www.accomplir.asso.fr\/dossiers\/20100825\/19%20comm%20Verts.pdf\" target=\"_blank\" rel=\"noopener\">un moratoire pour sauver les arbres des Halles et de Jean Bouin<\/a> (02\/07\/10)<\/li>\n<li>Nous nous sommes procur\u00e9 <a href=\"http:\/\/www.accomplir.asso.fr\/dossiers\/20110107\/04%20infos_commercants_06-2010_full.pdf\" target=\"_blank\" rel=\"noopener\">un document d\u2019information destin\u00e9 aux commer\u00e7ants du Forum des Halles<\/a> (juin 2010), beaucoup plus complet et pr\u00e9cis sur les travaux du centre commercial que les informations donn\u00e9es aux riverains dans le cadre de la concertation\u2026<\/li>\n<li>Place Cassin : <a href=\"http:\/\/www.accomplir.asso.fr\/dossiers\/20100903\/14 Cassin-Hidalgo-ment.pdf\" target=\"_blank\" rel=\"noopener\">Anne Hidalgo ment !<\/a> (juin 2010)<\/li>\n<li><a href=\"http:\/\/www.accomplir.asso.fr\/dossiers\/20100903\/15 appetit Unibail_web.pdf\" target=\"_blank\" rel=\"noopener\">L'insatiable app\u00e9tit d'Unibail<\/a> (juin 2010)<\/li>\n<li><a href=\"http:\/\/www.accomplir.asso.fr\/dossiers\/20100903\/09%20prefet-sem.pdf\" target=\"_blank\" rel=\"noopener\">Le Pr\u00e9fet Canepa \u00e9crit \u00e0 la SemPariSeine pour lui demander de retirer l\u2019avenant ill\u00e9gal accord\u00e9 \u00e0 David Mangin<\/a> et, dans une annexe ult\u00e9rieure non dat\u00e9e, r\u00e9fute les arguments de la SemPariSeine (30\/06\/10). Mais apr\u00e8s avoir \u00e9tabli que l\u2019avenant est triplement ill\u00e9gal, il s\u2019incline devant la solution propos\u00e9e par la SemPariSeine, qui consiste \u00e0 ne pas d\u00e9f\u00e9rer l\u2019avenant, solution qu\u2019il estime \u00ab juridiquement et d\u2019un point de vue pratique op\u00e9ratoire et recevable \u00bb. Voir le <a href=\"http:\/\/www.accomplir.asso.fr\/dossiers\/20100903\/04%20Memoire%20Sabine%20Boussard.pdf\" target=\"_blank\" rel=\"noopener\">m\u00e9moire dans lequel Sabine Boussard analyse ces \u00e9changes<\/a> et <a href=\"http:\/\/www.accomplir.asso.fr\/dossiers\/20100903\/11%20Av%20illegal.pdf\" target=\"_blank\" rel=\"noopener\">notre propre analyse<\/a>.<\/li>\n<li><a href=\"http:\/\/www.accomplir.asso.fr\/dossiers\/20100825\/47 CR Etude Metropole Halles 30 06 10.pdf\" target=\"_blank\" rel=\"noopener\">R\u00e9union de bilan de la concertation sur l'\u00e9tude m\u00e9tropole<\/a> (30\/06\/10). Voir le <a href=\"http:\/\/www.accomplir.asso.fr\/dossiers\/20100903\/10 bilan concertation metrop.pdf\" target=\"_blank\" rel=\"noopener\">power-point<\/a>. Voir le <a href=\"http:\/\/www.accomplir.asso.fr\/dossiers\/20110107\/13%20CR-concertation-Etude-Metropole-Halles-30-06-10.pdf\" target=\"_blank\" rel=\"noopener\">compte-rendu officiel<\/a>.<\/li>\n<li>L'architecte <a href=\"http:\/\/www.accomplir.asso.fr\/dossiers\/20100825\/20 Lettre ouverte Pencreach.pdf\" target=\"_blank\" rel=\"noopener\">Georges Pencr\u00e9ac'h adresse au Maire de Paris une lettre ouverte (au vitriol) pour d\u00e9noncer le scandale du projet architectural de la Canop\u00e9e<\/a> (27\/06\/10). Voir aussi <a href=\"http:\/\/www.accomplir.asso.fr\/dossiers\/20100825\/32%20Pencreach3%20-%2024-05-10.pdf\" target=\"_blank\" rel=\"noopener\">le texte qu'il avait r\u00e9dig\u00e9 en pr\u00e9paration de la conf\u00e9rence de presse du 24 juin<\/a>.<\/li>\n<li><a href=\"http:\/\/www.accomplir.asso.fr\/dossiers\/20101002\/23 lettre T.DELABALLE.pdf\" target=\"_blank\" rel=\"noopener\">Lettre adress\u00e9e par Thierry Delaballe \u00e0 David Mangin<\/a> (25\/06\/10). Thierry Delaballe est un urbaniste, ancien assistant de Louis Arretche, concepteur du jardin actuel.<\/li>\n<li><a href=\"http:\/\/www.accomplir.asso.fr\/dossiers\/20100825\/21 Tract Legaret.pdf\" target=\"_blank\" rel=\"noopener\">Un tract particuli\u00e8rement virulent du Maire du 1er contre le projet de r\u00e9novation du jardin des Halles<\/a> (22\/06\/10)<\/li>\n<li>R\u00e9union publique d'information sur le d\u00e9roulement du chantier sur l'ann\u00e9e 2011 et le projet de r\u00e9am\u00e9nagement de la voirie souterraine des Halles (22\/06\/10). Voir <a href=\"http:\/\/www.accomplir.asso.fr\/dossiers\/20100825\/54%20PPT%20reu%20publ%2022-06-10.pdf\" target=\"_blank\" rel=\"noopener\">le powerpoint<\/a>. Voir le <a href=\"http:\/\/www.accomplir.asso.fr\/dossiers\/20100903\/02 CR-22-06-10.pdf\" target=\"_blank\" rel=\"noopener\">compte-rendu officiel<\/a><\/li>\n<li>R\u00e9union de concertation (ou plut\u00f4t d'information) sur la place Cassin (16\/06\/10) : <a href=\"http:\/\/www.accomplir.asso.fr\/dossiers\/20100825\/22 Analyse cassin Isabelle.pdf\" target=\"_blank\" rel=\"noopener\">la d\u00e9monstration, plans \u00e0 l'appui, que la proposition de la SEURA n'a pas chang\u00e9 depuis<\/a> 2008, en tout cas pour la surface et la profondeur de l'am\u00e9nagement cens\u00e9 remplacer la place Cassin. Voir <a href=\"http:\/\/www.accomplir.asso.fr\/dossiers\/20100825\/57%20CassinLecomptenyestpas.pdf\" target=\"_blank\" rel=\"noopener\">la m\u00eame d\u00e9monstration effectu\u00e9e par la SEURA elle-m\u00eame sur un de ses transparents<\/a>. Voir <a href=\"http:\/\/www.accomplir.asso.fr\/dossiers\/20100825\/25 - Texte Place R. Cassin.pdf\" target=\"_blank\" rel=\"noopener\">le texte de pr\u00e9sentation officiel<\/a>, le <a href=\"http:\/\/www.accomplir.asso.fr\/dossiers\/20100825\/55%20DP-rene-CassinPPT-16-06-10.pdf\" target=\"_blank\" rel=\"noopener\">powerpoint<\/a>. Le <a href=\"http:\/\/www.accomplir.asso.fr\/dossiers\/20100903\/01 2010-06-16 - CR GTT Place R.Cassin.pdf\" target=\"_blank\" rel=\"noopener\">compte-rendu officiel<\/a> : sur les dizaines d'interventions de cette soir\u00e9e, pas une n'a \u00e9t\u00e9 favorable au projet pr\u00e9sent\u00e9\u2026 La Ville n\u2019a cependant pas h\u00e9sit\u00e9 \u00e0 publier un <a href=\"http:\/\/www.accomplir.asso.fr\/dossiers\/20100825\/56%20CommVille-23-06-10.pdf\" target=\"_blank\" rel=\"noopener\">communiqu\u00e9<\/a> dans lequel elle r\u00e9p\u00e8te ses mensonges habituels (\"La Place Ren\u00e9 Cassin sera pr\u00e9serv\u00e9e dans sa forme d'origine et sa d\u00e9clivit\u00e9 qui \u00e9voque un d'amphith\u00e9\u00e2tre \u00e0 ciel ouvert, au centre duquel repose la sculpture d'Henri de Miller\") et o\u00f9 elle ne fait \u00e9videmment aucune allusion au caract\u00e8re extr\u00eamement houleux de la r\u00e9union en question.<\/li>\n<li>R\u00e9union de GTT sur l'\u00e9tude m\u00e9tropole (17\/06\/10). Voir le <a href=\"http:\/\/www.accomplir.asso.fr\/dossiers\/20100825\/23 document CoTech les Halles_Pro-D 16 juin.pdf\" target=\"_blank\" rel=\"noopener\">power-point<\/a>, les <a href=\"http:\/\/www.accomplir.asso.fr\/dossiers\/20100825\/24 Fiches ProD_phase3.pdf\" target=\"_blank\" rel=\"noopener\">fiches de synth\u00e8se<\/a>, le <a href=\"http:\/\/www.accomplir.asso.fr\/dossiers\/20100825\/52 CR reu metrop 17-06-10.pdf\" target=\"_blank\" rel=\"noopener\">compte-rendu officiel<\/a>.<\/li>\n<li><a href=\"http:\/\/www.accomplir.asso.fr\/dossiers\/20100825\/53 CR-bureau 14-06-10.pdf\" target=\"_blank\" rel=\"noopener\">R\u00e9union du bureau de la concertation<\/a> (14\/06\/10)<\/li>\n<li><a href=\"http:\/\/www.accomplir.asso.fr\/dossiers\/20100825\/27 HallesInfochantier - Juin 2010.pdf\" target=\"_blank\" rel=\"noopener\">Halles Info chantier<\/a> (juin 2010).<\/li>\n<li>Notre avocat, Ma\u00eetre Cyril Laroche, <a href=\"http:\/\/www.accomplir.asso.fr\/dossiers\/20100825\/01%20!Courrier%2031-5-10%20Sempariseine.pdf\" target=\"_blank\" rel=\"noopener\">a demand\u00e9 \u00e0 la SemPariSeine de r\u00e9silier le march\u00e9 de ma\u00eetrise d'\u0153uvre accord\u00e9 en 2005 \u00e0 l'architecte David Mangin pour l'am\u00e9nagement du jardin des Halles<\/a> et au Pr\u00e9fet de la R\u00e9gion d'Ile-de-France, M. Canepa, de saisir le Tribunal administratif de Paris pour <a href=\"http:\/\/www.accomplir.asso.fr\/dossiers\/20100825\/02%20!Courrier%20Prefet%2031-5-10-4.pdf\" target=\"_blank\" rel=\"noopener\">faire suspendre l'ex\u00e9cution d'un avenant accord\u00e9 le 12 avril 2010 par la SemPariSeine \u00e0 David Mangin dans le but de r\u00e9aliser de nouvelles \u00e9tudes sur l'am\u00e9nagement du jardin<\/a> (31\/05\/10). Voir <a href=\"http:\/\/www.accomplir.asso.fr\/dossiers\/20100825\/03%20communique-31-05-10.pdf\" target=\"_blank\" rel=\"noopener\">notre communiqu\u00e9<\/a>. Voir la <a href=\"http:\/\/www.accomplir.asso.fr\/dossiers\/20100825\/04%20Courrier%20Prefet%20Region%20Ile-de-France%2020-07-10.pdf\" target=\"_blank\" rel=\"noopener\">lettre de relance adress\u00e9e par notre avocat au Pr\u00e9fet d'Ile-de-France<\/a>, la <a href=\"http:\/\/www.accomplir.asso.fr\/dossiers\/20100825\/05 !reponse prefet a laroche.pdf\" target=\"_blank\" rel=\"noopener\">r\u00e9ponse du pr\u00e9fet<\/a> et le <a href=\"http:\/\/www.accomplir.asso.fr\/dossiers\/20100825\/06 !reponse laroche prefet.pdf\" target=\"_blank\" rel=\"noopener\">nouveau courrier de Ma\u00eetre Laroche<\/a>. Voir le <a href=\"http:\/\/www.accomplir.asso.fr\/dossiers\/20100825\/46 CP_UMP-Les_Halles_260710.pdf\" target=\"_blank\" rel=\"noopener\">communiqu\u00e9 du groupe UMPPA du Conseil de Paris<\/a> demandant au Pr\u00e9fet d'appliquer la loi.<\/li>\n<li><a href=\"http:\/\/www.accomplir.asso.fr\/dossiers\/20101015\/CR biblio la fontaine.pdf\" target=\"_blank\" rel=\"noopener\">Devenir de la biblioth\u00e8que La Fontaine<\/a> : nouvel entretien avec Christophe Girard (04\/06\/10). L'adjoint \u00e0 la culture n'a rien trouv\u00e9 de mieux \u00e0 nous proposer qu'un algeco dans la cour de la Mairie du 1er, et remet en cause l'ouverture de la biblioth\u00e8que jusqu'au mois d'octobre.<\/li>\n<li><a href=\"http:\/\/www.accomplir.asso.fr\/dossiers\/20101015\/AMODDCC260510_web.pdf\" target=\"_blank\" rel=\"noopener\">Charte \"Chantier \u00e0 faible impact environnemental et \u00e0 nuisances limit\u00e9es\"<\/a>, version provisoire (27\/05\/10)<\/li>\n<li><a href=\"http:\/\/www.accomplir.asso.fr\/dossiers\/20100825\/40 pourvoi cass 1er permis.pdf\" target=\"_blank\" rel=\"noopener\">La Ville se pourvoit en cassation contre l'ordonnance du 12 mai du juge des r\u00e9f\u00e9r\u00e9s<\/a>, qui nous avait donn\u00e9 raison et avait suspendu le 1er permis de d\u00e9molir du jardin des Halles (26\/05\/10). Notre <a href=\"http:\/\/www.accomplir.asso.fr\/dossiers\/20100825\/41%20MD%20devant%20CE.pdf\" target=\"_blank\" rel=\"noopener\">m\u00e9moire en d\u00e9fense<\/a>.<\/li>\n<li>Manifestation contre l'abattage des arbres du jardin (22\/05\/10) : le <a href=\"http:\/\/www.accomplir.asso.fr\/dossiers\/20100825\/36 Communique 18-05-10_web.pdf\" target=\"_blank\" rel=\"noopener\">communiqu\u00e9<\/a> pour annoncer la manifestation, le <a href=\"http:\/\/www.accomplir.asso.fr\/dossiers\/20100825\/34 Prospectus manif.pdf\" target=\"_blank\" rel=\"noopener\">prospectus<\/a>, <a href=\"http:\/\/www.accomplir.asso.fr\/iweb\/Accomplir\/Les_photos\/Pages\/manif_abattage_arbres_halles_220510.html\" target=\"_blank\" rel=\"noopener\">les photos<\/a><\/li>\n<li><a href=\"http:\/\/www.accomplir.asso.fr\/dossiers\/20101015\/50 prem victoire.pdf\" target=\"_blank\" rel=\"noopener\">Jardin des Halles : premi\u00e8re victoire<\/a> ! (mai 2010). Nos explications et analyses sur le jugement, sur l\u2019annonce par la Ville d\u2019un nouveau permis et sur les perspectives de nouveaux recours.<\/li>\n<li><a href=\"http:\/\/www.accomplir.asso.fr\/dossiers\/20101015\/51 jardin pas realisable.pdf\" target=\"_blank\" rel=\"noopener\">Notre<\/a>analyse sur le fait que le jardin de Mangin n\u2019est pas r\u00e9alisableen raison de l\u2019impossibilit\u00e9 de d\u00e9molir certains \u00e9l\u00e9gissements (mai 2010).<\/li>\n<li>Voici toutes les pi\u00e8ces du recours pour exc\u00e8s de pouvoir que nous avons d\u00e9pos\u00e9 au Tribunal administratif contre le <a href=\"http:\/\/www.accomplir.asso.fr\/dossiers\/20101015\/01 permis_demolir.pdf\" target=\"_blank\" rel=\"noopener\">permis de d\u00e9molir le jardin des Halles<\/a> : notre <a href=\"http:\/\/www.accomplir.asso.fr\/dossiers\/20100505\/23%20REFERE%20Accomplir.pdf\" target=\"_blank\" rel=\"noopener\">r\u00e9f\u00e9r\u00e9 suspension<\/a>, notre <a href=\"http:\/\/www.accomplir.asso.fr\/dossiers\/20101015\/03 MEM COMP.pdf\" target=\"_blank\" rel=\"noopener\">m\u00e9moire compl\u00e9mentaire<\/a>, le <a href=\"http:\/\/www.accomplir.asso.fr\/dossiers\/20101015\/04 Foussard.pdf\" target=\"_blank\" rel=\"noopener\">m\u00e9moire en r\u00e9ponse de la Ville<\/a>, notre <a href=\"http:\/\/www.accomplir.asso.fr\/dossiers\/20101015\/06 MEM REPLIQUE.pdf\" target=\"_blank\" rel=\"noopener\">m\u00e9moire en r\u00e9plique<\/a>, et enfin <a href=\"http:\/\/www.accomplir.asso.fr\/dossiers\/20101015\/07 Jugement.pdf\" target=\"_blank\" rel=\"noopener\">le jugement<\/a> (12\/05\/10). Voir \u00e9galement <a href=\"http:\/\/www.accomplir.asso.fr\/dossiers\/20100505\/24%20communique%20recours.pdf\" target=\"_blank\" rel=\"noopener\">notre communiqu\u00e9 lors du d\u00e9p\u00f4t de notre recours<\/a>, et <a href=\"http:\/\/www.accomplir.asso.fr\/dossiers\/20101015\/08%20paris.fr-12-05-10.pdf\" target=\"_blank\" rel=\"noopener\">le communiqu\u00e9 de la Ville apr\u00e8s le jugement<\/a>.<\/li>\n<li><a href=\"http:\/\/www.accomplir.asso.fr\/dossiers\/20120527\/08 2010 SG 110 10-11-05-2010.pdf\" target=\"_blank\" rel=\"noopener\">D\u00e9lib\u00e9ration 2010 SG 110 du Conseil de Paris<\/a> d\u00e9l\u00e9guant au Maire de Paris la signature de tous les march\u00e9s pass\u00e9s dans le cadre de l\u2019op\u00e9ration des Halles et annon\u00e7ant des bilans r\u00e9guliers de ces derniers (10\/05\/10)<\/li>\n<li><a href=\"http:\/\/www.accomplir.asso.fr\/dossiers\/20100825\/29 Bureau concertation.pdf\" target=\"_blank\" rel=\"noopener\">R\u00e9union du bureau de la concertation<\/a> (05\/05\/10)<\/li>\n<li><a href=\"http:\/\/www.accomplir.asso.fr\/dossiers\/20100825\/38 Halles Metropole mai 2010.pdf\" target=\"_blank\" rel=\"noopener\">Les Halles M\u00e9tropole<\/a> (mai 2010)<\/li>\n<li>La sociologue Susan Asch nous raconte <a href=\"http:\/\/www.accomplir.asso.fr\/dossiers\/20100825\/39%20ArbreLiberte-%20mai%202010.pdf\" target=\"_blank\" rel=\"noopener\">l'histoire d'un des arbres du parvis de l'Eglise St Eustache<\/a> qui va dispara\u00eetre avec la r\u00e9novation des halles : un arbre de la libert\u00e9 plant\u00e9 \u00e0 l'occasion du bicentenaire de la R\u00e9volution fran\u00e7aise\u2026 Tout un symbole ! (mai 2010)<\/li>\n<li><a href=\"http:\/\/www.accomplir.asso.fr\/dossiers\/20101015\/17 communiqueLegaret-jardinhalles.pdf\" target=\"_blank\" rel=\"noopener\">Communiqu\u00e9 de Jean-Fran\u00e7ois Legaret, Maire du 1er : le projet Mangin d\u00e9clar\u00e9 irr\u00e9alisable<\/a> (05\/05\/10)<\/li>\n<li><a href=\"http:\/\/www.accomplir.asso.fr\/dossiers\/20100825\/37 RECOURS Legaret 30 AVRIL 2010.pdf\" target=\"_blank\" rel=\"noopener\">Contr\u00f4le de l\u00e9galit\u00e9 contre la d\u00e9lib\u00e9ration 2010 DU 36 - SG 61 portant sur le r\u00e9am\u00e9nagement du quartier des Halles<\/a> intitul\u00e9e <i>\u00ab Compte rendu des enqu\u00eates publiques, d\u00e9claration de projet et avis favorable \u00e0 la poursuite de l'op\u00e9ration \u00bb<\/i> demand\u00e9 par Jean-Fran\u00e7ois Legaret \u00e0 Daniel Canepa, Pr\u00e9fet d'Ile-de-France (30\/04\/10).<\/li>\n<li><a href=\"http:\/\/www.accomplir.asso.fr\/dossiers\/20101015\/54 Recours Legaret delib reserves.pdf\" target=\"_blank\" rel=\"noopener\">Contr\u00f4le de l\u00e9galit\u00e9 sur la d\u00e9lib\u00e9ration du 30 mars 2010 levant les r\u00e9serves sur le projet des Halles<\/a>, demand\u00e9 par Jean-Fran\u00e7ois Legaret \u00e0 Daniel Canepa, Pr\u00e9fet d\u2019Ile-de-France (30\/04\/10).<\/li>\n<li>Jean-Fran\u00e7ois Legaret, Maire du 1er, a donn\u00e9 un avis d\u00e9favorable au <a href=\"http:\/\/www.accomplir.asso.fr\/dossiers\/20101015\/21 Avis Legaret PC.pdf\" target=\"_blank\" rel=\"noopener\">permis de construire de la Canop\u00e9e<\/a>, \u00e0 l\u2019<a href=\"http:\/\/www.accomplir.asso.fr\/dossiers\/20101015\/19 Avis Legaret abattage.pdf\" target=\"_blank\" rel=\"noopener\">autorisation d\u2019abattage des arbres du jardin<\/a>, au <a href=\"http:\/\/www.accomplir.asso.fr\/dossiers\/20101015\/20%20Avis%20Legaret%20amenagement%20Jardin.pdf\" target=\"_blank\" rel=\"noopener\">projet d\u2019am\u00e9nagement du Jardin des Halles<\/a> (30\/04\/10).<\/li>\n<li><a href=\"http:\/\/www.accomplir.asso.fr\/dossiers\/20101015\/16 avenant-Mangin-2010.pdf\" target=\"_blank\" rel=\"noopener\">La d\u00e9cision de la CAO d\u2019accorder un avenant de 255.000 euros \u00e0 David Mangin<\/a> pour qu\u2019il adapte son projet aux \u00e9l\u00e9gissements qu\u2019il ne peut d\u00e9molir (27\/04\/10). La <a href=\"http:\/\/www.accomplir.asso.fr\/dossiers\/20101015\/55 avenant.pdf\" target=\"_blank\" rel=\"noopener\">version compl\u00e8te de l\u2019avenant<\/a>.<\/li>\n<li>Alors que le chantier des Halles est sur le point de commencer, Anne Hidalgo s\u2019est avis\u00e9e que pour ce quartier fr\u00e9quent\u00e9 surtout par des jeunes, il serait opportun de demander au Conseil Parisien de la Jeunesse s\u2019il avait des suggestions. On a le sentiment, en lisant <a href=\"http:\/\/www.accomplir.asso.fr\/dossiers\/20101015\/18%20ConseilJeunesse-Rapport_Final_Les_Halles.pdf\" target=\"_blank\" rel=\"noopener\">le texte \u00e9crit par ces jeunes<\/a> (10\/04\/10), qu\u2019ils ont \u00e9t\u00e9 induits en erreur sur la place des \u00e9quipements m\u00e9tropolitains au sein de la Canop\u00e9e. Surtout, on redoute que leurs propositions ne soient gu\u00e8re plus entendues que les n\u00f4tres, et qu\u2019il ne s\u2019agisse, une fois de plus, que d\u2019une vulgaire op\u00e9ration de com.<\/li>\n<li>Nous avons adress\u00e9 au Pr\u00e9fet d\u2019Ile de France, M. Can\u00e9pa, <a href=\"http:\/\/www.accomplir.asso.fr\/dossiers\/20100505\/04 Courr-coll-Pref.pdf\" target=\"_blank\" rel=\"noopener\">un recours gracieux cosign\u00e9 avec 11 autres associations et avec la direction du Novotel<\/a> (13\/04\/10), pour nous opposer au fait qu\u2019il d\u00e9clare le projet des Halles d\u2019utilit\u00e9 publique : nous d\u00e9non\u00e7ons en effet de graves lacunes dans le rapport de la commission d\u2019enqu\u00eate, le fait qu\u2019au moins une des trois r\u00e9serves \u00e9mises par la commission n\u2019a pas \u00e9t\u00e9 lev\u00e9e (celle sur la Place Cassin) et qu\u2019un certain nombre de recommandations n\u2019ont pas \u00e9t\u00e9 suivies d\u2019effet. La <a href=\"http:\/\/www.accomplir.asso.fr\/dossiers\/20100903\/07 reponse munch dup.pdf\" target=\"_blank\" rel=\"noopener\">r\u00e9ponse en langue de bois du Pr\u00e9fet<\/a>, re\u00e7ue cinq mois plus tard.<\/li>\n<li><a href=\"http:\/\/www.accomplir.asso.fr\/dossiers\/20100505\/13 Halles - Info chantier Voirie - Avril 2010.pdf\" target=\"_blank\" rel=\"noopener\">Info Chantier des Halles<\/a> (12\/04\/10)<\/li>\n<li><a href=\"http:\/\/www.accomplir.asso.fr\/dossiers\/20100505\/25 Lettre Halles Metropole - Avril 2010.pdf\" target=\"_blank\" rel=\"noopener\">Les Halles M\u00e9tropole<\/a> (Avril 2010)<\/li>\n<li>R\u00e9union publique d\u2019information aux riverains relative aux travaux d\u2019adaptation de voirie li\u00e9s au chantier des aires de jeux pour enfants du jardin (07\/04\/10). Voir <a href=\"http:\/\/www.accomplir.asso.fr\/dossiers\/20100505\/14%20Les%20Halles%20-%20Presentation%20Travaux%20adaptation%20de%20voirie%20-%2007-04-10.pdf\" target=\"_blank\" rel=\"noopener\">le power-point<\/a>. Voir <a href=\"http:\/\/www.accomplir.asso.fr\/dossiers\/20100825\/28 CR reu chantier 7 avril.pdf\" target=\"_blank\" rel=\"noopener\">le compte rendu officiel<\/a>.<\/li>\n<li>Compl\u00e9ments au dossier du permis de construire de la Canop\u00e9e (avril 2010). Voir <a href=\"http:\/\/www.accomplir.asso.fr\/dossiers\/20100505\/07 plans-pc_canopee.pdf\" target=\"_blank\" rel=\"noopener\">les plans et les coupes de la Canop\u00e9e<\/a>, mais \u00e9galement <a href=\"http:\/\/www.accomplir.asso.fr\/dossiers\/20100505\/12 descr-jardin-permis.pdf\" target=\"_blank\" rel=\"noopener\">le descriptif du jardin<\/a> qui est joint \u00e0 ce dossier et surtout <a href=\"http:\/\/www.accomplir.asso.fr\/dossiers\/20100505\/16%20plan-jardin-permis.jpeg\" target=\"_blank\" rel=\"noopener\">le plan du jardin<\/a> qui, sans surprise, est <a href=\"http:\/\/www.accomplir.asso.fr\/dossiers\/20100505\/08 jardin-08-10-08.pdf\" target=\"_blank\" rel=\"noopener\">exactement le m\u00eame que celui qui avait \u00e9t\u00e9 pr\u00e9sent\u00e9 par l\u2019architecte Mangin \u00e0 la concertation en 2008<\/a> !<\/li>\n<li><a href=\"http:\/\/www.accomplir.asso.fr\/association\/photos\/10ans%20extrait1.mp4\" target=\"_blank\" rel=\"noopener\">Un extrait du film <em>\u00ab Les dix ans d\u2019Accomplir \u00bb<\/em> qui r\u00e9v\u00e8le le mensonge et le cynisme de l\u2019architecte David Mangin \u00e0 propos du jardin Lalanne<\/a>, et permet de mieux comprendre quel est le personnage qui s\u2019appr\u00eate \u00e0 nouveau \u00e0 faire plier l\u2019H\u00f4tel de Ville sur la question de la place Cassin (mars 2010).<\/li>\n<li><a href=\"http:\/\/www.accomplir.asso.fr\/dossiers\/20100327\/28 grille toit.pdf\" target=\"_blank\" rel=\"noopener\">Le feuilleton de la grille et du toit<\/a> (mars 2010)<\/li>\n<li><a href=\"http:\/\/www.accomplir.asso.fr\/dossiers\/20100327\/27 Bibliotheque.pdf\" target=\"_blank\" rel=\"noopener\">Nouveaux malheurs pour la biblioth\u00e8que La Fontaine<\/a> (mars 2010)<\/li>\n<li><a href=\"http:\/\/www.accomplir.asso.fr\/dossiers\/20100327\/30 moyeu.pdf\" target=\"_blank\" rel=\"noopener\">Le point de vue du SUPAP-FSU sur la future \u00ab m\u00e9diath\u00e8que m\u00e9tropolitaine \u00bb des Halles<\/a> (25\/03\/10)<\/li>\n<li><a href=\"http:\/\/www.accomplir.asso.fr\/dossiers\/20100327\/26 Place Cassin.pdf\" target=\"_blank\" rel=\"noopener\">Place Cassin : nouvelle arnaque en vue<\/a> (mars 2010)<\/li>\n<li>D\u00e9lib\u00e9ration du Conseil de Paris (29\/03\/10-30\/03\/10), avec le compte-rendu des enqu\u00eates publiques, d\u00e9claration de projet et avis favorable \u00e0 la poursuite de l\u2019op\u00e9ration des Halles : <a href=\"http:\/\/www.accomplir.asso.fr\/dossiers\/20100327\/21 exposeDU36.pdf\" target=\"_blank\" rel=\"noopener\">expos\u00e9 des motifs<\/a>. Voir le <a href=\"http:\/\/www.accomplir.asso.fr\/dossiers\/20100327\/22%20voeu-Legaret15.03.10.pdf\" target=\"_blank\" rel=\"noopener\">v\u0153u pr\u00e9sent\u00e9 par le Maire du 1er Jean-Fran\u00e7ois Legaret sur le d\u00e9compte des surfaces du Forum et sur la place Cassin<\/a>. Voir les <a href=\"http:\/\/www.accomplir.asso.fr\/dossiers\/20100327\/31 voeu-Boutault_cassin.pdf\" target=\"_blank\" rel=\"noopener\">v\u0153ux pr\u00e9sent\u00e9s par le Maire du 2\u00e8me Jacques Boutault sur la place Cassin<\/a> et <a href=\"http:\/\/www.accomplir.asso.fr\/dossiers\/20100327\/32 Voeu Biblio Boutault.pdf\" target=\"_blank\" rel=\"noopener\">sur la biblioth\u00e8que La Fontaine<\/a>. Voir le <a href=\"http:\/\/www.accomplir.asso.fr\/dossiers\/20100327\/03%20mail-garant-Cassin.PDF\" target=\"_blank\" rel=\"noopener\">message de protestation concernant la place Cassin adress\u00e9 par le garant de la concertation, M. Le Roy, \u00e0 l\u2019H\u00f4tel de Ville<\/a>. La <a href=\"http:\/\/www.accomplir.asso.fr\/dossiers\/20100327\/33 conseillers-paris-mars2010.pdf\" target=\"_blank\" rel=\"noopener\">lettre que nous avons adress\u00e9e aux Conseillers de Paris<\/a>. Le Conseil, qui \u00e9tait cens\u00e9 lever les r\u00e9serves \u00e9mises par la commission d\u2019enqu\u00eate, notamment celle sur la place Cassin, <a href=\"http:\/\/www.accomplir.asso.fr\/dossiers\/20100505\/01 Conseil de Paris recule.pdf\" target=\"_blank\" rel=\"noopener\">a recul\u00e9 devant le refus persistant de l\u2019architecte Mangin de modifier son plan<\/a>. Anne Hidalgo a eu beau marteler que \u00ab <em>La r\u00e9serve est lev\u00e9e parce que le Maire de Paris a la volont\u00e9 de maintenir cette place Ren\u00e9 Cassin<\/em> \u00bb, elle a bien \u00e9t\u00e9 oblig\u00e9e d\u2019admettre que Mangin n\u2019avait toujours pas daign\u00e9 se plier \u00e0 l\u2019injonction du Maire : \u00ab <em>David Mangin n\u2019a pas \u00e0 ce stade fourni les \u00e9l\u00e9ments<\/em> \u00bb a-t-elle reconnu (voir <a href=\"http:\/\/www.accomplir.asso.fr\/dossiers\/20100505\/05%20compte%20rendu%20du%20CP%20des%2029%20et%2030%20mars%202010.pdf\" target=\"_blank\" rel=\"noopener\">les Minutes du Conseil de Paris<\/a>), et le d\u00e9bat s\u2019est conclu par l\u2019adoption d\u2019<a href=\"http:\/\/www.accomplir.asso.fr\/dossiers\/20100505\/15 voeu Hidalgo.jpg\" target=\"_blank\" rel=\"noopener\">un v\u0153u qui ne signifie plus rien \u00e0 force de r\u00e9duire le niveau d\u2019exigence \u00e0 l\u2019\u00e9gard de l\u2019architecte<\/a>. Et Mme Hidalgo voudrait que la r\u00e9serve soit lev\u00e9e ? Elle ne peut l\u2019\u00eatre de cette fa\u00e7on, et l\u2019avis de la commission d\u2019enqu\u00eate devient donc d\u00e9favorable. Le Conseil de Paris a par ailleurs adopt\u00e9, \u00e0 la place du v\u0153u de Jacques Boutault sur la biblioth\u00e8que La Fontaine, <a href=\"http:\/\/www.accomplir.asso.fr\/dossiers\/20100505\/06 Voeu n1 bis bibliotheque La Fontaine.pdf\" target=\"_blank\" rel=\"noopener\">un v\u0153u propos\u00e9 par Christophe Girard et vraiment incompr\u00e9hensible<\/a>, qui n\u2019apporte aucune vraie r\u00e9ponse \u00e0 nos questions. Au cours de la m\u00eame s\u00e9ance, deux conseill\u00e8res, <a href=\"http:\/\/www.accomplir.asso.fr\/dossiers\/20100505\/17 diffamation.pdf\" target=\"_blank\" rel=\"noopener\">Karen Ta\u00efeb et Anne Hidalgo n\u2019ont pas h\u00e9sit\u00e9 \u00e0 colporter des propos diffamatoires sur notre association<\/a>, mais ce n\u2019est pas ainsi qu\u2019elles nous arr\u00eateront dans notre mobilisation citoyenne !<\/li>\n<li><a href=\"http:\/\/www.accomplir.asso.fr\/dossiers\/20100505\/19 bureau24-03-10.pdf\" target=\"_blank\" rel=\"noopener\">R\u00e9union du bureau de la concertation<\/a> (24\/03\/10)<\/li>\n<li>Nous avons retrouv\u00e9 <a href=\"http:\/\/www.accomplir.asso.fr\/dossiers\/20100327\/25 douceur.pdf\" target=\"_blank\" rel=\"noopener\">des coupures de presse de 2004 dans lesquelles le Maire de Paris nous promettait de traiter notre quartier \u00ab avec douceur \u00bb<\/a>. La comparaison avec le chantier qui nous attend en 2011 est \u00e9loquente\u2026 (mars 2010)<\/li>\n<li>A l\u2019occasion de la r\u00e9union du 17\/02\/10, nous avons distribu\u00e9 un document sur la comparaison entre les surfaces de commerces et d\u2019\u00e9quipements cr\u00e9\u00e9es et d\u00e9truites dans l\u2019op\u00e9ration des Halles qui n\u2019a pas plu \u00e0 la Ville. Celle-ci nous a adress\u00e9 quelque temps plus tard <a href=\"http:\/\/www.accomplir.asso.fr\/dossiers\/20100327\/24%20tableauSEM2emeVersion-03-03-10.pdf\" target=\"_blank\" rel=\"noopener\">le d\u00e9compte officiel<\/a>, qui m\u00e9lange les espaces existants et les espaces \u00e0 construire (alors que les uns ne co\u00fbtent rien et que les autres vont co\u00fbter tr\u00e8s cher) et met sur le m\u00eame plan les \u00e9quipements maintenus dans le Forum et ceux qui sont relog\u00e9s dans le quartier. Nous avons \u00e9tabli <a href=\"http:\/\/www.accomplir.asso.fr\/dossiers\/20100327\/23 grilleFINAL-23-03-10.pdf\" target=\"_blank\" rel=\"noopener\">notre propre d\u00e9compte<\/a>, et la conclusion est \u00e9difiante : alors que le site des Halles va conna\u00eetre une densification de 15 %, le projet va aboutir \u00e0 cr\u00e9er de 3 \u00e0 8 fois plus de commerces que d\u2019\u00e9quipements collectifs ! (23\/03\/10)<\/li>\n<li>Exposition \u00ab Les Lalanne \u00bb au mus\u00e9e des Arts d\u00e9coratifs (18\/03\/10-04\/07\/10). Voir <a href=\"http:\/\/www.accomplir.asso.fr\/dossiers\/20100327\/18 expo_lalanne.pdf\" target=\"_blank\" rel=\"noopener\">le prospectus<\/a>.<\/li>\n<li><a href=\"http:\/\/www.accomplir.asso.fr\/dossiers\/20101015\/52 RECOURS Legaret PD JARDIN.pdf\" target=\"_blank\" rel=\"noopener\">Contr\u00f4le de l\u00e9galit\u00e9 sur le permis de d\u00e9molir du Jardin des Halles<\/a> demand\u00e9 par Jean-Fran\u00e7ois Legaret \u00e0 Daniel Canepa, Pr\u00e9fet d\u2019Ile-de-France (16\/03\/10) et <a href=\"http:\/\/www.accomplir.asso.fr\/dossiers\/20101015\/53%20rep-canepa-recours-jardin.pdf\" target=\"_blank\" rel=\"noopener\">la r\u00e9ponse du Pr\u00e9fet<\/a>. Voir le <a href=\"http:\/\/www.accomplir.asso.fr\/dossiers\/20100825\/31%20RECOURS%20Legaret%20TA%20-%201erPD%20JARDIN.pdf\" target=\"_blank\" rel=\"noopener\">recours que Jean-Fran\u00e7ois Legaret a ensuite d\u00e9pos\u00e9 au TA contre ce 1er permis de d\u00e9molir du jardin des Halles<\/a>.<\/li>\n<li>R\u00e9union de GTT sur l\u2019\u00e9tude m\u00e9tropole (16\/03\/10). Voir <a href=\"http:\/\/www.accomplir.asso.fr\/dossiers\/20100327\/17%20Etude%20metropolitaine%20GTT%2016.03.10.pdf\" target=\"_blank\" rel=\"noopener\">le power-point<\/a>. Voir <a href=\"http:\/\/www.accomplir.asso.fr\/dossiers\/20100505\/10%20CR%20-%20Etude%20dimension%20metropolitaine%20des%20Halles-16.03.10.pdf\" target=\"_blank\" rel=\"noopener\">le compte-rendu officiel<\/a>.<\/li>\n<li>GTT de pr\u00e9sentation des \u00e9volutions du compl\u00e9ment de permis de construire de la Canop\u00e9e et les \u00e9l\u00e9ments de calendrier associ\u00e9s (17\/02\/10). <a href=\"http:\/\/www.accomplir.asso.fr\/dossiers\/20100213\/02 Complement PC Canopee- Calendrier.pdf\" target=\"_blank\" rel=\"noopener\">Voir le power-point<\/a>. A noter en particulier les deux plans vraiment effrayants du <a href=\"http:\/\/www.accomplir.asso.fr\/dossiers\/20100213\/30 chantier-mi-2010.pdf\" target=\"_blank\" rel=\"noopener\">chantier \u00e0 la mi 2010<\/a> et du <a href=\"http:\/\/www.accomplir.asso.fr\/dossiers\/20100213\/29 chantier-mi-2011.pdf\" target=\"_blank\" rel=\"noopener\">chantier \u00e0 la mi 2011<\/a>. Voir <a href=\"http:\/\/www.accomplir.asso.fr\/dossiers\/20100505\/18 CR-GTT-Canopee-du-17-fevrier-2010-1.pdf\" target=\"_blank\" rel=\"noopener\">le compte rendu officiel<\/a>.<\/li>\n<li><a href=\"http:\/\/www.accomplir.asso.fr\/dossiers\/20100505\/20-bureau15-02-10.pdf\" target=\"_blank\" rel=\"noopener\">R\u00e9union du bureau de la concertation<\/a> (15\/02\/10)<\/li>\n<li><a href=\"http:\/\/www.accomplir.asso.fr\/dossiers\/20100213\/33 DM ridic.pdf\" target=\"_blank\" rel=\"noopener\">Comment David Mangin, l\u2019auteur de \u00ab La Ville franchis\u00e9e \u00bb, se ridiculise lui-m\u00eame \u00e0 travers son projet des Halles<\/a> (f\u00e9vrier 2010)<\/li>\n<li>Accomplir et le Supap-FSU <a href=\"http:\/\/www.accomplir.asso.fr\/dossiers\/20100213\/31%20Association%20AccomplirSupap-final.pdf\" target=\"_blank\" rel=\"noopener\">lancent en commun une p\u00e9tition contre la fermeture de la biblioth\u00e8que La Fontaine<\/a> (15\/02\/10). <a href=\"http:\/\/www.accomplir.asso.fr\/dossiers\/20100327\/19%20formulaire%20petition%20biblio.pdf\" target=\"_blank\" rel=\"noopener\">Imprimer le formulaire papier de la p\u00e9tition<\/a>.<\/li>\n<li>Les <a href=\"http:\/\/www.accomplir.asso.fr\/dossiers\/20100213\/27 Conservatoire.pdf\" target=\"_blank\" rel=\"noopener\">inqui\u00e9tudes des parents du Conservatoire<\/a> \u00e0 propos des locaux temporaires et des futurs locaux (14\/02\/10)<\/li>\n<li><a href=\"http:\/\/www.accomplir.asso.fr\/dossiers\/20100213\/07 Interv Verts Les Halles CdP 8 fev10.pdf\" target=\"_blank\" rel=\"noopener\">Intervention de Jacques Boutault, maire (Verts) du 2\u00e8me au Conseil de Paris<\/a> (08\/02\/10). Les trois v\u0153ux pr\u00e9sent\u00e9s par les Verts, sur <a href=\"http:\/\/www.accomplir.asso.fr\/dossiers\/20100213\/04%20voeu_halles_travaux_fev10V2.pdf\" target=\"_blank\" rel=\"noopener\">les horaires des travaux<\/a>, sur <a href=\"http:\/\/www.accomplir.asso.fr\/dossiers\/20100213\/05 Voeu activites ado Halles.pdf\" target=\"_blank\" rel=\"noopener\">le centre d\u2019animation des Halles<\/a> et sur <a href=\"http:\/\/www.accomplir.asso.fr\/dossiers\/20100213\/06%20voeu_terrains_hallesV2.pdf\" target=\"_blank\" rel=\"noopener\">la cession des espaces publics des Halles au priv\u00e9<\/a>, ont tous \u00e9t\u00e9 rejet\u00e9s.<\/li>\n<li>GTT de pr\u00e9sentation des aires de jeux pour enfants (04\/02\/10). Voir <a href=\"http:\/\/www.accomplir.asso.fr\/dossiers\/20100213\/14 Presentation Aire des Petits.pdf\" target=\"_blank\" rel=\"noopener\">la pr\u00e9sentation des futures aires de jeux des petits<\/a>, la <a href=\"http:\/\/www.accomplir.asso.fr\/dossiers\/20100213\/15 Presentation Aire des Moyens.pdf\" target=\"_blank\" rel=\"noopener\">pr\u00e9sentation des futures aires de jeux des moyens<\/a>, <a href=\"http:\/\/www.accomplir.asso.fr\/dossiers\/20100213\/28%20aires%20de%20jeu%20et%20chantier.pdf\" target=\"_blank\" rel=\"noopener\">notre r\u00e9action \u00e0 cette r\u00e9union<\/a> et la <a href=\"http:\/\/www.accomplir.asso.fr\/dossiers\/20100213\/12 compar-jardin.pdf\" target=\"_blank\" rel=\"noopener\">brochure que nous avons distribu\u00e9e pendant la r\u00e9union, pour montrer tout ce que nous allons perdre avec le futur jardin<\/a>, notamment en termes de surfaces d\u2019aires prot\u00e9g\u00e9es pour les enfants (mais pas seulement, malheureusement). Voir <a href=\"http:\/\/www.accomplir.asso.fr\/dossiers\/20100505\/11%20CR-GTT-aires-de-jeux-4-fevrier-2010.pdf\" target=\"_blank\" rel=\"noopener\">le compte-rendu officiel<\/a>.<\/li>\n<li><a href=\"http:\/\/www.accomplir.asso.fr\/dossiers\/20100327\/14 brochureville.pdf\" target=\"_blank\" rel=\"noopener\">Les Halles M\u00e9tropole<\/a> (f\u00e9vrier 2010)<\/li>\n<li>Enqu\u00eates publiques conjointes relatives au projet de R\u00e9am\u00e9nagement du quartier des Halles : <a href=\"http:\/\/www.accomplir.asso.fr\/dossiers\/20100213\/18%20rapport%20Les%20Halles.pdf\" target=\"_blank\" rel=\"noopener\">Rapport de la commission d\u2019enqu\u00eates publiques conjointes<\/a> (20\/01\/10). <a href=\"http:\/\/www.accomplir.asso.fr\/dossiers\/20100213\/26%20commentaire%20ACC-rapport.pdf\" target=\"_blank\" rel=\"noopener\">Nos premiers commentaires<\/a>.<\/li>\n<li><a href=\"http:\/\/www.accomplir.asso.fr\/dossiers\/20100213\/37%20CR-bureau-de-concertation-du-18-janvier-2010-les.pdf\" target=\"_blank\" rel=\"noopener\">R\u00e9union du bureau de la concertation<\/a> (18\/01\/10)<\/li>\n<li><a href=\"http:\/\/www.accomplir.asso.fr\/dossiers\/20100115\/15%20revel%20cout%20halles.pdf\" target=\"_blank\" rel=\"noopener\">R\u00e9v\u00e9lations exclusives d\u2019Accomplir sur le financement du projet des Halles<\/a> (17\/01\/10) avec un superbe dessin ad hoc de Nicolas Tabary\u2026<\/li>\n<li><a href=\"http:\/\/www.accomplir.asso.fr\/dossiers\/20100115\/18 dedomm-comm.pdf\" target=\"_blank\" rel=\"noopener\">Combien co\u00fbtera le d\u00e9dommagement des commer\u00e7ants?<\/a> (17\/01\/10)<\/li>\n<li><a href=\"http:\/\/www.accomplir.asso.fr\/dossiers\/20100115\/17 Canopee derive.pdf\" target=\"_blank\" rel=\"noopener\">La Canop\u00e9e \u00e0 la d\u00e9rive<\/a> (17\/01\/10) : Qualit\u00e9, co\u00fbts d\u00e9lais, la Canop\u00e9e est en pleine d\u00e9rive\u2026<\/li>\n<li>GTT \u00ab cultures urbaines \u00bb : pr\u00e9sentation du futur espace d\u00e9di\u00e9 aux cultures urbaines et plus particuli\u00e8rement au Hip-Hop (14\/01\/10). Voir <a href=\"http:\/\/www.accomplir.asso.fr\/dossiers\/20100213\/19 Les Halles - Presentation hip-hop.pdf\" target=\"_blank\" rel=\"noopener\">le power-point<\/a>. Voir <a href=\"http:\/\/www.accomplir.asso.fr\/dossiers\/20100505\/21-GTT-Hip-Hop-14-01-10.pdf\" target=\"_blank\" rel=\"noopener\">le compte-rendu officiel<\/a>.<\/li>\n<li><a href=\"http:\/\/www.accomplir.asso.fr\/dossiers\/20100115\/07 marche-demol-jardin.pdf\" target=\"_blank\" rel=\"noopener\">Avis d\u2019appel public \u00e0 concurrence \u00ab Terrassement et d\u00e9molitions d'un jardin sur dalle au Jardin des Halles \u00bb<\/a> (05\/01\/10)<\/li>\n<\/ul>\n<hr \/>\n<div id=\"2009\">2009 - <a href=\"#top\">Haut<\/a><\/div>\n<ul>\n<li>Etude \u00ab m\u00e9tropole \u00bb : s\u00e9minaire de concertation (12\/12\/09). Voir les documents fournis : le <a href=\"http:\/\/www.accomplir.asso.fr\/dossiers\/20091205\/04%20Les_Halles_BVAQuali_rapportfinal.pdf\" target=\"_blank\" rel=\"noopener\">rapport final de l\u2019enqu\u00eate BVA<\/a>, la <a href=\"http:\/\/www.accomplir.asso.fr\/dossiers\/20091205\/02%20synthese_propositionsPro-D.pdf\" target=\"_blank\" rel=\"noopener\">synth\u00e8se de ce rapport final<\/a>, l\u2019<a href=\"http:\/\/www.accomplir.asso.fr\/dossiers\/20091205\/06%20Les_Halles_Parcours_analysefinale.pdf\" target=\"_blank\" rel=\"noopener\">analyse finale des parcours comment\u00e9s<\/a>, et enfin la <a href=\"http:\/\/www.accomplir.asso.fr\/dossiers\/20091205\/02%20synthese_propositionsPro-D.pdf\" target=\"_blank\" rel=\"noopener\">synth\u00e8se des propositions de Pro-d\u00e9veloppement<\/a>, soumises au d\u00e9bat du 12\/12\/09. <a href=\"http:\/\/www.accomplir.asso.fr\/dossiers\/20100213\/08%20CRseminaireconcertationMetropole121209.pdf\" target=\"_blank\" rel=\"noopener\">Voir le compte-rendu officiel<\/a>.<\/li>\n<li><a href=\"http:\/\/www.accomplir.asso.fr\/dossiers\/20100115\/19 projet RATP.pdf\" target=\"_blank\" rel=\"noopener\">Brochure de pr\u00e9sentation de l\u2019enqu\u00eate publique sur la r\u00e9novation de la salle d\u2019\u00e9change du RER et la cr\u00e9ation d\u2019un nouvel acc\u00e8s depuis la place Marguerite de Navarre<\/a> (d\u00e9cembre 2009). Voir la <a href=\"http:\/\/www.accomplir.asso.fr\/dossiers\/20100213\/17%20Halles_EP_AUT.pdf\" target=\"_blank\" rel=\"noopener\">contribution de l\u2019Association des usagers des transports en commun.<\/a><\/li>\n<li><a href=\"http:\/\/www.accomplir.asso.fr\/dossiers\/20100115\/01 Bureau-de-la-concertation-16-11-09.pdf\" target=\"_blank\" rel=\"noopener\">Compte rendu de la r\u00e9union de bureau du comit\u00e9 permanent de concertation<\/a> (16\/11\/09)<\/li>\n<li>A l\u2019approche du r\u00e9sultat des n\u00e9gociations entre la Ville et Unibail, nous avons op\u00e9r\u00e9 <a href=\"http:\/\/www.accomplir.asso.fr\/dossiers\/20091205\/08 zero-euro.doc.pdf\" target=\"_blank\" rel=\"noopener\">un petit retour sur le pass\u00e9, en 2004, \u00e0 la belle \u00e9poque o\u00f9 l\u2019adjoint aux finances, Christian Sautter, annon\u00e7ait \u00ab <em>qu\u2019il ne l\u00e2cherait pas 1 euro<\/em> \u00bb sur les 200 \u00e0 600 millions qu\u2019\u00e9tait cens\u00e9 co\u00fbter le projet des Halles<\/a>. Ce projet est d\u00e9sormais chiffr\u00e9 \u00e0 760 millions d\u2019euros et la Ville a d\u2019ores et d\u00e9j\u00e0 admis qu\u2019elle en paierait elle-m\u00eame les deux tiers. Le PDG d\u2019Unibail, en revanche, n\u2019a toujours pas promis un seul centime, alors m\u00eame que la Ville multiplie les cadeaux : cr\u00e9ation de pr\u00e8s de 10 000 m2 de nouvelles surfaces commerciales, attribution de l\u2019ensemble des surfaces de rez-de-chauss\u00e9e de la Canop\u00e9e aux commerces, cession de l\u2019assiette du Forum pour une bouch\u00e9e de pain, sans parler des d\u00e9dommagements pour perte de commercialit\u00e9 pendant les travaux. Juteuse affaire pour Unibail, au d\u00e9triment du contribuable ! (06\/12\/09)<\/li>\n<li><a href=\"http:\/\/www.accomplir.asso.fr\/dossiers\/20091113\/16%20nouvelles%20projet%20Halles.pdf\" target=\"_blank\" rel=\"noopener\">Derni\u00e8res nouvelles du projet des Halles<\/a> (08\/11\/09) : le devenir de la place Cassin n\u2019est toujours pas arr\u00eat\u00e9 malgr\u00e9 la d\u00e9lib\u00e9ration du Conseil de Paris d\u2019avril 2009 et nous avons demand\u00e9 \u00e0 M. Delano\u00eb les raisons pour lesquelles M. Mangin pouvait tenir t\u00eate ainsi au Conseil. Nous avons \u00e9galement d\u00e9nonc\u00e9 le fait que, contrairement \u00e0 ce qu\u2019il affirme, le projet actuel de la Canop\u00e9e n\u2019a plus grand-chose \u00e0 voir avec celui du concours de 2007, comme en t\u00e9moignent la comparaison entre la <a href=\"http:\/\/www.accomplir.asso.fr\/iweb\/Accomplir\/Les_photos\/Pages\/derives_Canopee_112009.html#0\" target=\"_blank\" rel=\"noopener\">maquette de la Canop\u00e9e (du c\u00f4t\u00e9 Lescot) en juin 2007<\/a> et <a href=\"http:\/\/www.accomplir.asso.fr\/iweb\/Accomplir\/Les_photos\/Pages\/derives_Canopee_112009.html#1\" target=\"_blank\" rel=\"noopener\">l\u2019image virtuelle de la Canop\u00e9e (\u00e9galement c\u00f4t\u00e9 Lescot) en d\u00e9cembre 2008<\/a> , ou encore <a href=\"http:\/\/www.accomplir.asso.fr\/iweb\/Accomplir\/Les_photos\/Pages\/derives_Canopee_112009.html#2\" target=\"_blank\" rel=\"noopener\">la progression de l\u2019emprise des commerces en rez-de-chauss\u00e9e de la Canop\u00e9e entre avril 2008 et mai 2009<\/a>.<\/li>\n<li>Etude \u00ab m\u00e9tropole \u00bb : r\u00e9union de concertation sur la restitution de la phase 1 de l\u2019\u00e9tude (06\/11\/09). Parcours comment\u00e9s et exploration sensible : <a href=\"http:\/\/www.accomplir.asso.fr\/dossiers\/20091113\/03%20Retranscription_parcours_commentes.pdf\" target=\"_blank\" rel=\"noopener\">retranscription int\u00e9grale des parcours comment\u00e9s<\/a> (des usagers ont \u00e9t\u00e9 invit\u00e9s \u00e0 d\u00e9crire leurs impressions le long de diff\u00e9rents parcours sur le site. NB : les 30 derni\u00e8res pages, consacr\u00e9es \u00e0 un parcours avec deux SDF usagers de Mains libres, sont particuli\u00e8rement int\u00e9ressantes) et <a href=\"http:\/\/www.accomplir.asso.fr\/dossiers\/20091113\/04 restit_Parcours_commentes.pdf\" target=\"_blank\" rel=\"noopener\">power-point sur la synth\u00e8se de ces parcours<\/a>. Enqu\u00eate BVA : <a href=\"http:\/\/www.accomplir.asso.fr\/dossiers\/20091113\/13%20ScriptinterviewsBVAHalles.pdf\" target=\"_blank\" rel=\"noopener\">transcription des interviews de touristes<\/a> fran\u00e7ais et \u00e9trangers, de personnes \u00e0 mobilit\u00e9 r\u00e9duite, de salari\u00e9s, de commer\u00e7ants et <a href=\"http:\/\/www.accomplir.asso.fr\/dossiers\/20091113\/14 ScritpsFocus-GroupsBVAHalles.pdf\" target=\"_blank\" rel=\"noopener\">transcription de focus groups<\/a> avec des voyageurs, des acheteurs du Forum ou des commerces des Halles, des jeunes, des riverains. Voir <a href=\"http:\/\/www.accomplir.asso.fr\/dossiers\/20091205\/03%20livretanimateurBVA2.pdf\" target=\"_blank\" rel=\"noopener\">le livret qui a \u00e9t\u00e9 pr\u00e9sent\u00e9 aux personnes interrog\u00e9es par BVA<\/a>, et qui pr\u00e9sente le projet sous un jour tellement favorable qu\u2019on ne peut gu\u00e8re \u00eatre \u00e9tonn\u00e9 par les r\u00e9sultats tr\u00e8s positifs de l\u2019enqu\u00eate. Voir <a href=\"http:\/\/www.accomplir.asso.fr\/dossiers\/20091205\/07 CRconcertationMetropole061109.pdf\" target=\"_blank\" rel=\"noopener\">le compte rendu officiel<\/a>.<\/li>\n<li>Etude \u00ab m\u00e9tropole \u00bb : <a href=\"http:\/\/www.accomplir.asso.fr\/dossiers\/20091113\/10%20CRconcertationMetropole201009.pdf\" target=\"_blank\" rel=\"noopener\">Concertation avec les membres de la soci\u00e9t\u00e9 civile et associations du GTT M\u00e9tropole<\/a> (20\/10\/09). La toute derni\u00e8re page de ce compte-rendu r\u00e8gle enfin la question du toit, d\u00e9sormais r\u00e9put\u00e9 totalement \u00e9tanche\u2026<\/li>\n<li>Pendant que la Ville de Paris se pr\u00e9pare \u00e0 raser le Jardin d\u2019aventure pour y installer des cabanes de chantier, la cr\u00e9atrice de ce jardin, <a href=\"http:\/\/www.accomplir.asso.fr\/dossiers\/20091019\/10 Claude Lalanne sur Park Avenue.pdf\" target=\"_blank\" rel=\"noopener\">Claude Lalanne, voit ses sculptures expos\u00e9es sur Park Avenue, \u00e0 Manhattan<\/a>, et cet \u00e9v\u00e9nement est <a href=\"http:\/\/www.accomplir.asso.fr\/www_jardindaventure\/presse.htm\" target=\"_blank\" rel=\"noopener\">relay\u00e9 par la presse am\u00e9ricaine<\/a>\u2026 Apr\u00e8s la destruction des pavillons Baltard, un nouvel acte de vand\u2019hallisme ? (11\/10\/09)<\/li>\n<li>La concertation sur le projet des Halles est, pour l\u2019instant, suspendue au rapport de la Commission d\u2019enqu\u00eate, attendu pour fin novembre : jugera-t-elle que ce projet correspond aux crit\u00e8res de l\u2019utilit\u00e9 publique ? Emettra-t-elle, comme nous l\u2019esp\u00e9rons, des r\u00e9serves sur la partie jardin ? En attendant, voici <a href=\"http:\/\/www.accomplir.asso.fr\/dossiers\/20091019\/12 nouvelles projet .pdf\" target=\"_blank\" rel=\"noopener\">les derni\u00e8res nouvelles du projet des Halles<\/a>, entre autres sur un grand toit \u00e0 l\u2019\u00e9tanch\u00e9it\u00e9 \u00e9trangement modulable\u2026 (11\/10\/09)<\/li>\n<li><a href=\"http:\/\/www.accomplir.asso.fr\/dossiers\/20100327\/16 Bureau octobre 09.pdf\" target=\"_blank\" rel=\"noopener\">Compte rendu de la r\u00e9union de bureau du comit\u00e9 permanent de la concertation<\/a> (05\/10\/09)<\/li>\n<li>Trois \u00e9tudes sur la Canop\u00e9e r\u00e9alis\u00e9es par le CSTB (septembre-octobre 2009) : <a href=\"http:\/\/www.accomplir.asso.fr\/dossiers\/20110903\/09 cstb etude_soufflerie_vent.pdf\" target=\"_blank\" rel=\"noopener\">Etude en soufflerie des actions du vent sur la Canop\u00e9e des Halles de Paris<\/a> ; <a href=\"http:\/\/www.accomplir.asso.fr\/dossiers\/20110903\/08 cstb_confort_vent.pdf\" target=\"_blank\" rel=\"noopener\">Etude du confort au vent autour du projet de la Canop\u00e9e des Halles de Paris<\/a> ; <a href=\"http:\/\/www.accomplir.asso.fr\/dossiers\/20110903\/07 cstb_action_vent_ventelles.pdf\" target=\"_blank\" rel=\"noopener\">Etude en soufflerie des actions du vent sur les ventelles de la Canop\u00e9e des Halles de Paris<\/a>.<\/li>\n<li>Nous avons retrouv\u00e9 le <a href=\"http:\/\/www.accomplir.asso.fr\/dossiers\/20091019\/16 journal-VDP-1989.pdf\" target=\"_blank\" rel=\"noopener\">Journal de la Ville de Paris de janvier 1989, dans lequel on voit Jacques Chirac, alors Maire de Paris, f\u00eater l\u2019ach\u00e8vement du grand chantier des Halles<\/a> : un grand feu d\u2019artifice illuminait l\u2019\u00e9glise Saint-Eustache, dont la majest\u00e9 avait \u00e9t\u00e9 r\u00e9v\u00e9l\u00e9e par la d\u00e9molition des pavillons Baltard. A peine 20 ans plus tard, le quartier s\u2019appr\u00eate \u00e0 vivre un nouveau chantier tout aussi gigantesque, avec un projet dont certains aspects sont justifi\u00e9s (la remise aux normes de s\u00e9curit\u00e9 de la gare souterraine), et d\u2019autres beaucoup moins, notamment la cr\u00e9ation d\u2019un immense toit de m\u00e9tal et de verre qui va recouvrir le \u00ab crat\u00e8re \u00bb du Forum des Halles et le r\u00e9am\u00e9nagement complet du jardin, qui cette fois tourne r\u00e9solument le dos \u00e0 l\u2019\u00e9glise. Ce quartier est-il condamn\u00e9, juste parce qu\u2019il est au centre de Paris et donc tr\u00e8s m\u00e9diatique, \u00e0 subir 10 ans de travaux tous les 20 ans ? (septembre 2009)<\/li>\n<li>Accomplir se \u00ab m\u00e9tropolise \u00bb (septembre 2009) : constatant que la plupart des Parisiens et Franciliens ignorent \u00e0 peu pr\u00e8s tout du projet de r\u00e9novation des Halles, <a href=\"http:\/\/www.accomplir.asso.fr\/iweb\/Accomplir\/Les_photos\/Pages\/Distribution_de_tracts_porte_Lescot_092009.html\" target=\"_blank\" rel=\"noopener\">nous sommes all\u00e9s distribuer porte Lescot<\/a> plusieurs milliers d\u2019exemplaires de notre tract sur <a href=\"http:\/\/www.accomplir.asso.fr\/dossiers\/20091019\/02 tract Lescot.pdf\" target=\"_blank\" rel=\"noopener\">\u00ab Les 6 aberrations du projet de r\u00e9novation des Halles \u00bb<\/a>. <a href=\"http:\/\/www.accomplir.asso.fr\/dossiers\/20100213\/16 tract Halles janv10.pdf\" target=\"_blank\" rel=\"noopener\">Version mise \u00e0 jour en janvier 2010<\/a>.<\/li>\n<li><a href=\"http:\/\/www.accomplir.asso.fr\/dossiers\/20090911\/05 CHL_2009-09-07_GTT Transport.pdf\" target=\"_blank\" rel=\"noopener\">R\u00e9union de GTT sur le p\u00f4le transport<\/a> (07\/09\/09). Des plans d\u00e9taill\u00e9es et de nouvelles images du futur am\u00e9nagement de la salle d\u2019\u00e9change du RER et de l\u2019acc\u00e8s Marguerite de Navarre. <a href=\"http:\/\/www.accomplir.asso.fr\/dossiers\/20100213\/34%20CR-GTT-Transport-Les-Halles-7-septembre-2009-1.pdf\" target=\"_blank\" rel=\"noopener\">Voir le compte rendu officiel<\/a>.<\/li>\n<li><a href=\"http:\/\/www.accomplir.asso.fr\/dossiers\/20090911\/09 CR Bureau 3 septembre 2009 - Les Halles.pdf\" target=\"_blank\" rel=\"noopener\">Compte rendu de la r\u00e9union de bureau du Comit\u00e9 permanent de concertation<\/a> (03\/09\/09)<\/li>\n<li>La future Canop\u00e9e est tellement exp\u00e9rimentale qu\u2019il faut construire un prototype \u00e0 l\u2019\u00e9chelle 1 (c\u2019est-\u00e0-dire en taille r\u00e9elle !) pour v\u00e9rifier sa faisabilit\u00e9 ! <a href=\"http:\/\/www.accomplir.asso.fr\/dossiers\/20100213\/13 AO-proto-Canopee.pdf\" target=\"_blank\" rel=\"noopener\">Voir l\u2019appel d\u2019offre pour la r\u00e9alisation du prototype<\/a> (16\/07\/09)<\/li>\n<li><a href=\"http:\/\/www.accomplir.asso.fr\/dossiers\/20090911\/06 Contrib enqu publ.pdf\" target=\"_blank\" rel=\"noopener\">Contribution de l\u2019association Accomplir \u00e0 l\u2019enqu\u00eate publique sur le projet des Halles<\/a> (juillet 2009). Nous approuvons pleinement le projet de r\u00e9novation des Halles en ce qui concerne les espaces de la RATP et les circulations verticales, et avec un certain nombre de r\u00e9serves en ce qui concerne la Canop\u00e9e. En revanche, nous contestons l\u2019id\u00e9e que le projet de r\u00e9novation du Jardin, tel qu\u2019il se pr\u00e9sente, r\u00e9ponde aux crit\u00e8res de l\u2019utilit\u00e9 publique. Voir aussi la <a href=\"http:\/\/www.accomplir.asso.fr\/dossiers\/20090911\/11%20avis%20chadhal.pdf\" target=\"_blank\" rel=\"noopener\">contribution de l\u2019association Chadhal<\/a> ; <a href=\"http:\/\/www.accomplir.asso.fr\/dossiers\/20090911\/13 Avis Mougenot.pdf\" target=\"_blank\" rel=\"noopener\">celle de Laetitia Mougenot<\/a>, coordinatrice du comit\u00e9 Lalanne ; <a href=\"http:\/\/www.accomplir.asso.fr\/dossiers\/20090911\/14%20avis%20parent%20enquete-09-07-09.pdf\" target=\"_blank\" rel=\"noopener\">celle d\u2019un groupe de parents du centre de Paris<\/a> ; d\u2019habitants du quartier, <a href=\"http:\/\/www.accomplir.asso.fr\/dossiers\/20090911\/12 Avis Gauzin.pdf\" target=\"_blank\" rel=\"noopener\">M. et Mme Gauzin (architectes)<\/a> et <a href=\"http:\/\/www.accomplir.asso.fr\/dossiers\/20090911\/10 Avis Benoist.pdf\" target=\"_blank\" rel=\"noopener\">M. Jean Benoist (ing\u00e9nieur)<\/a>. Voir <a href=\"http:\/\/www.accomplir.asso.fr\/dossiers\/20091113\/09 contrib Legaret enq publ.pdf\" target=\"_blank\" rel=\"noopener\">la contribution du Maire du 1er, Jean-Fran\u00e7ois Legaret<\/a>, qui \u00e9tonne \u00e0 la fois par la fermet\u00e9 du ton (alors que M. Legaret a vot\u00e9 le projet au Conseil de Paris en avril 2009) et par la tr\u00e8s grande discr\u00e9tion de sa diffusion : notre association n\u2019en a eu connaissance, par hasard, qu\u2019en octobre, et il n\u2019y en a strictement aucune trace dans la presse. Le Maire du 16\u00e8me, Claude Goasguen, a fait plus de bruit autour du stade Jean Bouin en quelques mois que Jean-Fran\u00e7ois Legaret n\u2019en a fait contre le projet des Halles en six ans. Que cache le contraste entre sa virulence contre le projet en priv\u00e9 et son approbation du m\u00eame projet en public ?<\/li>\n<li><a href=\"http:\/\/www.accomplir.asso.fr\/dossiers\/20090911\/03 avisnegLegaret.pdf\" target=\"_blank\" rel=\"noopener\">Le Maire du1er, Jean-Fran\u00e7ois Legaret, donne un avis n\u00e9gatif au permis de d\u00e9molir du jardin<\/a> (19\/07\/09)<\/li>\n<li><a href=\"http:\/\/www.accomplir.asso.fr\/dossiers\/20090911\/01 SG163_Exp.pdf\" target=\"_blank\" rel=\"noopener\">D\u00e9lib\u00e9ration du Conseil de Paris<\/a> ent\u00e9rinant l\u2019abandon de l\u2019auditorium pr\u00e9vu dans la Canop\u00e9e et son remplacement par une salle de diffusion (07\/07\/09)<\/li>\n<li><a href=\"http:\/\/www.accomplir.asso.fr\/dossiers\/20090911\/02 090629-CR bureau du 29 juin 2009.pdf\" target=\"_blank\" rel=\"noopener\">Compte rendu de la r\u00e9union de bureau du Comit\u00e9 permanent de concertation<\/a> (29\/06\/09)<\/li>\n<li><a href=\"http:\/\/www.accomplir.asso.fr\/dossiers\/20090613\/decompte-effectifs-can-20-05-09.pdf\" target=\"_blank\" rel=\"noopener\">Effectifs des personnes prises en compte dans les \u00e9quipements publics de la Canop\u00e9e<\/a> (25\/06\/09). Document \u00e9tabli par la Mission Halles, et assez largement incompr\u00e9hensible : pourquoi est-il possible de cr\u00e9er un open space de 400 personnes \u00e0 l'\u00e9tage, et pas un auditorium de 350 personnes au rez-de-chauss\u00e9e ? Ne serait-ce pas juste parce qu'il faut laisser le rez-de-chauss\u00e9e aux commerces ?<\/li>\n<li>La communication de la Ville sur le projet s'apparente de plus en plus \u00e0 de la propagande sans vergogne : voici la <a href=\"http:\/\/www.accomplir.asso.fr\/dossiers\/20090613\/plaquette%20les%20halles_web.pdf\" target=\"_blank\" rel=\"noopener\"> nouvelle plaquette r\u00e9alis\u00e9e par la Ville sur le projet de r\u00e9novation des Halles<\/a> \u00e0 l'occasion de l'enqu\u00eate publique et <a href=\"http:\/\/www.accomplir.asso.fr\/accomplir\/wp-content\/uploads\/2014\/05\/Video_20propagande_20mairie_20de_20Paris.mp4\" target=\"_blank\" rel=\"noopener\">un petit film o\u00f9, miracle, seuls s'expriment des usagers favorables au projet<\/a> ! (juin 2009)<\/li>\n<li><a href=\"http:\/\/www.accomplir.asso.fr\/dossiers\/20101205\/08 Halles-Metropole-juin09.pdf\" target=\"_blank\" rel=\"noopener\">Les Halles m\u00e9tropole<\/a>(juin 2009)<\/li>\n<li><a href=\"http:\/\/www.accomplir.asso.fr\/dossiers\/20091113\/15 surfaces comm Forum.pdf\" target=\"_blank\" rel=\"noopener\">Tableau des surfaces commerciales cr\u00e9\u00e9es et supprim\u00e9es dans la Canop\u00e9e et en sous-sol<\/a>, transmis par M. Fran\u00e7ois Poupard, du Cabinet du Maire de Paris (17\/06\/09).<\/li>\n<li>Une enqu\u00eate publique est lanc\u00e9e du 15 juin au 17 juillet 2009 sur l\u2019op\u00e9ration de r\u00e9novation des Halles. Vous trouverez <a href=\"http:\/\/www.accomplir.asso.fr\/dossiers\/20090613\/07 enquete publique.pdf\" target=\"_blank\" rel=\"noopener\">ici la liste des permanences qui seront tenues en mairie par le commissaire-enqu\u00eateur<\/a>. Une r\u00e9union publique est \u00e9galement pr\u00e9vue le lundi 22 juin \u00e0 18h30 au Gymnase Suzanne Berlioux, mais \u00e0 une semaine de cette r\u00e9union, aucun affichage n\u2019a \u00e9t\u00e9 r\u00e9alis\u00e9 dans le quartier, ce qui laisse penser qu\u2019une fois de plus, tout est fait pour pr\u00e9server la confidentialit\u00e9 des trop rares occasions donn\u00e9es aux Parisiens de s\u2019exprimer sur le projet des Halles\u2026 (13\/06\/09)<\/li>\n<li>Apr\u00e8s le r\u00e9alisateur Michel Ocelot (cr\u00e9ateur de <em>Kirikou et la Sorci\u00e8re<\/em>), la com\u00e9dienne <a href=\"http:\/\/www.accomplir.asso.fr\/dossiers\/20090613\/07%20BL.jpg\" target=\"_blank\" rel=\"noopener\">Bernadette Lafont<\/a> s\u2019est \u00e9mue du projet de r\u00e9novation du Jardin des Halles et de ses cons\u00e9quences, en particulier la suppression de l\u2019\u00e9cosyst\u00e8me du Jardin Lalanne, la suppression de la place Cassin, l\u2019abattage de centaines d\u2019arbres qui poussent patiemment depuis plus de 20 ans (08\/06\/09). <a href=\"http:\/\/www.accomplir.asso.fr\/accomplir\/wp-content\/uploads\/2014\/05\/Bernadette_20LAFONT_20defend_20le_20jardin_20des_20Halles.mp4\" target=\"_blank\" rel=\"noopener\">Retrouvez son t\u00e9moignage film\u00e9 par le r\u00e9alisateur Michel Fourcade<\/a>.<\/li>\n<li>Nous avons appris qu\u2019en d\u00e9cembre 2008, une semaine avant la <a href=\"http:\/\/www.accomplir.asso.fr\/dossiers\/20090613\/17 forum images.pdf\" target=\"_blank\" rel=\"noopener\">r\u00e9ouverture du Forum des Images<\/a> \u00e0 l\u2019issue d\u2019un colossal chantier de 3 ans et d\u2019un montant de 7,6 millions d\u2019euros, la Commission de s\u00e9curit\u00e9 de la Pr\u00e9fecture avait donn\u00e9 un avis n\u00e9gatif \u00e0 la r\u00e9ouverture de cet \u00e9quipement. Compte tenu de la m\u00e9diatisation pr\u00e9vue pour l\u2019inauguration, le Maire de Paris est pass\u00e9 outre et \u00e0 l\u2019heure actuelle (juin 2009), le Forum des Images n\u2019est toujours pas aux normes de s\u00e9curit\u00e9 : pour r\u00e9aliser les travaux, il faudrait \u00e0 nouveau fermer l\u2019\u00e9tablissement... Question : peut-on faire confiance \u00e0 nos \u00e9diles pour assurer la s\u00e9curit\u00e9 de la future Canop\u00e9e, s\u2019ils ne sont pas capables d\u2019assurer celle du Forum des Images ? Et peut-on faire confiance \u00e0 la Pr\u00e9fecture, qui tol\u00e8re que l\u2019avis de sa Commission de s\u00e9curit\u00e9 ne soit pas respect\u00e9 sur un site aussi sensible que celui des Halles ? (juin 2009). <a href=\"http:\/\/www.accomplir.asso.fr\/dossiers\/20090911\/23%20reponse_revel_forum_images.pdf\" target=\"_blank\" rel=\"noopener\">Voir la r\u00e9ponse que nous a adress\u00e9e Nicolas Revel<\/a>, conseiller du Maire de Paris.<\/li>\n<li>Il faut le voir pour le croire : <a href=\"http:\/\/www.accomplir.asso.fr\/dossiers\/20090613\/10%20jardin%20detruit%20fond%20en%20comble.pdf\" target=\"_blank\" rel=\"noopener\">le Jardin des Halles va vraiment \u00eatre d\u00e9truit de fond en comble<\/a> ! En voici les preuves : <a href=\"http:\/\/www.accomplir.asso.fr\/dossiers\/20090613\/15 Emergences.jpg\" target=\"_blank\" rel=\"noopener\">le plan de d\u00e9molition de toutes les superstructures du jardin<\/a> ; le <a href=\"http:\/\/www.accomplir.asso.fr\/dossiers\/20090613\/16 Elegissements.jpg\" target=\"_blank\" rel=\"noopener\">plan de d\u00e9molition de tous les \u00e9l\u00e9gissements<\/a> (c\u2019est-\u00e0-dire les structures souterraines qui supportent le jardin). D\u2019apr\u00e8s ce deuxi\u00e8me plan, il est facile de comprendre qu\u2019\u00e0 l\u2019exception d\u2019une partie du mail plant\u00e9 d\u2019arbres le long de la rue Berger, tous les arbres du jardin seront abattus ! (juin 2009).<\/li>\n<li>Nous avons obtenu un tr\u00e8s int\u00e9ressant <a href=\"http:\/\/www.accomplir.asso.fr\/dossiers\/20090613\/02%20questions%20conseiller.pdf\" target=\"_blank\" rel=\"noopener\">entretien avec un Conseiller du Maire de Paris<\/a> pour lui poser une s\u00e9rie de questions techniques sur les aspects de s\u00e9curit\u00e9 de la future Canop\u00e9e, sur la taille et le d\u00e9roulement du chantier, sur les cr\u00e9ations de surfaces commerciales souterraines, sur le devenir de la Place Cassin, etc. (02\/06\/09). Nous vous recommandons vivement la lecture de ce court texte (valid\u00e9 par l\u2019int\u00e9ress\u00e9) pour mesurer un peu mieux ce qui nous attend !<\/li>\n<li>R\u00e9union du GTT \u00ab M\u00e9tropole \u00bb consacr\u00e9e aux enjeux de l\u2019usage et du partage m\u00e9tropolitain de l\u2019espace public (28\/05\/09). Voir les documents pr\u00e9paratoires qui nous ont \u00e9t\u00e9 adress\u00e9s : <a href=\"http:\/\/www.accomplir.asso.fr\/dossiers\/20090517\/14 invits GTT metropole.pdf\" target=\"_blank\" rel=\"noopener\">la liste des invit\u00e9s<\/a>, o\u00f9 l\u2019on constate que pas un seul repr\u00e9sentant de la Pr\u00e9fecture de police n\u2019a \u00e9t\u00e9 convi\u00e9, alors qu\u2019il s\u2019agit du partage de l\u2019espace public, d\u00e9j\u00e0 largement conflictuel \u00e0 l\u2019heure actuelle ; <a href=\"http:\/\/www.accomplir.asso.fr\/dossiers\/20090517\/10%20Note%20cadrage%20etude%20metrop.pdf\" target=\"_blank\" rel=\"noopener\">la note de cadrage de l\u2019\u00e9tude qui va \u00eatre lanc\u00e9e<\/a> sur \u00ab <em>Le caract\u00e8re m\u00e9tropolitain de l\u2019espace public des Halles<\/em> \u00bb. Nous avons adress\u00e9 \u00e0 tous les participants <a href=\"http:\/\/www.accomplir.asso.fr\/dossiers\/20090613\/03 prepa-reu-28-05-09.pdf\" target=\"_blank\" rel=\"noopener\">un texte dans lequel nous protestons contre le fait que cette \u00e9tude est presque uniquement centr\u00e9e sur les besoins des m\u00e9tropolitains en mati\u00e8re d\u2019animations sur l\u2019espace public<\/a> et fait l\u2019impasse \u00e0 la fois sur les probl\u00e8mes de s\u00e9curit\u00e9 et sur le risque de nuisances suppl\u00e9mentaires pour les riverains. De notre point de vue, l\u2019\u00e9tude devrait \u00eatre r\u00e9orient\u00e9e vers \u00ab <em>Le partage de l\u2019espace public des Halles, dans sa double dimension locale et m\u00e9tropolitaine, avec un objectif de qualit\u00e9 et de s\u00e9curit\u00e9 pour tous<\/em> \u00bb. Notre point de vue a \u00e9t\u00e9 un petit mieux pris en compte dans la <a href=\"http:\/\/www.accomplir.asso.fr\/dossiers\/20090911\/26 CDC etude metropole-200709_DEFINITIF.pdf\" target=\"_blank\" rel=\"noopener\">version finale du cahier des charges de l\u2019\u00e9tude<\/a>, dont les SDF sont en revanche inexplicablement et scandaleusement exclus. Voir le <a href=\"http:\/\/www.accomplir.asso.fr\/dossiers\/20091113\/05 CR-synthethique-GTT-metropole.pdf\" target=\"_blank\" rel=\"noopener\">compte-rendu synth\u00e9tique de cette r\u00e9union<\/a>. Voir le <a href=\"http:\/\/www.accomplir.asso.fr\/dossiers\/20091113\/17%20CR-litteral-GTT-metropole.pdf\" target=\"_blank\" rel=\"noopener\">compte rendu litt\u00e9ral mais incomplet<\/a> de cette r\u00e9union.<\/li>\n<li>Le STIF a approuv\u00e9 le sch\u00e9ma de principe de r\u00e9am\u00e9nagement du p\u00f4le RER Ch\u00e2telet-les Halles, qui comprendra la cr\u00e9ation d\u2019un nouvel acc\u00e8s aux espaces souterrains du Forum des Halles et \u00e0 la gare RER au niveau de la Place Marguerite de Navarre ; le r\u00e9am\u00e9nagement de la salle d\u2019\u00e9changes RER ; le prolongement des acc\u00e8s Berger et Rambuteau du niveau \u2013 3 au niveau \u2013 4 de la salle d\u2019\u00e9changes (27\/05\/09). Voir <a href=\"http:\/\/www.accomplir.asso.fr\/dossiers\/20090613\/04 communiqueSTIF.pdf\" target=\"_blank\" rel=\"noopener\">le communiqu\u00e9 officiel<\/a> (qui contient une vue du futur acc\u00e8s \u00e0 la salle d\u2019\u00e9changes depuis la place Marguerite de Navarre), <a href=\"http:\/\/www.accomplir.asso.fr\/dossiers\/20090613\/14 Plan SE extension.JPG\" target=\"_blank\" rel=\"noopener\">le plan de la future salle d\u2019\u00e9change<\/a>, une vue de <a href=\"http:\/\/www.accomplir.asso.fr\/dossiers\/20090613\/12%20Perspective%20Salle%20Echanges.JPG\" target=\"_blank\" rel=\"noopener\">la future salle d\u2019\u00e9change<\/a>, une vue du <a href=\"http:\/\/www.accomplir.asso.fr\/dossiers\/20090613\/11%20Perspective%20MdNavarre%20Place.JPG\" target=\"_blank\" rel=\"noopener\">futur acc\u00e8s Marguerite de Navarre<\/a>.<\/li>\n<li>Le Conseil de quartier des Halles, choqu\u00e9 de constater que contrairement aux engagements pris par le Conseil de Paris le 6 avril 2009, les \u00e9l\u00e9gissements qui donnent \u00e0 la Place Cassin sa forme et son charme vont \u00eatre d\u00e9molis, a adress\u00e9 un <a href=\"http:\/\/www.accomplir.asso.fr\/dossiers\/20090613\/05%20VoeuCDQ.pdf\" target=\"_blank\" rel=\"noopener\">v\u0153u \u00e0 Mme Hidalgo<\/a> pour demander que la place soit conserv\u00e9e en l\u2019\u00e9tat \u00ab <em>notamment en ce qui concerne la surface, la d\u00e9clivit\u00e9, l\u2019organisation du site en gradins, la pr\u00e9servation des perspectives et d\u2019une mani\u00e8re plus g\u00e9n\u00e9rale tout ce qui fait l\u2019attrait et le charme de ce lieu privil\u00e9gi\u00e9, autant de points remis en cause par l\u2019actuel projet du cabinet SEURA-Mangin<\/em> \u00bb (27\/05\/09).<\/li>\n<li><a href=\"http:\/\/www.accomplir.asso.fr\/dossiers\/20090613\/09 Bureau CPC 25 mai 09.pdf\" target=\"_blank\" rel=\"noopener\">Compte<\/a>rendu de la r\u00e9union de bureau du Comit\u00e9 permanent de concertation (25\/05\/09).<\/li>\n<li>R\u00e9union de GTT sur la Canop\u00e9e (20\/05\/09) consacr\u00e9e \u00e0 la pr\u00e9sentation des \u00e9volutions du projet Canop\u00e9e et au d\u00e9roul\u00e9 et au contenu de l\u2019enqu\u00eate publique. Voir les documents pr\u00e9paratoires adress\u00e9s aux participants : <a href=\"http:\/\/www.accomplir.asso.fr\/dossiers\/20090517\/06%20PC%20Canopee%2019-12-08%20-%20Plans.pdf\" target=\"_blank\" rel=\"noopener\">les plans fournis dans le dossier de permis de construire du 19 d\u00e9cembre 2008<\/a> ; <a href=\"http:\/\/www.accomplir.asso.fr\/dossiers\/20090517\/07 PC Canopee complements 23-04-09 - Plans.pdf\" target=\"_blank\" rel=\"noopener\">les plans fournis dans le compl\u00e9ment vers\u00e9 au dossier de permis de construire le 24 avril 2009<\/a> ; <a href=\"http:\/\/www.accomplir.asso.fr\/dossiers\/20090517\/08%20PC%20Canopee%20complements%2023-04-09%20-%20Notice.pdf\" target=\"_blank\" rel=\"noopener\">une notice de pr\u00e9sentation du compl\u00e9ment au permis de construire du 24 avril 2009<\/a>. <a href=\"http:\/\/www.accomplir.asso.fr\/dossiers\/20090911\/04%20CanopeePPT-20-mai-2009.pdf\" target=\"_blank\" rel=\"noopener\">Power-point sur les \u00e9volutions du programme de la Canop\u00e9e<\/a>. Voir le <a href=\"http:\/\/www.accomplir.asso.fr\/dossiers\/20090911\/07%20CR-GTT-Canopee-20-mai-2009.pdf\" target=\"_blank\" rel=\"noopener\">compte rendu officiel<\/a>.<\/li>\n<li><a href=\"http:\/\/www.accomplir.asso.fr\/dossiers\/20100327\/15%20avisABFjardin.PDF\" target=\"_blank\" rel=\"noopener\">L\u2019avis de l\u2019Architecte des B\u00e2timent de France sur le permis de d\u00e9molir le jardin<\/a> (04\/05\/09) : aucun probl\u00e8me, tout va bien selon l\u2019architecte, qui ne fait strictement aucune recommandation et oublie m\u00eame de signaler l\u2019existence du monument historique de la Bourse de Commerce !<\/li>\n<li><a href=\"http:\/\/www.accomplir.asso.fr\/dossiers\/20090517\/04 CR Bureau-27-04-09.pdf\" target=\"_blank\" rel=\"noopener\">Compte rendu de la r\u00e9union de bureau du Comit\u00e9 permanent de concertation<\/a> (27\/04\/09)<\/li>\n<li>D\u00e9bat du Conseil de Paris sur le lancement de l'op\u00e9ration des Halles (06\/04\/09) : <a href=\"http:\/\/www.accomplir.asso.fr\/video\/paris-delibhalles-20090405.mp4\" target=\"_blank\" rel=\"noopener\">voir la vid\u00e9o des d\u00e9bats<\/a>. Voir <a href=\"http:\/\/www.accomplir.asso.fr\/dossiers\/20090517\/15 Amende-voeux.pdf\" target=\"_blank\" rel=\"noopener\">le texte int\u00e9gral des diff\u00e9rents amendements et v\u0153ux pr\u00e9sent\u00e9s lors du Conseil<\/a>. Voir le texte final de la d\u00e9lib\u00e9ration : <a href=\"http:\/\/www.accomplir.asso.fr\/dossiers\/20090517\/05A delib-expose-motifs.pdf\" target=\"_blank\" rel=\"noopener\">l\u2019<\/a>expos\u00e9 des motifs, <a href=\"http:\/\/www.accomplir.asso.fr\/dossiers\/20090517\/05B delib-delibere.pdf\" target=\"_blank\" rel=\"noopener\">les cinq d\u00e9lib\u00e9r\u00e9s<\/a>, les trois annexes sur : <a href=\"http:\/\/www.accomplir.asso.fr\/dossiers\/20090517\/05C%20annexe-arret-du-projet.pdf\" target=\"_blank\" rel=\"noopener\">l\u2019arr\u00eat du projet<\/a>, <a href=\"http:\/\/www.accomplir.asso.fr\/dossiers\/20090517\/01%20Bilan%20concertation%20approuve.pdf\" target=\"_blank\" rel=\"noopener\">le bilan de la concertation<\/a>, <a href=\"http:\/\/www.accomplir.asso.fr\/dossiers\/20090517\/11%20bilan%20garant.pdf\" target=\"_blank\" rel=\"noopener\">l\u2019avis du garant<\/a>. A notre grande surprise, <a href=\"http:\/\/www.accomplir.asso.fr\/dossiers\/20090517\/12%20extrait%20amend%20JFL.pdf\" target=\"_blank\" rel=\"noopener\">un amendement du Maire du 1er Jean-Fran\u00e7ois Legaret<\/a> qui semble assurer la pr\u00e9servation de la Place Cassin \u00ab <em>dans son \u00e9tat d\u2019esprit actuel<\/em> \u00bb et rendre possible celle du jardin Lalanne par une organisation diff\u00e9rente du chantier de la Canop\u00e9e, a \u00e9t\u00e9 approuv\u00e9 par le Conseil. Malheureusement, <a href=\"http:\/\/www.accomplir.asso.fr\/dossiers\/20090517\/09 amendement bidon.pdf\" target=\"_blank\" rel=\"noopener\">l\u2019explication de texte fournie par Renaud Paque, bras droit d\u2019Anne Hidalgo, nous a bien d\u00e9sillusionn\u00e9s<\/a> : les termes vagues qui ont \u00e9t\u00e9 choisis par le Maire du 1er permettent au Maire de Paris de continuer tranquillement son op\u00e9ration bulldozer avec la b\u00e9n\u00e9diction quasi-unanime des conseillers de Paris (\u00e0 l\u2019exception notable des Verts). Quant au <a href=\"http:\/\/www.accomplir.asso.fr\/dossiers\/20090517\/01%20Bilan%20concertation%20approuve.pdf\" target=\"_blank\" rel=\"noopener\">Bilan officiel de la concertation<\/a>, \u00e9galement approuv\u00e9 par le Conseil de Paris, nous vous recommandons la lecture des petits textes encadr\u00e9s qui ponctuent ce texte et sont des chefs d\u2019\u0153uvre de langue de bois administrative ! <a href=\"http:\/\/www.accomplir.asso.fr\/dossiers\/20090517\/11%20bilan%20garant.pdf\" target=\"_blank\" rel=\"noopener\">L\u2019avis du garant de la concertation <\/a>\u00e9tait destin\u00e9 \u00e0 corriger cette vision \u00e9dulcor\u00e9e de la concertation et devait \u00eatre joint \u00e0 la d\u00e9lib\u00e9ration. Mais jamais les conseillers de Paris ne l\u2019ont eu sous les yeux ; en revanche, apr\u00e8s la r\u00e9union du Conseil de Paris, l\u2019avis a \u00e9t\u00e9 <a href=\"http:\/\/www.paris.fr\/portail\/Urbanisme\/Portal.lut? page_id=101&amp;document_type_id=4&amp;document_id=13460&amp;portlet_id=20988&amp;multileveldocument_sheet_id=13178\" target=\"_blank\" rel=\"noopener\">mis en ligne avec le reste de la d\u00e9lib\u00e9ration<\/a> : le garant a \u00e9t\u00e9 purement et simplement<a href=\"http:\/\/www.accomplir.asso.fr\/dossiers\/20090517\/13 garant manipulation.pdf\" target=\"_blank\" rel=\"noopener\"> censur\u00e9, puis instrumentalis\u00e9<\/a> ! Bien entendu, la Mission Halles s\u2019est \u00e9galement abstenue de communiquer aux conseillers de Paris <a href=\"http:\/\/www.accomplir.asso.fr\/dossiers\/20090517\/02 bilan par les associations.pdf\" target=\"_blank\" rel=\"noopener\">le bilan de la concertation dress\u00e9 par les associations<\/a> lors d\u2019une r\u00e9union avec l\u2019adjoint Hamou Bouakkaz : il ne fallait surtout pas qu\u2019ils sachent \u00e0 quel point, du point de vue des associations, l\u2019exercice de concertation avait \u00e9t\u00e9 truqu\u00e9\u2026 Pour vous en faire une id\u00e9e, voici <a href=\"http:\/\/www.accomplir.asso.fr\/dossiers\/20090517\/03 Extraits bilan concertation.pdf\" target=\"_blank\" rel=\"noopener\">quelques courts extraits des t\u00e9moignages de repr\u00e9sentants d\u2019autres associations qu\u2019Accomplir<\/a> : vous verrez que nous ne sommes pas les seuls \u00e0 porter un jugement d\u00e9sabus\u00e9 sur la pratique de la concertation dans l\u2019op\u00e9ration des Halles.<\/li>\n<li><a href=\"http:\/\/www.accomplir.asso.fr\/dossiers\/20120411\/01%20LesHalles_enquetepubliqueVoirie%20-%20Carac%20ouvrages-1_web.pdf\" target=\"_blank\" rel=\"noopener\">Enqu\u00eate publique portant sur les travaux de voirie routi\u00e8re<\/a> (avril 2009)<\/li>\n<li><a href=\"http:\/\/www.accomplir.asso.fr\/dossiers\/20090404\/04 Courrier CGT fnac.pdf\" target=\"_blank\" rel=\"noopener\">Courrier adress\u00e9 par les salari\u00e9s de la FNAC-Forum \u00e0 la Ville de Paris<\/a> (27\/03\/09) pour demander un entretien avec le Maire \u00e0 propos des travaux pr\u00e9vus pour la Canop\u00e9e et des menaces pesant sur les emplois.<\/li>\n<li><a href=\"http:\/\/www.accomplir.asso.fr\/dossiers\/20090404\/06 CR bur cpc 23 mars 2009.pdf\" target=\"_blank\" rel=\"noopener\">Compte rendu de la r\u00e9union de bureau du Comit\u00e9 permanent de concertation<\/a> (23\/03\/09)<\/li>\n<li>Entretien entre le Maire de Paris et notre repr\u00e9sentante Elisabeth Bourguinat : <a href=\"http:\/\/www.accomplir.asso.fr\/dossiers\/20090404\/13 intimidation.pdf\" target=\"_blank\" rel=\"noopener\">une tentative d\u2019intimidation<\/a> ? (20\/03\/09). Le Maire n'a cess\u00e9 d\u2019interrompre notre repr\u00e9sentante par des sarcasmes, a empil\u00e9 sans les regarder les plans qu\u2019elle lui montrait, les traitant de \u00ab contre-v\u00e9rit\u00e9s \u00bb. La s\u00e9rie de plans en question, intitul\u00e9e <a href=\"http:\/\/www.accomplir.asso.fr\/dossiers\/20090404\/10 Comparaison-jardin.pdf\" target=\"_blank\" rel=\"noopener\">Jardin des Halles : ce que nous avons, ce que nous aurons<\/a>, est une comparaison aussi objective que possible sur la base de 5 crit\u00e8res qui nous tiennent \u00e0 c\u0153ur entre le Jardin des Halles actuel et le projet de David Mangin. Pourquoi le Maire nous a-t-il accord\u00e9 cet entretien si c\u2019\u00e9tait pour refuser de dialoguer ? Sans doute voulait-il simplement nous d\u00e9courager et pouvoir n\u00e9anmoins dire qu\u2019il nous avait re\u00e7us personnellement ?<\/li>\n<li><a href=\"http:\/\/www.accomplir.asso.fr\/dossiers\/20090316\/DelibMars09.pdf\" target=\"_blank\" rel=\"noopener\">Projet de d\u00e9lib\u00e9ration sur l'op\u00e9ration des Halles<\/a> : approbation du bilan de la concertation, arr\u00eat du dossier d\u00e9finitif du projet, autorisation de mettre en oeuvre la proc\u00e9dure pr\u00e9alable \u00e0 la d\u00e9claration d'utilit\u00e9 publique de l'op\u00e9ration, approbation du principe de d\u00e9classement de voies et d'\u00e9quipements publics de la ville n\u00e9cessaires \u00e0 la r\u00e9alisation de l'op\u00e9ration, autorisation de d\u00e9poser toutes demandes d'autorisations administratives n\u00e9cessaires \u00e0 la r\u00e9alisation du projet et notamment les demandes de permis de construire et d'exploitation commerciale aupr\u00e8s de la commission d\u00e9partementale d'am\u00e9nagement commercial (mars 2009). Cette d\u00e9lib\u00e9ration d\u00e9crit l'ensemble de l'op\u00e9ration de r\u00e9novation des Halles dans ses diff\u00e9rentes composantes telle qu'elle se pr\u00e9sente en mars 2009. Voir en particulier le <a href=\"http:\/\/www.accomplir.asso.fr\/dossiers\/20090404\/08 cout_operation.pdf\" target=\"_blank\" rel=\"noopener\">tableau des co\u00fbts de l\u2019op\u00e9ration<\/a> et le <a href=\"http:\/\/www.accomplir.asso.fr\/dossiers\/20090404\/11 calendrier.pdf\" target=\"_blank\" rel=\"noopener\">calendrier<\/a>. Voir le <a href=\"http:\/\/www.accomplir.asso.fr\/dossiers\/20090404\/02%20Dossier%20de%20presse%2017%20mars%202009.pdf\" target=\"_blank\" rel=\"noopener\">dossier de presse<\/a> diffus\u00e9 par la Ville lors de la pr\u00e9sentation de ce projet de d\u00e9lib\u00e9ration.<\/li>\n<li>Hamou Bouakkaz, adjoint du Maire de Paris en charge de la d\u00e9mocratie locale et de la vie associative, a organis\u00e9 une <a href=\"http:\/\/www.accomplir.asso.fr\/dossiers\/20090316\/02courrier de Bouakkaz.pdf\" target=\"_blank\" rel=\"noopener\">r\u00e9union de bilan de la concertation des Halles<\/a> (11\/03\/09) sur la base d\u2019un <a href=\"http:\/\/www.accomplir.asso.fr\/dossiers\/20090316\/03bilan-concertation-Halles.pdf\" target=\"_blank\" rel=\"noopener\">questionnaire<\/a>sans langue de bois, afin de l\u2019aider dans la pr\u00e9paration de la <a href=\"http:\/\/www.paris.fr\/portail\/accueil\/Portal.lut? page_id=8980&amp;document_type_id=4&amp;document_id=61291&amp;portlet_id=21732&amp;multileveldocument_sheet_id=12120\" target=\"_blank\" rel=\"noopener\">Charte de la participation parisienne<\/a>. Il faut saluer son initiative, car il est bien rare, en France, qu\u2019on \u00e9value ce qui existe ou ce qu\u2019on a d\u00e9j\u00e0 fait avant de tenter quelque chose de nouveau\u2026 On peut toutefois \u00e9mettre des doutes sur la cr\u00e9dibilit\u00e9 de cette future charte si la Ville ne trouve pas rapidement une \u00ab sortie par le haut \u00bb au dossier calamiteux de la concertation sur le jardin des Halles : qui aura encore envie de participer apr\u00e8s un \u00e9chec aussi lamentable ? Voir <a href=\"http:\/\/www.accomplir.asso.fr\/dossiers\/20090517\/02%20bilan%20par%20les%20associations.pdf\" target=\"_blank\" rel=\"noopener\">le compte-rendu officiel de cette r\u00e9union<\/a>.<\/li>\n<li>Le permis de construire de la Canop\u00e9e a \u00e9t\u00e9 d\u00e9pos\u00e9 au mois de d\u00e9cembre 2008 et son instruction prendra sans doute plus d\u2019un an. <a href=\"http:\/\/www.accomplir.asso.fr\/dossiers\/20090316\/04reaction%20permis%20de%20construire.pdf\" target=\"_blank\" rel=\"noopener\">Nous avons pu le consulter \u00e0 la Mairie du 1er et nous vous livrons nos principales observations<\/a> (mars 2009). En r\u00e9sum\u00e9 : le chantier est organis\u00e9 dans le mauvais sens (le dessus avant le dessous) ; les travaux vont co\u00fbter tr\u00e8s cher et vont se d\u00e9rouler en partie la nuit ; le toit, \u00ab exp\u00e9rimental \u00bb, va \u00eatre compliqu\u00e9 \u00e0 construire et risque de poser des probl\u00e8mes de s\u00e9curit\u00e9 ; on ne sait pas comment sera g\u00e9r\u00e9 l\u2019espace situ\u00e9 sous le toit ; l\u2019aspect architectural du b\u00e2timent s\u2019\u00e9loigne de plus en plus de la l\u00e9g\u00e8ret\u00e9 et de l\u2019\u00e9l\u00e9gance du projet initial.<\/li>\n<li>Les 25 et 26 f\u00e9vrier 2009 a lieu la vente, organis\u00e9e par Christie\u2019s, de la fabuleuse collection Yves Saint Laurent et Pierre Berg\u00e9, parmi laquelle figure <a href=\"http:\/\/www.christies.com\/eCatalogues\/common\/frameset.asp? Path=eCatCustom\/2294\/03\/04&amp;BookCollection=Sample_AM&amp;URL=http:\/\/ecat.christies.com\/ActiveMagazine&amp;BookTitle =Arts D\u00c3?coratifs du XX\u00c3?me si\u00c3?cle&amp;CID=5447010010701a\" target=\"_blank\" rel=\"noopener\">un lot de 15 miroirs r\u00e9alis\u00e9s par Mme Claude Lalanne, d\u2019une valeur estim\u00e9e entre 700 000 et 1 million d\u2019euros<\/a> [page 22-23 du <a href=\"http:\/\/www.christies.com\/eCatalogues\/common\/frameset.asp? Path=eCatCustom\/2294\/03\/04&amp;BookCollection=Sample_AM&amp;URL=http:\/\/ecat.christies.com\/ActiveMagazine&amp;BookTitle =Arts D\u00c3?coratifs du XX\u00c3?me si\u00c3?cle&amp;CID=5447010010701a\" target=\"_blank\" rel=\"noopener\">catalogue<\/a>], mais \u00e9galement plusieursautres \u0153uvres d\u2019elle et de son mari. Toute ville qui disposerait en son sein d\u2019un jardin de 3300 m2 enti\u00e8rement con\u00e7u par une artiste d\u2019une telle notori\u00e9t\u00e9 aurait \u00e0 c\u0153ur de le prot\u00e9ger, de le restaurer et de le faire conna\u00eetre au monde entier. Le Maire de Paris, lui, a l\u2019intention de le faire raser par des bulldozers pour y installer des cabanes de chantier ! Le <a href=\"http:\/\/www.accomplir.asso.fr\/www_jardindaventure\/index.htm\" target=\"_blank\" rel=\"noopener\">Comit\u00e9 de soutien du jardin d\u2019aventure<\/a> a d\u00e9nonc\u00e9 ce vandalisme aupr\u00e8s du <a href=\"http:\/\/www.accomplir.asso.fr\/dossiers\/20090223\/06 Let J.G. MITTERAND.pdf\" target=\"_blank\" rel=\"noopener\">galeriste des Lalanne<\/a>, du <a href=\"http:\/\/www.accomplir.asso.fr\/dossiers\/20090223\/08 Musees de France.pdf\" target=\"_blank\" rel=\"noopener\">Directeur des Mus\u00e9es de France<\/a>, et de la <a href=\"http:\/\/www.accomplir.asso.fr\/dossiers\/20090223\/15%20lettre_Albanel%2030-01-09.pdf\" target=\"_blank\" rel=\"noopener\">Ministre de la Culture<\/a>, et <a href=\"http:\/\/www.accomplir.asso.fr\/dossiers\/20090223\/07 commissaires-priseurs.pdf\" target=\"_blank\" rel=\"noopener\">nous avons propos\u00e9 aux deux commissaires-priseurs de la vente Christie\u2019s de venir estimer le jardin d\u2019aventure<\/a> pour essayer de faire prendre conscience \u00e0 la Ville de la valeur du patrimoine qu\u2019elle s\u2019appr\u00eate \u00e0 massacrer.<\/li>\n<li><a href=\"http:\/\/www.accomplir.asso.fr\/dossiers\/20090223\/02 CR bureau 16 fevrier 2009.pdf\" target=\"_blank\" rel=\"noopener\">R\u00e9union du bureau du Comit\u00e9 permanent de concertation<\/a> (16\/02\/09).<\/li>\n<li>Jacques Gauthier, pr\u00e9sident de l\u2019association Petite ceinture, grand Paris, et membre de la concertation des Halles, s\u2019inqui\u00e8te de la <a href=\"http:\/\/www.accomplir.asso.fr\/dossiers\/20090223\/09 lettre gauthier.pdf\" target=\"_blank\" rel=\"noopener\">pauvret\u00e9 de la concertation sur les espaces souterrains<\/a> et notamment sur l\u2019impact qu\u2019aura, sur les r\u00e9seaux souterrains, la mise \u00e0 plat du Jardin des Halles (16\/01\/08). Il demande au garant, entre autres, d\u2019inviter l\u2019architecte Paul Chemetov \u00ab <em>\u00e0 exposer devant le comit\u00e9 de concertation la nature et la localisation des r\u00e9seaux souterrains, leurs fonctions, leurs interf\u00e9rences avec les volumes publics et priv\u00e9s qu'ils desservent et les incidences juridiques qu'implique leur modification<\/em> \u00bb.<\/li>\n<li><a href=\"http:\/\/www.accomplir.asso.fr\/dossiers\/20090223\/10 CR Bureau du 13 janvier 2009.pdf\" target=\"_blank\" rel=\"noopener\">R\u00e9union du bureau du Comit\u00e9 permanent de concertation<\/a> (13\/01\/09).<\/li>\n<li>Nous avons appris que la Mission Halles, pilot\u00e9e par M.Franjou et Mme Hidalgo, <a href=\"http:\/\/www.accomplir.asso.fr\/dossiers\/20090110\/08 phasage.pdf\" target=\"_blank\" rel=\"noopener\">envisageait de reporter la r\u00e9novation de la salle d\u2019\u00e9change et des nouveaux acc\u00e8s (notamment celui de la place Marguerite de Navarre) \u00e0 la mandature suivante<\/a>. L\u2019objectif \u00e9tait de faire \u00ab ce qui se voit \u00bb, c\u2019est-\u00e0-dire la Canop\u00e9e et le Jardin, avant les prochaines \u00e9lections. Dans ce sc\u00e9nario, la salle d\u2019\u00e9change n\u2019aurait \u00e9t\u00e9 livr\u00e9e qu\u2019en 2020 ! Devant la lev\u00e9e de boucliers de la RATP, de la r\u00e9gion et de la Pr\u00e9fecture, la Mission Halles a fait amende honorable : les travaux de la salle d\u2019\u00e9change et des acc\u00e8s seront faits en parall\u00e8le \u00e0 la Canop\u00e9e et au Jardin\u2026 \u00e0 condition de trouver l\u2019argent pour la Canop\u00e9e (pour laquelle Unibail a annonc\u00e9 qu\u2019il ne verserait pas un sou) et pour un projet absurde de jardin dont personne ne veut (janvier 2009).<\/li>\n<\/ul>\n<hr \/>\n<div id=\"2008\">2008 - <a href=\"#top\">Haut<\/a><\/div>\n<ul>\n<li>Dans le cadre du permis d\u00e9pos\u00e9e pour la Canop\u00e9e, <a href=\"http:\/\/www.accomplir.asso.fr\/dossiers\/20100903\/03 avis unibail permis canopee.jpg\" target=\"_blank\" rel=\"noopener\">Jean-Marie Tritant, Pr\u00e9sident d\u2019Espace Expansion (filiale d\u2019Unibail et gestionnaire du centre commercial) autorise la Ville \u00e0 d\u00e9poser la demande de permis de construire<\/a> mais exprime des menaces \u00e0 peine voil\u00e9es sur sa position dans le cas o\u00f9 ses r\u00e9serves ne seraient pas lev\u00e9es (17\/12\/08)<\/li>\n<li><a href=\"http:\/\/www.accomplir.asso.fr\/dossiers\/20090110\/10 Communique-permis-de-construire 11-12-08.pdf\" target=\"_blank\" rel=\"noopener\">Le dossier de presse communiqu\u00e9 par la Ville \u00e0 l\u2019occasion du d\u00e9p\u00f4t de demande de permis de construire pour la Canop\u00e9e<\/a> (11\/12\/08), avec de nouvelles photos du futur b\u00e2timent ins\u00e9r\u00e9 dans son environnement. Nous avons appris que, pour des raisons de s\u00e9curit\u00e9, il y aurait finalement <a href=\"http:\/\/www.accomplir.asso.fr\/dossiers\/20090110\/07 grille Canopee.pdf\" target=\"_blank\" rel=\"noopener\">une grande grille entre le jardin et la Canop\u00e9e<\/a>, soit en haut, soit en bas des grands escaliers dessin\u00e9s par l\u2019architecte Berger pour relier le jardin \u00e0 la Place Basse. Non seulement <a href=\"http:\/\/www.accomplir.asso.fr\/association\/photos\/canopee_20081211\/Pages\/7.html\" target=\"_blank\" rel=\"noopener\">l'image idyllique de ces grands escaliers largement ouverts sur le jardin<\/a> est donc trompeuse, mais le projet de MM. Berger, Anziutti et Mangin devient profond\u00e9ment contradictoire. MM. Berger et Anziutti n\u2019ont cess\u00e9 de parler d\u2019une Canop\u00e9e tourn\u00e9e vers le jardin et totalement ouverte sur ce dernier, et M. Mangin s\u2019emploie \u00e0 ravager le jardin pour le mettre \u00e0 plat et offrir une vaste esplanade \u00e0 la Canop\u00e9e, et donc au centre commercial. Mais \u00e0 quoi bon si l\u2019un et l\u2019autre sont s\u00e9par\u00e9s par une grille ? Ne vaudrait-il pas mieux, dans ce cas, renoncer au grand parvis et pr\u00e9voir d\u2019embl\u00e9e des acc\u00e8s moins vastes que ce grand escalier ? Et si on renonce au grand parvis, ne peut-on pr\u00e9server le jardin Lalanne ?<\/li>\n<li><a href=\"http:\/\/www.accomplir.asso.fr\/dossiers\/20090110\/02 CR Bureau du 10 decembre 2008.pdf\" target=\"_blank\" rel=\"noopener\">R\u00e9union du bureau du Comit\u00e9 permanent de concertation<\/a> (10\/12\/08)<\/li>\n<li>Nous avons appris le <a href=\"http:\/\/www.accomplir.asso.fr\/dossiers\/20090110\/05 deces FXL.pdf\" target=\"_blank\" rel=\"noopener\">d\u00e9c\u00e8s du sculpteur Fran\u00e7ois-Xavier Lalanne<\/a>, \u00e9poux et complice de Claude Lalanne pour de nombreuses r\u00e9alisations artistiques, et notamment pour le Jardin d\u2019aventure des Halles (07\/12\/08). Cette nouvelle est tomb\u00e9e \u00e0 la veille de la publication (en fran\u00e7ais et en anglais) du <a href=\"http:\/\/www.amazon.fr\/s\/ref=nb_ss_w?__mk_fr_FR=%C5M%C5Z%D5% D1&amp;url=search-alias%3Daps&amp;field-keywords=lalanne%28s%29+abadie&amp;x=20&amp;y=15\" target=\"_blank\" rel=\"noopener\">somptueux ouvrage de Daniel Abadie<\/a> sur leur \u0153uvre, intitul\u00e9 Lalanne(s). La Ville de Paris n\u2019h\u00e9site pas \u00e0 brader le magnifique patrimoine artistique que repr\u00e9sente le jardin Lalanne au moment m\u00eame o\u00f9 la presse nationale (<a href=\"hhttp:\/\/www.accomplir.asso.fr\/association\/presse\/20090110\/26%20le%20monde%2019-12-08.pdf\" target=\"_blank\" rel=\"noopener\">Le Monde<\/a>, <a href=\"http:\/\/www.accomplir.asso.fr\/association\/presse\/Chronique%20mort%20lalanne%20france%20culture%2020081210.mp4\" target=\"_blank\" rel=\"noopener\">France Culture<\/a>) et internationale (<a href=\"http:\/\/www.accomplir.asso.fr\/dossiers\/20090110\/06 International Herald Tribune.pdf\" target=\"_blank\" rel=\"noopener\">International Herald Tribune<\/a>) s\u2019accorde \u00e0 reconna\u00eetre la qualit\u00e9 de ces artistes, et alors qu\u2019il ne faudrait qu\u2019une once de bonne volont\u00e9 de nos \u00e9lus pour pr\u00e9server <a href=\"http:\/\/www.accomplir.asso.fr\/association\/presse\/20090110\/39 TheAge.com 13-12-08.pdf\" target=\"_blank\" rel=\"noopener\">ce jardin, dont on parle jusqu'en Australie, dans le grand quotidien The Age<\/a> ! Le Maire de Paris sera sans doute la derni\u00e8re personne au monde \u00e0 se rendre compte de la valeur du Jardin Lalanne, malheureusement sans doute une fois qu'il sera trop tard. <a href=\"http:\/\/christophe-girard.over-blog.org\/article-25617298- 6.html#anchorComment\" target=\"_blank\" rel=\"noopener\">A moins que son adjoint charg\u00e9 de la Culture, Christophe Girard, r\u00e9ussisse \u00e0 lui ouvrir les yeux <\/a>?<\/li>\n<li>A l\u2019occasion du bilan de mandat du Maire de Paris dans le 2\u00e8me arrondissement (03\/12\/08), nous avons remis \u00e0 Bertrand Delano\u00eb <a href=\"http:\/\/www.accomplir.asso.fr\/dossiers\/20090110\/01 bilan petition.pdf\" target=\"_blank\" rel=\"noopener\">les signatures recueillies par notre p\u00e9tition sur la r\u00e9novation du Jardin des Halles<\/a> : <em>\u00ab NON \u00e0 un r\u00e9am\u00e9nagement qui fait table rase du jardin actuel. OUI \u00e0 un cahier des charges concert\u00e9, pour une r\u00e9novation intelligente, qui apporte de vraies am\u00e9liorations au Jardin des Halles \u00bb<\/em>. Au total, la p\u00e9tition a \u00e9t\u00e9 soutenue par 17 associations et sign\u00e9e par 2150 personnes. Voir un <a href=\"http:\/\/www.accomplir.asso.fr\/dossiers\/20090404\/01%20florilege%20commentaires.pdf\" target=\"_blank\" rel=\"noopener\">floril\u00e8ge des commentaires des internautes p\u00e9titionnaires<\/a>. Nous avons \u00e9galement offert au Maire de Paris un ouvrage r\u00e9cent, intitul\u00e9 <a href=\"http:\/\/www.amazon.fr\/Paris-Jardins-insolites-Martine- Dumond\/dp\/2862533807\/ref=sr_1_2?ie=UTF8&amp;s=books&amp;qid=1231601431&amp;sr=8-2\" target=\"_blank\" rel=\"noopener\">Paris : 100 jardins insolites<\/a>, par Martine Dumond, dont la couverture reproduit l\u2019entr\u00e9e du Jardin Lalanne avec ses \u00e9l\u00e9phants. Enfin, nous lui avons lu et remis une <a href=\"http:\/\/www.accomplir.asso.fr\/dossiers\/20090110\/04 Interpellation Delanoe.pdf\" target=\"_blank\" rel=\"noopener\">Lettre faisant le bilan calamiteux de la concertation sur la r\u00e9novation du Jardin des Halles et lui demander une nouvelle fois de renoncer \u00e0 ce projet<\/a> (03\/12\/08).<\/li>\n<li>R\u00e9union de GTT sur la Canop\u00e9e : derni\u00e8re r\u00e9union avant le d\u00e9p\u00f4t du permis de construire (02\/12\/08). <a href=\"http:\/\/www.accomplir.asso.fr\/dossiers\/20081202\/04%20La%20Canopee%20et%20le%20permis%20de%20construire.pdf\" target=\"_blank\" rel=\"noopener\">Note technique sur le d\u00e9p\u00f4t de permis de construire<\/a>. <a href=\"http:\/\/www.accomplir.asso.fr\/dossiers\/20081202\/05%20HAL_PC_GTT_Note_081118.pdf\" target=\"_blank\" rel=\"noopener\">Note sur les derni\u00e8res \u00e9volutions du projet de Canop\u00e9e<\/a>. <a href=\"http:\/\/www.accomplir.asso.fr\/dossiers\/20090223\/17_Diaporama-02-12-08.pdf\" target=\"_blank\" rel=\"noopener\">Diaporama sur les nouveaux plans de la Canop\u00e9e tels que pr\u00e9sent\u00e9s au moment du d\u00e9p\u00f4t, avec quelques nouvelles images<\/a>. Les <a href=\"http:\/\/www.accomplir.asso.fr\/dossiers\/20081202\/15%20Questions%20Canopee.pdf\" target=\"_blank\" rel=\"noopener\">questions que nous avons pr\u00e9par\u00e9es pour cette r\u00e9union<\/a>. Voir <a href=\"http:\/\/www.accomplir.asso.fr\/dossiers\/20090223\/16%20GTT-Programmation-02-12-08.pdf\" target=\"_blank\" rel=\"noopener\">le compte rendu officiel<\/a>. Au cours de cette r\u00e9union se sont exprim\u00e9es les inqui\u00e9tudes du repr\u00e9sentant de la RATP concernant le phasage des op\u00e9rations. Par ailleurs Mme Hidalgo s\u2019est amus\u00e9e une nouvelle fois \u00e0 refaire l\u2019histoire, en pr\u00e9tendant que \u00ab <em>La salle d\u2019\u00e9change est un \u00e9l\u00e9ment clef de ce projet mais l\u2019ambition de la Ville est d\u2019abord de doter le c\u0153ur de Paris d\u2019un jardin accessible au plus grand nombre, un jardin de dimensions m\u00e9tropolitaines<\/em> \u00bb. Or, si nous ne nous \u00e9tions pas battus comme des chiens en 2004 pour pr\u00e9server un espace vert aux Halles, nous aurions aujourd\u2019hui un \u00ab parc habit\u00e9 \u00bb occup\u00e9 par les 21 tours de Koolhaas ! Dr\u00f4le de conception d\u2019un jardin !<\/li>\n<li>R\u00e9union de GTT sur l\u2019espace public (27\/11\/08). <a href=\"http:\/\/www.accomplir.asso.fr\/dossiers\/20081202\/02%2020081106_PresentationGTT271108.pdf\" target=\"_blank\" rel=\"noopener\">Voir le power-point<\/a>. Voir le <a href=\"http:\/\/www.accomplir.asso.fr\/dossiers\/20090110\/09 GTT-Espaces-publics-27-11-08.pdf\" target=\"_blank\" rel=\"noopener\">compte-rendu officiel<\/a>.<\/li>\n<li><a href=\"http:\/\/www.accomplir.asso.fr\/dossiers\/20081202\/03%20CR%20Bureau%2012%20novembre%202008.pdf\" target=\"_blank\" rel=\"noopener\">R\u00e9union du bureau du Comit\u00e9 permanent de concertation<\/a> (12\/11\/08).<\/li>\n<li><a href=\"http:\/\/www.accomplir.asso.fr\/dossiers\/20081202\/17%20accessibilite%20jardin.pdf\" target=\"_blank\" rel=\"noopener\">Le futur jardin des Halles sera moins accessible qu\u2019aujourd\u2019hui aux PMR (personnes \u00e0 mobilit\u00e9 r\u00e9duite)<\/a>, et selon la police, <a href=\"http:\/\/www.accomplir.asso.fr\/dossiers\/20081202\/16%20jardin%20dangereux.pdf\" target=\"_blank\" rel=\"noopener\">il sera \u00ab tr\u00e8s dangereux \u00bb en termes de gestion des violences urbaines<\/a> (novembre 2008).<\/li>\n<li>Il n\u2019y a pas qu\u2019aux Halles que la concertation est bidon\u2026 <a href=\"http:\/\/www.accomplir.asso.fr\/dossiers\/20081024\/01%20Plateforme%20courrier%20a%20BD%2010-10-08.pdf\" target=\"_blank\" rel=\"noopener\">La Plateforme des associations parisiennes d\u2019habitants vient d\u2019adresser au Maire de Paris un courrier intitul\u00e9 \u00ab La d\u00e9mocratie \u00e0 Paris s\u2019essouffle \u00bb <\/a>(10\/10\/08). Sur la plupart des grands projets parisiens (Les Halles mais aussi Paris Rive Gauche, les projets de l\u2019ouest parisien, le Champ de Mars, le dossier des tours \u00e0 Paris), les dispositifs de concertation sont remis en cause, contourn\u00e9s, rendus totalement st\u00e9riles, quand ils ne sont pas purement et simplement inexistants, comme aux Batignolles. La Commission parisienne du d\u00e9bat public que veut cr\u00e9er l\u2019adjoint au Maire Hamou Bouakkaz permettra-t-elle de \u00ab refaire fonctionner tous les processus d\u00e9fectueux de concertation \u00bb, comme veut l\u2019esp\u00e9rer la Plateforme, ou sera-t-elle un nouvel exercice de poudre aux yeux ?<\/li>\n<li>La conf\u00e9rence de presse tenue par la Ville pour pr\u00e9senter le futur jardin des Halles (09\/10\/08) n\u2019a gu\u00e8re eu de succ\u00e8s : nous n\u2019\u00e9tions pas invit\u00e9s mais nous \u00e9tions \u00e0 l\u2019entr\u00e9e et nous n\u2019avons pas vu passer plus d\u2019une dizaine de journalistes. Pi\u00e8tre succ\u00e8s pour un pi\u00e8tre projet ! Dans le double communiqu\u00e9 qu\u2019elle a publi\u00e9 \u00e0 cette occasion (<a href=\"http:\/\/www.accomplir.asso.fr\/dossiers\/20081024\/04%20Communique%20Ville%20officiel%2009-10-08.pdf\" target=\"_blank\" rel=\"noopener\">sous forme papier<\/a> et <a href=\"http:\/\/www.accomplir.asso.fr\/dossiers\/20081024\/05%20Communique%20Ville%20internet%2009-10-08.pdf\" target=\"_blank\" rel=\"noopener\">sur Internet<\/a>), <a href=\"http:\/\/www.accomplir.asso.fr\/dossiers\/20081024\/03%20Mensonges.pdf\" target=\"_blank\" rel=\"noopener\">la Mairie de Paris ne recule devant aucun mensonge<\/a> pour convaincre la presse que nos critiques sont infond\u00e9es, et malheureusement elle y r\u00e9ussit assez bien, car <a href=\"http:\/\/www.accomplir.asso.fr\/association\/presse\/20081024\/01%20AFP%2009-10-08.pdf\" target=\"_blank\" rel=\"noopener\">les m\u00e9dias ont repris ses assertions sans trop se poser de question<\/a> (par exemple sur le co\u00fbt des travaux ou la suppression de la Place Cassin) ni venir voir sur place de quoi il retournait. Les usagers du quartier, eux, ne s\u2019y trompent pas, et les stands d\u2019information que nous tenons sur le march\u00e9 ou <a href=\"http:\/\/www.accomplir.asso.fr\/association\/photos\/petition_jardin_102008\" target=\"_blank\" rel=\"noopener\">sur la place Cassin<\/a> nous permettent de recueillir des centaines de signatures : les gens sont stup\u00e9faits devant le g\u00e2chis qui se pr\u00e9pare dans un jardin appr\u00e9ci\u00e9 de tous.<\/li>\n<li><a href=\"http:\/\/www.accomplir.asso.fr\/dossiers\/20081024\/02%20CR%20bureau%20du%209%20octobre%202008.pdf\" target=\"_blank\" rel=\"noopener\">R\u00e9union du bureau du Comit\u00e9 permanent de concertation<\/a> (09\/10\/08).<\/li>\n<li>R\u00e9union de GTT sur la r\u00e9novation du Jardin, pr\u00e9sid\u00e9e par A. Hidalgo et F. Giboudeaux (08\/10\/08). Voir le <a href=\"http:\/\/www.accomplir.asso.fr\/dossiers\/20081009\/02%20PPT-08-10-08.pdf\" target=\"_blank\" rel=\"noopener\">power-point pr\u00e9sent\u00e9 par la SEURA<\/a> sur la derni\u00e8re version de ce projet. Voir <a href=\"http:\/\/www.accomplir.asso.fr\/dossiers\/20081009\/03%20argumentaire%20contre%20version%202008.pdf\" target=\"_blank\" rel=\"noopener\">l\u2019analyse que nous en avons faite<\/a>, et <a href=\"http:\/\/www.accomplir.asso.fr\/dossiers\/20081009\/04%20affiche3a.pdf\" target=\"_blank\" rel=\"noopener\">nos critiques principales r\u00e9sum\u00e9es sur un plan du jardin<\/a>. Voir le <a href=\"http:\/\/www.accomplir.asso.fr\/dossiers\/20081202\/14%20GTT%20jardin%2008-10-08%20CR.pdf\" target=\"_blank\" rel=\"noopener\">Compte rendu officiel<\/a>.<\/li>\n<li>A l\u2019heure actuelle, les personnes \u00e2g\u00e9es sont de grandes utilisatrices du Jardin des Halles, pour prendre l\u2019air, pour promener leur chien, pour sortir de la solitude, pour b\u00e9n\u00e9ficier de la convivialit\u00e9 de cet espace. <a href=\"http:\/\/www.accomplir.asso.fr\/dossiers\/20081009\/10%20personnes%20agees.pdf\" target=\"_blank\" rel=\"noopener\">A l\u2019examen du plan du futur jardin, on s\u2019aper\u00e7oit que pratiquement aucun des espaces pr\u00e9vus ne leur sera accessible<\/a> ! (octobre 2008). Le m\u00e9pris pour le point de vue des riverains et usagers a conduit l\u2019architecte et les \u00e9lus \u00e0 exclure purement et simplement du futur jardin une des cat\u00e9gories de la population les plus fragiles et qui en ont le plus besoin. C\u2019est l\u2019un des multiples scandales de ce projet aberrant.<\/li>\n<li>Au vu du <a href=\"http:\/\/www.accomplir.asso.fr\/dossiers\/20081009\/02%20PPT-08-10-08.pdf\" target=\"_blank\" rel=\"noopener\">dernier projet pr\u00e9sent\u00e9 pour le jardin par la Ville<\/a>, et constatant en particulier que contrairement aux promesses d\u2019Anne Hidalgo, m\u00eame la pr\u00e9servation de la place Cassin avec sa \u00ab Grosse T\u00eate \u00bb ne nous a pas \u00e9t\u00e9 accord\u00e9e, nous lan\u00e7ons <a href=\"http:\/\/www.accomplir.asso.fr\/dossiers\/20081009\/01%20grille%20signatures.pdf\" target=\"_blank\" rel=\"noopener\">une p\u00e9tition pour le Jardin des Halles<\/a> (04\/10\/08). Les \u00e9lus de l\u2019H\u00f4tel de Ville pr\u00e9tendent que l\u2019association Accomplir n\u2019est pas repr\u00e9sentative du quartier et que nous sommes tr\u00e8s minoritaires \u00e0 nous opposer au r\u00e9am\u00e9nagement qui se pr\u00e9pare : signez et faites signer la p\u00e9tition autour pour leur prouver le contraire ! Merci de nous retourner avant le 25 octobre les feuilles sign\u00e9es \u00e0 l\u2019adresse suivante : Association ACCOMPLIR 49 rue Saint-Denis 75001 Paris. Vous pouvez \u00e9galement venir signer la p\u00e9tition ou nous rencontrer sur les stands que nous tiendrons le dimanche 12 octobre sur le march\u00e9 Montmartre (10h \u00e0 13h), et le samedi 18 octobre sur la place Ren\u00e9 Cassin (14h \u00e0 17h). Enfin vous pouvez \u00e9galement <a href=\"http:\/\/www.accomplir.asso.fr\/actualite\/petition_jardin_102008.php\" target=\"_blank\" rel=\"noopener\">signer la p\u00e9tition en ligne<\/a>.<\/li>\n<li>Un nouvel exemple, <a href=\"http:\/\/www.accomplir.asso.fr\/dossiers\/20081009\/08%20Parisien%2026-09-08.pdf\" target=\"_blank\" rel=\"noopener\">la tour-pyramide-triangle que va construire Unibail \u00e0 la Porte de Versailles<\/a> (26\/09\/08) vient illustrer la m\u00e9thode de concertation de Bertrand Delano\u00eb, la m\u00eame que celle du dictateur Geisel il y a trente ans au Br\u00e9sil : \u00ab Je d\u00e9cide, et apr\u00e8s on discute \u00bb. Comme l\u2019explique le journaliste : \u00ab <em>La Ville a promis hier une concertation et une consultation avec les riverains du XVe, de Vanves et d\u2019Issy-les-Moulineaux, m\u00eame si le projet semble quasiment boucl\u00e9<\/em> \u00bb. Il y a un autre lien entre les deux op\u00e9rations, l\u2019implication d\u2019Unibail, gestionnaire du Forum des Halles : la juteuse op\u00e9ration de la Porte de Versailles serait-elle par hasard destin\u00e9e \u00e0 financer la co\u00fbteuse op\u00e9ration des Halles ?<\/li>\n<li>\u00ab <a href=\"http:\/\/www.accomplir.asso.fr\/dossiers\/20090223\/04 Gardesse Hoyet.pdf\" target=\"_blank\" rel=\"noopener\">Deux cas de pratiques d'expertise non-professionnelle dans les projets d'urbanisme\u00bb, par Camille Gardesse et Rapha\u00ebl Hoyet<\/a> (25\/09\/08). Une \u00e9tude de cas qui \u00e9voque entre autres l\u2019action de notre association, pr\u00e9sent\u00e9e \u00e0 l\u2019occasion de l\u2019Ecole th\u00e9matique PACTE \u2013 LATTS \u2013 EPFL : L\u2019expertise en soci\u00e9t\u00e9 - L\u2019emprise politique des sciences et techniques.<\/li>\n<li>R\u00e9union du GTT \u00ab Espace public \u00bb (25\/09\/08), pr\u00e9sid\u00e9e par Annick Lepetit, Adjointe au Maire de Paris charg\u00e9e des d\u00e9placements, des transports et de l\u2019espace public, en pr\u00e9sence de Lyne Cohen-Solal, Adjointe au Maire de Paris charg\u00e9e du commerce, de l'artisanat, des professions ind\u00e9pendantes et des m\u00e9tiers d\u2019art. Trois sujets \u00e0 l\u2019ordre du jour : l\u2019occupation du domaine public par les terrasses et les \u00e9talages, les flux pi\u00e9tons et le fonctionnement de l\u2019aire pi\u00e9tonne, la place du v\u00e9lo dans le projet. Voir l\u2019<a href=\"http:\/\/www.accomplir.asso.fr\/dossiers\/20080926\/02%20etude%20flux%20pietons.pdf\" target=\"_blank\" rel=\"noopener\">Etude sur les flux pi\u00e9tons des Halles<\/a> r\u00e9alis\u00e9e par la DVD \/ SAGP et l\u2019\u00e9tude <a href=\"http:\/\/www.accomplir.asso.fr\/dossiers\/20080926\/03%20terrasses%20et%20etalages.pdf\" target=\"_blank\" rel=\"noopener\">Occupation de l\u2019espace public : diagnostic et perspectives<\/a> r\u00e9alis\u00e9e par la Direction de l\u2019Urbanisme (SDPCPR 1\u00e8re circonscription). Voir le <a href=\"http:\/\/www.accomplir.asso.fr\/dossiers\/20081202\/13%20GTT%20esp%20publ%2025-09-08.pdf\" target=\"_blank\" rel=\"noopener\">Compte rendu officiel<\/a>.<\/li>\n<li><a href=\"http:\/\/www.accomplir.asso.fr\/dossiers\/20080926\/04%20courrier%20lecteur.pdf\" target=\"_blank\" rel=\"noopener\">Courrier d\u2019un lecteur contre la destruction de la Place Cassin et du Jardin des Halles<\/a> (septembre 2008). \u00ab Pourquoi les contribuables et les riverains devraient-ils supporter les nuisances d\u2019un chantier de plusieurs ann\u00e9es pour un r\u00e9sultat en moins-value ? L\u2019heure n\u2019est certes pas aux projets pharaoniques, mais \u00e0 des projets intelligents et consensuels. Allons-nous subir un nouveau Trou des Halles financier, m\u00e9diatique et politique ? \u00bb<\/li>\n<li><a href=\"http:\/\/www.accomplir.asso.fr\/dossiers\/20080911\/24%20Lalanne%20commerce.pdf\" target=\"_blank\" rel=\"noopener\">Le Jardin Lalanne sacrifi\u00e9 au commerce?<\/a> (septembre 2008) Selon Jacques Boutault, maire Vert du 2\u00e8me, c\u2019est Espace Expansion (gestionnaire du centre commercial du Forum) qui exigerait la d\u00e9molition du jardin Lalanne, jug\u00e9 trop proche des futures terrasses du \u00ab Grand Caf\u00e9 du 21\u00e8me si\u00e8cle \u00bb pr\u00e9vu au pied de la Canop\u00e9e. (\u2026) De leur c\u00f4t\u00e9, les responsables d\u2019Espace Expansion affirment que le maintien du jardin Lalanne sur place ne les g\u00eanerait pas du tout. Pourquoi ne pas le prouver en proposant \u00e0 la Ville de participer au financement de sa r\u00e9novation ?... Qui dit la v\u00e9rit\u00e9 ?<\/li>\n<li><a href=\"http:\/\/www.accomplir.asso.fr\/dossiers\/20080911\/20%20Programme%20aires%20de%20jeux%20v4d1.pdf\" target=\"_blank\" rel=\"noopener\">Programme du march\u00e9 de conception-r\u00e9alisation des aires de jeu du Jardin des Halles<\/a> (05\/09\/08). Contrairement au jardin Lalanne, l\u2019espace cens\u00e9 le remplacer sera bien une \u00ab aire de jeu \u00bb et pas un \u00ab jardin \u00bb : il n\u2019y aura pas d\u2019eau (sauf \u00e0 boire), pas de relief (des d\u00e9caissements d\u20191,50 m maxi), et peu de vari\u00e9t\u00e9 v\u00e9g\u00e9tale puisque la moiti\u00e9 de la surface des aires de jeu sera sous les tilleuls du mail. Les trois caract\u00e9ristiques d\u2019un jardin sont donc absentes et ce sera une simple aire de jeu am\u00e9lior\u00e9e par quelques bosquets. Pourtant le Maire de Paris nous avait promis \u00ab <em>encore mieux que le jardin Lalanne<\/em> \u00bb : puisqu\u2019il n\u2019est manifestement pas capable de tenir sa promesse, qu\u2019il nous laisse le jardin d\u2019aventure !<\/li>\n<li><a href=\"http:\/\/www.accomplir.asso.fr\/dossiers\/20080911\/18%20CR%20bureau%20du%204%20septembre%202008.pdf\" target=\"_blank\" rel=\"noopener\">R\u00e9union du bureau du comit\u00e9 permanent de concertation<\/a> (04\/09\/08)<\/li>\n<li><a href=\"http:\/\/www.accomplir.asso.fr\/dossiers\/20080911\/23%20Canada%20Dry.pdf\" target=\"_blank\" rel=\"noopener\">Jardin des Halles : la concertation \u00ab Canada Dry \u00bb<\/a> (septembre 2008). La situation d\u2019impasse actuelle \u00e9tait pr\u00e9visible, dans la mesure o\u00f9, fin 2004, au moment m\u00eame o\u00f9 le Maire de Paris annon\u00e7ait aux associations une concertation sur le futur jardin, il donnait carte blanche \u00e0 l\u2019architecte David Mangin pour la r\u00e9alisation de ce m\u00eame jardin ! Ces deux promesses \u00e9taient incompatibles. (\u2026) Il est \u00e0 craindre que le m\u00eame genre d\u2019op\u00e9rations <em>Canada dry<\/em> soit d\u00e9sormais institutionnalis\u00e9 \u00e0 Paris, avec tout le d\u00e9corum d\u2019une charte, de r\u00e9unions pl\u00e9ni\u00e8res, de comit\u00e9s de travail, d\u2019un garant, mais sans r\u00e9elle concertation, c\u2019est-\u00e0-dire sans cet exercice sinc\u00e8re d\u2019intelligence collective qui permet de trouver ensemble les meilleures solutions possibles.<\/li>\n<li>R\u00e9union publique sur la R\u00e9novation des Halles (10\/07\/08). Il s\u2019agit de la premi\u00e8re r\u00e9union publique depuis\u2026 d\u00e9cembre 2005, et elle est organis\u00e9e un 10 juillet, en dehors du quartier, et pr\u00e9sid\u00e9e par la Premi\u00e8re adjointe et non par le Maire de Paris... Voir le power-point pr\u00e9sent\u00e9 lors de cette r\u00e9union : <a href=\"http:\/\/www.accomplir.asso.fr\/dossiers\/20081202\/11%20reu%20publ%2010%20juill%2008%20ppt1.pdf\" target=\"_blank\" rel=\"noopener\">premi\u00e8re partie<\/a>, <a href=\"http:\/\/www.accomplir.asso.fr\/dossiers\/20081202\/12%20reu%20publ%2010%20juill%2008%20ppt2.pdf\" target=\"_blank\" rel=\"noopener\">deuxi\u00e8me partie<\/a>. Voir <a href=\"http:\/\/www.accomplir.asso.fr\/dossiers\/20080911\/19%20interv%20reu%20pub%2010-07-08%20acrobat.pdf\" target=\"_blank\" rel=\"noopener\">le texte lu par la repr\u00e9sentante d\u2019Accomplir pour d\u00e9noncer la concertation bidon \u00e0 laquelle nous avons eu droit sur le jardin<\/a> : \u00ab <em>Paris a besoin de d\u00e9mocratie participative car les Parisiens en ont assez de d\u00e9cisions publiques absurdes, dispendieuses et destructrices de valeur, faute d\u2019avoir b\u00e9n\u00e9fici\u00e9 d\u2019un exercice d\u2019intelligence collective avec les usagers<\/em> \u00bb. Voir <a href=\"http:\/\/www.accomplir.asso.fr\/dossiers\/20080911\/14%20contrib%20JBoutault%2010-07-08.pdf\" target=\"_blank\" rel=\"noopener\">la contribution du Maire du 2\u00e8me, Jacques Boutault, pr\u00e9sent\u00e9e lors de cette r\u00e9union<\/a> : \u00ab <em>Associations et riverains n\u2019ont pas \u00e9t\u00e9 associ\u00e9s \u00e0 l\u2019\u00e9laboration du cahier des charges. Pens\u00e9 dans un bureau d\u2019\u00e9tude, le jardin fait table rase de l\u2019existant, alors m\u00eame que le maire de Paris avait demand\u00e9 \u00ab de la douceur pour les Halles \u00bb et souhait\u00e9 que le projet : \u00ab corrige les dysfonctionnements du site sans tout d\u00e9structurer<\/em> \u00bb. Voir <a href=\"http:\/\/fr.youtube.com\/watch?v=n15w3fBkHTw\" target=\"_blank\" rel=\"noopener\">le reportage de France 3 sur la remise \u00e0 du \u00ab 1re Prix de la Concertation bidon \u00bb d\u00e9cern\u00e9 par Accomplir au Maire de Paris<\/a> et <a href=\"http:\/\/www.accomplir.asso.fr\/dossiers\/20080911\/13%20diplome_delanoe%20pdf.pdf\" target=\"_blank\" rel=\"noopener\">le dipl\u00f4me en bonne et due forme<\/a>. Voir le <a href=\"http:\/\/www.accomplir.asso.fr\/dossiers\/20081202\/01%20compte%20rendu%2010%20juill%2008.pdf\" target=\"_blank\" rel=\"noopener\">compte rendu officiel de cette r\u00e9union<\/a>. Voir <a href=\"http:\/\/www.accomplir.asso.fr\/dossiers\/20080911\/12%20comm%20press%2010-07-08.pdf\" target=\"_blank\" rel=\"noopener\">le Communiqu\u00e9 de presse publi\u00e9 par Accomplir \u00e0 l\u2019issue de cette r\u00e9union<\/a>.<\/li>\n<li>R\u00e9union du Comit\u00e9 permanent de concertation, consacr\u00e9 \u00e0 la dimension m\u00e9tropolitaine (09\/07\/08). Voir la <a href=\"http:\/\/www.accomplir.asso.fr\/dossiers\/20081202\/10%20CPC%2009-07-08%20prep.pdf\" target=\"_blank\" rel=\"noopener\">note pr\u00e9paratoire<\/a>. Voir le <a href=\"http:\/\/www.accomplir.asso.fr\/dossiers\/20081202\/09%20CPC%2009-07-08.pdf\" target=\"_blank\" rel=\"noopener\">compte rendu officiel<\/a>.<\/li>\n<li>Comit\u00e9 permanent de concertation des Halles consacr\u00e9e \u00e0 la dimension m\u00e9tropolitaine du projet (09\/07\/08). Voir le document communiqu\u00e9 aux associations en pr\u00e9paration de cette r\u00e9union : \u00ab <a href=\"http:\/\/www.accomplir.asso.fr\/dossiers\/20080911\/05%20080709_ambition.pdf\" target=\"_blank\" rel=\"noopener\">L\u2019<\/a>ambition du projet de r\u00e9novation des Halles\u00bb. Dans cette r\u00e9union a priori consacr\u00e9e \u00e0 la prise en compte des attentes des \u00ab m\u00e9tropolitains \u00bb, pas un seul banlieusard ! C\u2019est \u00e7a la concertation \u00e0 la nouvelle mode : on se concerte entre experts et technocrates. Au fond qu\u2019a-t-on besoin de demander leur avis aux usagers ? Voir le <a href=\"http:\/\/www.accomplir.asso.fr\/dossiers\/20080926\/01%20GTT%20metropole%2009-07-08.pdf\" target=\"_blank\" rel=\"noopener\">compte-rendu officiel<\/a>.<\/li>\n<li>M\u00eame le cur\u00e9 de Saint-Eustache, Luc Forestier, <a href=\"http:\/\/www.accomplir.asso.fr\/dossiers\/20080911\/15%20Courrier%20Forestier.pdf\" target=\"_blank\" rel=\"noopener\">commence \u00e0 s\u2019\u00e9mouvoir du tour que prend la concertation, ou plut\u00f4t la non concertation<\/a> (07\/07\/08). Il proteste, en particulier, contre l\u2019une des multiples d\u00e9cisions arbitraires et incompr\u00e9hensibles de ce projet, la suppression de l\u2019axe naturel qui va de la rue des Prouvaires vers le transept de Saint-Eustache. Dans son courrier, Monsieur le cur\u00e9 exprime le souhait que sa lettre soit largement diffus\u00e9e par la Direction de l\u2019urbanisme aux associations, ce qui n\u2019a pas \u00e9t\u00e9 fait, mais nous nous en chargeons volontiers !<\/li>\n<li><a href=\"http:\/\/www.accomplir.asso.fr\/dossiers\/20080911\/11%20comm%20press%2003-07-08.pdf\" target=\"_blank\" rel=\"noopener\">Communiqu\u00e9 de presse de l\u2019association Accomplir<\/a> (03\/07\/08) : Mensonge, trahison, m\u00e9pris. \u00ab R\u00e9veillez-vous, soyez sur vos gardes ! La d\u00e9mocratie participative \u00e0 Paris, et en tout cas aux Halles, ce n\u2019\u00e9tait qu\u2019un r\u00eave ! \u00bb<\/li>\n<li><a href=\"http:\/\/www.accomplir.asso.fr\/dossiers\/20080911\/10%20comm%20press%2030-06-08.pdf\" target=\"_blank\" rel=\"noopener\">Communiqu\u00e9 de presse de l\u2019association Accomplir<\/a> (30\/06\/08) : Nouvelle d\u00e9robade de l\u2019H\u00f4tel de Ville, qui annonce l\u2019annulation pure et simple de la r\u00e9union de concertation du mardi 3 juillet sur le devenir de la Place Ren\u00e9 Cassin.<\/li>\n<li><a href=\"http:\/\/www.accomplir.asso.fr\/dossiers\/20080911\/09%20comm%20press%2025-06-08.pdf\" target=\"_blank\" rel=\"noopener\">Communiqu\u00e9 de presse de l\u2019association Accomplir<\/a> (25\/06\/08) : Le Maire de Paris cherche \u00e0 escamoter le d\u00e9bat public sur les Halles, Accomplir lui demande de reporter la r\u00e9union publique pr\u00e9vue pour le 10 juillet.<\/li>\n<li>R\u00e9union du groupe de travail \u00ab jardin \u00bb sur la \u00ab gestion \u00e9cologique du jardin \u00bb, la gestion de la grande prairie et les plantations (23\/06\/08), avec un record de non fr\u00e9quentation : 9 repr\u00e9sentants associatifs seulement ! La Ville, \u00e0 force d\u2019intransigeance, de m\u00e9pris et de logique \u00ab bulldozer \u00bb, a r\u00e9ussi \u00e0 d\u00e9go\u00fbter les gens de participer \u00e0 ce qui n\u2019est plus depuis longtemps qu\u2019une \u00ab non concertation \u00bb. Voir le <a href=\"http:\/\/www.accomplir.asso.fr\/dossiers\/20080911\/17%20ppt%2023-06-08.pdf\" target=\"_blank\" rel=\"noopener\">power-point pr\u00e9sent\u00e9 par la SEURA<\/a>, voir le <a href=\"http:\/\/www.accomplir.asso.fr\/dossiers\/20080911\/16%20CR%2023-06-08.pdf\" target=\"_blank\" rel=\"noopener\">compte rendu officiel<\/a>.<\/li>\n<li><a href=\"http:\/\/www.accomplir.asso.fr\/dossiers\/20080911\/07%20Bureau%20CPC%2016-06-08.pdf\" target=\"_blank\" rel=\"noopener\">R\u00e9union du bureau du comit\u00e9 permanent de concertation<\/a> (16\/06\/08)<\/li>\n<li><a href=\"http:\/\/www.accomplir.asso.fr\/dossiers\/20080615\/03%20morne%20plaine.pdf\" target=\"_blank\" rel=\"noopener\">R\u00e9novation des Halles : la morne plaine de Mangin sera-t-elle le Waterloo de Delano\u00eb ?<\/a> (juin 2008). Bertrand Delano\u00eb pr\u00e9tend faire du projet des Halles l\u2019op\u00e9ration phare de sa mandature, mais la fa\u00e7on dont il conduit ce projet, en particulier en ce qui concerne le Jardin des Halles, risque de tourner plut\u00f4t \u00e0 son d\u00e9savantage.<\/li>\n<li><a href=\"http:\/\/www.accomplir.asso.fr\/dossiers\/20080615\/04%20Lalanne%20mensonges.pdf\" target=\"_blank\" rel=\"noopener\">Jardin Lalanne: une accumulation de mensonges<\/a> (juin 2008). L\u2019H\u00f4tel de Ville continue de pr\u00e9tendre que le jardin Lalanne ne sera pas supprim\u00e9 mais simplement \u00ab d\u00e9plac\u00e9 \u00bb ou \u00ab reconstitu\u00e9 \u00bb un peu plus loin. Mais le cahier des charges des futurs jeux laisse pr\u00e9voir qu\u2019il ne s\u2019agira que d\u2019un banal square agr\u00e9ment\u00e9 de quelques bosquets. (...) Une autre conception de ce projet est parfaitement possible, dans laquelle le Jardin Lalanne, r\u00e9nov\u00e9, trouverait toute sa place !<\/li>\n<li>Nouvelle cha\u00eene humaine contre la destruction du jardin d\u2019aventure Lalanne (14\/06\/08). <a href=\"http:\/\/www.accomplir.asso.fr\/dossiers\/20080606\/11%20Sticker%20Lalanne.jpg\" target=\"_blank\" rel=\"noopener\">Sticker<\/a>, <a href=\"http:\/\/www.accomplir.asso.fr\/dossiers\/20080606\/07%20affiche%2014%20juin.pdf\" target=\"_blank\" rel=\"noopener\">Affiche<\/a> et <a href=\"http:\/\/www.accomplir.asso.fr\/dossiers\/20080606\/08%20tract_lalanne_14-06-08_double%20leg.pdf\" target=\"_blank\" rel=\"noopener\">prospectus<\/a> de la manifestation. <a href=\"http:\/\/www.accomplir.asso.fr\/association\/photos\/chaine-humaine- lalanne2\/index.php\" target=\"_blank\" rel=\"noopener\">Voir les photos<\/a>, voir <a href=\"http:\/\/fr.youtube.com\/watch?v=z8P7qwOcdq8\" target=\"_blank\" rel=\"noopener\">le reportage de France 3<\/a>.<\/li>\n<li>R\u00e9union du GTT \u00ab Canop\u00e9e \u00bb (10\/06\/08). <a href=\"http:\/\/www.accomplir.asso.fr\/dossiers\/20080606\/05%20HAL_APS_Presentation_GTT_10-06-08.pdf\" target=\"_blank\" rel=\"noopener\">Avant-projet pr\u00e9sent\u00e9 par l\u2019\u00e9quipe de P. Berger et J. Anziutti<\/a> et <a href=\"http:\/\/www.accomplir.asso.fr\/dossiers\/20080606\/06%20Restitution_reunions_preparatoires%2010-06-08.pdf\" target=\"_blank\" rel=\"noopener\">bilan officiel des r\u00e9unions pr\u00e9paratoires<\/a> tenues les 25 f\u00e9vrier, 14 avril et 5 mai derniers. Voir le <a href=\"http:\/\/www.accomplir.asso.fr\/dossiers\/20080911\/04%20CR%2010-06-08.pdf\" target=\"_blank\" rel=\"noopener\">compte-rendu officiel<\/a>.<\/li>\n<li>R\u00e9union de GTT \u00ab Jardin \u00bb sur le programme des futurs jardins d\u2019enfants (05\/06\/08). Compte tenu du refus obstin\u00e9 du Maire de Paris et de ses adjointes de discuter s\u00e9rieusement de la possibilit\u00e9 de conserver le Jardin d\u2019aventure Lalanne sur son site, Accomplir s\u2019est joint au Comit\u00e9 de soutien du jardin d\u2019aventure pour <a href=\"http:\/\/www.accomplir.asso.fr\/dossiers\/20080606\/03%20communique_presse_boycot%2030-05-08!.pdf\" target=\"_blank\" rel=\"noopener\">boycotter cette r\u00e9union<\/a>. Voir le <a href=\"http:\/\/www.accomplir.asso.fr\/dossiers\/20080911\/03%20CR%2005-06-08.pdf\" target=\"_blank\" rel=\"noopener\">compte-rendu officiel<\/a>.<\/li>\n<li><a href=\"http:\/\/www.accomplir.asso.fr\/dossiers\/20080606\/04%20Courrier%20Accomplir%20conseillers%20Paris%202%20juin.pdf\" target=\"_blank\" rel=\"noopener\">Courrier adress\u00e9 par ACCOMPLIR aux 162 conseillers de Paris<\/a> (02\/06\/08) pour leur demander de ne pas voter le cahier des charges des futurs jeux d\u2019enfants du Jardin des Halles en juillet prochain, et de chercher plut\u00f4t \u00e0 obtenir l\u2019\u00e9laboration d\u2019un cahier des charges pour l\u2019ensemble du Jardin.<\/li>\n<li>La preuve en image que si l\u2019on veut vraiment ouvrir largement la Canop\u00e9e sur le jardin des Halles, comme l\u2019annonce le projet Berger-Anziutti, il faut conserver le d\u00e9nivel\u00e9 actuel du jardin Lalanne et non le supprimer : derri\u00e8re la <a href=\"http:\/\/www.accomplir.asso.fr\/dossiers\/20080615\/03%20porte%20condamnnee%20leg.jpg\" target=\"_blank\" rel=\"noopener\">porte condamn\u00e9e qui donne du Forum vers le Jardin<\/a> se trouvent seulement <a href=\"http:\/\/www.accomplir.asso.fr\/dossiers\/20080615\/04%20-%2015%20marches%20leg.jpg\" target=\"_blank\" rel=\"noopener\">15 marches, au pied desquelles on d\u00e9bouche sur la terrasse du niveau \u20131 du Forum<\/a> qui, dans le projet de Canop\u00e9e, doit \u00eatre v\u00e9g\u00e9talis\u00e9e. Quel meilleur moyen de prolonger le jardin sous la Canop\u00e9e que de descendre en pente douce vers cette terrasse \u2013 1 ? Et si l\u2019on conserve ce d\u00e9nivel\u00e9 au lieu de cr\u00e9er un talus abrupt qui s\u00e9parera la Canop\u00e9e du Jardin, pourquoi ne pas conserver le Jardin Lalanne lui-m\u00eame, qui constituerait une prolongation naturelle \u00e0 cette terrasse v\u00e9g\u00e9talis\u00e9e ? (photos prises le 31\/05\/08)<\/li>\n<li>R\u00e9union du GTT \u00ab Jardin \u00bb (29\/05\/08), pr\u00e9sid\u00e9e par Fabienne Giboudeaux. Initialement pr\u00e9vue pour traiter du <a href=\"http:\/\/www.accomplir.asso.fr\/dossiers\/20080524\/05%20Programme%20des%20aires%20de%20jeux.pdf\" target=\"_blank\" rel=\"noopener\">programme des futurs jeux d\u2019enfants<\/a>, cette r\u00e9union a finalement port\u00e9 sur la question du Jardin Lalanne, qui n\u2019avait jamais fait l\u2019objet d\u2019un d\u00e9bat depuis la d\u00e9cision du Maire de le supprimer il y a 3 ans. Mais Anne Hidalgo a pr\u00e9cis\u00e9 en introduction que quels que soient les arguments qui seraient avanc\u00e9s, la d\u00e9cision \u00e9tait irr\u00e9vocable ! Belle parodie de concertation ! <a href=\"http:\/\/www.accomplir.asso.fr\/dossiers\/20080606\/10%20Argumentaire%20Lalanne%20ville%2029%2005%2008%20.pdf\" target=\"_blank\" rel=\"noopener\">Voir l\u2019argumentaire pr\u00e9sent\u00e9 par la Ville pour justifier la destruction du Jardin Lalanne<\/a>. <a href=\"http:\/\/www.accomplir.asso.fr\/dossiers\/20080606\/02%20TEXTE%202%20contre%20argumentaire.pdf\" target=\"_blank\" rel=\"noopener\">Voir le contre-argumentaire du Comit\u00e9 Lalanne<\/a>, dont Anne Hidalgo et Fabienne Giboudeaux ont refus\u00e9 de discuter, se contentant de d\u00e9clarer qu\u2019il ne les convainquait pas. <a href=\"http:\/\/www.accomplir.asso.fr\/dossiers\/20080606\/01%20TEXTE%201%20trahison%20Mangin.pdf\" target=\"_blank\" rel=\"noopener\">Voir la preuve formelle selon laquelle le maintien du Jardin Lalanne sur son site \u00e9tait compris dans le parti d\u2019urbanisme de la SEURA-Mangin tel qu\u2019il a \u00e9t\u00e9 retenu en 2004<\/a>, point que le Cabinet du Maire de Paris pr\u00e9tend aujourd\u2019hui contester. <a href=\"http:\/\/www.accomplir.asso.fr\/dossiers\/20080606\/12%20communique%20comite%2002-06-08.pdf\" target=\"_blank\" rel=\"noopener\">Voir le communiqu\u00e9 publi\u00e9 par le Comit\u00e9 de soutien du jardin d\u2019aventure Lalanne<\/a> \u00e0 la suite de cette r\u00e9union pour annoncer le boycott de la concertation sur les futurs jeux d\u2019enfants. Voir le <a href=\"http:\/\/www.accomplir.asso.fr\/dossiers\/20080911\/02%20CR%2029-05-08.pdf\" target=\"_blank\" rel=\"noopener\">compte-rendu officiel<\/a>, dont <a href=\"http:\/\/www.accomplir.asso.fr\/dossiers\/20080911\/26%20caviardage.pdf\" target=\"_blank\" rel=\"noopener\">une phrase capitale a \u00e9t\u00e9 caviard\u00e9e par la Premi\u00e8re adjointe Anne Hidalgo<\/a>.<\/li>\n<li><a href=\"http:\/\/www.accomplir.asso.fr\/dossiers\/20080524\/08%20Communique%20de%20presse%2023-05-08.pdf\" target=\"_blank\" rel=\"noopener\">R\u00e9novation du Jardin des Halles : le premier scandale de la nouvelle mandature<\/a>, Communiqu\u00e9 de presse d\u2019Accomplir (23\/05\/08). Bertrand Delano\u00eb pr\u00e9f\u00e8re adopter un projet m\u00e9diocre, co\u00fbteux et rejet\u00e9 par les associations, plut\u00f4t que se d\u00e9savouer en retirant \u00e0 David Mangin la r\u00e9alisation du jardin apr\u00e8s lui avoir refus\u00e9 la r\u00e9alisation de son Carreau\u2026<\/li>\n<li><a href=\"http:\/\/www.accomplir.asso.fr\/dossiers\/20100825\/33 Lettre.T.Delaballe.20.05.08.pdf\" target=\"_blank\" rel=\"noopener\">L'avis de Thierry Delaballe, ancien collaborateur de l'architecte du jardin actuel, Louis Arretche, sur l'actuel projet de r\u00e9novation du jardin<\/a>, dans une lettre adress\u00e9e \u00e0 Jacques Chavonnet, pr\u00e9sident d'une association du quartier (20\/05\/08).<\/li>\n<li><a href=\"http:\/\/www.accomplir.asso.fr\/dossiers\/20080615\/01%20calendrier%20officiel%20travaux.jpg\" target=\"_blank\" rel=\"noopener\">Calendrier officiel du projet de r\u00e9novation des Halles<\/a> (mai 2008). Ce tableau surprenant, o\u00f9 l\u2019on d\u00e9couvre que le chantier du jardin des Halles, men\u00e9 \u00ab par phases \u00bb, durera de 2009 \u00e0 2014 et au-del\u00e0, est tir\u00e9 de la fiche de cadrage pr\u00e9sent\u00e9e le 22\/05\/08.<\/li>\n<li>R\u00e9union pl\u00e9ni\u00e8re du comit\u00e9 permanent de concertation (22\/05\/08). Voir la <a href=\"http:\/\/www.accomplir.asso.fr\/dossiers\/20080501\/03%20AR%20Coper%2022mai2008.pdf\" target=\"_blank\" rel=\"noopener\">convocation<\/a> et la <a href=\"http:\/\/www.accomplir.asso.fr\/dossiers\/20080501\/04%20participants%20Coper%2022mai2008.pdf\" target=\"_blank\" rel=\"noopener\">liste des invit\u00e9s<\/a>. Voir la <a href=\"http:\/\/www.accomplir.asso.fr\/dossiers\/20080524\/03%20fiche%20cadrage.pdf\" target=\"_blank\" rel=\"noopener\">fiche de cadrage<\/a>, la <a href=\"http:\/\/www.accomplir.asso.fr\/dossiers\/20080524\/04%20fiche_bilan.pdf\" target=\"_blank\" rel=\"noopener\">fiche de bilan<\/a>. <a href=\"http:\/\/www.accomplir.asso.fr\/dossiers\/20080524\/Les%20Halles_nouvelle%20etape-Paris.fr.pdf\" target=\"_blank\" rel=\"noopener\">Communiqu\u00e9 de la Ville \u00e0 la suite de ce comit\u00e9 pl\u00e9nier<\/a>, attestant la petite victoire que nous avons remport\u00e9e ce soir-l\u00e0, \u00e0 savoir obtenir que la r\u00e9union du GTT \u00ab Jardin \u00bb (29\/05\/08), initialement pr\u00e9vue pour traiter du cahier des charges des futurs jeux d\u2019enfants, soit consacr\u00e9e au d\u00e9bat contradictoire que nous demandons depuis quatre ans sur la possibilit\u00e9 de maintenir le jardin Lalanne sur son site. Voir le <a href=\"http:\/\/www.accomplir.asso.fr\/dossiers\/20080911\/01%20CR%2022-05-08.pdf\" target=\"_blank\" rel=\"noopener\">compte-rendu officiel.<\/a><\/li>\n<li><a href=\"http:\/\/www.accomplir.asso.fr\/dossiers\/20080524\/07%20CR%20bureau%2008_05_20.pdf\" target=\"_blank\" rel=\"noopener\">R\u00e9union du bureau du comit\u00e9 permanent de concertation<\/a> (20\/05\/08)<\/li>\n<li>R\u00e9union de pr\u00e9paration du GTT \u00ab Canop\u00e9e \u00bb avec M. Franjou (05\/05\/08). Voir la <a href=\"http:\/\/www.accomplir.asso.fr\/dossiers\/20080501\/02%20FicheRP_050508.pdf\" target=\"_blank\" rel=\"noopener\">fiche de cadrage<\/a>. En r\u00e9action \u00e0 l\u2019indigence de cette fiche et au fait que notre demande de solution alternative \u00e0 la cr\u00e9ation d\u2019une passerelle sous la Canop\u00e9e n\u2019est toujours pas prise en compte, <a href=\"http:\/\/www.accomplir.asso.fr\/dossiers\/20080501\/05%20Courrier%20garant%20mai%2008.pdf\" target=\"_blank\" rel=\"noopener\">nous avons saisi le Garant de la concertation, Thierry Le Roy<\/a>.<\/li>\n<li>Depuis quelques semaines, la Ville pr\u00e9sente dans le cadre de la Maison des associations du 1er <a href=\"http:\/\/www.accomplir.asso.fr\/dossiers\/20080501\/07%20Une%20exposition%20ambigue.pdf\" target=\"_blank\" rel=\"noopener\">une exposition sur le projet de r\u00e9novation des Halles au statut ambigu<\/a> : elle met sur le m\u00eame pied le projet architectural de la Canop\u00e9e, valid\u00e9 par le concours de juin 2007, et le calamiteux projet de jardin de Mangin qui a suscit\u00e9 une telle opposition de la part des associations que le march\u00e9 de r\u00e9alisation a \u00e9t\u00e9 constamment report\u00e9 et ne lui a toujours pas \u00e9t\u00e9 accord\u00e9. La Ville chercherait-elle \u00e0 convaincre les visiteurs que ce projet est arr\u00eat\u00e9 et qu\u2019on ne peut plus s\u2019y opposer, alors m\u00eame que le candidat Delano\u00eb s\u2019est engag\u00e9 \u00e0 ce que la concertation sur le jardin se poursuive ? (mai 2008)<\/li>\n<li>La Ville n\u2019envisage toujours pas d\u2019abandonner le projet de jardin de Mangin, au motif qu\u2019il \u00ab n\u2019est pas compl\u00e8tement nul \u00bb\u2026 et sans doute aussi qu\u2019il faudrait payer \u00e0 l\u2019architecte un d\u00e9dit dont le montant, non pr\u00e9vu par le contrat, n\u2019a toujours pas \u00e9t\u00e9 r\u00e9v\u00e9l\u00e9. Il est donc question de reprendre la concertation sur la base de ce m\u00eame projet. Mais nous ne voulons pas travailler sur un projet \u00ab qui n\u2019est pas compl\u00e8tement nul \u00bb ! Nous voulons travailler sur un projet qui r\u00e9ponde vraiment aux besoins des diff\u00e9rents usagers de ce quartier, et qui soit suffisamment enthousiasmant pour justifier d\u2019entreprendre un chantier probablement long et p\u00e9nible. <a href=\"http:\/\/www.accomplir.asso.fr\/dossiers\/20080418\/13%20abandonner%20projet%20mangin.pdf\" target=\"_blank\" rel=\"noopener\">C\u2019est pourquoi nous avons \u00e9crit \u00e0 Anne Hidalgo et \u00e0 Fabienne Giboudeaux (nouvelle adjointe en charge des espaces verts), pour leur sugg\u00e9rer d\u2019oublier au moins temporairement ce projet, et de reprendre la r\u00e9flexion dans l\u2019ordre o\u00f9 elle aurait d\u00fb \u00eatre men\u00e9e depuis le d\u00e9part<\/a> (18\/04\/08).<\/li>\n<li>Tout ce que vous avez toujours voulu savoir sur l\u2019affaire des Halles\u2026 Lass\u00e9s de lire et d\u2019entendre des versions farfelues, incompl\u00e8tes ou mensong\u00e8res de la premi\u00e8re phase du projet de r\u00e9novation des Halles (2002-2008), et d\u2019\u00eatre critiqu\u00e9s et m\u00eame attaqu\u00e9s pour le r\u00f4le que nous y avons jou\u00e9, nous avons d\u00e9cid\u00e9 de rendre publique notre propre version de cette affaire, afin d\u2019en tirer des le\u00e7ons sur la fa\u00e7on dont se prennent et devraient se prendre les d\u00e9cisions publiques. Elisabeth Bourguinat a pr\u00e9sent\u00e9 \u00e0 l\u2019Ecole de Paris du Management une conf\u00e9rence suivie d\u2019un d\u00e9bat auquel elle a invit\u00e9 les principaux acteurs qui ont adopt\u00e9 des positions antagonistes \u00e0 celles d\u2019Accomplir ; seul Serge Federbusch, ancien directeur de la Sem Centre, a r\u00e9pondu \u00e0 l\u2019appel, mais comme c\u2019est aussi l\u2019acteur pivot de cette affaire, le d\u00e9bat a \u00e9t\u00e9 f\u00e9cond, d\u2019autant que Renaud Paque, membre de l\u2019ancien cabinet de Jean-Pierre Caffet et du cabinet actuel d\u2019Anne Hidalgo, y a \u00e9galement pris la parole. Voir<a href=\"http:\/\/www.accomplir.asso.fr\/dossiers\/20080911\/21%20coulisses17-04-08.pdf\" target=\"_blank\" rel=\"noopener\"> le compte rendu officiel : \u00ab Les coulisses du projet de r\u00e9novation des Halles \u00bb<\/a>. Voir <a href=\"http:\/\/www.accomplir.asso.fr\/dossiers\/20080911\/22%20Conf%20EDP%20Halles%20redige.pdf\" target=\"_blank\" rel=\"noopener\">le texte int\u00e9gral de l\u2019intervention d\u2019Elisabeth Bourguinat.<\/a> (17\/04\/08)<\/li>\n<li><a href=\"http:\/\/www.accomplir.asso.fr\/dossiers\/20080524\/01%20CR_Bureau%2014%2004%2008.pdf\" target=\"_blank\" rel=\"noopener\">R\u00e9union du bureau du comit\u00e9 permanent de concertation<\/a> (14\/04\/08)<\/li>\n<li>R\u00e9union de pr\u00e9paration du GTT \u00ab Canop\u00e9e \u00bb avec M. Franjou (14\/04\/08). Voir la <a href=\"http:\/\/www.accomplir.asso.fr\/dossiers\/20080418\/05%20Fiche_08_04_14.pdf\" target=\"_blank\" rel=\"noopener\">fiche de pr\u00e9sentation<\/a>, les plans provisoires des trois niveaux de la Canop\u00e9e (<a href=\"http:\/\/www.accomplir.asso.fr\/dossiers\/20080418\/06%20HAL_ESQ_120_R0%20A3_500e.pdf\" target=\"_blank\" rel=\"noopener\">rez-de-chauss\u00e9e<\/a>, <a href=\"http:\/\/www.accomplir.asso.fr\/dossiers\/20080418\/06%20HAL_ESQ_120_R1%20A3_500e.pdf\" target=\"_blank\" rel=\"noopener\">1er \u00e9tage<\/a>, <a href=\"http:\/\/www.accomplir.asso.fr\/dossiers\/20080418\/06%20HAL_ESQ_122_R2%20A3_500e.pdf\" target=\"_blank\" rel=\"noopener\">2\u00e8me \u00e9tage<\/a>, <a href=\"http:\/\/www.accomplir.asso.fr\/dossiers\/20080418\/06%20HAL_ESQ_310_CL%20A3_500e_CA.pdf\" target=\"_blank\" rel=\"noopener\">coupe longitudinale<\/a>, <a href=\"http:\/\/www.accomplir.asso.fr\/dossiers\/20080418\/06%20HAL_ESQ_310_CT%20A3_500e_CA.pdf\" target=\"_blank\" rel=\"noopener\">coupe transversale<\/a>).<\/li>\n<li><a href=\"http:\/\/www.accomplir.asso.fr\/dossiers\/20080418\/12%20Reunion%20Hidalgo.pdf\" target=\"_blank\" rel=\"noopener\">R\u00e9union du bureau du Comit\u00e9 permanent de concertation<\/a> avec Anne Hidalgo, 1\u00e8re adjointe au Maire de Paris, charg\u00e9e de l\u2019urbanisme et de l\u2019architecture (10\/04\/08). La place Cassin est \u00ab un lieu qui vit, qui existe, un lieu de rencontre qui ne doit pas dispara\u00eetre \u00bb.<\/li>\n<li><a href=\"http:\/\/www.accomplir.asso.fr\/dossiers\/20080418\/11%20Faisons%20un%20reve.pdf\" target=\"_blank\" rel=\"noopener\">Faisons un r\u00eave pour les Halles<\/a> (avril 2008). Une nouvelle mandature commence, et nous l\u2019abordons pleins d\u2019espoir sur la possibilit\u00e9 de r\u00e9ussir vraiment le projet de r\u00e9novation des Halles, dans toutes ses dimensions : b\u00e2timent, jardin, espace public.<\/li>\n<li><a href=\"http:\/\/www.accomplir.asso.fr\/dossiers\/20080418\/03%20CR%2026%20Mars%202008.pdf\" target=\"_blank\" rel=\"noopener\">Dix-septi\u00e8me r\u00e9union interassociative<\/a> (26\/03\/08)<\/li>\n<li><a href=\"http:\/\/www.accomplir.asso.fr\/dossiers\/20080330\/07%20CRBureau%20CPC%2011mars2008.pdf\" target=\"_blank\" rel=\"noopener\">R\u00e9union du bureau du comit\u00e9 permanent de concertation<\/a> (11\/03\/08).<\/li>\n<li><a href=\"http:\/\/www.accomplir.asso.fr\/dossiers\/20080330\/08%20Le%20Projet%20des%20Halles%20duccia.pdf\" target=\"_blank\" rel=\"noopener\">Le projet de r\u00e9novation du Jardin des Halles<\/a>, par Duccia Farnetani, candidate sur la liste des Verts, 2\u00e8me arrondissement (mars 2008). Une tr\u00e8s int\u00e9ressante contribution qui fait le point sur la situation actuelle : \u00ab Le projet du jardin est encore et toujours au stade embryonnaire et para\u00eet s\u2019y s\u2019enliser. Une r\u00e9flexion tr\u00e8s pouss\u00e9e avec un effort de conception architecturale d\u2019envergure s\u2019impose pour d\u00e9bloquer la situation. Dans cet \u00e9lan on pourrait m\u00eame avoir la surprise de d\u00e9couvrir que le jardin Lalanne avec son concept unique et ses cot\u00e9s magiques pourrait trouver sa place. \u00bb<\/li>\n<li>R\u00e9union de pr\u00e9paration du GTT \u00ab Canop\u00e9e \u00bb avec M. Franjou (25\/02\/08). O\u00f9 l\u2019on d\u00e9couvre qu\u2019il pourra \u00e9ventuellement pleuvoir sous le toit de la Canop\u00e9e\u2026 Un toit qui arr\u00eate le soleil mais pas la pluie, cela pose probl\u00e8me ! Voir le <a href=\"http:\/\/www.accomplir.asso.fr\/dossiers\/20080418\/04%20CR_08_02_25.pdf\" target=\"_blank\" rel=\"noopener\">compte rendu officiel<\/a>.<\/li>\n<li><a href=\"http:\/\/www.accomplir.asso.fr\/dossiers\/20080418\/14%20interassociatif.20.02.08-3.pdf\" target=\"_blank\" rel=\"noopener\">Seizi\u00e8me r\u00e9union interassociative<\/a> (20\/02\/08)<\/li>\n<li><a href=\"http:\/\/www.accomplir.asso.fr\/dossiers\/20080330\/01%20Conf%20tours%20Koolhaas%2013e.pdf\" target=\"_blank\" rel=\"noopener\">Urbaniser autrement : la le\u00e7on des Halles<\/a>, conf\u00e9rence pr\u00e9sent\u00e9e par Elisabeth Bourguinat, secr\u00e9taire d\u2019Accomplir, \u00e0 l\u2019occasion de la soir\u00e9e d\u00e9bat \u00ab Des tours \u00e0 Paris : le miroir aux alouettes \u00bb organis\u00e9e par l\u2019association Tam-Tam \u00e0 l\u2019Universit\u00e9 de Paris 7 (13\/02\/08). Il faut se m\u00e9fier de la fascination exerc\u00e9e de fa\u00e7on imm\u00e9moriale par les tours et les objets dress\u00e9s, et d\u2019essayer de s\u2019en pr\u00e9munir en reportant \u00e0 la fin de la r\u00e9flexion urbanistique le choix de la forme architecturale\u2026<\/li>\n<li><a href=\"http:\/\/www.accomplir.asso.fr\/dossiers\/20080210\/04%20Municipales%20jardin.pdf\" target=\"_blank\" rel=\"noopener\">Municipales : pourquoi la question du jardin est importante<\/a> (f\u00e9vrier 2008). Pendant deux dimanches successifs, nous avons tenu un stand rue Montmartre et rue Montorgueil, pour expliquer aux habitants et usagers quel projet \u00e9tait pr\u00e9vu par la Ville pour la r\u00e9novation du Jardin des Halles (<a href=\"http:\/\/www.accomplir.asso.fr\/dossiers\/20080210\/07%20tract_fev_2008.pdf\" target=\"_blank\" rel=\"noopener\">voir le tract<\/a>). L\u2019affluence \u00e0 ces stands, les questions que vous nous avez pos\u00e9es, les points de vue que vous avez exprim\u00e9s nous ont confort\u00e9s dans l\u2019id\u00e9e que ce projet \u00e9tait inacceptable en l\u2019\u00e9tat, mais aussi que le devenir du jardin des Halles \u00e9tait tr\u00e8s important pour beaucoup d\u2019entre vous. M\u00eame au niveau parisien, cette question constitue pour nous un test sur la fa\u00e7on dont les d\u00e9cisions publiques sont prises : si sur un dossier aussi concret, aussi simple, au fond, que la r\u00e9novation d\u2019un jardin public, nous ne pouvons obtenir que des non-d\u00e9cisions ou des d\u00e9cisions absurdes, qui d\u00e9truisent de la valeur au lieu d\u2019en cr\u00e9er, qu\u2019en sera-t-il pour des dossiers plus graves, sur lesquels nous avons encore moins d\u2019information et aucune prise ?<\/li>\n<li>Nous avons d\u00e9cid\u00e9 pour l\u2019ann\u00e9e 2008 de nous attaquer \u00e0 un nouveau gros dossier : <a href=\"http:\/\/www.accomplir.asso.fr\/dossiers\/20080210\/08%20Partage%20espace%20public.pdf\" target=\"_blank\" rel=\"noopener\">l\u2019am\u00e9lioration du partage de l\u2019espace public dans les quartiers des Halles et de Montorgueil<\/a>, o\u00f9 r\u00e8gne une v\u00e9ritable anarchie (<a href=\"http:\/\/www.accomplir.asso.fr\/dossiers\/20080210\/espace_public.key.pdf\" target=\"_blank\" rel=\"noopener\">voir les photos<\/a>). Nous essayons d\u2019impulser ce th\u00e8me \u00e0 la fois aupr\u00e8s des diff\u00e9rents candidats, que nous avons commenc\u00e9 \u00e0 rencontrer, et dans le d\u00e9roulement de la concertation sur le projet des Halles (f\u00e9vrier 2008).<\/li>\n<li>Depuis des mois, chaque fois que nous voulons aborder la question du devenir du jardin Lalanne, la plupart des \u00e9lus de gauche nous opposent un refus obstin\u00e9 et se montrent m\u00eame exc\u00e9d\u00e9s par le seul fait que nous \u00e9voquions le sujet. Pourtant, ce n\u2019est pas en refusant de discuter d\u2019un probl\u00e8me qu\u2019on le r\u00e9sout\u2026 <a href=\"http:\/\/www.accomplir.asso.fr\/dossiers\/20080210\/05%20Verts%20Lalanne%2011-02-08.pdf\" target=\"_blank\" rel=\"noopener\">Laurence Bonnet, la t\u00eate de liste \u00ab Verts \u00bb du 1er arrondissement, brise enfin le tabou<\/a> : si le maintien du jardin d\u2019aventure sur son site actuel est compatible avec le parti d\u2019urbanisme et le projet architectural de la Canop\u00e9e (ce dont nous sommes convaincus) et s\u2019il peut \u00eatre enti\u00e8rement remis aux normes de s\u00e9curit\u00e9 (ce qui peut \u00eatre fait, et \u00e0 bien moindre co\u00fbt que la cr\u00e9ation d\u2019un nouveau jardin), il n\u2019y a aucune raison de le d\u00e9molir pour le reconstruire 150 m\u00e8tres plus loin ! Un autre candidat, de droite cette fois, Aur\u00e9lien V\u00e9ron (Alternative lib\u00e9rale), propose pour sa part purement et simplement \u00ab la r\u00e9novation et maintien du jardin Lalanne sur son site \u00bb. Nous attendons avec impatience que les autres candidats se saisissent enfin de cette question ! (11\/02\/08)<\/li>\n<li><a href=\"http:\/\/www.accomplir.asso.fr\/dossiers\/20080210\/06%20CRBureau_070208.pdf\" target=\"_blank\" rel=\"noopener\">R\u00e9union du bureau du comit\u00e9 permanent de concertation<\/a> (07\/02\/08)<\/li>\n<li>Une analyse compl\u00e8tement fantaisiste et tr\u00e8s contestable du d\u00e9roulement du projet de r\u00e9novation des Halles : \u00ab <a href=\"http:\/\/www.accomplir.asso.fr\/dossiers\/20080210\/01%20Bertrand%20le%20magnifique%20janv%2008.pdf\" target=\"_blank\" rel=\"noopener\">Les Halles : le Prince B\u00e9bert et sa bonne f\u00e9e Elisabeth<\/a> \u00bb, extrait de l\u2019ouvrage \u00ab Bertrand le Magnifique \u00bb d\u2019Yvan Stefanovitch, Flammarion (janvier 2008).<\/li>\n<li>A l\u2019approche des \u00e9lections municipales 2008, le temps du bilan sur le projet des Halles est arriv\u00e9. En 2002, le Maire de Paris nous exhortait \u00e0 \u00ab inventer avec lui \u00bb les futurs am\u00e9nagements du quartier. Nous avons relev\u00e9 le d\u00e9fi : nous avons particip\u00e9 avec enthousiasme \u00e0 l\u2019ensemble de la concertation depuis 2003 et fait de tr\u00e8s nombreuses propositions d\u2019am\u00e9nagement. Le Maire, lui, a-t-il tenu son engagement de prendre en compte nos attentes pour inventer des am\u00e9nagements \"qui nous ressemblent\" ? <a href=\"http:\/\/www.accomplir.asso.fr\/dossiers\/20080125\/16%20temps%20du%20bilan.pdf\" target=\"_blank\" rel=\"noopener\">La r\u00e9ponse est plut\u00f4t positive en ce qui concerne le b\u00e2timent, franchement n\u00e9gative en ce qui concerne le jardin\u2026<\/a> (janvier 2008)<\/li>\n<li>Groupe de travail th\u00e9matique \u00ab programmation \u00bb : r\u00e9union compl\u00e9mentaire (17\/01\/08). Voir le <a href=\"http:\/\/www.accomplir.asso.fr\/dossiers\/20080125\/11%20HAL_ESQ_Concertation03_Document%20compl_080117.pdf\" target=\"_blank\" rel=\"noopener\">power-point pr\u00e9sent\u00e9 en compl\u00e9ment de celui du 20\/12\/07<\/a>. <a href=\"http:\/\/www.accomplir.asso.fr\/dossiers\/20080330\/13%20CR%20Canopee%2017-01-08.pdf\" target=\"_blank\" rel=\"noopener\">Voir le compte rendu officiel<\/a>.<\/li>\n<li><a href=\"http:\/\/www.accomplir.asso.fr\/dossiers\/20080330\/14%20Etude%20metropolitains.pdf\" target=\"_blank\" rel=\"noopener\">Etude \u00ab Jeunes m\u00e9tropolitains aux Halles \u00bb,<\/a> par les chercheurs T. Baudouin, A. Bertho, M. Collin, C. Hass et M. H\u00e9rard de l\u2019Universit\u00e9 Paris 8, septembre 2007. <a href=\"http:\/\/www.accomplir.asso.fr\/dossiers\/20080330\/15%20CR%20debat%20metropolitains.pdf\" target=\"_blank\" rel=\"noopener\">D\u00e9bat (tr\u00e8s anim\u00e9) sur ce rapport<\/a> dans le cadre de la concertation sur le projet des Halles, au Pavillon de l\u2019Arsenal (11\/01\/08).<\/li>\n<li>Un extrait de l\u2019ouvrage de Sybille Vincendon, <a href=\"http:\/\/www.accomplir.asso.fr\/dossiers\/20080330\/16%20VINCENDON.jpg\" target=\"_blank\" rel=\"noopener\">Petit trait\u00e9 des villes \u00e0 l\u2019usage de ceux qui les habitent<\/a>, \u00e0 propos des Halles, qui nous fait l\u2019honneur de nous attribuer la responsabilit\u00e9 de l\u2019\u00e9chec (pr\u00e9tendu) de la premi\u00e8re phase du projet des Halles (janvier 2008).<\/li>\n<li><a href=\"http:\/\/www.accomplir.asso.fr\/dossiers\/20080125\/09%20CRBureau_100108.pdf\" target=\"_blank\" rel=\"noopener\">R\u00e9union de bureau du Comit\u00e9 permanent de concertation<\/a> (10\/01\/08)<\/li>\n<\/ul>\n<hr \/>\n<div id=\"2007\">2007 - <a href=\"#top\">Haut<\/a><\/div>\n<ul>\n<li>Selon Yves Contassot, que nous avons rencontr\u00e9 le 21\/12\/07, les d\u00e9dommagements que la SEURA pourrait demander si on lui retirait le dossier du jardin seraient tellement importants <a href=\"http:\/\/www.accomplir.asso.fr\/dossiers\/20080125\/17%20gros%20sous.pdf\" target=\"_blank\" rel=\"noopener\">qu\u2019on ne peut plus reculer maintenant<\/a>. Pourtant <a href=\"http:\/\/www.accomplir.asso.fr\/dossiers\/renovation\/09%20CCAP%20jardin.pdf\" target=\"_blank\" rel=\"noopener\">l\u2019analyse du march\u00e9 pass\u00e9 \u00e0 la SEURA<\/a> (point 1.5, page 3) contredit cette affirmation : rien n\u2019interdit au Maire, sans aucune contrepartie, d\u2019arr\u00eater l\u00e0 les frais et de reprendre le projet sur des bases plus raisonnables. O\u00f9 est la v\u00e9rit\u00e9 ?<\/li>\n<li>R\u00e9union du groupe de travail th\u00e9matique \u00ab programmation \u00bb (20\/12\/07). Voir le <a href=\"http:\/\/www.accomplir.asso.fr\/dossiers\/20071111\/12%20Preparation%20de%20la%20reunion%20de%20programmation.pdf\" target=\"_blank\" rel=\"noopener\">document pr\u00e9paratoire<\/a> que nous avons adress\u00e9 \u00e0 la Ville pour r\u00e9capituler les questions de programmation sur l\u2019ensemble du site (09\/11\/07). Voir la <a href=\"http:\/\/www.accomplir.asso.fr\/dossiers\/20080125\/01%20propositions%20canopee.pdf\" target=\"_blank\" rel=\"noopener\">contribution d\u2019Accomplir sur la programmation de la Canop\u00e9e<\/a> (12\/12\/07). Voir le <a href=\"http:\/\/www.accomplir.asso.fr\/dossiers\/20080125\/02%202007-12-20_GTT%20programmation-V1-1- bd-blanc.pdf\" target=\"_blank\" rel=\"noopener\">document pr\u00e9paratoire officiel sur la programmation du site<\/a>. Voir le <a href=\"http:\/\/www.accomplir.asso.fr\/dossiers\/20080125\/03%20fiche%2020-12-07.pdf\" target=\"_blank\" rel=\"noopener\">document pr\u00e9paratoire officiel sur la programmation de la Canop\u00e9e<\/a>. Voir le <a href=\"http:\/\/www.accomplir.asso.fr\/dossiers\/20080125\/10%20HAL_ESQ_Concertation02_Presentation_071220.pdf\" target=\"_blank\" rel=\"noopener\">power-point pr\u00e9sent\u00e9 lors de la r\u00e9union<\/a>. Voir le <a href=\"http:\/\/www.accomplir.asso.fr\/dossiers\/20080125\/04%20CR%20GTT%2007_12_20.pdf\" target=\"_blank\" rel=\"noopener\">compte-rendu officiel de la r\u00e9union<\/a>.<\/li>\n<li>R\u00e9union de pr\u00e9paration du GTT \u00ab Programmation \u00bb de d\u00e9cembre (12\/12\/07). <a href=\"http:\/\/www.accomplir.asso.fr\/dossiers\/20080125\/06%20CR%2007_12_12.pdf\" target=\"_blank\" rel=\"noopener\">Voir le compte-rendu officiel<\/a>.<\/li>\n<li><a href=\"http:\/\/www.accomplir.asso.fr\/dossiers\/20071215\/05%20CR%20bureau%20cpc.pdf\" target=\"_blank\" rel=\"noopener\">R\u00e9union<\/a>du bureau du comit\u00e9 permanent de concertation(10\/12\/07)<\/li>\n<li><a href=\"http:\/\/www.accomplir.asso.fr\/dossiers\/20071215\/07%20Plaquette_LesHalles041207.pdf\" target=\"_blank\" rel=\"noopener\">Plaquette \u00ab Les Halles \u2013 Actualit\u00e9 du projet \u00bb n\u00b0 2, d\u00e9cembre 2007<\/a> (04\/12\/07). Cette plaquette, tir\u00e9e \u00e0 50.000 exemplaires et distribu\u00e9e dans le quartier des Halles et au Forum, \u00e9tait originellement destin\u00e9e \u00e0 accompagner une r\u00e9union publique, qu\u2019on nous a promise pendant un an et demi, et qui n\u2019a jamais eu lieu. Le candidat Delano\u00eb laisse entendre qu\u2019il fera une r\u00e9union de campagne sur ce sujet, mais cela n\u2019a rien \u00e0 voir ! Il ne sera accompagn\u00e9 ni des architectes de la Canop\u00e9e, ni de l\u2019\u00e9quipe Seura qui coordonne le projet, ni des fonctionnaires qui y travaillent et connaissent le projet \u00e0 fond. Hypoth\u00e8se gratuite : le Maire de Paris a peur de la r\u00e9action du petit peuple des Halles sur le massacre annonc\u00e9 de son jardin ?<\/li>\n<li>R\u00e9union de pr\u00e9paration du GTT \u00ab Programmation \u00bb de d\u00e9cembre (03\/12\/07). M. Franjou nous a communiqu\u00e9 <a href=\"http:\/\/www.accomplir.asso.fr\/dossiers\/20071215\/03%20fiche.pdf\" target=\"_blank\" rel=\"noopener\">un texte faisant le point sur le bon moment pour poser les diff\u00e9rents types de questions au fil du processus<\/a>. <a href=\"http:\/\/www.accomplir.asso.fr\/dossiers\/20080125\/05% 20CR%2007_12_03.pdf\" target=\"_blank\" rel=\"noopener\">Voir le compte-rendu officiel<\/a>.<\/li>\n<li>R\u00e9union de pr\u00e9paration du GTT \u00ab Programmation \u00bb de d\u00e9cembre (29\/11\/07). M. Franjou, notre interlocuteur \u00e0 la Direction du Patrimoine pour le suivi du projet Canop\u00e9e, a accept\u00e9 le principe de r\u00e9unions de travail r\u00e9guli\u00e8res tout au long du processus, m\u00eame pendant la p\u00e9riode \u00e9lectorale et donc en l\u2019absence des \u00e9lus. Il nous a communiqu\u00e9 <a href=\"http:\/\/www.accomplir.asso.fr\/dossiers\/20071215\/02%20Reunion%20preparatoire%20du%2019%20XI%2007.pdf\" target=\"_blank\" rel=\"noopener\">le calendrier des diff\u00e9rentes phases du processus jusqu\u2019\u00e0 la demande de permis de construire<\/a>. Voir <a href=\"http:\/\/www.accomplir.asso.fr\/dossiers\/20071215\/04%20CR%20reu%20prepa.pdf\" target=\"_blank\" rel=\"noopener\">le compte-rendu officiel<\/a>.<\/li>\n<li>R\u00e9union de pr\u00e9paration du GTT \u00ab Canop\u00e9e \u00bb avec M. Franjou (19\/11\/07). Voir <a href=\"http:\/\/www.accomplir.asso.fr\/dossiers\/20080418\/09%20odj%2019-11-07.pdf\" target=\"_blank\" rel=\"noopener\">l\u2019ordre du jour<\/a>, <a href=\"http:\/\/www.accomplir.asso.fr\/dossiers\/20080418\/10%20reu%20prepa%2019-11-07.pdf\" target=\"_blank\" rel=\"noopener\">le compte rendu officiel<\/a>.<\/li>\n<li>R\u00e9union du groupe de travail th\u00e9matique \u00ab espaces souterrains et circulations verticales \u00bb (15\/11\/07). Voir la <a href=\"http:\/\/www.accomplir.asso.fr\/dossiers\/20071111\/07%20fiche%20circul%20vertic%2015-11-07.pdf\" target=\"_blank\" rel=\"noopener\">note de cadrage<\/a>. <a href=\"http:\/\/www.accomplir.asso.fr\/dossiers\/20080125\/15%20circ%20vertic%2015-11-07.pdf\" target=\"_blank\" rel=\"noopener\">Voir le compte-rendu officiel<\/a>. Consulter le diaporama sur les liaisons verticales pr\u00e9sent\u00e9 en s\u00e9ance au format pdf :\n<ul>\n<li><a href=\"http:\/\/www.accomplir.asso.fr\/dossiers\/20080330\/file_48924.pdf\" target=\"_blank\" rel=\"noopener\">Diapos 1 \u00e0 4 - Introduction - Acc\u00e8s Marguerite de Navarre (plan)<\/a> (1,8 Mo)<\/li>\n<li><a href=\"http:\/\/www.accomplir.asso.fr\/dossiers\/20080330\/file_48971.pdf\" target=\"_blank\" rel=\"noopener\">Diapos 5 \u00e0 22 - Acc\u00e8s Marguerite de Navarre (suite)<\/a> (2,9 Mo)<\/li>\n<li><a href=\"http:\/\/www.accomplir.asso.fr\/dossiers\/20080330\/file_48972.pdf\" target=\"_blank\" rel=\"noopener\">Diapos 23 \u00e0 35 - Acc\u00e8s Rambuteau et Berger<\/a> (2,8 Mo)<\/li>\n<li><a href=\"http:\/\/www.accomplir.asso.fr\/dossiers\/20080330\/file_48973.pdf\" target=\"_blank\" rel=\"noopener\">Diapos 36 \u00e0 43 - Acc\u00e8s Lescot (partie 1)<\/a> (1,8 Mo)<\/li>\n<li><a href=\"http:\/\/www.accomplir.asso.fr\/dossiers\/20080330\/file_48974.pdf\" target=\"_blank\" rel=\"noopener\">Diapos 44 \u00e0 60 - Acc\u00e8s Lescot (partie 2)<\/a> (2,7 Mo)<\/li>\n<li><a href=\"http:\/\/www.accomplir.asso.fr\/dossiers\/20080330\/file_48976.pdf\" target=\"_blank\" rel=\"noopener\">Diapos 61 \u00e0 77 - Acc\u00e8s Lescot (partie 3)<\/a> (1,1 Mo)<\/li>\n<\/ul>\n<\/li>\n<li><a href=\"http:\/\/www.accomplir.asso.fr\/dossiers\/20071111\/26%20delib%20canopee%2012-11-07.pdf\" target=\"_blank\" rel=\"noopener\">Projet de d\u00e9lib\u00e9ration du Conseil de Paris sur le march\u00e9 de ma\u00eetrise d\u2019oeuvre et autres march\u00e9s de prestation intellectuelle pour la Canop\u00e9e des Halles<\/a> (12\/11\/07)<\/li>\n<li><a href=\"http:\/\/www.accomplir.asso.fr\/dossiers\/20071111\/24%20passerelle%20nov%2007.pdf\" target=\"_blank\" rel=\"noopener\">Pour la r\u00e9ouverture de la passerelle du Pont-Neuf<\/a> (novembre 2007).<\/li>\n<li><a href=\"http:\/\/www.accomplir.asso.fr\/dossiers\/20071111\/13%20CR%20bureau%20cpc%2009-11-07.pdf\" target=\"_blank\" rel=\"noopener\">R\u00e9union du bureau du comit\u00e9 permanent de concertation<\/a> (09\/11\/07).<\/li>\n<li><a href=\"http:\/\/www.accomplir.asso.fr\/dossiers\/20071215\/01%20interassociatif%20CR-23-10-07.pdf\" target=\"_blank\" rel=\"noopener\">Quinzi\u00e8me r\u00e9union interassociative<\/a> (23\/10\/07). Sujets abord\u00e9s : les modalit\u00e9s et le planning de la suite de la concertation, la programmation du site et de la Canop\u00e9e, les modalit\u00e9s de fonctionnement de la Maison des Association mutualis\u00e9e avec le local de la concertation.<\/li>\n<li>Pr\u00e9sentation aux association du projet de la Canop\u00e9e par les architectes Berger et Anziutti (22\/10\/07). Voir la <a href=\"http:\/\/www.accomplir.asso.fr\/dossiers\/20071111\/04%20Notice%20synthese%20Canopee%2022-10-07.pdf\" target=\"_blank\" rel=\"noopener\">notice de synth\u00e8se pr\u00e9par\u00e9e par les architectes<\/a>. Voir <a href=\"http:\/\/www.accomplir.asso.fr\/dossiers\/20071215\/06%20CR%20presentation%20canopee%2022-10-07.pdf\" target=\"_blank\" rel=\"noopener\">le compte-rendu officiel<\/a>.<\/li>\n<li>Le Maire du 1er Jean-Fran\u00e7ois Legaret a organis\u00e9 une visite du Jardin d\u2019aventure en pr\u00e9sence de Thierry Philipp et de Sophie Godard, ing\u00e9nieurs de la Direction des espaces verts et de l\u2019environnement, des animateurs du jardin et de membres des conseils de quartier des Halles et de Montorgueil. Le Maire du 2\u00e8me, Jacques Boutault, pr\u00e9sent sur le vide-grenier voisin, a \u00e9galement visit\u00e9 le jardin dans la foul\u00e9e avec les ing\u00e9nieurs (voir les photos). A la suite de cette visite, nous avons \u00e9crit <a href=\"http:\/\/www.accomplir.asso.fr\/dossiers\/20071111\/05%20Let%20Contassot%20suite%20a%20la%20reunion%20du%2013-10-2007.pdf\" target=\"_blank\" rel=\"noopener\">une nouvelle lettre \u00e0 Yves Contassot concernant les parties du jardin qui doivent encore \u00eatre r\u00e9nov\u00e9es<\/a> (16\/10\/07).<\/li>\n<li>A l\u2019occasion du vide-grenier du 13\/10\/07, nous avons lanc\u00e9 une enqu\u00eate intitul\u00e9e \u00ab <a href=\"http:\/\/www.accomplir.asso.fr\/dossiers\/20071111\/03%20enquete%20jardin.pdf\" target=\"_blank\" rel=\"noopener\">Jardin des Halles : pour une r\u00e9habilitation ou un r\u00e9am\u00e9nagement ?<\/a> \u00bb et recueilli un premier lot de r\u00e9ponses. D\u00e9couvrez <a href=\"http:\/\/www.accomplir.asso.fr\/dossiers\/20071111\/11%20resultats%20Enquete_jardin_oct07.pdf\" target=\"_blank\" rel=\"noopener\">les premiers r\u00e9sultats<\/a> et allez donner votre propre avis en r\u00e9pondant \u00e0 nos 4 questions sur le blog www.jardindeshalles.fr. Nous pr\u00e9senterons les r\u00e9sultats \u00e0 l\u2019occasion de la r\u00e9union publique sur le projet des Halles, que le Maire de Paris nous a promise depuis plus de six mois et qu\u2019il se d\u00e9cidera peut-\u00eatre \u00e0 organiser avant No\u00ebl\u2026<\/li>\n<li>R\u00e9union du groupe de travail \u00ab voirie \u00bb du CPC, en pr\u00e9sence de Denis Baupin (11\/10\/07). Voir le <a href=\"http:\/\/www.accomplir.asso.fr\/dossiers\/20071006\/2007-10-11_GTT%20VOIRIE-v2-2-blanc.pdf\" target=\"_blank\" rel=\"noopener\">power-point pr\u00e9sent\u00e9 par la SEURA<\/a>. Voir le <a href=\"http:\/\/www.accomplir.asso.fr\/dossiers\/20071006\/fiche%20GTT4%20voirie11-10-2007%20v2.pdf\" target=\"_blank\" rel=\"noopener\">document de cadrage pr\u00e9paratoire<\/a>. Voir le <a href=\"http:\/\/www.accomplir.asso.fr\/dossiers\/20080330\/11%20CR%20voirie%2011-10-07.pdf\" target=\"_blank\" rel=\"noopener\">compte-rendu officiel<\/a>. Voir <a href=\"http:\/\/www.accomplir.asso.fr\/dossiers\/20071111\/14%20texte%20message.pdf\" target=\"_blank\" rel=\"noopener\">le courrier que nous avions adress\u00e9 en pr\u00e9vision de cette r\u00e9union \u00e0 Denis Baupin<\/a>, apr\u00e8s avoir vu le power-point de la SEURA. Plusieurs pi\u00e8ces \u00e9taient jointes \u00e0 l\u2019appui de ce message : le rappel du <a href=\"http:\/\/www.accomplir.asso.fr\/dossiers\/20071111\/15%20Programme%20jardin%202005.pdf\" target=\"_blank\" rel=\"noopener\">programme officiel confi\u00e9 \u00e0 la SEURA pour le jardin<\/a>, un <a href=\"http:\/\/www.accomplir.asso.fr\/dossiers\/20071111\/16%20cheminements% 20jardin.jpg\">relev\u00e9 non exhaustif des cheminements actuels dans le jardin<\/a>, les trois versions successives du projet de jardin de la SEURA (<a href=\"http:\/\/www.accomplir.asso.fr\/dossiers\/20071111\/17%20projet%20SEURA%201.jpg\" target=\"_blank\" rel=\"noopener\">projet 1<\/a>, <a href=\"http:\/\/www.accomplir.asso.fr\/dossiers\/20071111\/18%20projet%20SEURA%202.pdf\" target=\"_blank\" rel=\"noopener\">projet 2<\/a>, <a href=\"http:\/\/www.accomplir.asso.fr\/dossiers\/20071111\/19%20projet%20SEURA%203.pdf\" target=\"_blank\" rel=\"noopener\">projet 3<\/a>), au fil desquelles le jardin est devenu un espace repli\u00e9 sur lui-m\u00eame, bord\u00e9 de talus, difficile \u00e0 traverser le jour dans le sens nord-sud, et intraversable la nuit ou lorsque les pelouses seront mouill\u00e9es ou encloses. Nous demandons qu\u2019on suspende le projet SEURA et qu\u2019on reprenne la r\u00e9flexion \u00e0 partir d\u2019un diagnostic des circulations et travers\u00e9es du jardin actuelles et de la fa\u00e7on dont elles se relient ou non au r\u00e9seau des rues environnantes. Cette r\u00e9flexion permettra de d\u00e9finir les am\u00e9liorations \u00e0 apporter au dessin des all\u00e9es du jardin, avant de proc\u00e9der \u00e0 une r\u00e9partition optimale des diff\u00e9rents espaces de jeu, pelouses, places, fontaines, etc. Au cours de cette r\u00e9union, Denis Baupin nous a fait part de sa d\u00e9ception par rapport au <a href=\"http:\/\/www.accomplir.asso.fr\/dossiers\/20071111\/06%20reponse%20fret%20ferroviaire%20huchon%2024-09-07.pdf\" target=\"_blank\" rel=\"noopener\">courrier qu\u2019il a re\u00e7u de M. Huchon, pr\u00e9sident de la r\u00e9gion Ile-de-France, concernant le projet de fret ferroviaire aux Halles<\/a>.<\/li>\n<li><a href=\"http:\/\/www.accomplir.asso.fr\/dossiers\/20071111\/02%20bureau%20cpc%2005-10-07.pdf\" target=\"_blank\" rel=\"noopener\">R\u00e9union du bureau du comit\u00e9 permanent de la concertation<\/a> (05\/10\/07)<\/li>\n<li>R\u00e9union pl\u00e9ni\u00e8re du comit\u00e9 permanent de concertation : <a href=\"http:\/\/www.accomplir.asso.fr\/dossiers\/renovation\/20070917\/02%20BilanEtape_Coper_18sept07.pdf\" target=\"_blank\" rel=\"noopener\">bilan d\u2019\u00e9tape de l\u2019avancement du projet des Halles<\/a> (18\/09\/07) et <a href=\"http:\/\/www.accomplir.asso.fr\/dossiers\/renovation\/20070917\/reaction%20bilan%20etape.pdf\" target=\"_blank\" rel=\"noopener\">notre r\u00e9action : la Ville ne veut pas reconna\u00eetre que la concertation sur le projet de jardin a \u00e9t\u00e9 un \u00e9chec complet<\/a> ! Voir le <a href=\"http:\/\/www.accomplir.asso.fr\/dossiers\/20071111\/10%20ppt%2018-09-07.pdf\" target=\"_blank\" rel=\"noopener\">powerpoint de pr\u00e9sentation<\/a>. Voir le <a href=\"http:\/\/www.accomplir.asso.fr\/dossiers\/20071111\/09%20CPC%20plenier%2018-09-07.pdf\" target=\"_blank\" rel=\"noopener\">compte rendu officiel<\/a>.<\/li>\n<li>Apr\u00e8s 9 mois de fermeture, le Jardin Lalanne a enfin r\u00e9ouvert le 15 septembre 2007 et personne ne comprend pourquoi les quelques travaux de remise au normes effectu\u00e9s ont pris tant de temps (15\/09\/07). Laetitia Mougenot, coordinatrice du comit\u00e9 de soutien et de promotion du Jardin d\u2019aventure, a aussit\u00f4t <a href=\"http:\/\/www.accomplir.asso.fr\/dossiers\/renovation\/20070917\/03%20mail%20contassot.pdf\" target=\"_blank\" rel=\"noopener\">\u00e9crit \u00e0 Yves Contassot pour demander la poursuite des travaux<\/a> afin que les enfants retrouvent tr\u00e8s vite l\u2019ensemble de leur espace de jeu pr\u00e9f\u00e9r\u00e9.<\/li>\n<li><a href=\"http:\/\/www.accomplir.asso.fr\/dossiers\/renovation\/20070917\/01%20Calendrier_Coper_18sept07.pdf\" target=\"_blank\" rel=\"noopener\">Calendrier de la concertation : p\u00e9riode d\u2019octobre 2006 \u00e0 septembre 2007<\/a> (12\/09\/07)<\/li>\n<li>Quelques semaines apr\u00e8s le concours des Halles, la Ville nous a enfin transmis <a href=\"http:\/\/www.accomplir.asso.fr\/dossiers\/renovation\/01%20B-Cahier-des-Charges-v-5-0.pdf\" target=\"_blank\" rel=\"noopener\">le cahier des charges complet<\/a> dudit concours (31\/07\/07). O\u00f9 nous avons d\u00e9couvert, mauvaise surprise, que l\u2019emprise destin\u00e9e \u00e0 accueillir le chantier du futur b\u00e2timent se situait sur la bande de terrain entre le Forum et l\u2019all\u00e9e Pont-Neuf \/ Montorgueil \u2013 soit, entre autres, sur l\u2019ensemble de la surface du Jardin Lalanne ! Nous comprenons mieux qu\u2019on n\u2019ait pas voulu nous communiquer plus t\u00f4t cette partie du document\u2026 D\u2019apr\u00e8s M. Anziutti, l\u2019un des deux architectes laur\u00e9ats, il serait cependant possible de se dispenser d\u2019empi\u00e9ter sur ce jardin, si la ville prenait la d\u00e9cision de la conserver.<\/li>\n<li><a href=\"http:\/\/www.accomplir.asso.fr\/dossiers\/renovation\/03%20CR%20Halles%20Bureau%2010%20juillet%202007.pdf\" target=\"_blank\" rel=\"noopener\">R\u00e9union du bureau du comit\u00e9 permanent de la concertation<\/a> (10\/07\/07), o\u00f9 l\u2019on apprend que \u00ab le Conseil de Paris ne d\u00e9lib\u00e9rera pas sur les march\u00e9s de r\u00e9alisation du jardin avant 2008 \u00bb, c\u2019est-\u00e0-dire pas avant les municipales, puisqu\u2019il n\u2019y aura pas de r\u00e9union du Conseil pendant le premier trimestre 2008. Bonne nouvelle ! Nous esp\u00e9rons que la Ville en profitera pour renoncer au projet absurde de r\u00e9aliser le jardin avant le b\u00e2timent, organiser sur de nouvelles bases une vraie concertation avec les usagers, \u00e9tablir un cahier des charges et enfin lancer un concours pour obtenir un jardin digne du centre de Paris et de la future Canop\u00e9e.<\/li>\n<li>R\u00e9union du groupe de travail th\u00e9matique \u00ab jardin \u00bb (05\/07\/07). <a href=\"http:\/\/www.accomplir.asso.fr\/dossiers\/renovation\/05%20ppt%20contassot%20reu%205%20juil.pdff\" target=\"_blank\" rel=\"noopener\">Consulter le power-point pr\u00e9sent\u00e9 par la SEURA sur la place des jeux dans le jardin<\/a> et sur l\u2019hypoth\u00e8se d\u2019am\u00e9nagement du sous-sol au niveau des pyramides. Voir le <a href=\"http:\/\/www.accomplir.asso.fr\/dossiers\/20070922\/jardin%20jeux%20enfants%2005-07-07.pdf\" target=\"_blank\" rel=\"noopener\">compte rendu officiel<\/a>.<\/li>\n<li><a href=\"http:\/\/www.accomplir.asso.fr\/dossiers\/renovation\/02%20Communique%20Accomplir%20Halles%2002-07-07.pdf\" target=\"_blank\" rel=\"noopener\">Communiqu\u00e9 de l\u2019association Accomplir apr\u00e8s l\u2019annonce des r\u00e9sultats du concours des Halles<\/a> (02\/07\/07). La repr\u00e9sentante associative au jury du concours, Elisabeth Bourguinat, a vot\u00e9 avec enthousiasme pour le projet de Patrick Berger et Jacques Anziutti, qui a \u00e9t\u00e9 retenu\u2026 mais ce projet nous para\u00eet totalement incompatible avec le dessin de jardin que la SEURA essaie de nous imposer depuis plus d\u2019un an, et d\u00e9montre l\u2019absurdit\u00e9 d\u2019une d\u00e9marche qui pr\u00e9tendait \u00ab dessiner le jardin avant la maison \u00bb.<\/li>\n<li><a href=\"http:\/\/www.accomplir.asso.fr\/dossiers\/renovation\/08%20HALLES_dossier%20de%20presse.pdf\" target=\"_blank\" rel=\"noopener\">Dossier de presse pr\u00e9sentant le projet laur\u00e9at du concours des Halles<\/a> (02\/07\/07) : \u00ab Canop\u00e9e, une forme \u00e0 l\u2019\u00e9quilibre, de Patrick Berger et Jacques Anziutti. La nouvelle silhouette des Halles \u00bb. <a href=\"http:\/\/www.accomplir.asso.fr\/accomplir\/wp-content\/uploads\/2014\/05\/Projet_20canopee.mp4\" target=\"_blank\" rel=\"noopener\">Voir le film de pr\u00e9sentation du projet<\/a>.<\/li>\n<li><a href=\"http:\/\/www.accomplir.asso.fr\/dossiers\/renovation\/04%20interasso%20CR.02.07.07.pdf\" target=\"_blank\" rel=\"noopener\">Quatorzi\u00e8me r\u00e9union interassociative<\/a> (02\/07\/07). La r\u00e9union a \u00e9t\u00e9 consacr\u00e9e \u00e0 commenter le choix du jury du concours, en pr\u00e9sence d\u2019Elisabeth Bourguinat, membre associatif du jury, et d\u2019Olivier P\u00e9ray, membre associatif de la commission technique du concours.<\/li>\n<li><a href=\"http:\/\/www.accomplir.asso.fr\/dossiers\/renovation\/07%20concours%20PAV_189_CP.pdf\" target=\"_blank\" rel=\"noopener\">Dossier de presse de l\u2019exposition \u00ab 10 projets \u2013 Concours international pour la r\u00e9novation des Halles \u00bb<\/a> pr\u00e9sent\u00e9e au Pavillon de l\u2019Arsenal du 12 juillet au 9 septembre 2007 (juillet 2007).<\/li>\n<li>Contribution du Comit\u00e9 de soutien et de promotion du jardin d\u2019aventure : \u00ab <a href=\"http:\/\/www.accomplir.asso.fr\/dossiers\/renovation\/06%20Propositions%20concretes%20de%20jeux%20Comite%20Lalanne.pdf\" target=\"_blank\" rel=\"noopener\">Propositions concernant les jeux du futur Jardin des Halles par tranche d\u2019\u00e2ge<\/a> \u00bb (30\/06\/07).<\/li>\n<li><a href=\"http:\/\/www.accomplir.asso.fr\/dossiers\/renovation\/09%20communique%20second%20life%20resultats.pdf\" target=\"_blank\" rel=\"noopener\">R\u00e9sultats du concours d\u2019id\u00e9es pour la r\u00e9novation du Jardin des Halles lanc\u00e9 sur Second Life par l\u2019association ACCOMPLIR<\/a> (28\/06\/07). Le projet gagnant (<a href=\"http:\/\/www.accomplir.asso.fr\/actualite\/second-life\/Dossier%20SL%20gagnant.pdf\" target=\"_blank\" rel=\"noopener\">description<\/a> et <a href=\"http:\/\/www.accomplir.asso.fr\/actualite\/second-life\/JardinHalles_Joshua_Culdesac.pdf\" target=\"_blank\" rel=\"noopener\">photos<\/a>), <a href=\"http:\/\/www.accomplir.asso.fr\/dossiers\/..\/actualite\/second-life\/jardin_halle_concurrent.asp.html\" target=\"_blank\" rel=\"noopener\">les autres projets<\/a>. Voir le <a href=\"http:\/\/fr.youtube.com\/watch?v=m-auHVNDJmo\" target=\"_blank\" rel=\"noopener\">film du concours<\/a> r\u00e9alis\u00e9 par l\u2019agence Rep\u00e8res.<\/li>\n<li><a href=\"http:\/\/www.accomplir.asso.fr\/dossiers\/renovation\/11%20COMMUNIQUE%20DE%20PRESSE%2028-06-07.pdf\" target=\"_blank\" rel=\"noopener\">Les r\u00e9sultats du concours \u00ab Second life \u00bb seront bient\u00f4t rendus publics<\/a> (28\/06\/07). Nous avons re\u00e7u plusieurs propositions d\u00e9coiffantes et le jury de ce \u00ab concours virtuel \u00bb, compos\u00e9 d\u2019habitants du quartier, va maintenant se r\u00e9unir pour les d\u00e9partager. Les r\u00e9sultats seront annonc\u00e9s le 28 juin. Nous esp\u00e9rons, par cette irruption de la cr\u00e9ativit\u00e9 dans le feuilleton d\u00e9primant qu\u2019on nous impose depuis un an, inciter nos \u00e9lus \u00e0 r\u00e9viser leur position sur le devenir du jardin des Halles. Rien n\u2019oblige \u00e0 casser ce qui fonctionne bien dans le jardin actuel, et pour les parties qui doivent \u00eatre r\u00e9nov\u00e9es, le centre de Paris m\u00e9rite bien qu\u2019on fasse un petit effort d\u2019imagination, d\u2019innovation et de qualit\u00e9 pour justifier un chantier qui co\u00fbtera cher, durera de longs mois et sera p\u00e9nalisant pour tout le quartier.<\/li>\n<li><a href=\"http:\/\/www.accomplir.asso.fr\/dossiers\/renovation\/08%20communique%20mairie%20paris.pdf\" target=\"_blank\" rel=\"noopener\">La Ville annonce une r\u00e9union publique d\u2019information sur le projet de r\u00e9novation des Halles<\/a> pour septembre 2007 : il se sera \u00e9coul\u00e9 pr\u00e8s de deux ans depuis la pr\u00e9c\u00e9dente r\u00e9union publique, en d\u00e9cembre 2005 ! (22\/06\/07) Elle en profite pour organiser un nouvel escamotage : l\u2019ultime r\u00e9union de concertation sur le jardin, traitant de deux questions essentielles, les squares d\u2019enfants et la lisi\u00e8re entre le b\u00e2timent et le jardin, aura lieu au mois de juillet, quand la plupart des associatifs seront partis en vacances\u2026<\/li>\n<li>Vous vous demandez ce que devient le projet des Halles ? vous savez qu\u2019un concours international pour le futur b\u00e2timent a \u00e9t\u00e9 lanc\u00e9 mais vous ignorez tout du cahier des charges ? vous \u00eates inquiet pour le devenir du jardin des Halles, du jardin Lalanne de la place Ren\u00e9 Cassin et de sa grosse t\u00eate ? Devant le refus obstin\u00e9 de la ville d\u2019organiser une r\u00e9union publique, <a href=\"http:\/\/www.accomplir.asso.fr\/dossiers\/renovation\/Affiche%20reunion%20publique%20couleur.pdf\" target=\"_blank\" rel=\"noopener\">nous en organisons une nous-m\u00eame, le mercredi 20 juin 2007, de 19h \u00e0 21h30, \u00e0 la Bourse du travail, 3 rue du Ch\u00e2teau d\u2019eau 75010 Paris, M\u00e9tro R\u00e9publique<\/a>. Voir le <a href=\"http:\/\/www.accomplir.asso.fr\/dossiers\/renovation\/09%20COMMUNIQUE%20DE%20PRESSE%2020-06-07.pdf\" target=\"_blank\" rel=\"noopener\">communiqu\u00e9 de presse<\/a>. En attendant le compte rendu de cette r\u00e9union, voici <a href=\"http:\/\/www.accomplir.asso.fr\/dossiers\/renovation\/07%20Reunion%204%20pages.pdf\" target=\"_blank\" rel=\"noopener\">le<\/a>document de 4 pages distribu\u00e9 aux participants ce soir-l\u00e0.<\/li>\n<li>Tr\u00e8s int\u00e9ressante r\u00e9union du groupe de travail \u00ab voirie \u00bb du CPC, en pr\u00e9sence de Denis Baupin. Plusieurs questions ont \u00e9t\u00e9 abord\u00e9es : la question du fret par voie ferr\u00e9e (dossier qui semblait utopique mais a progress\u00e9), la suppression de certaines tr\u00e9mies de la voirie souterraine, ou encore le r\u00e9am\u00e9nagement de la tr\u00e9mie de la rue du Renard (19\/06\/07). <a href=\"http:\/\/www.accomplir.asso.fr\/dossiers\/20070922\/voirie%2019-06-07.pdf\" target=\"_blank\" rel=\"noopener\">Voir le compte rendu<\/a>. De nombreux documents ont \u00e9t\u00e9 pr\u00e9sent\u00e9s lors de cette r\u00e9union :\n<ul>\n<li><a href=\"http:\/\/www.accomplir.asso.fr\/dossiers\/20070922\/file_32741.pdf\" target=\"_blank\" rel=\"noopener\">Consulter la fiche de compl\u00e9ment sur les calculs de reports de circulation<\/a> (format pdf : 13 ko)<\/li>\n<li>Consulter les diaporamas sur les am\u00e9nagements de la voirie souterraine au format pdf\n<ul>\n<li><a href=\"http:\/\/www.accomplir.asso.fr\/dossiers\/20070922\/file_32743.pdf\" target=\"_blank\" rel=\"noopener\">La voirie souterraine<\/a> (1,9Mo)<\/li>\n<li><a href=\"http:\/\/www.accomplir.asso.fr\/dossiers\/20070922\/file_32744.pdf\" target=\"_blank\" rel=\"noopener\">La tr\u00e9mie de sortie rue du Renard<\/a> (2 Mo)<\/li>\n<li><a href=\"http:\/\/www.accomplir.asso.fr\/dossiers\/20070922\/file_29402.pdf\" target=\"_blank\" rel=\"noopener\">Les impacts sur la circulation : Diapos 1 \u00e0 8<\/a> (2,1Mo)<\/li>\n<li><a href=\"http:\/\/www.accomplir.asso.fr\/dossiers\/20070922\/file_32746.pdf\" target=\"_blank\" rel=\"noopener\">Les impacts sur la circulation : Diapos 9 \u00e0 13<\/a> (2,3Mo)<\/li>\n<li><a href=\"http:\/\/www.accomplir.asso.fr\/dossiers\/20070922\/file_32747.pdf\" target=\"_blank\" rel=\"noopener\">Les impacts sur la circulation : Diapos 14 \u00e0 22<\/a> (1,8Mo)<\/li>\n<li><a href=\"http:\/\/www.accomplir.asso.fr\/dossiers\/20070922\/file_32748.pdf\" target=\"_blank\" rel=\"noopener\">Les impacts sur la circulation : Diapos 23 \u00e0 34<\/a> (3 Mo)<\/li>\n<li><a href=\"http:\/\/www.accomplir.asso.fr\/dossiers\/20070922\/file_32749.pdf\" target=\"_blank\" rel=\"noopener\">Transport de marchandises par voie ferr\u00e9e<\/a> (1,2 Mo)<\/li>\n<\/ul>\n<\/li>\n<\/ul>\n<\/li>\n<li><a href=\"http:\/\/www.accomplir.asso.fr\/dossiers\/renovation\/05%20Tribunal.pdf\" target=\"_blank\" rel=\"noopener\">D\u00e9cision du tribunal annulant deux march\u00e9s pass\u00e9s par la Ville \u00e0 l\u2019agence SEURA<\/a> (12\/06\/07). D\u2019apr\u00e8s ce que nous ont indiqu\u00e9 nos interlocuteurs de la Ville, cette d\u00e9cision n\u2019aura aucun impact sur la poursuite du concours.<\/li>\n<li><a href=\"http:\/\/www.accomplir.asso.fr\/dossiers\/renovation\/03%20CR%20bureau%207%20juin%202007.pdf\" target=\"_blank\" rel=\"noopener\">R\u00e9union du bureau du comit\u00e9 permanent de concertation<\/a> (07\/06\/07).<\/li>\n<li><a href=\"http:\/\/www.accomplir.asso.fr\/dossiers\/renovation\/06%20Etape%209%20final.pdf\" target=\"_blank\" rel=\"noopener\">Etape 9 : Analyse de la prise en compte des demandes d\u2019ACCOMPLIR pour le projet de r\u00e9novation des Halles \u00e0 la veille des r\u00e9sultats du concours sur le b\u00e2timent<\/a> (juin 2007). Au total, le bilan appara\u00eet encore relativement modeste. Pour le jardin, la concertation est bloqu\u00e9e faute d\u2019avoir pr\u00e9vu une concertation sur le cahier des charges avant de confier le dessin du jardin \u00e0 la SEURA : celle-ci, s\u2019accrochant \u00e0 son \u00ab concept \u00bb, refuse de le modifier de fa\u00e7on quelque peu cons\u00e9quente alors qu\u2019il suscite une tr\u00e8s vive opposition de la part des associations. Pour le b\u00e2timent, soulignons que cette \u00e9valuation ne porte encore que sur le cahier des charges et qu\u2019il reste \u00e0 voir si les candidats respecteront ce dernier ou \u00ab oublieront \u00bb une partie de ses prescriptions.<\/li>\n<li><a href=\"http:\/\/www.accomplir.asso.fr\/dossiers\/renovation\/02%20Les%20demandes%20des%20associations.pdf\" target=\"_blank\" rel=\"noopener\">Les associations membres de l\u2019interassociatif ont \u00e0 nouveau \u00e9crit au Maire de Paris et \u00e0 Yves Contassot<\/a> (31\/05\/07) pour pr\u00e9senter une liste de six demandes consensuelles \u00ab minimum \u00bb en ce qui concerne la r\u00e9novation du jardin des Halles. Comme les pr\u00e9c\u00e9dents, ce courrier sign\u00e9 par 11 associations n\u2019a re\u00e7u aucune r\u00e9ponse.<\/li>\n<li><a href=\"http:\/\/www.accomplir.asso.fr\/dossiers\/renovation\/04%20CR%20interasso%2030-05-07.pdf\" target=\"_blank\" rel=\"noopener\">Treizi\u00e8me r\u00e9union interassociative<\/a> (30\/05\/07). La r\u00e9union a \u00e9t\u00e9 consacr\u00e9e \u00e0 la pr\u00e9paration d\u2019un courrier de demandes consensuelles au Maire de Paris et \u00e0 Yves Contassot, et \u00e0 une discussion entre les associations sur les positions que leur repr\u00e9sentante, Elisabeth Bourguinat, doit d\u00e9fendre prioritairement lors de la r\u00e9union du jury du concours.<\/li>\n<li>R\u00e9union du groupe de travail th\u00e9matique \u00ab jardin \u00bb (21\/05\/07). <a href=\"http:\/\/www.accomplir.asso.fr\/dossiers\/renovation\/10%20delaunay.pdf\" target=\"_blank\" rel=\"noopener\">Voir le rapport final de l\u2019atelier de Launay<\/a>. Voir le <a href=\"http:\/\/www.accomplir.asso.fr\/dossiers\/20071111\/08%20GTT%20jardin%2021-05-07.pdf\" target=\"_blank\" rel=\"noopener\">compte rendu officiel<\/a> de cette r\u00e9union extr\u00eamement houleuse.<\/li>\n<li>R\u00e9novation du jardin des Halles : <a href=\"http:\/\/www.accomplir.asso.fr\/dossiers\/renovation\/Echec%20concertation.pdf\" target=\"_blank\" rel=\"noopener\">\u00e9chec total de la concertation<\/a>. Nous n\u2019avons strictement rien obtenu ! (mai 2007).<\/li>\n<li><a href=\"http:\/\/www.accomplir.asso.fr\/dossiers\/renovation\/communique%2014-05-07%20version%203.pdf\" target=\"_blank\" rel=\"noopener\">L\u2019association ACCOMPLIR d\u00e9ment cat\u00e9goriquement les propos tenus devant la presse par Yves Contassot<\/a> (14\/05\/07), selon lesquels les r\u00e9sultats de la concertation auraient \u00e9t\u00e9 pris en compte dans le projet de jardin de la SEURA. La concertation factice qui se poursuit depuis un an maintenant cherche \u00e0 faire cautionner par les associations un dessin arbitraire que la SEURA et Yves Contassot se refusent \u00e0 modifier.<\/li>\n<li>Au lieu d\u2019organiser la r\u00e9union publique r\u00e9clam\u00e9e depuis des mois vainement par les associations et le garant de la concertation des Halles, Yves Contassot a pr\u00e9f\u00e9r\u00e9 pr\u00e9senter le une conf\u00e9rence de presse (10\/05\/07) dont les associations \u00e9taient exclues et qui \u00e9tait manifestement destin\u00e9e \u00e0 convaincre les journalistes que les apports de la concertation avaient \u00e9t\u00e9 int\u00e9gr\u00e9s au projet ! <a href=\"http:\/\/www.accomplir.asso.fr\/dossiers\/renovation\/03%20PPT%20Jardin%2021-05-07.pdf\" target=\"_blank\" rel=\"noopener\">Voir le power-point<\/a> recensant les \u00e9volutions du projet auxquelles se r\u00e9duit le r\u00e9sultat de la concertation.<\/li>\n<li><a href=\"http:\/\/www.accomplir.asso.fr\/dossiers\/renovation\/02%20Lettre%20Maire%20Accomplir%20Jardin.pdf\" target=\"_blank\" rel=\"noopener\">Lettre ouverte au Maire de Paris \u00e0 propos de la r\u00e9novation du Jardin des Halles<\/a> (04\/05\/07). Dans ce texte \u00e9crit \u00e0 la suite du texte de mars 2007 de la Ville (Le jardin des Halles : objectifs et \u00e9volutions du projet), nous demandons au Maire de Paris d\u2019opter entre deux solutions : soit retirer le projet de jardin \u00e0 la SEURA, organiser la concertation sur un cahier des charges et lancer un concours sur le jardin ; soit r\u00e9examiner de pr\u00e8s les options prises unilat\u00e9ralement par la SEURA et lui demander de modifier sensiblement son dessin actuel pour qu\u2019il r\u00e9ponde mieux aux besoins et aux attentes de l\u2019ensemble des usagers et des riverains, et s\u2019int\u00e8gre mieux au quartier (voir le <a href=\"http:\/\/www.accomplir.asso.fr\/dossiers\/renovation\/03%20communique%20jardin.pdf\" target=\"_blank\" rel=\"noopener\">Communiqu\u00e9 de presse<\/a>). Plusieurs autres associations ont \u00e9galement adress\u00e9 des textes de d\u00e9nonciation de cette pseudo-concertation au Maire de Paris et \u00e0 Yves Contassot : l\u2019<a href=\"http:\/\/www.accomplir.asso.fr\/dossiers\/renovation\/06%20Contribution%20Atelier%20des%20Halles.pdf\" target=\"_blank\" rel=\"noopener\">Atelier des Halles<\/a>, le <a href=\"http:\/\/www.accomplir.asso.fr\/dossiers\/renovation\/08%20Contribution%20CDQ%20Halles.pdf\" target=\"_blank\" rel=\"noopener\">conseil de quartier des Halles<\/a>, le <a href=\"http:\/\/www.accomplir.asso.fr\/dossiers\/renovation\/09%20Contribution%20Comite%20Lalanne.pdf\" target=\"_blank\" rel=\"noopener\">Comit\u00e9 Lalanne<\/a>, l\u2019<a href=\"http:\/\/www.accomplir.asso.fr\/dossiers\/renovation\/07%20Contribution%20ADR.pdf\" target=\"_blank\" rel=\"noopener\">Association Ch\u00e2telet-les Halles<\/a>, le <a href=\"http:\/\/www.accomplir.asso.fr\/dossiers\/renovation\/10%20Contribution%20DGB%20MC.pdf.pdf\" target=\"_blank\" rel=\"noopener\">groupe interassociatif des Halles<\/a>, le <a href=\"http:\/\/www.accomplir.asso.fr\/dossiers\/renovation\/11%20Contribution%20Parole%20des%20Halles.pdf\" target=\"_blank\" rel=\"noopener\">collectif Parole des Halles<\/a>.<\/li>\n<li><a href=\"http:\/\/www.accomplir.asso.fr\/dossiers\/renovation\/05%20CR%20Bureau%203%20mai%202007.pdf\" target=\"_blank\" rel=\"noopener\">R\u00e9union du bureau du CPC<\/a> (03\/05\/07)<\/li>\n<li><a href=\"http:\/\/www.accomplir.asso.fr\/dossiers\/renovation\/15%20interasso%2002-05-07.pdf\" target=\"_blank\" rel=\"noopener\">Douzi\u00e8me r\u00e9union interassociative<\/a> (02\/05\/07). Cette r\u00e9union a port\u00e9 essentiellement sur l\u2019attitude \u00e0 avoir face \u00e0 la situation de blocage constat\u00e9e. La d\u00e9cision est prise d\u2019envoyer une s\u00e9rie de contributions associatives au Maire de Paris.<\/li>\n<li><a href=\"http:\/\/www.accomplir.asso.fr\/dossiers\/renovation\/01%20Texte%20jardin%20contassot%2029-03-07.pdf\" target=\"_blank\" rel=\"noopener\">Le Jardin des Halles : objectifs et \u00e9volutions du projet<\/a> (mars 2007), texte r\u00e9dig\u00e9 par la SEURA pour le compte de la Ville et cens\u00e9 expliquer les objectifs et enjeux du projet ainsi que le processus d\u2019\u00e9laboration du projet. En fait, une \u00e9ni\u00e8me tentative de justification a posteriori de d\u00e9cisions prises unilat\u00e9ralement par la SEURA.<\/li>\n<li><a href=\"http:\/\/www.accomplir.asso.fr\/dossiers\/renovation\/12%20CR%20GTT%20Delaunay.pdf\" target=\"_blank\" rel=\"noopener\">Analyse et synth\u00e8se des travaux de concertation de l\u2019Atelier de Launay \u00e0 travers les ateliers adultes et enfants<\/a> (30\/04\/07). Encore une \u00e9tude sur le jardin, qui rend compte de fa\u00e7on relativement fid\u00e8le des demandes des parents lors de ces r\u00e9unions : aura-t-elle davantage d\u2019impact que les pr\u00e9c\u00e9dentes, et notamment que l\u2019enqu\u00eate IPSOS, d\u00e9lib\u00e9r\u00e9ment ignor\u00e9e par la SEURA et Yves Contassot ?<\/li>\n<li>Le comit\u00e9 de soutien et de promotion du jardin d\u2019aventure se r\u00e9jouit de la <a href=\"http:\/\/www.accomplir.asso.fr\/dossiers\/renovation\/04%20Jardin%20lalanne.pdf\" target=\"_blank\" rel=\"noopener\">r\u00e9ouverture prochaine (mais partielle) du Jardin Lalanne<\/a> apr\u00e8s travaux de mise aux normes (25\/04\/2007).<\/li>\n<li><a href=\"http:\/\/www.accomplir.asso.fr\/dossiers\/renovation\/13%20fiche2%20GTT2%20voirie%2023-04-2007.pdf\" target=\"_blank\" rel=\"noopener\">R\u00e9union de concertation sur la voirie<\/a> (23\/04\/07). Voir le diaporama :\n<ul>\n<li>Diapos 1 \u00e0 15 - <a href=\"http:\/\/www.accomplir.asso.fr\/dossiers\/renovation\/file_29402.pdf\" target=\"_blank\" rel=\"noopener\">Introduction - La restitution des circulations pi\u00e9tonnes<\/a> (2,02Mo)<\/li>\n<li>Diapos 16 \u00e0 30 - <a href=\"http:\/\/www.accomplir.asso.fr\/dossiers\/renovation\/file_29403.pdf\" target=\"_blank\" rel=\"noopener\">La restitution des circulations pi\u00e9tonnes (suite) - La zone pi\u00e9tonne des Halles<\/a> (2,30Mo)<\/li>\n<li>Diapos 31 \u00e0 41 - <a href=\"http:\/\/www.accomplir.asso.fr\/dossiers\/renovation\/file_29404.pdf\" target=\"_blank\" rel=\"noopener\">La zone pi\u00e9tonne des Halles (suite) - Les stationnements<\/a> (1,99Mo)<\/li>\n<li>Diapos 42 \u00e0 58 - <a href=\"http:\/\/www.accomplir.asso.fr\/dossiers\/renovation\/file_29405.pdf\" target=\"_blank\" rel=\"noopener\">Les stationnements (suite) - La circulation des v\u00e9los - Les livraisons<\/a> (2,64 Mo)<\/li>\n<li>Diapos 59 \u00e0 71- <a href=\"http:\/\/www.accomplir.asso.fr\/dossiers\/renovation\/file_29406.pdf\" target=\"_blank\" rel=\"noopener\">Les espaces v\u00e9g\u00e9taux<\/a> (2,73Mo)<\/li>\n<li>Diapos 72 \u00e0 109 - <a href=\"http:\/\/www.accomplir.asso.fr\/dossiers\/renovation\/file_29407.pdf\" target=\"_blank\" rel=\"noopener\">Les secteurs d'intervention<\/a> (1,95Mo)<\/li>\n<li>Voir le <a href=\"http:\/\/www.accomplir.asso.fr\/dossiers\/20080330\/12%20CR%20voirie%2023-04-07.pdf\" target=\"_blank\" rel=\"noopener\">compte-rendu officiel<\/a><\/li>\n<\/ul>\n<\/li>\n<li>R\u00e9union du groupe th\u00e9matique \u00ab jardin \u00bb (06\/04\/07). Cette r\u00e9union, qui aurait d\u00fb \u00eatre cruciale car elle devait comporter un d\u00e9bat sur le texte \u00ab Le jardin des Halles : objectifs et \u00e9volutions du projet \u00bb, envoy\u00e9 par la Ville, a \u00e9t\u00e9 maintenue \u00e0 la date choisie par Yves Contassot (la veille du week-end de P\u00e2ques et des vacances) alors que les associations r\u00e9unies dans le groupe interassociatif avaient demand\u00e9 son report \u00e0 une date plus adapt\u00e9e compte tenu de son importance et compte tenu \u00e9galement du temps n\u00e9cessaire pour r\u00e9agir \u00e0 ce texte. <a href=\"http:\/\/www.accomplir.asso.fr\/dossiers\/renovation\/01%20CPC%20Jardin%2006-04-07.pdf\" target=\"_blank\" rel=\"noopener\">Le compte rendu r\u00e9v\u00e8le les noms des quelques associations qui se sont pr\u00eat\u00e9es \u00e0 cette r\u00e9union d\u2019escamotage du d\u00e9bat avec la b\u00e9n\u00e9diction du garant<\/a>, les associations membres du groupe interassociatif ayant d\u00e9cid\u00e9 de ne pas y participer.<\/li>\n<li>L\u2019association Accomplir organise un concours d\u2019id\u00e9es pour le r\u00e9am\u00e9nagement du Jardin des Halles sur Second Life, un monde 3D en ligne imagin\u00e9, cr\u00e9\u00e9 et poss\u00e9d\u00e9 par ses habitants (05\/04\/07). Ses partenaires sont : l\u2019agence Rep\u00e8res, qui assure la gestion du concours sur Second Life ; pourquoitucours (l\u2019agence des id\u00e9es) qui assure la communication du concours et la diffusion des r\u00e9sultats \u00ab dans la vraie vie \u00bb. Voir le <a href=\"http:\/\/www.accomplir.asso.fr\/actualite\/second-life\/communique%20de%20presse%20v3%20corr%20eb.pdf\" target=\"_blank\" rel=\"noopener\">communiqu\u00e9 de presse<\/a>, le <a href=\"http:\/\/www.accomplir.asso.fr\/actualite\/second-life\/CDC.pdf\">cahier des charges<\/a>, le <a href=\"http:\/\/www.accomplir.asso.fr\/actualite\/second-life\/Plan%20allege.jpg\">plan<\/a>, le <a href=\"http:\/\/www.accomplir.asso.fr\/actualite\/second-life\/reglement%20%20en%20francais%20DEF.pdf\" target=\"_blank\" rel=\"noopener\">r\u00e8glement du concours<\/a>.<\/li>\n<li><a href=\"http:\/\/www.accomplir.asso.fr\/dossiers\/renovation\/14%20interasso%2002.04.07.pdf\" target=\"_blank\" rel=\"noopener\">Onzi\u00e8me r\u00e9union interassociative<\/a> (02\/04\/07). Cette r\u00e9union a port\u00e9 sur l\u2019hypoth\u00e8se d\u2019un abandon du projet de la SEURA, sur la demande d\u2019un report de la r\u00e9union pr\u00e9vue le 6 avril (veille du week-end et des vacances de P\u00e2ques, avec beaucoup d\u2019absents pr\u00e9visibles alors que cette r\u00e9union devait \u00eatre cruciale, et par ailleurs d\u00e9lai trop court pour r\u00e9pondre au texte tr\u00e8s d\u00e9cevant envoy\u00e9 par la Ville, \u00ab Objectif et \u00e9volutions\u2026 \u00bb), sur le projet d\u2019organiser une r\u00e9union publique, sur le bilan du cahier des charges du Forum r\u00e9nov\u00e9.<\/li>\n<li><a href=\"http:\/\/www.accomplir.asso.fr\/dossiers\/renovation\/08%20Avis%20AUT%20Pole%20RER.pdf\" target=\"_blank\" rel=\"noopener\">Avis de la FNAUT (Association des usagers des transports Ile de France) sur le r\u00e9am\u00e9nagement du p\u00f4le RER de Ch\u00e2telet-les-Halles<\/a> (19\/03\/07) : \u00ab Le demi-million de voyageurs franciliens qui transitent quotidiennement dans la gare RER, mais aussi les nombreux visiteurs auxquels les Halles offrent une facette de la capitale, m\u00e9ritent tous les actions propos\u00e9es qui concourent \u00e0 am\u00e9liorer l\u2019accessibilit\u00e9, l\u2019agr\u00e9ment des circulations, la qualit\u00e9 de l\u2019information et des services, et bien s\u00fbr aussi la s\u00e9curit\u00e9. \u00bb<\/li>\n<li><a href=\"http:\/\/www.accomplir.asso.fr\/dossiers\/renovation\/07%20bureau%20CPC%2015%20mars%202007.pdf\" target=\"_blank\" rel=\"noopener\">R\u00e9union du bureau du Comit\u00e9 permanent de concertation<\/a> (15\/03\/07)<\/li>\n<li>Lors de la r\u00e9union de concertation du 13 mars pr\u00e9sid\u00e9e par Yves Contassot, la directrice de l\u2019Urbanisme, Mme Barb\u00e9, a affirm\u00e9 que le cahier des charges du jardin avait d\u00e9j\u00e0 \u00e9t\u00e9 \u00e9tabli et vot\u00e9 par le Conseil de Paris (13\/03\/07). Nous avons rassembl\u00e9 ci-dessous tout ce qui, \u00e0 notre connaissance, a \u00e9t\u00e9 vot\u00e9 sur le projet de r\u00e9novation du jardin des Halles depuis l\u2019origine : <a href=\"http:\/\/www.accomplir.asso.fr\/dossiers\/renovation\/01%20extrait%20delib%202002.pdf\" target=\"_blank\" rel=\"noopener\">la d\u00e9lib\u00e9ration originelle de d\u00e9cembre 2002<\/a> (extraits concernant le jardin : environ une demi-page en tout) ; <a href=\"http:\/\/www.accomplir.asso.fr\/dossiers\/renovation\/02%20Programme%20definitf%202003%20-%20Le%20Jardin.pdf\" target=\"_blank\" rel=\"noopener\">le programme d\u00e9finitif de 2003<\/a> (trois pages sur le jardin) ; <a href=\"http:\/\/www.accomplir.asso.fr\/dossiers\/renovation\/03%20extrait%20delib%2008-02-05.pdf\" target=\"_blank\" rel=\"noopener\">la d\u00e9lib\u00e9ration de f\u00e9vrier 2005<\/a> (une demi-page) ; <a href=\"http:\/\/www.accomplir.asso.fr\/dossiers\/renovation\/04%20delib%2026%20et%2027%20septembre%202005.pdf\" target=\"_blank\" rel=\"noopener\">la d\u00e9lib\u00e9ration de septembre 2005<\/a> (qui ne dit rien sur le fond) ; <a href=\"http:\/\/www.accomplir.asso.fr\/dossiers\/renovation\/05%20programme%20jardin%202005.pdf\" target=\"_blank\" rel=\"noopener\">le programme du march\u00e9 subs\u00e9quent accord\u00e9 \u00e0 Mangin en octobre 2005<\/a> (une page). Aucune trace de quelque chose qui corresponde \u00e0 ce qu\u2019on appelle un cahier des charges parmi tous ces documents. Le Jardin des Halles est donc redessin\u00e9 sans qu\u2019un cahier des charges ait \u00e9t\u00e9 \u00e9tabli, ni a fortiori concert\u00e9 ! <a href=\"http:\/\/www.accomplir.asso.fr\/dossiers\/renovation\/02%20CPC%20Jardin%2013-03-07.pdf\" target=\"_blank\" rel=\"noopener\">Voir le compte-rendu officiel de cette r\u00e9union<\/a>.<\/li>\n<li>R\u00e9union du groupe th\u00e9matique \u00ab jardin \u00bb (13\/03\/07), avec \u00e0 l\u2019ordre du jour \u00ab la s\u00e9curit\u00e9 \u00bb et \u00ab Le projet v\u00e9g\u00e9tal et la place de l\u2019eau dans le jardin \u00bb. Consulter le <a href=\"http:\/\/www.accomplir.asso.fr\/dossiers\/renovation\/07%20PPT%20SEURA%20jardin%2013-03-07.pdf\" target=\"_blank\" rel=\"noopener\">power-point r\u00e9alis\u00e9 par la SEURA, o\u00f9 seul le choix des arbres, fleurs et des fontaines est abord\u00e9<\/a>, dans un projet qui ne change pas d\u2019un pouce d\u2019une r\u00e9union \u00e0 l\u2019autre. <a href=\"http:\/\/www.accomplir.asso.fr\/dossiers\/renovation\/11%20CPC%20Jardin%20des%20Halles%2013-03-07.pdf\" target=\"_blank\" rel=\"noopener\">Les associations ont \u00e9t\u00e9 unanimes pour refuser cet ordre du jour<\/a> et ont demand\u00e9 une vraie concertation sur un cahier des charges, avant de songer \u00e0 tracer le dessin du futur jardin.<\/li>\n<li><a href=\"http:\/\/www.accomplir.asso.fr\/dossiers\/renovation\/02%20Reflexions%20interasso%20Jardin.pdf\" target=\"_blank\" rel=\"noopener\">Texte de r\u00e9flexion-diagnostic demand\u00e9 par la r\u00e9union interassociative du 5 f\u00e9vrier 2007 \u00e0 deux de ses membres pour servir de base \u00e0 la discussion sur les axes fondamentaux du projet de r\u00e9novation du jardin<\/a> (10\/03\/07). Ce texte a \u00e9t\u00e9 r\u00e9dig\u00e9 par Dominique Goy-Blanquet (conseil de quartier des Halles) et Mich\u00e8le Collin (Atelier des Halles) et adress\u00e9 \u00e0 Bertrand Delano\u00eb, Yves Contassot et Jean-Pierre Caffet. <a href=\"http:\/\/www.accomplir.asso.fr\/dossiers\/renovation\/03%20Courrier%20maire%20de%20paris%20chgt%20odj%2013%20mars.pdf\" target=\"_blank\" rel=\"noopener\">La lettre qui l\u2019accompagne, r\u00e9dig\u00e9e par le secr\u00e9taire des r\u00e9unions interassociative au nom de leurs participants, exprime le refus de l\u2019ordre du jour de la prochaine r\u00e9union du CPC sur le Jardin des Halles, ressentie par les associations comme une insulte<\/a> : il est question du choix des fleurs et v\u00e9g\u00e9taux et de la conception des fontaines dans le futur jardin alors que depuis des mois, les associations s\u2019\u00e9puisent vainement \u00e0 r\u00e9p\u00e9ter \u00e0 Yves Contassot que le dessin g\u00e9n\u00e9ral du jardin pr\u00e9sent\u00e9 par SEURA-Mangin, qui n\u2019a jamais \u00e9t\u00e9 concert\u00e9, ne convient \u00e0 personne !<\/li>\n<li>Le garant de la concertation, <a href=\"http:\/\/www.accomplir.asso.fr\/dossiers\/renovation\/06%20courrier%20garant%20contassot%2009-03-07.pdf\" target=\"_blank\" rel=\"noopener\">Thierry Le Roy, \u00e9crit \u00e0 Yves Contassot pour constater les dysfonctionnements de la concertation sur le jardin<\/a> (09\/03\/07), et notamment l\u2019absence de document de r\u00e9f\u00e9rence \u00e0 partir duquel la SEURA-Mangin serait cens\u00e9e travailler sur le jardin. En d\u2019autres termes, il n\u2019y a pas de cahier des charges !<\/li>\n<li><a href=\"http:\/\/www.accomplir.asso.fr\/dossiers\/renovation\/04%20CR%2007.03.07%20interassoc.pdf\" target=\"_blank\" rel=\"noopener\">Dixi\u00e8me r\u00e9union interassociative<\/a> (07\/03\/07). Cette r\u00e9union a port\u00e9 sur l\u2019organisation de ces rencontres interassociatives ; sur le r\u00f4le des repr\u00e9sentants associatifs dans le concours international sur le futur b\u00e2timent ; sur un projet de r\u00e9union publique ; sur la prochaine r\u00e9union de concertation GTT jardin et notamment le refus de l\u2019ordre du jour propos\u00e9 (\u201cle projet v\u00e9g\u00e9tal et la place de l\u2019eau dans le jardin\u201d) et l\u2019envoi d\u2019une lettre proposant un nouvel ordre du jour \u00e0 Yves Contassot.<\/li>\n<li><a href=\"http:\/\/www.accomplir.asso.fr\/dossiers\/renovation\/08%20bureau%20CPC%2015-02-07.pdf\" target=\"_blank\" rel=\"noopener\">R\u00e9union du bureau du Comit\u00e9 permanent de concertation<\/a> (15\/02\/07).<\/li>\n<li><a href=\"http:\/\/www.accomplir.asso.fr\/dossiers\/renovation\/01%20reu%20interassociative%2005-02-07.pdf\" target=\"_blank\" rel=\"noopener\">Neuvi\u00e8me r\u00e9union interassociative<\/a> (05\/02\/07). Cette r\u00e9union a port\u00e9 sur la composition du bureau du CPC ; la concertation organis\u00e9e par le STIF ; la concertation sur le jardin ; la concertation sur l\u2019emploi ; la demande d\u2019une r\u00e9union publique.<\/li>\n<li>Malgr\u00e9 l\u2019abandon du terme \u00ab Carreau \u00bb dans le cahier des charges du concours, le terme figure toujours dans l\u2019intitul\u00e9 du concours et il est abondamment repris par la presse. Nous craignons que les candidats, induits en erreur par ce nom martel\u00e9 depuis des mois par la SEURA et la Ville, s\u2019inspirent de l\u2019ancien projet architectural de David Mangin au lieu de s\u2019en tenir \u00e0 sa strat\u00e9gie urbaine. <a href=\"http:\/\/www.accomplir.asso.fr\/dossiers\/renovation\/05%20arguments%20toit%20passerelle.pdf\" target=\"_blank\" rel=\"noopener\">Couvrir le crat\u00e8re par un toit et le franchir par une passerelle serait pourtant une double erreur particuli\u00e8rement dommageable pour l\u2019avenir du site<\/a> (03\/02\/07)<\/li>\n<li>La Ville nous a communiqu\u00e9 <a href=\"http:\/\/www.accomplir.asso.fr\/dossiers\/renovation\/14%20Extrait% 20cahier%20charges%20v5%20pr%20diffus.pdf\" target=\"_blank\" rel=\"noopener\">la partie du cahier des charges d\u00e9finitif du futur b\u00e2timent du Forum sur laquelle les associations avaient pu travailler<\/a> (31\/01\/07). Nous esp\u00e9rons disposer bient\u00f4t du document complet, qui \u00e0 notre sens devrait \u00eatre public.<\/li>\n<li>Yves Contassot continue \u00e0 \u00e9luder la concertation sur le Jardin Lalanne et refuse d\u2019organiser une r\u00e9union alors que les \u00e9tudes de la Ville pour sa remise aux normes ont largement progress\u00e9. C\u2019est l\u2019occasion pour nous de rappeler <a href=\"http:\/\/www.accomplir.asso.fr\/dossiers\/renovation\/12%20le%20point%20sur%20lalanne.pdf\" target=\"_blank\" rel=\"noopener\">l\u2019historique de cette affaire aussi consternante qu\u2019absurde<\/a> et d\u2019ouvrir des perspectives (30\/01\/07)<\/li>\n<li>En pr\u00e9vision de la r\u00e9union de travail du 26\/01\/07, l\u2019Atelier Delaunay a enfin adress\u00e9 aux participants le <a href=\"http:\/\/www.accomplir.asso.fr\/dossiers\/renovation\/11%20document%20travail%20Delaunay%20janv%2007.pdf\" target=\"_blank\" rel=\"noopener\">compte rendu de la premi\u00e8re r\u00e9union<\/a> (novembre dernier !). Dans le r\u00e9sum\u00e9 final du brainstorming, nous remarquons que cinq th\u00e8mes cit\u00e9s par le compte-rendu non officiel de cette s\u00e9ance ont \u00e9t\u00e9 supprim\u00e9s : \u00ab loin des parents, \u00ab parcours, \u00ab protection \u00bb, \u00ab miniature \u00bb, \u00ab \u00e0 l\u2019\u00e9chelle de l\u2019enfant \u00bb. Chacun aura remarqu\u00e9 qu\u2019il s\u2019agit d\u2019\u00e9l\u00e9ments caract\u00e9ristiques du jardin Lalanne. Simple hasard ou manipulation ?<\/li>\n<li><a href=\"http:\/\/www.accomplir.asso.fr\/dossiers\/renovation\/10%20CRBureau22janvier2007.pdf\" target=\"_blank\" rel=\"noopener\">R\u00e9union de bureau du CPC<\/a> (22\/01\/07)<\/li>\n<li><a href=\"http:\/\/www.accomplir.asso.fr\/dossiers\/renovation\/13%20Reponse%20Maire%20de%20Paris%20Lalanne.pdf\" target=\"_blank\" rel=\"noopener\">Courrier du Maire de Paris \u00e0 la petite Emma \u00e0 propos du Jardin Lalanne<\/a> (19\/01\/07). Un petit mot de deux lettres, \"si\", nous a rendu tous nos espoirs et nous a confirm\u00e9 que Bertrand Delano\u00eb n\u2019entendait pas prendre sur cette question une d\u00e9cision arbitraire, en dehors de toute concertation.<\/li>\n<li><a href=\"http:\/\/www.accomplir.asso.fr\/dossiers\/renovation\/A%20-%20comm%20mairie%20paris%2018-01-07.pdf\" target=\"_blank\" rel=\"noopener\">Le jury a d\u00e9sign\u00e9 les dix candidats admis \u00e0 pr\u00e9senter un projet<\/a> au concours pour le futur b\u00e2timent du Forum des Halles (18\/01\/07). Il s\u2019agit de <a href=\"http:\/\/www.jacques- ferrier.com\/intro.swf\" target=\"_blank\" rel=\"noopener\">Jacques Ferrier<\/a>, <a href=\"http:\/\/www.mimram.com\" target=\"_blank\" rel=\"noopener\">Marc Mimram<\/a>, <a href=\"http:\/\/archiguide.free.fr\/AR\/chemetov.htm\" target=\"_blank\" rel=\"noopener\">Paul Chemetov<\/a>, <a href=\"http:\/\/www.dubesset-lyon.com\" target=\"_blank\" rel=\"noopener\">Du Besset \u2013 Lyon<\/a>, <a href=\"http:\/\/www.fuksas.it\/html\/index.html\" target=\"_blank\" rel=\"noopener\">Massimiliano Fuksas<\/a>, <a href=\"http:\/\/www.berger- anziutti.com\/\">Berger &amp; Anziutti<\/a>, <a href=\"http:\/\/www.mansilla- tunon.com\" target=\"_blank\" rel=\"noopener\">Mansilla &amp; Tu\u00f1on<\/a>, <a href=\"http:\/\/www.stephanemaupin.com\/popitup\" target=\"_blank\" rel=\"noopener\">Maupin &amp; Poitevin<\/a>, <a href=\"http:\/\/www.peripheriques- architectes.com\" target=\"_blank\" rel=\"noopener\">Marin &amp; Trottin<\/a>, <a href=\"http:\/\/archiguide.free.fr\/AR\/ito.htm\" target=\"_blank\" rel=\"noopener\">Toyo Ito<\/a>.<\/li>\n<li>R\u00e9union du groupe de travail th\u00e9matique \u00ab jardin \u00bb (16\/01\/07). Consulter <a href=\"http:\/\/www.accomplir.asso.fr\/dossiers\/renovation\/06%20CR%20GTT%20jardin%2016-01-07.pdf\" target=\"_blank\" rel=\"noopener\">l\u2019an\u00e9mique compte-rendu officiel<\/a>. Parmi les perles de cet exercice de langue de bois : \u00ab La concertation s\u2019articule sur les contributions et les questions formul\u00e9es par les associations, sans refuser l\u2019\u00e9vocation d\u2019aucun sujet. Cependant, les diff\u00e9rents items seront trait\u00e9s dans un processus d\u2019\u00e9tude th\u00e9matique, pour permettre l\u2019int\u00e9gration des contraintes et mener les \u00e9tudes techniques de mani\u00e8re pragmatique. Le temps entre la formulation des demandes et les propositions d\u2019\u00e9volution ne signifie pas l\u2019intangibilit\u00e9 du projet. \u00bb En d\u2019autres termes, Yves Contassot veut bien parler de tout et n\u2019exclut pas compl\u00e8tement toute possibilit\u00e9 de modification du projet mais les modifications viendront \u00e0 la fin de l\u2019ensemble des d\u00e9bats, au moment o\u00f9 il arbitrera : en attendant la divine surprise ou le total d\u00e9senchantement, on est apparemment pri\u00e9 de se contenter d\u2019un dialogue de sourds et d\u2019un travail en aveugle, o\u00f9 nous r\u00e9p\u00e9tons sans rel\u00e2che nos demandes et o\u00f9 il d\u00e9fend pied \u00e0 pied l\u2019absurde projet actuel ? Voir le power-point : <a href=\"http:\/\/www.accomplir.asso.fr\/dossiers\/renovation\/file_28249.pdf\" target=\"_blank\" rel=\"noopener\">diapos 1 \u00e0 12<\/a>, <a href=\"http:\/\/www.accomplir.asso.fr\/dossiers\/renovation\/file_28285.pdf\" target=\"_blank\" rel=\"noopener\">diapos 13 \u00e0 21<\/a>, <a href=\"http:\/\/www.accomplir.asso.fr\/dossiers\/renovation\/file_28286.pdf\" target=\"_blank\" rel=\"noopener\">diapos 22 \u00e0 25<\/a>, <a href=\"http:\/\/www.accomplir.asso.fr\/dossiers\/renovation\/file_28287.pdf\" target=\"_blank\" rel=\"noopener\">diapos 26 \u00e0 30<\/a>,<a href=\"http:\/\/www.accomplir.asso.fr\/dossiers\/renovation\/file_28288.pdf\" target=\"_blank\" rel=\"noopener\">diapos 31 \u00e0 36<\/a>, <a href=\"http:\/\/www.accomplir.asso.fr\/dossiers\/renovation\/file_28289.pdf\" target=\"_blank\" rel=\"noopener\">diapos 37 \u00e0 51<\/a>, <a href=\"http:\/\/www.accomplir.asso.fr\/dossiers\/renovation\/file_28290.pdf\" target=\"_blank\" rel=\"noopener\">diapos 52 \u00e0 60<\/a>, <a href=\"http:\/\/www.accomplir.asso.fr\/dossiers\/renovation\/file_28291.pdf\" target=\"_blank\" rel=\"noopener\">diapos 61 \u00e0 69<\/a>.<\/li>\n<li>Le Maire du 1er a organis\u00e9 une r\u00e9union de concertation sur le projet de jardin propos\u00e9 par la SEURA-Mangin (15\/01\/07). <a href=\"http:\/\/www.accomplir.asso.fr\/dossiers\/renovation\/03%20Motion%20JFL%2015-01-07.pdf\" target=\"_blank\" rel=\"noopener\">Une motion a \u00e9t\u00e9 adopt\u00e9e \u00e0 la quasi-unanimit\u00e9 \u00e0 l\u2019issue de cette r\u00e9union<\/a>.<\/li>\n<li>En pr\u00e9vision de la r\u00e9union de CPC consacr\u00e9e au Jardin et en l\u2019absence de documents d\u2019avancement de la concertation de la part du cabinet de M. Contassot, <a href=\"http:\/\/www.accomplir.asso.fr\/dossiers\/renovation\/06%20synthese%20garant%20jardin%2016-01-07.pdf\" target=\"_blank\" rel=\"noopener\">le garant Thierry le Roy a tent\u00e9 une synth\u00e8se de cet avancement<\/a> (12\/01\/07)<\/li>\n<li>Lors de la r\u00e9union du CPC consacr\u00e9e au \u00ab balayage final \u00bb du cahier des charges du concours sur le futur b\u00e2timent du Forum (09\/01\/07), Accomplir a pr\u00e9sent\u00e9 <a href=\"http:\/\/www.accomplir.asso.fr\/dossiers\/renovation\/01%20contrib%20accomplir%2009-01-07.pdf\" target=\"_blank\" rel=\"noopener\">une analyse d\u00e9taill\u00e9e de la version provisoire du cahier des charges<\/a> afin d\u2019en souligner les nombreux points positifs et d\u2019insister sur certains souhaits non encore satisfaits. <a href=\"http:\/\/www.accomplir.asso.fr\/dossiers\/renovation\/02%20Contribution%20Laborde.pdf\" target=\"_blank\" rel=\"noopener\">A l\u2019initiative du GIE des commer\u00e7ants<\/a>, l\u2019ensemble des associations a demand\u00e9 et obtenu \u00e0 la derni\u00e8re minute l\u2019abandon du terme \u00ab Carreau \u00bb pour d\u00e9signer le futur b\u00e2timent du Forum. Apr\u00e8s la r\u00e9union, Accomplir a publi\u00e9 dans sa Lettre <a href=\"http:\/\/www.accomplir.asso.fr\/dossiers\/renovation\/15%20bilan%20accomplir%20CDC%2009-01-07.pdf\" target=\"_blank\" rel=\"noopener\">un court bilan plut\u00f4t positif<\/a>. Voir le <a href=\"http:\/\/www.accomplir.asso.fr\/dossiers\/renovation\/01%20balayage%20final%2009-01-07.pdf\" target=\"_blank\" rel=\"noopener\">compte rendu officiel de cette r\u00e9union<\/a>.<\/li>\n<li>Le Maire de Paris a d\u00e9sign\u00e9 <a href=\"http:\/\/www.accomplir.asso.fr\/dossiers\/renovation\/candidature%20Bourguinat.pdf\" target=\"_blank\" rel=\"noopener\">Elisabeth Bourguinat<\/a>, la secr\u00e9taire d\u2019Accomplir, pour repr\u00e9senter les associations au sein du jury du concours (09\/01\/07). C\u2019est une belle reconnaissance du travail que nous avons effectu\u00e9 depuis quatre ans autour du projet des Halles et de nos efforts pour recueillir les points de vue des habitants et acteurs locaux et les d\u00e9fendre dans le cadre de la concertation !<\/li>\n<li><a href=\"http:\/\/www.accomplir.asso.fr\/dossiers\/renovation\/04%20CR%20coord%2008-01-07.pdf\" target=\"_blank\" rel=\"noopener\">Huiti\u00e8me r\u00e9union interassociative<\/a> (08\/01\/07). Ces r\u00e9unions, d\u00e9sormais convoqu\u00e9es par la DU et pr\u00e9sid\u00e9es par le garant, se sont institutionnalis\u00e9es et rassemblent maintenant la grande majorit\u00e9 des associations.<\/li>\n<li><a href=\"http:\/\/www.accomplir.asso.fr\/dossiers\/renovation\/55%20reponse%20jardin%20delanoe.pdf\" target=\"_blank\" rel=\"noopener\">R\u00e9ponse du Maire de Paris<\/a> (29\/12\/06) \u00e0 un <a href=\"http:\/\/www.accomplir.asso.fr\/dossiers\/renovation\/44%20lettre% 20soutien%20du%20jardin%20des%20enfants.pdf\" target=\"_blank\" rel=\"noopener\">courrier<\/a> envoy\u00e9 en juin 2006 par de nombreux parents pour protester contre l\u2019annonce de la fermeture du jardin d\u2019aventure. Bertrand Delano\u00eb r\u00e9it\u00e8re par \u00e9crit son engagement \u00e0 ce que 3.667 m2 au minimum soient r\u00e9serv\u00e9s aux enfants, mais David Mangin ne l\u2019entend pas de cette oreille : sur la maquette qu\u2019il a pr\u00e9sent\u00e9e, il se contente d\u2019environ 1.500 m2 d\u2019aires de jeux encloses, c\u2019est-\u00e0-dire effectivement \u00ab r\u00e9serv\u00e9es \u00bb aux enfants. Pour le reste, il nous a expliqu\u00e9 que les enfants pourront jouer aux billes sur les bancs, ou s\u2019amuser dans les jeux d\u2019eau. Il faudra dans ce cas qu\u2019on nous explique le sens du mot \"r\u00e9serv\u00e9\", et qu\u2019on nous explique \u00e9galement qui est le ma\u00eetre d\u2019\u0153uvre et qui est le ma\u00eetre d\u2019ouvrage dans cette op\u00e9ration.<\/li>\n<li>R\u00e9union du groupe de travail th\u00e9matique \u00ab \u00ab espaces souterrains\u00bb - acc\u00e8s\/ circulations verticales \u00bb (20\/12\/06). Consulter la <a href=\"http:\/\/www.accomplir.asso.fr\/dossiers\/renovation\/45%20fiche%20synth%2020-12-06.pdf\" target=\"_blank\" rel=\"noopener\">fiche de synth\u00e8se<\/a> et le diaporama pr\u00e9sent\u00e9 par la SEURA : <a href=\"http:\/\/www.accomplir.asso.fr\/dossiers\/renovation\/46%20diapo%2020-12%20intro%20lescot.pdf\" target=\"_blank\" rel=\"noopener\">Introduction et acc\u00e8s Lescot<\/a>, <a href=\"http:\/\/www.accomplir.asso.fr\/dossiers\/renovation\/47%20diapo%2020-12%20berger.pdf\" target=\"_blank\" rel=\"noopener\">acc\u00e8s Berger<\/a>, <a href=\"http:\/\/www.accomplir.asso.fr\/dossiers\/renovation\/48%20diapo%2020-12%20rambuteau.pdf\" target=\"_blank\" rel=\"noopener\">acc\u00e8s Rambuteau<\/a>, <a href=\"http:\/\/www.accomplir.asso.fr\/dossiers\/renovation\/49%20diapo%2020-12%20marguerite%20navarre.pdf\" target=\"_blank\" rel=\"noopener\">acc\u00e8s Marguerite de Navarre<\/a>, <a href=\"http:\/\/www.accomplir.asso.fr\/dossiers\/renovation\/50%20diapo%2020-12%20marguerite%20navarre%20delta.pdf\" target=\"_blank\" rel=\"noopener\">acc\u00e8s Marguerite de Navarre avec le syst\u00e8me \u00ab delta \u00bb<\/a>, <a href=\"http:\/\/www.accomplir.asso.fr\/dossiers\/renovation\/51%20diapo%2020-12%20marguerite%20navarre%20W.pdf\" target=\"_blank\" rel=\"noopener\">acc\u00e8s Marguerite de Navarre avec le syst\u00e8me \u00ab W \u00bb<\/a>. <a href=\"http:\/\/www.accomplir.asso.fr\/dossiers\/renovation\/12%20PPT%20RATP%2020-12-06.pdf\" target=\"_blank\" rel=\"noopener\">Consulter le passionnant diaporama r\u00e9alis\u00e9 par la RATP<\/a>, qui vous apprendra tout sur les probl\u00e8mes actuels de la salle d\u2019\u00e9change RER et les premi\u00e8res actions correctives envisag\u00e9es. <a href=\"http:\/\/www.accomplir.asso.fr\/dossiers\/renovation\/11%20GTT%20Espaces%20souterrains%2020-12-06.pdf\" target=\"_blank\" rel=\"noopener\">Voir le compte-rendu officiel<\/a>.<\/li>\n<\/ul>\n<hr \/>\n<div id=\"2006\">2006 - <a href=\"#top\">Haut<\/a><\/div>\n<ul>\n<li><a href=\"http:\/\/www.accomplir.asso.fr\/dossiers\/renovation\/55%20reponse%20jardin%20delanoe.pdf\" target=\"_blank\" rel=\"noopener\">R\u00e9ponse du Maire de Paris<\/a> (29\/12\/06) \u00e0 un <a href=\"http:\/\/www.accomplir.asso.fr\/dossiers\/renovation\/44%20lettre%20soutien%20du%20jardin%20des%20enfants.pdf\" target=\"_blank\" rel=\"noopener\">courrier<\/a> envoy\u00e9 en juin 2006 par de nombreux parents pour protester contre l\u2019annonce de la fermeture du jardin d\u2019aventure. Bertrand Delano\u00eb r\u00e9it\u00e8re par \u00e9crit son engagement \u00e0 ce que 3.667 m2 au minimum soient r\u00e9serv\u00e9s aux\u00a0 enfants, mais David Mangin ne l\u2019entend pas de cette oreille : sur la maquette qu\u2019il a pr\u00e9sent\u00e9e, il se contente d\u2019environ 1.500 m2 d\u2019aires de jeux encloses, c\u2019est-\u00e0-dire effectivement \u00ab\u00a0r\u00e9serv\u00e9es\u00a0\u00bb\u00a0aux enfants. Pour le reste, il nous a expliqu\u00e9 que les enfants pourront jouer aux billes sur les bancs, ou s\u2019amuser dans les jeux d\u2019eau. Il faudra dans ce cas qu\u2019on nous explique le sens du mot \"r\u00e9serv\u00e9\", et qu\u2019on nous explique \u00e9galement qui est le ma\u00eetre d\u2019\u0153uvre et qui est le ma\u00eetre d\u2019ouvrage dans cette op\u00e9ration.<\/li>\n<li>R\u00e9union du groupe de travail th\u00e9matique \u00ab\u00a0\u00ab espaces souterrains\u00bb - acc\u00e8s\/\u00a0circulations verticales\u00a0\u00bb (20\/12\/06). Consulter la <a href=\"http:\/\/www.accomplir.asso.fr\/dossiers\/renovation\/45%20fiche%20synth%2020-12-06.pdf\" target=\"_blank\" rel=\"noopener\">fiche de synth\u00e8se<\/a> et le diaporama pr\u00e9sent\u00e9 par la SEURA\u00a0: <a href=\"http:\/\/www.accomplir.asso.fr\/dossiers\/renovation\/46%20diapo%2020-12%20intro%20lescot.pdf\" target=\"_blank\" rel=\"noopener\">Introduction et acc\u00e8s Lescot<\/a>, <a href=\"http:\/\/www.accomplir.asso.fr\/dossiers\/renovation\/47%20diapo%2020-12%20berger.pdf\" target=\"_blank\" rel=\"noopener\">acc\u00e8s Berger<\/a>, <a href=\"http:\/\/www.accomplir.asso.fr\/dossiers\/renovation\/48%20diapo%2020-12%20rambuteau.pdf\" target=\"_blank\" rel=\"noopener\">acc\u00e8s Rambuteau<\/a>, <a href=\"http:\/\/www.accomplir.asso.fr\/dossiers\/renovation\/49%20diapo%2020-12%20marguerite%20navarre.pdf\" target=\"_blank\" rel=\"noopener\">acc\u00e8s Marguerite de Navarre<\/a>, <a href=\"http:\/\/www.accomplir.asso.fr\/dossiers\/renovation\/50%20diapo%2020-12%20marguerite%20navarre%20delta.pdf\" target=\"_blank\" rel=\"noopener\">acc\u00e8s Marguerite de Navarre avec le syst\u00e8me \u00ab\u00a0delta\u00a0\u00bb<\/a>, <a href=\"renovation\/51%20diapo%2020-12%20marguerite%20navarre%20W.pdf\" target=\"_blank\" rel=\"noopener\">acc\u00e8s Marguerite de Navarre avec le syst\u00e8me \u00ab\u00a0W\u00a0\u00bb<\/a>. <a href=\"http:\/\/www.accomplir.asso.fr\/dossiers\/renovation\/12%20PPT%20RATP%2020-12-06.pdf\" target=\"_blank\" rel=\"noopener\">Consulter le passionnant diaporama r\u00e9alis\u00e9 par la RATP<\/a>, qui vous apprendra tout sur les probl\u00e8mes actuels de la salle d\u2019\u00e9change RER et les premi\u00e8res actions correctives envisag\u00e9es. <a href=\"http:\/\/www.accomplir.asso.fr\/dossiers\/renovation\/11%20GTT%20Espaces%20souterrains%2020-12-06.pdf\" target=\"_blank\" rel=\"noopener\">Voir le compte-rendu officiel<\/a>.<\/li>\n<li><a href=\"http:\/\/www.accomplir.asso.fr\/dossiers\/renovation\/41%20CR%20bureau%20cpc%2019-12-06.pdf\" target=\"_blank\" rel=\"noopener\">R\u00e9union du bureau du Comit\u00e9 Permanent de Concertation<\/a> (19\/12\/06)<\/li>\n<li>R\u00e9union du groupe de travail th\u00e9matique \u00ab\u00a0jardin\u00a0\u00bb (13\/12\/06). Consulter la <a href=\"http:\/\/www.accomplir.asso.fr\/dossiers\/renovation\/39%20fiche%20synthese%2013-12-06.pdf\" target=\"_blank\" rel=\"noopener\">fiche de synth\u00e8se<\/a> et le <a href=\"http:\/\/www.accomplir.asso.fr\/dossiers\/renovation\/38%20diaporama%20jardin%2013-12-06.pdf\" target=\"_blank\" rel=\"noopener\">diaporama pr\u00e9sent\u00e9 par SEURA<\/a>. Cette r\u00e9union fut extr\u00eamement houleuse, car <a href=\"http:\/\/www.accomplir.asso.fr\/dossiers\/renovation\/Lettre%2031%20-%20Contassot.pdf\" target=\"_blank\" rel=\"noopener\">Yves Contassot ne laisse en fait la place \u00e0 aucune concertation<\/a>\u00a0: aucune possibilit\u00e9 d\u2019amender le projet Mangin, aucune perspective de pouvoir l\u2019abandonner pour en faire \u00e9laborer un autre\u00a0! <a href=\"http:\/\/www.accomplir.asso.fr\/dossiers\/renovation\/07%20CR%20CPC%20jardin%2013-12-06.pdf\" target=\"_blank\" rel=\"noopener\">Voir le compte-rendu officiel de cette r\u00e9union<\/a>.<\/li>\n<li>R\u00e9union du Groupe de travail th\u00e9matique\u00a0\u00ab\u00a0programmation\u00a0\u00bb (07\/12\/06). Consulter la <a href=\"http:\/\/www.accomplir.asso.fr\/dossiers\/renovation\/37%20fiche%20GTT%2006_12_07.pdf\" target=\"_blank\" rel=\"noopener\">fiche de synth\u00e8se<\/a>, la <a href=\"http:\/\/www.accomplir.asso.fr\/dossiers\/renovation\/52%20contrib%20Accomplir%2007-12%20bulletin.pdf\" target=\"_blank\" rel=\"noopener\">contribution d\u2019Accomplir<\/a>, la <a href=\"http:\/\/www.accomplir.asso.fr\/dossiers\/renovation\/13%20Contribution%20Comite%2007-12-06.pdf\" target=\"_blank\" rel=\"noopener\">contribution du comit\u00e9 Lalanne<\/a>. <a href=\"http:\/\/www.accomplir.asso.fr\/dossiers\/renovation\/10%20GTT%20programmation%2007-12-06.pdf\" target=\"_blank\" rel=\"noopener\">Voir le compte-rendu officiel<\/a>.<\/li>\n<li><a href=\"http:\/\/www.accomplir.asso.fr\/dossiers\/renovation\/16%20CR%20interasso%2005.12.06%20bulletin.pdf\" target=\"_blank\" rel=\"noopener\">Septi\u00e8me r\u00e9union interassociative<\/a> (05\/12\/06)<\/li>\n<li><a href=\"http:\/\/www.accomplir.asso.fr\/dossiers\/renovation\/36%20Rapport%20Missionspubliques%2001.12.06.pdf\" target=\"_blank\" rel=\"noopener\">Rapport final de la consultation des usagers du Forum et du jardin men\u00e9e par Missions publiques et l\u2019IPSOS<\/a> (01\/12\/06)<\/li>\n<li>Comme dans tous les concours d\u2019architecture d\u00e9sormais \u00e0 Paris, un repr\u00e9sentant associatif devra si\u00e9ger au jury du concours, et un ou deux \u00e0 la commission technique (30\/11\/06). Consulter la <a href=\"http:\/\/www.accomplir.asso.fr\/dossiers\/renovation\/12%20fiche%20jury%2030-11.pdf\" target=\"_blank\" rel=\"noopener\">fiche technique<\/a> sur le r\u00f4le du jury, la <a href=\"http:\/\/www.accomplir.asso.fr\/dossiers\/renovation\/53%20jury%20design%20membre%20asso%2030-11.pdf\" target=\"_blank\" rel=\"noopener\">proc\u00e9dure de d\u00e9signation des repr\u00e9sentants<\/a>, les professions de foi des candidats\u00a0: <a href=\"http:\/\/www.accomplir.asso.fr\/dossiers\/renovation\/candidature%20Beauvais.pdf\" target=\"_blank\" rel=\"noopener\">Gilles Beauvais<\/a>, <a href=\"http:\/\/www.accomplir.asso.fr\/dossiers\/renovation\/candidature%20Bourguinat.pdf\" target=\"_blank\" rel=\"noopener\">Elisabeth Bourguinat<\/a>, <a href=\"http:\/\/www.accomplir.asso.fr\/dossiers\/renovation\/candidature%20Champetier.pdf\" target=\"_blank\" rel=\"noopener\">Paule Champetier de Ribes<\/a>, <a href=\"http:\/\/www.accomplir.asso.fr\/dossiers\/renovation\/candidature%20Clergue-Duval.pdf\" target=\"_blank\" rel=\"noopener\">R\u00e9gis Clergue-Duval<\/a>, <a href=\"http:\/\/www.accomplir.asso.fr\/dossiers\/renovation\/candidature%20Goy-Blanquet.pdf\" target=\"_blank\" rel=\"noopener\">Dominique Goy-Blanquet<\/a>, <a href=\"http:\/\/www.accomplir.asso.fr\/dossiers\/renovation\/candidature%20Laborde.pdf\" target=\"_blank\" rel=\"noopener\">Andr\u00e9 Laborde<\/a>, <a href=\"http:\/\/www.accomplir.asso.fr\/dossiers\/renovation\/candidature%20Peray.pdf\" target=\"_blank\" rel=\"noopener\">Olivier P\u00e9ray<\/a>, <a href=\"http:\/\/www.accomplir.asso.fr\/dossiers\/renovation\/candidature%20Thomas-LeDore.pdf\" target=\"_blank\" rel=\"noopener\">Isabelle Thomas-Le Dor\u00e9<\/a>, <a href=\"renovation\/candidature%20Zetlaoui-Leger.pdf\" target=\"_blank\" rel=\"noopener\">Jodelle Zetlaoui-L\u00e9ger<\/a>. Malheureusement, en raison de conflits interpersonnels essentiellement, les associations ont du mal \u00e0 se mettre d\u2019accord et la d\u00e9signation sera donc laiss\u00e9e \u00e0 l\u2019arbitrage du pr\u00e9sident du jury, \u00e0 savoir le Maire de Paris.<\/li>\n<li><a href=\"http:\/\/www.accomplir.asso.fr\/dossiers\/renovation\/43%20recapitulatif%20garant%20%2029-11-06.pdf\" target=\"_blank\" rel=\"noopener\">Etat des questions soumises ou soulev\u00e9es dans la concertation sur le programme du concours du \u00ab carreau \u00bb<\/a> (29\/11\/06), r\u00e9dig\u00e9 par le garant Thierry Le Roy sur la base des 6 r\u00e9unions de GTT tenues \u00e0 la date du 01\/12\/06.<\/li>\n<li><a href=\"http:\/\/www.accomplir.asso.fr\/dossiers\/renovation\/08%20courrier%20Legaret%2027-11%20bulletin.pdf\" target=\"_blank\" rel=\"noopener\">Courrier du Maire du 1er, Jean-Fran\u00e7ois Legaret, \u00e0 David Mangin<\/a>, pour lui exprimer ses fortes r\u00e9serves quant \u00e0 l\u2019hypoth\u00e8se qu\u2019il a pr\u00e9sent\u00e9e pour la r\u00e9novation du jardin (27\/11\/06). Vous pouvez consulter des photos de <a href=\"..\/association\/photos\/maquette_mangin_081206\/index.php\">la maquette du futur jardin r\u00e9alis\u00e9e par Mangin<\/a><\/li>\n<li><a href=\"http:\/\/www.accomplir.asso.fr\/dossiers\/renovation\/06%20bis%20Ven24nov06_DeLaunayAtelier1.pdf\" target=\"_blank\" rel=\"noopener\">Premi\u00e8re s\u00e9ance de travail de l\u2019atelier de Launay<\/a> (24\/11\/06). Dans l\u2019attente d\u2019un compte compte-rendu officiel, celui-ci a \u00e9t\u00e9 r\u00e9dig\u00e9 par l\u2019un des participants, au demeurant peu nombreux bien que l\u2019invitation ait \u00e9t\u00e9 adress\u00e9e \u00e0 tous les acteurs de la concertation. La liste de mots qui est ressortie du brainstorming collectif pour d\u00e9crire les besoins ludiques des enfants est \u00e9loquente\u00a0: une grande partie de ces besoins sont satisfaits par le jardin Lalanne\u2026 Pourquoi chercher loin ce qu\u2019on a sous la main\u00a0?<\/li>\n<li>R\u00e9union du Groupe de travail th\u00e9matique\u00a0 \u00ab espaces souterrains\u00bb - acc\u00e8s\/\u00a0circulations verticales (23\/11\/06). Consulter la <a href=\"http:\/\/www.accomplir.asso.fr\/dossiers\/renovation\/34%20-%20fiche%20synthese%2023-11-06.pdf\" target=\"_blank\" rel=\"noopener\">fiche de synth\u00e8se pr\u00e9sentant les \u00e9tudes SEURA<\/a>, les <a href=\"http:\/\/www.accomplir.asso.fr\/dossiers\/renovation\/35%20STIF%2023-11-06.pdf\" target=\"_blank\" rel=\"noopener\">objectifs du STIF pour le p\u00f4le d\u2019\u00e9change<\/a>, le <a href=\"http:\/\/www.accomplir.asso.fr\/dossiers\/renovation\/33%20PPT%20RATP%2023-11-06.pdf\" target=\"_blank\" rel=\"noopener\">diaporama de la RATP sur le p\u00f4le de transport<\/a>, le <a href=\"renovation\/32%20CR%20officiel%2023-11-06%20circul%20vertic.pdf\" target=\"_blank\" rel=\"noopener\">compte-rendu officiel<\/a>.<\/li>\n<li>R\u00e9union du bureau du comit\u00e9 permanent de la concertation (21\/11\/06), o\u00f9 il est question du programme de la concertation apr\u00e8s janvier 2007\u00a0: <a href=\"http:\/\/www.accomplir.asso.fr\/dossiers\/renovation\/35%20bureau%20cpc%2021-11.pdf\" target=\"_blank\" rel=\"noopener\">compte rendu non officiel<\/a> et <a href=\"http:\/\/www.accomplir.asso.fr\/dossiers\/renovation\/01%20CR%20Bureau%2021-11.pdf\" target=\"_blank\" rel=\"noopener\">compte-rendu officiel<\/a>.<\/li>\n<li>Une \u00e9tude sur l\u2019application des normes de s\u00e9curit\u00e9 dans le jardin d\u2019aventure a \u00e9t\u00e9 demand\u00e9e par la Ville \u00e0 l\u2019APAVE, organisme ind\u00e9pendant\u00a0: <a href=\"http:\/\/www.accomplir.asso.fr\/dossiers\/renovation\/39%20jardin%20lalanne%20normes.pdf\" target=\"_blank\" rel=\"noopener\">le jardin d\u2019aventure devra \u00eatre remis aux normes<\/a> (novembre 2006).<\/li>\n<li>La <a href=\"http:\/\/www.accomplir.asso.fr\/dossiers\/renovation\/40%20reponse%20lalanne.pdf\" target=\"_blank\" rel=\"noopener\">r\u00e9ponse du Comit\u00e9 de soutien et de promotion du jardin d\u2019aventure des Halles \u00e0 l\u2019article paru dans <em>Le Parisien<\/em> le 20\/11\/06<\/a>\u00a0: \u00ab\u00a0Que les enqu\u00eateurs d\u2019IPSOS viennent faire la sortie du jardin Lalanne un samedi matin et nous verrons si 100% des personnes interrog\u00e9es ne se d\u00e9clarent pas en faveur du maintien du jardin Lalanne\u00a0!\u00a0\u00bb<\/li>\n<li>Suite \u00e0 l\u2019enqu\u00eate IPSOS aupr\u00e8s des usagers des Halles, l\u2019agence Missions publiques a organis\u00e9 deux journ\u00e9es de d\u00e9bat avec un panel d\u2019usagers du Jardin et un panel d\u2019usagers du Forum. A l\u2019occasion de la deuxi\u00e8me journ\u00e9e (18\/11\/06), Accomplir a \u00e9t\u00e9 invit\u00e9 \u00e0 faire une contribution sur le th\u00e8me \u00ab\u00a0Le Forum et le jardin, des espaces partag\u00e9s entre riverains et usagers\u00a0: quelle cohabitation est possible dans le cadre de la r\u00e9novation du site ? nbsp;\u00bb. Voir cette contribution <a href=\"http:\/\/www.accomplir.asso.fr\/dossiers\/renovation\/28%20contrib%20panel%20usagers%20JARDIN%2018-11.pdf\" target=\"_blank\" rel=\"noopener\">sur le Jardin<\/a> et <a href=\"http:\/\/www.accomplir.asso.fr\/dossiers\/renovation\/29%20contrib%20panel%20usagers%20FORUM%2018-11.pdf\" target=\"_blank\" rel=\"noopener\">sur le Forum<\/a>. <a href=\"http:\/\/www.accomplir.asso.fr\/dossiers\/renovation\/40%20missions%20publiques%2004-11-06.pdf\" target=\"_blank\" rel=\"noopener\">Compte-rendu officiel de la premi\u00e8re journ\u00e9e<\/a> ; <a href=\"http:\/\/www.accomplir.asso.fr\/dossiers\/renovation\/02%20missions%20publiques%2018-11.pdf\" target=\"_blank\" rel=\"noopener\">compte-rendu officiel de la deuxi\u00e8me journ\u00e9e<\/a>.<\/li>\n<li>R\u00e9union du groupe de travail \u00ab\u00a0programmation\u00a0\u00bb, sur l\u2019insertion du futur b\u00e2timent dans le site (15\/11\/06). Consulter le <a href=\"renovation\/21%20doc%20travail%2015-11.pdf\" target=\"_blank\" rel=\"noopener\">document de travail<\/a>, le diaporama sur les <a href=\"http:\/\/www.accomplir.asso.fr\/dossiers\/renovation\/43%20contraintes%20objectifs.pdf\" target=\"_blank\" rel=\"noopener\">contraintes et objectifs du projet<\/a> et plus particuli\u00e8rement la <a href=\"http:\/\/www.accomplir.asso.fr\/dossiers\/renovation\/42%20place%20basse.pdf\" target=\"_blank\" rel=\"noopener\">deuxi\u00e8me partie consacr\u00e9e \u00e0 l\u2019\u00e9volution possible de la Place Basse<\/a>, tr\u00e8s tendancieuse dans la mesure o\u00f9 elle essaie de nous faire croire que le crat\u00e8re du Forum sera mieux \u00e9clair\u00e9 avec un toit que sans toit\u2026 Pour m\u00e9moire, <a href=\"http:\/\/www.accomplir.asso.fr\/dossiers\/renovation\/22%20argumentaire%20contre%20toit.pdf\" target=\"_blank\" rel=\"noopener\">l\u2019argumentaire d\u2019Accomplir contre le principe d\u2019un toit couvrant le crat\u00e8re<\/a> et rencontre en cela les attentes du <a href=\"http:\/\/www.accomplir.asso.fr\/dossiers\/renovation\/31%20GIE%20CONTRIBUTION%2013-11.pdf\" target=\"_blank\" rel=\"noopener\">GIE du Forum des Halles<\/a>. Voir la <a href=\"http:\/\/www.accomplir.asso.fr\/dossiers\/renovation\/33%20parole%20des%20halles%2015-11.pdf\" target=\"_blank\" rel=\"noopener\">contribution de Parole des Halles<\/a>. Voir le <a href=\"http:\/\/www.accomplir.asso.fr\/dossiers\/renovation\/30%20-%20CR%2015-11-06%20officiel.pdf\" target=\"_blank\" rel=\"noopener\">compte-rendu officiel<\/a>.<\/li>\n<li>Accomplir a adress\u00e9 \u00e0 Yves Contassot une <a href=\"http:\/\/www.accomplir.asso.fr\/dossiers\/renovation\/24%20Contassot%20liste%20questions%20jardin.pdf\" target=\"_blank\" rel=\"noopener\">liste des grandes questions qui se posent \u00e0 propos du projet de r\u00e9novation du jardin des Halles<\/a> pr\u00e9sent\u00e9 par la SEURA, en lui demandant de bien vouloir planifier les d\u00e9bats sur ces diff\u00e9rentes questions au cours des prochaines r\u00e9unions de concertation (14\/11\/06).<\/li>\n<li>R\u00e9union du Groupe de travail th\u00e9matique\u00a0\u00ab\u00a0Jardin\u00a0\u00bb pr\u00e9sid\u00e9e par Yves Contassot (07\/11\/06). A cette occasion, Accomplir a pr\u00e9par\u00e9 une <a href=\"http:\/\/www.accomplir.asso.fr\/dossiers\/renovation\/16%20Accomplir%20prepa%2007-11%20Jardin.pdf\" target=\"_blank\" rel=\"noopener\">nouvelle contribution<\/a> sur la base du \u00ab\u00a0bilan d\u2019\u00e9tape\u00a0\u00bb diffus\u00e9 le 06\/10\/06. Yves Contassot a annonc\u00e9 le lancement d\u2019une <a href=\"http:\/\/www.accomplir.asso.fr\/dossiers\/renovation\/19%20cdc%20enquete%20enfants%20jardin.pdf\" target=\"_blank\" rel=\"noopener\">consultation sur les besoins de jeux pour enfants<\/a> et rendu publique la <a href=\"http:\/\/www.accomplir.asso.fr\/dossiers\/renovation\/20%20notice%20de%20launay.pdf\" target=\"_blank\" rel=\"noopener\">notice m\u00e9thodologique de l\u2019\u00e9quipe qui a \u00e9t\u00e9 retenue<\/a>, l\u2019atelier De Launay. Mais comment concilier cette d\u00e9marche tr\u00e8s ouverte et le dictat impos\u00e9 de fa\u00e7on arbitraire et sans concertation sur la suppression a priori du jardin Lalanne\u00a0? <a href=\"http:\/\/www.accomplir.asso.fr\/dossiers\/renovation\/09%20CPC%20jardin%2007-11-06.pdf\" target=\"_blank\" rel=\"noopener\">Voir le compte rendu officiel.<\/a><\/li>\n<li><a href=\"http:\/\/www.accomplir.asso.fr\/dossiers\/renovation\/36%20interasso%2006.11.06.pdf\" target=\"_blank\" rel=\"noopener\">Sixi\u00e8me r\u00e9union interassociative<\/a> (06\/11\/06)<\/li>\n<li>Suite \u00e0 l\u2019enqu\u00eate IPSOS aupr\u00e8s des usagers des Halles, l\u2019agence Missions publiques a organis\u00e9 deux journ\u00e9es de d\u00e9bat avec un panel d\u2019usagers du Jardin et un panel d\u2019usagers du Forum. Consulter le <a href=\"http:\/\/www.accomplir.asso.fr\/dossiers\/renovation\/28%20CR%204%20novembre%202006%20les%20halles%20usagers.pdf\" target=\"_blank\" rel=\"noopener\">compte rendu de la premi\u00e8re journ\u00e9e<\/a> (04\/11\/06)<\/li>\n<li><a href=\"http:\/\/www.accomplir.asso.fr\/dossiers\/renovation\/54%20etude%20diagnostic%20et%20enjeux%20commerciaux%20oct%2006.pdf\" target=\"_blank\" rel=\"noopener\">Etude \u00ab\u00a0Diagnostic et enjeux commerciaux\u00a0\u00bb r\u00e9alis\u00e9e par le cabinet B\u00e9r\u00e9nice<\/a> (octobre 2006). Cette tr\u00e8s int\u00e9ressante \u00e9rude pr\u00e9sente un tableau complet de la situation des commerces du quartier et apporte notamment de nombreux arguments en faveur de la cr\u00e9ation d\u2019une moyenne surface de proximit\u00e9 au Forum (2\u00a0500 m2, dont la moiti\u00e9 consacr\u00e9e \u00e0 l\u2019alimentaire).<\/li>\n<li>Nouveau rapport de Georges Gontcharoff, membre de l\u2019Observatoire Parisien de la D\u00e9mocratie Locale, \u00ab\u00a0<a href=\"http:\/\/www.accomplir.asso.fr\/dossiers\/renovation\/42%20Gontcharoff%20rapport%202.pdf\" target=\"_blank\" rel=\"noopener\">R\u00e9novation du Forum des Halles\u00a0: une ann\u00e9e de relative clarification<\/a>\u00a0\u00bb (octobre 2006). Ce texte, bien que manquant parfois d\u2019objectivit\u00e9 et comportant quelques erreurs factuelles non n\u00e9gligeables, pr\u00e9sente l\u2019int\u00e9r\u00eat de r\u00e9capituler le d\u00e9roulement de la concertation et les principaux th\u00e8mes abord\u00e9s par les associations.<\/li>\n<li><a href=\"http:\/\/www.accomplir.asso.fr\/dossiers\/renovation\/26%20AAPC%20concours.pdf\" target=\"_blank\" rel=\"noopener\">Avis d\u2019appel public \u00e0 candidature<\/a> pour le concours sur le futur b\u00e2timent du Forum (31\/10\/06).<\/li>\n<li><a href=\"http:\/\/www.accomplir.asso.fr\/dossiers\/renovation\/27%20Resultats%20IPSOS.pdf\" target=\"_blank\" rel=\"noopener\">R\u00e9sultat de l\u2019enqu\u00eate IPSOS aupr\u00e8s d\u2019un millier d\u2019usagers des Halles<\/a> (500 pour le Forum et 500 pour le Jardin). Une enqu\u00eate qui confirme largement le diagnostic que nous savions r\u00e9alis\u00e9 nous-m\u00eames il y a quelques ann\u00e9es\u2026 (26\/10\/06)<\/li>\n<li>R\u00e9union du Groupe de travail th\u00e9matique\u00a0 \u00ab programmation \u00bb sur les \u00e9quipements publics et commerciaux, pr\u00e9sid\u00e9e par Jean-Pierre Caffet (25\/10\/06). Consulter la <a href=\"http:\/\/www.accomplir.asso.fr\/dossiers\/renovation\/12%20ficheGTT25_10_06v2.pdf\" target=\"_blank\" rel=\"noopener\">fiche de cadrage<\/a>, le <a href=\"http:\/\/www.accomplir.asso.fr\/dossiers\/renovation\/13%20tableau%20equipements.pdf\" target=\"_blank\" rel=\"noopener\">tableau des \u00e9quipements<\/a>, le <a href=\"http:\/\/www.accomplir.asso.fr\/dossiers\/renovation\/14%20diaporama%2025-10.pdf\" target=\"_blank\" rel=\"noopener\">diaporama pr\u00e9sent\u00e9 en s\u00e9ance<\/a>, le <a href=\"http:\/\/www.accomplir.asso.fr\/dossiers\/renovation\/15%20CR%20GTT%2025-10.pdf\" target=\"_blank\" rel=\"noopener\">compte rendu officiel<\/a>.<\/li>\n<li>R\u00e9union du bureau du comit\u00e9 permanent de la concertation (19\/10\/06)\u00a0: <a href=\"http:\/\/www.accomplir.asso.fr\/dossiers\/renovation\/38%20Reunion%20de%20bureau%20du%20CPC%2019-10.pdf\" target=\"_blank\" rel=\"noopener\">deux comptes rendus non officiels<\/a> par des repr\u00e9sentantes associatives et le <a href=\"http:\/\/www.accomplir.asso.fr\/dossiers\/renovation\/11%20CR_Bureau_06_10_19.pdf\" target=\"_blank\" rel=\"noopener\">compte rendu officiel<\/a> par le garant.<\/li>\n<li><a href=\"http:\/\/www.accomplir.asso.fr\/dossiers\/renovation\/25%20coordination%20CR.pdf\" target=\"_blank\" rel=\"noopener\">Cinqui\u00e8me r\u00e9union interassociative<\/a> (16\/10\/06)<\/li>\n<li>R\u00e9union du Groupe de travail th\u00e9matique \u00ab programmation \u00bb, pr\u00e9sid\u00e9e par Jean-Pierre Caffet (12\/10\/06). Cette s\u00e9ance, pour laquelle Accomplir avait pos\u00e9 des <a href=\"http:\/\/www.accomplir.asso.fr\/dossiers\/renovation\/05%20Questions%20cpc%2012-10.pdf\" target=\"_blank\" rel=\"noopener\">questions<\/a> et Andr\u00e9 Laborde, pr\u00e9sident du GIE des commer\u00e7ante des Halles, avait envoy\u00e9 une <a href=\"http:\/\/www.accomplir.asso.fr\/dossiers\/renovation\/06%20Contribution%20Laborde%2012%20octobre%202006.pdf\" target=\"_blank\" rel=\"noopener\">contribution<\/a>, a permis \u00e0 la Ville de pr\u00e9senter le <a href=\"http:\/\/www.accomplir.asso.fr\/dossiers\/renovation\/07%20fiche%20concours%20GTT12.10.06v22.pdf\" target=\"_blank\" rel=\"noopener\">calendrier du concours sur le futur b\u00e2timent du Forum<\/a>, le <a href=\"http:\/\/www.accomplir.asso.fr\/dossiers\/renovation\/08%20ficheGTT12_10_06v22.pdf\" target=\"_blank\" rel=\"noopener\">calendrier de la concertation pour pr\u00e9parer le cahier des charges<\/a>, le rappel des <a href=\"http:\/\/www.accomplir.asso.fr\/dossiers\/renovation\/09%20PLUHalles_PG.pdf\" target=\"_blank\" rel=\"noopener\">contraintes du PLU<\/a> sur le secteur des Halles, les <a href=\"http:\/\/www.accomplir.asso.fr\/dossiers\/renovation\/44%20ebauche%20cdc.pdf\" target=\"_blank\" rel=\"noopener\">contraintes et objectifs du cahier des charges<\/a>. Consulter le <a href=\"http:\/\/www.accomplir.asso.fr\/dossiers\/renovation\/10%20CR%20GTT%2012-10.pdf\" target=\"_blank\" rel=\"noopener\">compte rendu officiel<\/a>.<\/li>\n<li>R\u00e9union du Comit\u00e9 permanent de concertation pl\u00e9nier, pr\u00e9sid\u00e9e par Jean-Pierre Caffet et Jean-Fran\u00e7ois Legaret (06\/10\/06). Cette s\u00e9ance, pour laquelle Accomplir avait pr\u00e9par\u00e9 des <a href=\"http:\/\/www.accomplir.asso.fr\/dossiers\/renovation\/01%20Questions%20cpc%2006-10.pdf\" target=\"_blank\" rel=\"noopener\">questions<\/a>, a permis de faire un bilan d\u2019\u00e9tape de la concertation et de pr\u00e9ciser pour chaque composante du projet <a href=\"http:\/\/www.accomplir.asso.fr\/dossiers\/renovation\/02%20Fiche%20CoPer06.10.06%20liste%20actes%20FINAL.pdf\" target=\"_blank\" rel=\"noopener\">les \u00e9l\u00e9ments de principe retenus ou privil\u00e9gi\u00e9s par la ville de Paris et les sujets qui restent \u00e0 approfondir et \u00e0 concerter<\/a>. Consulter le <a href=\"http:\/\/www.accomplir.asso.fr\/dossiers\/renovation\/CR%2006-10%20officiel.pdf\" target=\"_blank\" rel=\"noopener\">compte-rendu officiel<\/a>.<\/li>\n<li><a href=\"http:\/\/www.accomplir.asso.fr\/dossiers\/renovation\/01%20Girard%20let%20.pdf\" target=\"_blank\" rel=\"noopener\">Courrier adress\u00e9 par Accomplir \u00e0 Christophe Girard<\/a>, adjoint \u00e0 la culture, pour lui poser des questions compl\u00e9mentaires \u00e0 la suite de la r\u00e9union de travail sur les \u00e9quipements culturels (28\/09\/06). La <a href=\"http:\/\/www.accomplir.asso.fr\/dossiers\/renovation\/37%20reponse%20Girard.pdf\" target=\"_blank\" rel=\"noopener\">r\u00e9ponse de Christophe Girard<\/a>.<\/li>\n<li>R\u00e9union d'un Groupe de travail th\u00e9matique consacr\u00e9 \u00e0 la programmation des \u00e9quipements culturels et de jeunesse, pr\u00e9sid\u00e9e par Christophe Girard\u00a0(27\/09\/06): <a href=\"http:\/\/www.accomplir.asso.fr\/dossiers\/renovation\/04%20CR%20GTT%20equip.%20cult.%2027.09.06.pdf\" target=\"_blank\" rel=\"noopener\">compte-rendu par l'EPPPUR<\/a> et <a href=\"http:\/\/www.accomplir.asso.fr\/dossiers\/renovation\/31%20-%20CR%20officiel%20%2027-09-06%20culture.pdf\" target=\"_blank\" rel=\"noopener\">compte-rendu officiel<\/a>.<\/li>\n<li>Documents pr\u00e9paratoires \u00e0 la r\u00e9union de travail du CPC sur le th\u00e8me \u00ab \u00e9quipements culturels et jeunesse \u00bb (27\/09\/06). Ces documents sont particuli\u00e8rement indigents, puisqu\u2019il s\u2019agit en tout et pour tout d\u2019une s\u00e9rie de fiches sur les \u00e9quipements culturels concern\u00e9s : le <a href=\"http:\/\/www.accomplir.asso.fr\/dossiers\/renovation\/02%20Centre%20animation.pdf\" target=\"_blank\" rel=\"noopener\">centre d\u2019animation des Halles<\/a>, <a href=\"http:\/\/www.accomplir.asso.fr\/dossiers\/renovation\/03%20Bibliotheques.pdf\" target=\"_blank\" rel=\"noopener\">les biblioth\u00e8ques et la m\u00e9diath\u00e8que<\/a>, <a href=\"http:\/\/www.accomplir.asso.fr\/dossiers\/renovation\/04%20Conservatoire.pdf\" target=\"_blank\" rel=\"noopener\">le conservatoire<\/a>, <a href=\"http:\/\/www.accomplir.asso.fr\/dossiers\/renovation\/05%20Paris%20atelier.pdf\" target=\"_blank\" rel=\"noopener\">Paris Atelier<\/a>, <a href=\"http:\/\/www.accomplir.asso.fr\/dossiers\/renovation\/06%20Antenne%20jeunes.pdf\" target=\"_blank\" rel=\"noopener\">l\u2019Antenne jeunes<\/a>, et de <a href=\"http:\/\/www.accomplir.asso.fr\/dossiers\/renovation\/07%20liste%20des%20participants%20.pdf\" target=\"_blank\" rel=\"noopener\">la liste des participants<\/a>. Le groupe interassociatif a adress\u00e9 aux \u00e9lus une <a href=\"http:\/\/www.accomplir.asso.fr\/dossiers\/renovation\/08%20Declaration%2026-09-06.pdf\" target=\"_blank\" rel=\"noopener\">D\u00e9claration<\/a> d\u00e9non\u00e7ant l\u2019insuffisance de cette documentation, qui a \u00e9t\u00e9 lue en d\u00e9but de s\u00e9ance.<\/li>\n<li><a href=\"http:\/\/www.accomplir.asso.fr\/dossiers\/renovation\/09%20CR%20reu%204%20.pdf\" target=\"_blank\" rel=\"noopener\">Quatri\u00e8me r\u00e9union interassociative<\/a>, consacr\u00e9e \u00e0 la pr\u00e9paration de la r\u00e9union sur les \u00e9quipements culturels (25\/09\/06).<\/li>\n<li><a href=\"http:\/\/www.accomplir.asso.fr\/dossiers\/renovation\/10%20CRBureau%20.pdf\" target=\"_blank\" rel=\"noopener\">R\u00e9union de bureau du CPC<\/a> : relev\u00e9 de conclusions par le Garant (21\/09\/06).<\/li>\n<li><a href=\"http:\/\/www.accomplir.asso.fr\/dossiers\/renovation\/11%20Caffet%20let%20sept%2006.pdf\" target=\"_blank\" rel=\"noopener\">Courrier interassociatif \u00e0 J.-P. Caffet<\/a> concernant la transmission de documents et l\u2019intensification de la concertation (19\/09\/06).06]<\/li>\n<li><a href=\"http:\/\/www.accomplir.asso.fr\/dossiers\/renovation\/12%20gouffre%20et%20mur%2013-09.pdf\" target=\"_blank\" rel=\"noopener\">Le projet des Halles va-t-il dans le mur, ou dans le gouffre ?<\/a> (13\/09\/06). Tentative d\u2019analyse de la situation engendr\u00e9e par la fa\u00e7on dont David Mangin con\u00e7oit son r\u00f4le de coordinateur et de r\u00e9dacteur du cahier des charges du futur concours.<\/li>\n<li><a href=\"http:\/\/www.accomplir.asso.fr\/dossiers\/renovation\/13%20CR%20reu%20interassociative%203%20.pdf\" target=\"_blank\" rel=\"noopener\">Troisi\u00e8me r\u00e9union interassociative<\/a>, consacr\u00e9e notamment au calendrier du projet (07\/09\/06).<\/li>\n<li><a href=\"http:\/\/www.accomplir.asso.fr\/dossiers\/renovation\/Naufrage.pdf\" target=\"_blank\" rel=\"noopener\">La concertation des Halles au bord du naufrage<\/a> ? L\u2019annonce de la suppression du jardin Lalanne le 29 juin dernier illustre l\u2019incoh\u00e9rence du processus de concertation et de d\u00e9cision, dont la chronologie est rappel\u00e9e dans ce texte. Ce qui devait \u00eatre un mod\u00e8le de d\u00e9mocratie participative s\u2019av\u00e8re une mascarade destin\u00e9e \u00e0 ent\u00e9riner les choix pr\u00e9-\u00e9tablis par Bertrand Delano\u00eb, le nouvel \u00ab architecte en chef \u00bb des Halles. (06\/09\/06)<\/li>\n<li>La ville lance un <a href=\"http:\/\/www.accomplir.asso.fr\/dossiers\/renovation\/15%20appel%20doffre%20concertation%20usagers.pdf\" target=\"_blank\" rel=\"noopener\">Appel d\u2019offre pour \u00ab l\u2019organisation de groupes de consultation d\u2019usagers \u00e0 l\u2019occasion de la mise en \u0153uvre du projet de r\u00e9novation des Halles \u00bb<\/a> (22\/08\/06), et ce \u00ab sur le th\u00e8me de la restructuration du jardin des Halles et sur celui de la programmation de l\u2019op\u00e9ration, pour ce qui concerne le futur Carreau mais aussi du point de vue de l\u2019\u00e9volution globale de l\u2019offre d\u2019\u00e9quipements priv\u00e9s et publics pr\u00e9sents dans le complexe \u00bb. La formule \u00ab \u00e0 l\u2019occasion \u00bb est particuli\u00e8rement appropri\u00e9e, puisqu\u2019une telle \u00e9tude aurait d\u00fb intervenir tr\u00e8s en amont et qu\u2019elle est lanc\u00e9e alors que presque toutes les d\u00e9cisions sont d\u00e9j\u00e0 prises !<\/li>\n<li><a href=\"http:\/\/www.accomplir.asso.fr\/dossiers\/renovation\/01%20CRBureau20juillet2006.pdf\" target=\"_blank\" rel=\"noopener\">Relev\u00e9 de conclusions du bureau du CPC<\/a> (compte rendu officiel) (20\/07\/06), avec en pi\u00e8ce jointe le calendrier de travail pour l\u2019automne 2006 ; une contribution du Collectif R\u00e9novation des Halles pour relever les dysfonctionnements de la concertation et des demandes d\u2019am\u00e9lioration ; une contribution de Pierre Dim\u00e9glio (EPPPUR) \u00e0 propos du march\u00e9 pour \u00ab l\u2019organisation de groupes de consultation d\u2019usagers \u00bb une lettre de protestation du Conseil de quartier Montorgueil St Denis contre la d\u00e9cision unilat\u00e9rale du Maire de Paris de supprimer le Jardin Lalanne et de demandes d\u2019am\u00e9liorations du fonctionnement de la concertation.<\/li>\n<li>Compte-rendu plut\u00f4t \u00e9dulcor\u00e9 mais n\u00e9anmoins instructif de la <a href=\"http:\/\/www.accomplir.asso.fr\/dossiers\/renovation\/04%20CR%20GTT%20jardin%2029juin2006.pdf\" target=\"_blank\" rel=\"noopener\">Premi\u00e8re r\u00e9union de travail du CPC sur le jardin<\/a>, pr\u00e9sid\u00e9e par Yves Contassot, qui fut extr\u00eamement houleuse (29\/06\/06). On y apprend entre autres que \u00ab Le Maire de Paris a d\u00e9cid\u00e9 que le parti urbain retenu n\u00e9cessite la suppression du jardin Lalanne \u00bb (sic). <a href=\"http:\/\/www.accomplir.asso.fr\/dossiers\/renovation\/14%20CR%20reunion%20jardin%2029.06.pdf\" target=\"_blank\" rel=\"noopener\">Le PV non exhaustif de la s\u00e9ance \u00e0 partir d\u2019un enregistrement<\/a> avec un choix des meilleurs moments par l\u2019EPPPUR (Source : <a href=\"http:\/\/www.univ-paris12.fr\/20356026\/0\/fiche___pagelibre\/\" target=\"_blank\" rel=\"noopener\">le site de l\u2019Institut d\u2019urbanisme de Paris<\/a>. La <a href=\"http:\/\/www.accomplir.asso.fr\/dossiers\/renovation\/15%20diapo%20censuree%2029-06.pdf\" target=\"_blank\" rel=\"noopener\">diapositive censur\u00e9e<\/a> (c\u2019est-\u00e0-dire pr\u00e9sent\u00e9e seulement le jour de la r\u00e9union et non envoy\u00e9e \u00e0 l\u2019avance aux participants) sur les raisons de la suppression du jardin Lalanne.<\/li>\n<li>Troisi\u00e8me r\u00e9union de travail du CPC, consacr\u00e9e au jardin (29\/06\/06). Vous pouvez consulter\u00a0<a href=\"http:\/\/www.accomplir.asso.fr\/dossiers\/renovation\/prepa%20jardin.pdf\" target=\"_blank\" rel=\"noopener\">le document de cadrage pr\u00e9paratoire<\/a> et\u00a0le <a href=\"http:\/\/www.accomplir.asso.fr\/dossiers\/renovation\/GTT%20jardin%2029%20juin%202006.pdf\" target=\"_blank\" rel=\"noopener\">power-point<\/a> pr\u00e9par\u00e9 par la SEURA. Comme le laissaient pr\u00e9voir des rumeurs persistantes depuis plusieurs mois, le Jardin Lalanne a bel et bien disparu de la carte du Jardin des Halles, et la notion m\u00eame d\u2019enclos r\u00e9serv\u00e9 aux enfants semble exclue par l\u2019\u00e9quipe Mangin, y compris pour les tout-petits.<\/li>\n<li>Deuxi\u00e8me <a href=\"http:\/\/www.accomplir.asso.fr\/dossiers\/renovation\/05%20CR%2026.06.06%20final.pdf\" target=\"_blank\" rel=\"noopener\">r\u00e9union interassociative sur le projet des Halles<\/a>, consacr\u00e9e notamment au Jardin des Halles (26\/06\/06).<\/li>\n<li>A l\u2019initiative de l\u2019atelier des Halles, une <a href=\"http:\/\/www.accomplir.asso.fr\/dossiers\/renovation\/06%20CR%2008.06.06%203.pdf\" target=\"_blank\" rel=\"noopener\">R\u00e9union interassociative sur le projet des Halles<\/a> s\u2019est tenue en pr\u00e9sence du garant, pour permettre aux associations de discuter librement des sujets en cours. Cette premi\u00e8re r\u00e9union a permis de discuter de la concertation sur le projet, son sens et son am\u00e9nagement, en partageant les savoirs et les points de vue des uns et des autres, qu\u2019ils soient \u00ab anciens \u00bb ou \u00ab nouveaux \u00bb dans la concertation (08\/06\/06). NB : Toutes les associations et conseils de quartier qui le souhaitent peuvent se joindre \u00e0 ces r\u00e9unions informelles (renseignements : 01 42 33 83 48).<\/li>\n<li><a href=\"http:\/\/www.accomplir.asso.fr\/dossiers\/renovation\/prepa%20Reu%2029%20juin%20-%20pointage%20propos%20Accomplir.pdf\" target=\"_blank\" rel=\"noopener\">Accomplir a examin\u00e9 et comment\u00e9 les documents fournis par la Ville et par la SEURA en pr\u00e9paration de la r\u00e9union de travail du CPC du 29\/06\/06 consacr\u00e9e au Jardin des Halles<\/a>\u00a0: ces documents sont largement insuffisants pour alimenter la concertation, et il est choquant que la presse soit davantage inform\u00e9e que les acteurs de la concertation.<\/li>\n<li>Compte rendu officiel de la <a href=\"http:\/\/www.accomplir.asso.fr\/dossiers\/renovation\/02%20CR%20officiel%20bureau%2021.06.06.pdf\" target=\"_blank\" rel=\"noopener\">Premi\u00e8re r\u00e9union de bureau du CPC<\/a> accompagn\u00e9e d\u2019une <a href=\"http:\/\/www.accomplir.asso.fr\/dossiers\/renovation\/03%20Fiche%20garant%20Bureau%20calendrier%2021.06.06.pdf\" target=\"_blank\" rel=\"noopener\">Fiche du garant sur le calendrier de la concertation<\/a> (21\/06\/06).<\/li>\n<li><a href=\"http:\/\/www.accomplir.asso.fr\/dossiers\/renovation\/Bureauhalles21juin06.pdf\" target=\"_blank\" rel=\"noopener\">Premi\u00e8re r\u00e9union du bureau du CPC<\/a> (21\/06\/06). Cette premi\u00e8re r\u00e9union a \u00e9t\u00e9 l\u2019occasion de faire le point sur la mise en place du bureau et son calendrier, sur le calendrier de la concertation, sur les enqu\u00eates d\u2019usagers, sur la cr\u00e9ation d\u2019un site Internet d\u00e9di\u00e9 au projet de r\u00e9novation des Halles (compte-rendu r\u00e9dig\u00e9 par Paroles des Halles).<\/li>\n<li>Deuxi\u00e8me r\u00e9union de travail du CPC, consacr\u00e9e \u00e0 la voirie (07\/06\/06). Vous pouvez consulter <a href=\"http:\/\/www.accomplir.asso.fr\/dossiers\/renovation\/participants%20GTT%20voirie.pdf\" target=\"_blank\" rel=\"noopener\">la liste des participants<\/a>, <a href=\"http:\/\/www.accomplir.asso.fr\/dossiers\/renovation\/fiche%20GTTvoirie%207juin06.pdf\" target=\"_blank\" rel=\"noopener\">le document de cadrage pr\u00e9paratoire<\/a>, le power-point pr\u00e9sent\u00e9 par la SEURA avec <a href=\"http:\/\/www.accomplir.asso.fr\/dossiers\/renovation\/file_20879.pdf\" target=\"_blank\" rel=\"noopener\">Espace public de surface<\/a>, <a href=\"http:\/\/www.accomplir.asso.fr\/dossiers\/renovation\/file_20881.pdf\" target=\"_blank\" rel=\"noopener\">Stationnements deux-roues<\/a>, <a href=\"http:\/\/www.accomplir.asso.fr\/dossiers\/renovation\/file_20883.pdf\" target=\"_blank\" rel=\"noopener\">Voirie souterraine, Modification de la voirie souterraine<\/a>, et enfin <a href=\"http:\/\/www.accomplir.asso.fr\/dossiers\/renovation\/file_20872.pdf\" target=\"_blank\" rel=\"noopener\">le compte-rendu<\/a>.<\/li>\n<li><a href=\"http:\/\/www.accomplir.asso.fr\/dossiers\/renovation\/07%20Incertitudes.pdf\" target=\"_blank\" rel=\"noopener\">Incertitudes sur le cahier des charges du futur b\u00e2timent du Forum<\/a> (mai 2006). D\u2019apr\u00e8s nos informations, le cahier des charges du b\u00e2timent qui remplacera les pavillons Willerval devrait \u00eatre pr\u00e9par\u00e9 pour septembre prochain et valid\u00e9 avant la fin de l\u2019ann\u00e9e 2006. Les grandes lignes du projet Mangin seront-elles conserv\u00e9es et les changements porteront-ils seulement sur l\u2019aspect esth\u00e9tique, ou certaines options de fond pourraient-elles \u00eatre remises en cause ?<\/li>\n<li><a href=\"http:\/\/www.accomplir.asso.fr\/dossiers\/renovation\/CRGTT6avril06.pdf\" target=\"_blank\" rel=\"noopener\">Compte-rendu officiel de la r\u00e9union du groupe de travail \u00ab\u00a0programmation\u00a0\u00bb<\/a> (06\/04\/06), r\u00e9dig\u00e9 par la DU.<\/li>\n<li>Premi\u00e8re r\u00e9union de travail du CPC, consacr\u00e9e \u00e0 la programmation des \u00e9quipements et des commerces (06\/04\/06). Vous pouvez consulter <a href=\"http:\/\/www.accomplir.asso.fr\/dossiers\/renovation\/05%20participants%20GTT%20programmation.pdf\" target=\"_blank\" rel=\"noopener\">la liste des participants<\/a>, <a href=\"http:\/\/www.accomplir.asso.fr\/dossiers\/renovation\/06%20Prepa%20GTT%20programmation.pdf\" target=\"_blank\" rel=\"noopener\">le document de cadrage pr\u00e9paratoire<\/a>, <a href=\"..\/actualite\/fichiers\/GTT6avril06.pdf\" target=\"_blank\" rel=\"noopener\">le power-point<\/a> pr\u00e9sent\u00e9 par la SEURA. Pour beaucoup d\u2019\u00e9quipements, l\u2019incertitude porte \u00e0 la fois sur le fait qu\u2019ils soient finalement retenus ou non, sur leur dimension et sur leur implantation : dans le futur b\u00e2timent, ailleurs sur le site (en sous-sol) ou \u00e0 l\u2019ext\u00e9rieur du site\u2026<\/li>\n<li>D\u00e9cision n\u00b0 2006-0275 adopt\u00e9e par le CA du STIF titr\u00e9e : <a href=\"http:\/\/www.accomplir.asso.fr\/dossiers\/renovation\/01%20STIF%2020060275.pdf\" target=\"_blank\" rel=\"noopener\">Objectifs de r\u00e9am\u00e9nagement du pole d'\u00e9changes RER Chatelet-les Halles et modalit\u00e9s de la concertation pr\u00e9alable<\/a> (05\/04\/06).<\/li>\n<li>Le garant de la concertation sur la r\u00e9novation des Halles est enfin nomm\u00e9: il s'agit de <a href=\"http:\/\/www.accomplir.asso.fr\/dossiers\/renovation\/CV_Le_Roy.pdf\" target=\"_blank\" rel=\"noopener\">Thierry Le Roy, membre du Conseil d'Etat<\/a> (31\/03\/06).<\/li>\n<li><a href=\"http:\/\/www.accomplir.asso.fr\/dossiers\/renovation\/Prepa%20GTT%20programmation%2006.04.06.pdf\" target=\"_blank\" rel=\"noopener\">Fiche pr\u00e9paratoire \u00e0 la r\u00e9union du groupe de travail th\u00e9matique \u00ab Programmation des \u00e9quipements publics et des commerces \u00bb<\/a> du 6 avril 2006 \u2013 Document de la Direction de l\u2019urbanisme (28\/03\/06). Ce document fait le point sur la situation actuelle des \u00e9quipements du Forum, le programme publi\u00e9 en d\u00e9cembre 2003, les nouvelles demandes d'\u00e9quipements apparues depuis.<\/li>\n<li><a href=\"http:\/\/www.accomplir.asso.fr\/dossiers\/renovation\/VertsTractHallesMars06.pdf\" target=\"_blank\" rel=\"noopener\">Tract des Verts Paris Centre \"Les Halles : avancer au profit des Franciliens et des riverains\"<\/a> (25\/03\/06). Ce tract fait le point sur certaines questions pos\u00e9es par le projet de r\u00e9novation, et apporte son soutien concernant la pr\u00e9servation du jardin d'aventure.<\/li>\n<li>A l\u2019occasion du lancement d\u2019un <a href=\"http:\/\/www.accomplir.asso.fr\/dossiers\/renovation\/08%20CCP_AMO.pdf\" target=\"_blank\" rel=\"noopener\">March\u00e9 d\u2019assistance \u00e0 la direction de projet pour la r\u00e9novation du quartier des Halles<\/a>, la ville refait le point notamment sur l\u2019historique du projet, ses objectifs et les dix sous-projets qui le composent : un document tr\u00e8s pr\u00e9cieux pour comprendre o\u00f9 on en est de ce projet, ce qui a \u00e9t\u00e9 arr\u00eat\u00e9 ou pas, et qui se charge de quoi dans cette affaire ! (21\/03\/06)<\/li>\n<li><a href=\"http:\/\/www.accomplir.asso.fr\/dossiers\/renovation\/02%20concertation%20en%20panne.pdf\" target=\"_blank\" rel=\"noopener\">Protestation d\u2019Accomplir contre le retard pris dans la concertation sur le projet des Halles<\/a> (mars 2006) Pourquoi l\u2019H\u00f4tel de Ville ne lance-t-il toujours pas la deuxi\u00e8me phase de la concertation sur le projet des Halles\u00a0? Les semaines passent et le Comit\u00e9 permanent de concertation n\u2019a toujours pas de garant, pas de bureau, pas de calendrier. Plus une seule r\u00e9union de travail ne s\u2019est tenue depuis les Ateliers du projet des Halles organis\u00e9s en octobre 2004, il y a un an et demi\u00a0!<\/li>\n<li><a href=\"http:\/\/www.accomplir.asso.fr\/dossiers\/renovation\/Charte%20concertation%20halles%20janvier%202006.pdf\" target=\"_blank\" rel=\"noopener\">Version finale de la Charte de concertation du projet de r\u00e9novation des Halles<\/a> (Janvier 2006)<\/li>\n<li><a href=\"http:\/\/www.accomplir.asso.fr\/dossiers\/renovation\/04%20Etape%208.pdf\" target=\"_blank\" rel=\"noopener\">Etape 8\u00a0: Mise \u00e0 jour des demandes de l\u2019association ACCOMPLIR pour le projet de r\u00e9novation des Halles<\/a> (janvier 2006). En attendant que le dispositif officiel de concertation se mette enfin en route pour la deuxi\u00e8me phase du projet de r\u00e9novation des Halles, nous avons proc\u00e9d\u00e9 \u00e0 la mise \u00e0 jour de nos propositions, sous la forme d\u2019une nouvelle liste de 62 demandes<\/li>\n<li><a href=\"http:\/\/www.accomplir.asso.fr\/dossiers\/renovation\/03%20Delai.pdf\" target=\"_blank\" rel=\"noopener\">Concertation des Halles\u00a0: un d\u00e9lai \u00e0 nouveau tr\u00e8s court<\/a> (janvier 2006). Alors que le Comit\u00e9 permanent de concertation se met tr\u00e8s lentement au travail (toujours pas de garant, pas de bureau, pas de calendrier\u2026), on nous indique que le dessin du jardin et le cahier des charges du futur b\u00e2timent du Forum devraient \u00eatre arr\u00eat\u00e9s fin 2006\u00a0!<\/li>\n<\/ul>\n<hr \/>\n<div id=\"2005\">2005 - <a href=\"#top\">Haut<\/a><\/div>\n<ul>\n<li><a href=\"http:\/\/www.accomplir.asso.fr\/dossiers\/renovation\/02%20Prospectus%20comite%20jardin%20daventure%202.pdf\" target=\"_blank\" rel=\"noopener\">Cr\u00e9ation du Comit\u00e9 de Soutien et de Promotion du Jardin d\u2019Aventure des Halles<\/a> (d\u00e9cembre 2005). Les parents et les associations se mobilisent pour le jardin Lalanne\u00a0: rejoignez-les\u00a0!<\/li>\n<li><a href=\"http:\/\/www.accomplir.asso.fr\/dossiers\/renovation\/01%20Reunion%20publique%2014-12-05%20CR%20final.pdf\" target=\"_blank\" rel=\"noopener\">R\u00e9union publique sur le r\u00e9am\u00e9nagement des Halles<\/a>\u00a0(14\/12\/05) Compte-rendu partiel r\u00e9dig\u00e9 par Accomplir en attendant le compte-rendu officiel. <a href=\"http:\/\/www.accomplir.asso.fr\/dossiers\/20080125\/07%20plaquette_halle%202005.pdf \" target=\"_blank\" rel=\"noopener\">Plaquette distribu\u00e9e par la Ville de Paris \u00e0 l\u2019occasion de la r\u00e9union publique\u00a0: \u00ab\u00a0Les Halles\u00a0: o\u00f9 en sommes-nous\u00a0?\u00a0\u00bb<\/a>.<\/li>\n<li><a name=\"diapo_141205\"><\/a>Diaporama \u00ab\u00a0Les Halles \u2013 Diagnostic et objectifs\u00a0\u00bb pr\u00e9sent\u00e9 par la SEURA (29\/11\/05 et 14\/12\/05)\u00a0:\n<ul>\n<li><a href=\"http:\/\/www.accomplir.asso.fr\/dossiers\/renovation\/00%20mangin%20titre.pdf\" target=\"_blank\" rel=\"noopener\">titre<\/a><\/li>\n<li><a href=\"http:\/\/www.accomplir.asso.fr\/dossiers\/renovation\/01%20le%20projet%20souterrain%20et%20lespace%20public%20de%20surface.pdf\" target=\"_blank\" rel=\"noopener\">le projet souterrain et l'espace public de surface<\/a><\/li>\n<li><a href=\"http:\/\/www.accomplir.asso.fr\/dossiers\/renovation\/02%20la%20voirie%20souterraine.pdf\" target=\"_blank\" rel=\"noopener\">la voirie souterraine<\/a>\u00a0(<a href=\"http:\/\/www.accomplir.asso.fr\/dossiers\/renovation\/02%20la%20voirie%20souterraine-LQ.pdf\" target=\"_blank\" rel=\"noopener\">qualit\u00e9 basse<\/a>)<\/li>\n<li><a href=\"http:\/\/www.accomplir.asso.fr\/dossiers\/renovation\/03%20le%20fret.pdf\" target=\"_blank\" rel=\"noopener\">le fret<\/a><\/li>\n<li><a href=\"http:\/\/www.accomplir.asso.fr\/dossiers\/renovation\/04%20les%20acces%20aux%20espaces%20souterrains.pdf\" target=\"_blank\" rel=\"noopener\">les acc\u00e8s aux espaces souterrains<\/a><\/li>\n<li><a href=\"http:\/\/www.accomplir.asso.fr\/dossiers\/renovation\/05%20le%20jardin.pdf\" target=\"_blank\" rel=\"noopener\">le jardin<\/a> (<a href=\"http:\/\/www.accomplir.asso.fr\/dossiers\/renovation\/05%20le%20jardin-LQ.pdf\" target=\"_blank\" rel=\"noopener\">qualit\u00e9 basse<\/a>)<\/li>\n<li><a href=\"http:\/\/www.accomplir.asso.fr\/dossiers\/renovation\/06%20le%20calendrier.pdf\" target=\"_blank\" rel=\"noopener\">le calendrier<\/a><\/li>\n<\/ul>\n<\/li>\n<li><a href=\"http:\/\/www.accomplir.asso.fr\/dossiers\/renovation\/comm%20presse%20HdV%20hypermarche.pdf\" target=\"_blank\" rel=\"noopener\">La Ville d\u00e9ment fermement les rumeurs de cr\u00e9ation d\u2019un hypermarch\u00e9 aux Halles<\/a> (13\/12\/05)<\/li>\n<li><a href=\"http:\/\/www.accomplir.asso.fr\/dossiers\/renovation\/06%20Reunion%20du%20CPC%2029-11-05.pdf\" target=\"_blank\" rel=\"noopener\">R\u00e9union du Comit\u00e9 Permanent de Concertation (CPC)<\/a> (29\/11\/05) Jean-Pierre Caffet cr\u00e9e la surprise en annon\u00e7ant que la suppression du jardin Lalanne est une hypoth\u00e8se envisageable, bien que contraire au \u00ab Programme final de la r\u00e9novation des Halles \u00bb, arr\u00eat\u00e9 en janvier 2004. <a href=\"http:\/\/www.accomplir.asso.fr\/dossiers\/renovation\/CPC%2029-11-05.pdf\" target=\"_blank\" rel=\"noopener\">Compte rendu officiel r\u00e9dig\u00e9 par la DU<\/a>.<\/li>\n<li><a href=\"http:\/\/www.accomplir.asso.fr\/dossiers\/renovation\/09%20Charte%20Concertation%20Halles%20nov%2005.pdf\" target=\"_blank\" rel=\"noopener\">Projet de r\u00e9am\u00e9nagement des Halles - Charte de la concertation<\/a> (novembre 2005). Nouvelle version l\u00e9g\u00e8rement remani\u00e9e de la charte, pr\u00e9sent\u00e9e le 29\/11\/05.<\/li>\n<li><a name=\"dcseura_oct2005\"><\/a>Documents contractuels correspondant aux march\u00e9s confi\u00e9s \u00e0 la SEURA par la Ville de Paris\u00a0(octobre 2005)\u00a0:\n<ul>\n<li>am\u00e9nagement du jardin des Halles\u00a0: <a href=\"http:\/\/www.accomplir.asso.fr\/dossiers\/renovation\/07%20AE%20jardin.pdf\" target=\"_blank\" rel=\"noopener\">acte d\u2019engagement<\/a>, <a href=\"http:\/\/www.accomplir.asso.fr\/dossiers\/renovation\/08%20programme%20jardin.pdf\" target=\"_blank\" rel=\"noopener\">programme<\/a>, <a href=\"http:\/\/www.accomplir.asso.fr\/dossiers\/renovation\/09%20CCAP%20jardin.pdf\" target=\"_blank\" rel=\"noopener\">cahier des clauses administratives particuli\u00e8res<\/a><\/li>\n<li>am\u00e9nagement d'espaces publics de voirie dans le quartier des halles \u00e0 Paris 1er\u00a0: <a href=\"http:\/\/www.accomplir.asso.fr\/dossiers\/renovation\/10%20AE%20voirie.pdf\" target=\"_blank\" rel=\"noopener\">acte d\u2019engagement<\/a>, <a href=\"http:\/\/www.accomplir.asso.fr\/dossiers\/renovation\/11%20CCAP%20voirie.pdf\" target=\"_blank\" rel=\"noopener\">cahier des clauses administratives particuli\u00e8res<\/a>, <a href=\"http:\/\/www.accomplir.asso.fr\/dossiers\/renovation\/12%20CCTP%20voirie.pdf\" target=\"_blank\" rel=\"noopener\">cahier des clauses techniques particuli\u00e8res<\/a><\/li>\n<li>cr\u00e9ation ou modification d'espaces publics int\u00e9rieurs en rez-de-chauss\u00e9e et sous-sols, modification des acc\u00e8s, y compris ceux aux espaces de transport\u00a0: <a href=\"http:\/\/www.accomplir.asso.fr\/dossiers\/renovation\/13%20AE%20espaces%20sous-sol.pdf\" target=\"_blank\" rel=\"noopener\">acte d\u2019engagement<\/a>, <a href=\"http:\/\/www.accomplir.asso.fr\/dossiers\/renovation\/14%20CCAP%20espaces%20sous-sol.pdf\" target=\"_blank\" rel=\"noopener\">cahier des clauses administratives particuli\u00e8res<\/a>, <a href=\"http:\/\/www.accomplir.asso.fr\/dossiers\/renovation\/15%20CCTP%20espaces%20sous-sol.pdf\" target=\"_blank\" rel=\"noopener\">cahier des clauses techniques particuli\u00e8res<\/a><\/li>\n<\/ul>\n<\/li>\n<li><a href=\"http:\/\/www.accomplir.asso.fr\/dossiers\/renovation\/08%20bilan%20mandature%2019-10-05.pdf\" target=\"_blank\" rel=\"noopener\">Compte-rendu de mandat de Bertrand Delano\u00eb<\/a> (19\/10\/05) r\u00e9dig\u00e9 par Georges Gontcharoff. \u00ab\u00a0Gardera-t-on le jardin Lalanne dans sa conception et \u00e0 sa place actuelle ? Le reconstituera-t-on ailleurs ? Fera-t-on un autre jardin pour les enfants ? Tout est discutable. Tout est ouvert \u00e0 la concertation. Rien n\u2019est d\u00e9cid\u00e9 actuellement.\u00a0\u00bb<\/li>\n<li><a href=\"http:\/\/www.accomplir.asso.fr\/dossiers\/renovation\/01%20CR%20Contassot.pdf\" target=\"_blank\" rel=\"noopener\">R\u00e9union sur le devenir du Jardin des Halles et du Jardin Lalanne avec Yves Contassot<\/a> (08\/10\/05). A la consternation g\u00e9n\u00e9rale, Yves Contassot d\u00e9ploie une batterie d\u2019arguments en faveur de la suppression du Jardin Lalanne.<\/li>\n<li><a href=\"http:\/\/www.accomplir.asso.fr\/dossiers\/renovation\/07%20CR%20Coper.pdf\" target=\"_blank\" rel=\"noopener\">Compte-rendu officiel de la r\u00e9union sur le dispositif de concertation du 29 septembre 2005<\/a>.<\/li>\n<li><a href=\"http:\/\/www.accomplir.asso.fr\/dossiers\/renovation\/Prop%20Halles%20concerta%20pr05_09_05%20sf%20print.pdf\" target=\"_blank\" rel=\"noopener\">Document officiel remis aux associations par Jean-Pierre Caffet<\/a>\u00a0: Proposition de <i>Charte de la concertation<\/i> (29\/09\/05)<\/li>\n<li><a href=\"http:\/\/www.accomplir.asso.fr\/dossiers\/renovation\/Hotel%20de%20ville%2029-09-05.pdf\" target=\"_blank\" rel=\"noopener\">R\u00e9union de finalisation du dispositif de concertation des Halles \u00e0l\u2019H\u00f4tel de Ville<\/a> (29\/09\/05). En attendant le compte-rendu officiel, voici le compte-rendu d\u2019Accomplir.<\/li>\n<li><a href=\"http:\/\/www.accomplir.asso.fr\/dossiers\/20090110\/03%20entretien%20Raguin.pdf\" target=\"_blank\" rel=\"noopener\">Entretien avec Philippe Raguin sur le devenir du Jardin des Halles et du Jardin Lalanne<\/a> (03\/09\/05). Philippe Raguin est le paysagiste de l\u2019\u00e9quipe de David Mangin. Nous avons souhait\u00e9 le rencontrer pour faire le point sur l\u2019avancement de la r\u00e9flexion concernant le devenir du Jardin des Halles et en particulier du Jardin Lalanne, dont il semblerait que la suppression puisse \u00eatre envisag\u00e9e.<\/li>\n<li><a href=\"http:\/\/www.accomplir.asso.fr\/dossiers\/renovation\/Commentaires%20rapport%20Gontcha.pdf\" target=\"_blank\" rel=\"noopener\">Commentaires sur le rapport de Georges Gontcharoff<\/a> par le Collectif R\u00e9novation des Halles (21\/08\/05). G. Gontcharoff a eu le courage de se plonger dans un dossier complexe et pol\u00e9mique et a pris le temps de s\u2019informer de fa\u00e7on relativement approfondie sur la premi\u00e8re phase du projet. Il fait preuve de l\u2019ind\u00e9pendance d\u2019esprit qu\u2019on attend des membres de l\u2019Observatoire Parisien de la d\u00e9mocratie locale par rapport \u00e0 la municipalit\u00e9 et porte un regard critique et sans complaisance sur les institutions parisiennes et leur fonctionnement. Peut-\u00eatre en revanche n\u2019est-il pas aussi neutre \u00e0 l\u2019\u00e9gard d\u2019une des associations qui s\u2019est tr\u00e8s r\u00e9cemment int\u00e9ress\u00e9e \u00e0 ce projet, l\u2019EPPPUR, en raison de l\u2019amiti\u00e9 personnelle qui le lie \u00e0 son fondateur, Pierre Dim\u00e9glio, ce qui a pu infl\u00e9chir l\u2019analyse qu\u2019il fait de la participation associative.<\/li>\n<li><a name=\"renov_etudes_paris\"><\/a>Premier ensemble d\u2019\u00e9tudes officielles r\u00e9alis\u00e9es par la Ville en pr\u00e9vision du projet des Halles et communiqu\u00e9es aux associations\u00a0(juillet 2005) :\n<ul>\n<li><a href=\"http:\/\/www.accomplir.asso.fr\/images\/dossiers_classes\/02%20etude%20diagnostice%20voirie%20souterraine.pdf\" target=\"_blank\" rel=\"noopener\">Voirie souterraine des Halles<\/a>. Enqu\u00eate origine\/destination r\u00e9alis\u00e9e par la soci\u00e9t\u00e9 Actis (juin 2003).<\/li>\n<li><a href=\"..\/images\/dossiers_classes\/03a%20etude%20gestion%20urbaine%20.pdf\" target=\"_blank\" rel=\"noopener\">Etude de gestion urbaine\u00a0: les quartiers des Halles<\/a> et <a href=\"http:\/\/www.accomplir.asso.fr\/images\/dossiers_classes\/03b%20annexe%20cartes%20etude%20gestion%20urbaine.pdf\" target=\"_blank\" rel=\"noopener\">Cartes de l\u2019\u00e9tude de gestion urbaine<\/a> (f\u00e9vrier 2004).<\/li>\n<li>\u00c9tude sur la relation entre le patrimoine b\u00e2ti, l\u2019occupation de l\u2019espace public et l\u2019implantation des commerces sur le quartier des Halles. <a href=\"http:\/\/www.accomplir.asso.fr\/images\/dossiers_classes\/04a%20etude%20diag%20commerces%20et%20patrimoine.pdf\" target=\"_blank\" rel=\"noopener\">Phase 1\u00a0: Diagnostic<\/a> (mai 2004) et <a href=\"http:\/\/www.accomplir.asso.fr\/images\/dossiers_classes\/04b%20etude%20charte%20commerces.pdf\" target=\"_blank\" rel=\"noopener\">Phase 2\u00a0: Charte d\u2019am\u00e9nagement des commerces<\/a> (d\u00e9cembre 2004). Etude r\u00e9alis\u00e9e par V\u00e9ronique Siron, architecte DPLG.<\/li>\n<li><a href=\"http:\/\/www.accomplir.asso.fr\/images\/dossiers_classes\/01%20etude%20fonctionnement%20jardin.pdf\" target=\"_blank\" rel=\"noopener\">Fr\u00e9quentation et usages du Jardin des Halles<\/a>. Etude r\u00e9alis\u00e9e par Herv\u00e9 Thomas, sociologue (novembre 2002).<\/li>\n<li><a href=\"http:\/\/www.accomplir.asso.fr\/images\/dossiers_classes\/05a%20etude%20evaluation%20patrimoine%201970%202000.pdf\" target=\"_blank\" rel=\"noopener\">Diagnostic patrimonial de l\u2019architecture des Halles \u2013 Ann\u00e9es 1975-2000<\/a>. Etude r\u00e9alis\u00e9e par Thierry Roze, architecte DPLG (juillet 2004)<\/li>\n<\/ul>\n<\/li>\n<li>L<a href=\"http:\/\/www.accomplir.asso.fr\/dossiers\/renovation\/01%20entretien%20caffet.pdf\" target=\"_blank\" rel=\"noopener\">e Collectif R\u00e9novation des Halles a \u00e9t\u00e9 re\u00e7u par Jean-Pierre Caffet<\/a>, qui a donn\u00e9 son approbation \u00e0 toutes nos propositions sur le futur dispositif de concertation (23\/06\/05).<\/li>\n<li><a href=\"http:\/\/www.accomplir.asso.fr\/dossiers\/renovation\/RAPPORT%20OBSERVATOIRE%202005.pdf\" target=\"_blank\" rel=\"noopener\">La d\u00e9mocratie participative \u00e0 l\u2019\u00e9preuve de deux op\u00e9rations d\u2019am\u00e9nagement et d\u2019urbanisme \u00e0 Paris<\/a>, Rapport de Georges Gontcharoff, membre de l\u2019Observatoire Parisien de la D\u00e9mocratie Locale (25\/05\/05).<\/li>\n<li><a href=\"http:\/\/www.accomplir.asso.fr\/dossiers\/renovation\/Plateforme%202.pdf\" target=\"_blank\" rel=\"noopener\">Nouvelle contribution de la Plateforme<\/a> des associations parisiennes d\u2019habitants \u00e0 la r\u00e9flexion sur le futur dispositif de concertation (25\/05\/\/05)<\/li>\n<li><a href=\"http:\/\/www.accomplir.asso.fr\/dossiers\/renovation\/Mangin%20EDP.pdf\" target=\"_blank\" rel=\"noopener\">Pour une ville passante et m\u00e9tisse<\/a>, conf\u00e9rence-d\u00e9bat de David Mangin \u00e0 l\u2019Ecole de Paris du Management (19\/05\/05), \u00e0 propos de son livre \u00ab\u00a0La Ville franchis\u00e9e \u2013 Formes et structures de la ville contemporaine\u00a0\u00bb. D. Mangin d\u00e9nonce l\u2019urbanisme fond\u00e9 sur le \u00ab\u00a0tout-automobile\u00a0\u00bb et dessine des perspectives pour en sortir.<\/li>\n<li><a href=\"http:\/\/www.accomplir.asso.fr\/dossiers\/renovation\/contribution%20de%20Globhalles.pdf\" target=\"_blank\" rel=\"noopener\">Contribution de la nouvelle association du quartier des Halles, Glob\u2019Halles<\/a>, \u00e0 la r\u00e9flexion sur le futur dispositif de concertation (16\/05\/05)<\/li>\n<li><a href=\"http:\/\/www.accomplir.asso.fr\/dossiers\/renovation\/Protestation%20Paris%20des%20Halles.pdf\" target=\"_blank\" rel=\"noopener\">Lettre de Paris des Halles au Maire de Paris<\/a> (11\/05\/05). Cette association poursuit sa curieuse croisade anti-associative\u00a0: souhaitant assurer une \u00ab\u00a0vraie d\u00e9mocratie participative des citoyens\u00a0\u00bb, Paris des Halles s\u2019oppose \u00ab\u00a0\u00e0 voir si\u00e9ger avec voix d\u00e9lib\u00e9rative des membres associatifs (nous ou d\u2019autres) qui n\u2019ont aucune l\u00e9gitimit\u00e9 repr\u00e9sentative\u00a0\u00bb. Il serait temps que cette association s\u2019informe de la diff\u00e9rence entre d\u00e9mocratie participative (par d\u00e9finition non repr\u00e9sentative) et d\u00e9mocratie \u00e9lective...<\/li>\n<li>Le Collectif R\u00e9novation des Halles propose des <a href=\"http:\/\/www.accomplir.asso.fr\/dossiers\/renovation\/Fichier%201.pdf\" target=\"_blank\" rel=\"noopener\">amendements au dispositif de concertation pr\u00e9sent\u00e9 par la Direction de l\u2019Urbanisme<\/a> (27\/04\/05)<\/li>\n<li><a href=\"http:\/\/www.accomplir.asso.fr\/dossiers\/renovation\/Plateforme%201.pdf\" target=\"_blank\" rel=\"noopener\">Contribution de la Plateforme des associations parisiennes d\u2019habitants<\/a> \u00e0 la r\u00e9flexion sur le futur dispositif de concertation (16\/04\/05)<\/li>\n<li><a href=\"http:\/\/www.accomplir.asso.fr\/dossiers\/renovation\/CR%20officiel%20version%20courte%2013-04-05.pdf\" target=\"_blank\" rel=\"noopener\">Compte rendu officiel de la r\u00e9union du 13\/04\/05 \u00e0 l\u2019H\u00f4tel de Ville<\/a> sur le futur dispositif de concertation (version br\u00e8ve r\u00e9dig\u00e9e par la Direction de l\u2019Urbanisme)<\/li>\n<li>La concertation sur le projet des Halles a \u00e9t\u00e9 relanc\u00e9e gr\u00e2ce \u00e0 une <a href=\"http:\/\/www.accomplir.asso.fr\/dossiers\/renovation\/02%20HdV%2013-04.pdf\" target=\"_blank\" rel=\"noopener\">premi\u00e8re r\u00e9union organis\u00e9e par l\u2019H\u00f4tel de Ville avec les associations et conseils de quartier<\/a> (13\/04\/05). L\u2019attitude de Jean-Pierre Caffet, qui se dit pr\u00eat \u00e0 mettre en \u0153uvre un dispositif de concertation ambitieux, tranche avec celle de certaines associations, qui de fa\u00e7on totalement inacceptable pour les autres, semblent vouloir saper le principe m\u00eame de la participation associative\u00a0!<\/li>\n<li><a href=\"http:\/\/www.accomplir.asso.fr\/dossiers\/renovation\/Concertation%20halles%20HDV.pdf\" target=\"_blank\" rel=\"noopener\">Les Halles : Premi\u00e8res propositions d'organisation de la poursuite de la concertation pendant les \u00e9tudes et la mise en oeuvre de l'op\u00e9ration d'am\u00e9nagement<\/a>, texte pr\u00e9sent\u00e9 aux associations par l'H\u00f4tel de Ville (13\/04\/05)<\/li>\n<li><a href=\"http:\/\/www.accomplir.asso.fr\/dossiers\/renovation\/Contribution%20Paris%20des%20Halles.pdf\" target=\"_blank\" rel=\"noopener\">Proposition de Paris des Halles<\/a> pour le dispositif de concertation (12\/04\/05). Les associations sont purement et simplement absentes de ce tableau des diff\u00e9rents acteurs de la concertation\u2026<\/li>\n<li><a href=\"http:\/\/www.accomplir.asso.fr\/dossiers\/renovation\/contrib%20epppur.pdf\" target=\"_blank\" rel=\"noopener\">Contribution de l\u2019EPPPUR<\/a> \u00e0 la r\u00e9flexion sur le futur dispositif de concertation (31\/03\/05)<\/li>\n<li><a href=\"http:\/\/www.accomplir.asso.fr\/dossiers\/renovation\/plateforme.pdf\" target=\"_blank\" rel=\"noopener\">La Plateforme des associations parisiennes d\u2019habitants appuie la suggestion du Collectif R\u00e9novation des Halles de cr\u00e9er un \u00ab\u00a0comit\u00e9 de concertation permanente\u00a0\u00bb<\/a> (05\/03\/05)<\/li>\n<li><a href=\"http:\/\/www.accomplir.asso.fr\/dossiers\/renovation\/01%20Projet%20contrat%20concertation%20les%20halles%2018-02-05.pdf\" target=\"_blank\" rel=\"noopener\">Proposition pour un contrat de concertation permanente<\/a> pour la suite du projet des Halles (f\u00e9vrier 2005). Cette proposition a \u00e9t\u00e9 \u00e9labor\u00e9e par le Collectif R\u00e9novation des Halles, avec l\u2019aide de deux associations impliqu\u00e9es dans le dispositif de concertation permanente de la ZAC Paris Rive Gauche, \u00e0 la suite de la table-ronde qu\u2019il a organis\u00e9e le 22\/01\/05. Elle a \u00e9t\u00e9 adress\u00e9e au Maire de Paris le 03\/03\/05.<\/li>\n<li><a href=\"http:\/\/www.accomplir.asso.fr\/dossiers\/renovation\/02%20deliberation_projet.pdf\" target=\"_blank\" rel=\"noopener\">D\u00e9lib\u00e9ration du Conseil de Paris sur le projet des Halles<\/a> (08\/02\/05)\u00a0: le Conseil de Paris a d\u00e9cid\u00e9 \u00ab\u00a0de confier \u00e0 l'\u00e9quipe SEURA, pilot\u00e9e par David Mangin, la mission de d\u00e9terminer le sch\u00e9ma g\u00e9n\u00e9ral du projet et les \u00e9l\u00e9ments le constituant afin de permettre \u00e0 la Ville de pr\u00e9parer les dossiers de mise en \u0153uvre op\u00e9rationnelle de l'op\u00e9ration (dossier de cr\u00e9ation et de r\u00e9alisation de la future ZAC) et d'accompagner leur bon d\u00e9roulement dans le temps\u00a0\u00bb.<\/li>\n<li>Am\u00e9nagement du quartier des Halles\u00a0: <a href=\"http:\/\/www.accomplir.asso.fr\/dossiers\/20080418\/08%20marche%20de%20maitrise%20doeuvre%20urbaine.pdf\" target=\"_blank\" rel=\"noopener\">march\u00e9 de ma\u00eetrise d\u2019\u0153uvre urbaine accord\u00e9 \u00e0 la SEURA en f\u00e9vrier 2005<\/a> - March\u00e9 de prestations intellectuelles - cahier des clauses techniques particuli\u00e8res (f\u00e9vrier 2005)<\/li>\n<li><a href=\"http:\/\/www.accomplir.asso.fr\/dossiers\/renovation\/03%20CR%20table%20ronde.pdf\" target=\"_blank\" rel=\"noopener\">Concertation sur le projet des Halles\u00a0: bilan et perspective<\/a> (22\/01\/05). Table-ronde organis\u00e9e par le Collectif r\u00e9novation des Halles avec la participation d\u2019Elisabeth Bourguinat, secr\u00e9taire de l\u2019association ACCOMPLIR et coordinatrice du Collectif R\u00e9novation des Halles\u00a0; Georges Gontcharoff, expert \u00e0 l\u2019Observatoire parisien de la d\u00e9mocratie locale\u00a0; Fabrice Piault, pr\u00e9sident de l\u2019association Tam-Tam, impliqu\u00e9e dans la concertation sur la ZAC Paris Rive Gauche\u00a0; Gilles-Laurent Rayssac (Res publica), sp\u00e9cialiste de la conception et de l\u2019organisation de processus de concertation et de d\u00e9bats public (projets urbains, sant\u00e9 publique, organisation des transports\u2026)\u00a0; Ginette Treton, vice-pr\u00e9sidente de l\u2019association ADA13, impliqu\u00e9e dans la concertation sur la ZAC Paris Rive gauche\u00a0; Jodelle Zetlaoui-L\u00e9ger (sociologue, enseignant-chercheur \u00e0 l\u2019Institut d\u2019urbanisme de Paris).<\/li>\n<li><a href=\"http:\/\/www.accomplir.asso.fr\/dossiers\/renovation\/04%20Concertation%20Permanente%20Paris%20Rive%20Gauche.pdf\" target=\"_blank\" rel=\"noopener\">Pr\u00e9sentation d\u00e9taill\u00e9e du dispositif de concertation permanente de la ZAC Paris Rive Gauche<\/a> (13\u00e8me) par Ginette Treton, de l\u2019association ADA 13 (janvier 2005).<\/li>\n<li>Le Collectif R\u00e9novation des Halles organise le samedi 22 janvier, de 15h \u00e0 18h, au Forum Saint-Eustache, <a href=\"http:\/\/www.accomplir.asso.fr\/dossiers\/renovation\/Invitation%20reu%20conc%2022-01-05.pdf\" target=\"_blank\" rel=\"noopener\">une premi\u00e8re r\u00e9union pour commencer \u00e0 pr\u00e9parer la phase suivante de la concertation<\/a> \u00e0\u00a0partir d\u2019un bilan sur la premi\u00e8re phase de la concertation aux Halles et d\u2019un\u00a0 expos\u00e9 sur le fonctionnement de la concertation permanente dans le cadre de la ZAC Paris Rive Gauche.<\/li>\n<\/ul>\n<hr \/>\n<div id=\"2004\">2004 - <a href=\"#top\">Haut<\/a><\/div>\n<ul>\n<li style=\"list-style-type: none;\">\n<ul>\n<li style=\"list-style-type: none;\">\n<ul>\n<li style=\"list-style-type: none;\">\n<ul>\n<li><a href=\"http:\/\/www.accomplir.asso.fr\/dossiers\/20081202\/08rapport_cao_15-12-2004.pdf\" target=\"_blank\" rel=\"noopener\">Rapport de la Direction de l\u2019Urbanisme \u00e0 la Commission d\u2019appel d\u2019offre<\/a> (15\/12\/04) et <a href=\"http:\/\/www.accomplir.asso.fr\/dossiers\/20081202\/07%20analyse_comparee_reponses_08_12_2004.pdf\" target=\"_blank\" rel=\"noopener\">Analyse sch\u00e9matique compar\u00e9e des r\u00e9ponses des quatre \u00e9quipes au programme<\/a> (15\/12\/04). Ces documents, confidentiels, sont entr\u00e9s entre notre possession en novembre 2008, moment o\u00f9 a eacute;t\u00e9 finalis\u00e9 le projet de jardin de la SEURA, qui d\u00e9truit tout ce \u00e0 quoi nous tenons, et notamment le jardin d\u2019aventure Lalanne. Dans ces documents, pr\u00e9cieux pour le recours au TA que nous allons engager, le maintien du jardin Lalanne sur son site par l\u2019\u00e9quipe SEURA-Mangin est explicitement mentionn\u00e9\u00a0: \u00ab\u00a0Le \u2018jardin des Lalanne\u2019 serait conserv\u00e9 et restructur\u00e9 pour s\u2019adapter aux normes de s\u00e9curit\u00e9\u00a0\u00bb. Les \u00e9lus qui ont vot\u00e9 ce projet sur la base de ce rapport et entre autres parce qu\u2019il maintenait ce jardin auquel les habitants \u00e9taient tr\u00e8s attach\u00e9s ont \u00e9t\u00e9 tromp\u00e9s\u00a0!<\/li>\n<li>Le texte de la <a href=\"http:\/\/www.accomplir.asso.fr\/dossiers\/renovation\/conf%20delanoe%20compl.pdf\" target=\"_blank\" rel=\"noopener\">conf\u00e9rence de presse de Bertrand Delano\u00eb<\/a>, annon\u00e7ant le choix du projet de David Mangin, le choix \u00ab\u00a0de la raison et de l\u2019audace\u00a0\u00bb (15\/12\/04)<\/li>\n<li><a href=\"http:\/\/www.accomplir.asso.fr\/dossiers\/renovation\/Communique%2015-12.pdf\" target=\"_blank\" rel=\"noopener\">Communiqu\u00e9 du Collectif R\u00e9novation des Halles<\/a> suite aux choix du projet Mangin par la CAO (15\/12\/04) : \"Nous remercions le Maire de Paris et son \u00e9quipe d\u2019avoir donn\u00e9 la priorit\u00e9 \u00e0 une strat\u00e9gie urbaine, et d\u2019avoir refus\u00e9 de se lancer dans un choix architectural pr\u00e9matur\u00e9 avant d'avoir d\u00e9fini un programme urbain et un cahier des charges pr\u00e9cis, ce qui va pouvoir \u00eatre fait maintenant.\u00a0Enfin, nous sommes tr\u00e8s heureux que ce projet se fasse sur la base de la proposition de David Mangin et avec son concours\u00a0: nous avons en effet soutenu son projet depuis mai dernier \u00e0 partir d\u2019une analyse approfondie des quatre propositions, car il est celui, et de tr\u00e8s loin, qui a r\u00e9pondu \u00e0 la question d\u2019urbanisme pos\u00e9e sur les Halles de la fa\u00e7on la plus pertinente et efficace.\"<\/li>\n<li><a href=\"http:\/\/www.accomplir.asso.fr\/dossiers\/renovation\/ETAPE%207.pdf\" target=\"_blank\" rel=\"noopener\">Etape 7\u00a0: R\u00e9\u00e9valuation des quatre projets sur nos 51 crit\u00e8res d\u2019apr\u00e8s les \u00e9volutions propos\u00e9es par les quatre \u00e9quipes<\/a> (Novembre 2004). Cette analyse a \u00e9t\u00e9 conduite \u00e0 partir du rapport pr\u00e9sent\u00e9 par la SEM-Paris-Centre\u00a0: <em>\u00a0Synth\u00e8se des r\u00e9ponses aux questions pos\u00e9es aux quatre \u00e9quipes <\/em>(15\/09\/04). Elle reprend les 51 crit\u00e8res que nous avions d\u00e9finis en avril 2004 (<em>Etape 4)<\/em> et les commentaires que nous avions propos\u00e9s pour chacun des quatre projets sur chacun de ces crit\u00e8res. Dans le pr\u00e9sent document, ont \u00e9t\u00e9 ajout\u00e9s en italique et signal\u00e9s par le terme <em>\u00ab\u00a0Evolutivit\u00e9\u00a0\u00bb <\/em>les commentaires sur les modifications envisag\u00e9es par les \u00e9quipes\u00a0; lorsque ces modifications entra\u00eenent un changement de \u00ab\u00a0smiley\u00a0\u00bb, celui-ci est signal\u00e9 par la fl\u00e8che \u00e8. Au total, notre classement des quatre projets n\u2019\u00e9volue pas significativement.<\/li>\n<li><a href=\"http:\/\/www.accomplir.asso.fr\/dossiers\/renovation\/Commentaires%20reponse%20SEM.pdf\" target=\"_blank\" rel=\"noopener\">R\u00e9ponse du Collectif R\u00e9novation des Halles \u00e0 la r\u00e9ponse d\u2019Alain Le Garrec<\/a> concernant le texte \u00ab\u00a0Le scandale du rapport confidentiel de la SEMParis Centre\u00a0\u00bb (25\/11\/04)\u00a0: \u00ab\u00a0Nous sommes sensibles au temps consacr\u00e9 par les \u00e9quipes de la SEM \u00e0 la lecture de notre document et nous les remercions pour les pr\u00e9cisions qu'ils nous ont apport\u00e9es sur certains points\u00a0; n\u00e9anmoins, nous maintenons la quasi-totalit\u00e9 des critiques soulev\u00e9es dans nos quatre points\u00a0\u00bb<\/li>\n<li><a href=\"http:\/\/www.accomplir.asso.fr\/dossiers\/renovation\/Entretien%20JFL%2023-11.html\">Entretien avec Jean-Fran\u00e7ois Legaret, maire du 1er<\/a>, sur le fonctionnement de la CAO, dont il est membre depuis 1991 (23\/11\/04)<\/li>\n<li><a href=\"http:\/\/www.accomplir.asso.fr\/dossiers\/renovation\/communique%20de%20presse%20collectif.pdf\" target=\"_blank\" rel=\"noopener\">D\u00e9cision sur le projet des Halles\u00a0: non \u00e0 l\u2019opacit\u00e9\u00a0!<\/a>, communiqu\u00e9 de presse du Collectif R\u00e9novation des Halles (22\/11\/04). \u00ab\u00a0Si, comme l\u2019a affirm\u00e9 Jean-Pierre Caffet (adjoint au Maire de Paris charg\u00e9 de l\u2019urbanisme) \u00e0 plusieurs reprises, la d\u00e9cision concernant les Halles doit \u00eatre prise \u00ab\u00a0selon des crit\u00e8res objectifs\u00a0\u00bb, <strong>nous demandons la transparence de ces crit\u00e8res et la publication des d\u00e9bats qui conduiront \u00e0 la d\u00e9cision<\/strong>. Sinon, comment ne pas c\u00e9der au soup\u00e7on selon lequel toute cette concertation n\u2019aurait eu d\u2019autre but que de tenter de conditionner les esprits avant une d\u00e9cision arbitraire, du reste peut-\u00eatre d\u00e9j\u00e0 prise depuis longtemps ?\u00a0\u00bb<\/li>\n<li><a href=\"http:\/\/www.accomplir.asso.fr\/dossiers\/renovation\/reponse-SEM.pdf\" target=\"_blank\" rel=\"noopener\">R\u00e9ponse d\u2019Alain Le Garrec au texte du Collectif R\u00e9novation des Halles \u00ab\u00a0Le scandale du rapport confidentiel de la SEM Paris Centre\u00a0\u00bb<\/a> (19\/11\/04)<\/li>\n<li><a href=\"http:\/\/www.accomplir.asso.fr\/dossiers\/renovation\/tribune%20revue%20le%2020-11.pdf\" target=\"_blank\" rel=\"noopener\">\u00ab\u00a0Encore un effort de d\u00e9mocratie, Monsieur Delano\u00eb\u00a0\u00bb<\/a>, tribune par Fran\u00e7ois Weill, urbaniste,pr\u00e9sident d\u2019ACCOMPLIR (20\/11\/04). \u00ab\u00a0Il n\u2019existe pas \u2013 ou peu \u2013 d\u2019exemple d\u2019un dialogue aussi riche que celui qui s\u2019\u00e9tait instaur\u00e9 aux Halles entre les associations et les pouvoirs publics dans la premi\u00e8re partie du projet\u00a0; le maire de Paris a donc eu raisonde tenter l\u2019exp\u00e9rience, mais il ne faut pas l\u2019arr\u00eater en route. Paris est d\u00e9j\u00e0 coutur\u00e9 des cicatrices laiss\u00e9es par le fait du prince et de \u00ab\u00a0grands\u00a0\u00bb architectes \u00e0 la mode\u00a0; l\u2019ennui est que ces cicatrices-l\u00e0 ne se referment pas. N\u2019en ouvrez pas une nouvelle, Monsieur le Maire.\u00a0\u00bb<\/li>\n<li><a href=\"http:\/\/www.accomplir.asso.fr\/dossiers\/renovation\/LES%20TEMPLES%20DU%20SHOPPING.pdf\" target=\"_blank\" rel=\"noopener\">\u00ab\u00a0Les temples du shopping - L\u2019esth\u00e9tique du centre commercial a envahi la plan\u00e8te\u00a0\u00bb<\/a>. Article choc paru dans <em>T\u00e9l\u00e9rama<\/em> en 2000, et qui r\u00e9v\u00e8le quelle est la th\u00e9orie sous-jacente au travail de l\u2019architecte Rem Koolhaas\u00a0: selon lui, l\u2019architecture contemporaine a \u00e9chou\u00e9 dans sa tentative d\u2019organiser le monde. Elle a tent\u00e9, dit-il, de b\u00e2tir les villes selon des sch\u00e9mas rationnels,d\u2019imposer des r\u00e8gles, d\u2019\u00e9viter le d\u00e9sordre. Mais l\u2019urbanisation g\u00e9n\u00e9ralis\u00e9e de la plan\u00e8te s\u2019est faite sans elle. Et quel est, dans nos pays occidentaux, l\u2019ultime activit\u00e9 commune\u00a0? Quels sont les lieux publics o\u00f9 se r\u00e9unissent en nombre les citoyens ? \u00ab\u00a0Le shopping, explique l\u2019architecte. Le shopping, qui est devenu l\u2019activit\u00e9 ultime de l\u2019esp\u00e8ce humaine.\u00a0\u00bb Suscitant ses lieux \u00e0 lui - centres commerciaux, parkings, sorties de ville o\u00f9 s\u2019agglutinent des enseignes tapageuses -, \u00ab\u00a0le shopping a cr\u00e9\u00e9 un espace qui n\u2019a jamais atteint de coh\u00e9rence et d\u2019ailleurs n\u2019y a jamais aspir\u00e9. C\u2019est ce que je nomme \"junkspace\" [par analogie avec \"junkfood\" : la sous-nourriture des hamburgers]. Nous jugeons le junkspace comme une aberration. Nous avons tort. Le junkspace est l\u2019essence de notre si\u00e8cle, et il conna\u00eetra bient\u00f4t son apoth\u00e9ose.\u00a0\u00bb\u00a0<em>Commentaire\u00a0(25\/11\/04) : En lisant cet article, on comprend mieux pourquoi M. Koolhaas propose d\u2019ouvrir le centre commercial sur le jardin\u00a0: selon lui, le centre commercial est, sera, ou doit \u00eatre la matrice de la ville\u00a0! Pas d\u2019accord, Monsieur Koolhaas\u00a0! Nous avons l\u2019ambition, avec nos \u00e9lus et avec d\u2019autres architectes que vous, de garder le contr\u00f4le sur l\u2019espace public\u00a0!<\/em><\/li>\n<li><a href=\"http:\/\/www.accomplir.asso.fr\/dossiers\/renovation\/criteres%20objectifs%20collectif.doc.pdf\" target=\"_blank\" rel=\"noopener\">\u00ab\u00a0Crit\u00e8res objectifs\u00a0\u00bb d\u00e9finis par le Collectif R\u00e9novation des Halles<\/a> pour l\u2019\u00e9valuation du projet qui sera choisi par la Mairie (04\/11\/04)<\/li>\n<li><a href=\"http:\/\/www.accomplir.asso.fr\/dossiers\/renovation\/analyse%20rapport%20conf%20SEM.pdf\" target=\"_blank\" rel=\"noopener\">Dossier du Collectif R\u00e9novation des Halles\u00a0: Le scandale du rapport confidentiel de la SEM-Paris-Centre<\/a> (11\/11\/04). La SEM-Paris-Centre a pr\u00e9sent\u00e9 au comit\u00e9 de pilotage du 2\/11\/04 son rapport confidentiel sur les quatre propositions en lice pour le projet de r\u00e9novation des Halles. C\u2019est sur la base de ce rapport que la CAO devra proposer le nom du futur ma\u00eetre d\u2019\u0153uvre le 10\/12\/04, afin que le Conseil de Paris puisse prendre sa d\u00e9cision en janvier. Il devrait donc faire une pr\u00e9sentation aussi neutre que possible des avantages et inconv\u00e9nients des quatre projets par rapport au programme d\u00e9fini par le cahier des charges. Or il est scandaleusement orient\u00e9 et partial\u00a0: tout est fait pour favoriser le projet OMA\/Koolhaas au d\u00e9triment de ses concurrents.<\/li>\n<li><a href=\"http:\/\/www.accomplir.asso.fr\/dossiers\/renovation\/ETAPE%206.pdf\" target=\"_blank\" rel=\"noopener\">Etape 6\u00a0: Analyse des avis d\u00e9pos\u00e9s par les visiteurs de l\u2019exposition sur les quatre propositions pour le projet des Halles (nouvelle contribution d\u2019ACCOMPLIR, octobre 2004)<\/a>. Les crit\u00e8res mis en avant par les visiteurs sont pour la plupart tr\u00e8s proches de ceux que nous avions nous-m\u00eames retenus. La synth\u00e8se des questionnaires montre que les aspects positifs du projet Mangin ont \u00e9t\u00e9 soulign\u00e9s par de nombreux visiteurs de l'exposition, bien au-del\u00e0 des seuls riverains. En effet, le total des points positifs et n\u00e9gatif le place en t\u00eate des quatre projets, que ce soit en donn\u00e9es brutes ou en donn\u00e9es pond\u00e9r\u00e9es par l'importance accord\u00e9e \u00e0 chaque champ th\u00e9matique.<\/li>\n<li>Compte rendu officiel des <a href=\"http:\/\/www.accomplir.asso.fr\/dossiers\/renovation\/cr_ateliers9oct04.pdf\" target=\"_blank\" rel=\"noopener\">Ateliers du projet des Halles<\/a> organis\u00e9s \u00e0 l\u2019H\u00f4tel de Ville (09\/10\/04)<\/li>\n<li><a href=\"http:\/\/www.accomplir.asso.fr\/dossiers\/renovation\/analyse%20des%20avis.pdf\" target=\"_blank\" rel=\"noopener\">Analyse des avis de la consultation men\u00e9e dans le cadre de l\u2019exposition de concertation publique<\/a> (rapport officiel, septembre 2004). Les trois th\u00e8mes principalement abord\u00e9s dans les bulletins d\u00e9pos\u00e9s par les visiteurs dans la salle d\u2019exposition sont\u00a0: la relation au contexte urbain\u00a0; le besoin d\u2019une masse v\u00e9g\u00e9tale au c\u0153ur du quartier\u00a0; la densit\u00e9.<\/li>\n<li><a href=\"http:\/\/www.accomplir.asso.fr\/dossiers\/renovation\/Debat%20avec%20David%20Mangin.pdf\" target=\"_blank\" rel=\"noopener\">D\u00e9bat avec David Mangin \u00e0 la Bourse de Commerce<\/a> (16\/09\/04, compte-rendu r\u00e9dig\u00e9 en ao\u00fbt 2005). Il y a un an, le Collectif R\u00e9novation des Halles invitait David Mangin \u00e0 un d\u00e9bat \u00e0 la Bourse de Commerce pour qu\u2019il puisse d\u00e9fendre son projet devant un large public. Au moment o\u00f9 la concertation sur la deuxi\u00e8me phase du projet va s\u2019ouvrir, le compte-rendu de cette soir\u00e9e permettra \u00e0 chacun de se \u00ab rafra\u00eechir la m\u00e9moire \u00bb sur les grandes lignes et les enjeux de ce projet.<\/li>\n<li><a href=\"http:\/\/www.accomplir.asso.fr\/dossiers\/renovation\/synth%20rep%204%20equip.pdf\" target=\"_blank\" rel=\"noopener\">Synth\u00e8se des r\u00e9ponses aux questions pos\u00e9es aux quatre \u00e9quipes<\/a> (rapport officiel, 15\/09\/04)<\/li>\n<li><a href=\"http:\/\/www.accomplir.asso.fr\/dossiers\/renovation\/questions%20aux%20equipes%2021-07-04.pdf\" target=\"_blank\" rel=\"noopener\">Questions compl\u00e9mentaires pos\u00e9es aux \u00e9quipes<\/a> (21\/07\/04) Ces questions compl\u00e9mentaires pos\u00e9es aux \u00e9quipes \u00e0 la suite du Conseil de Paris de Juillet 2004 portent sur les th\u00e8mes suivants\u00a0: densit\u00e9 du b\u00e2ti\u00a0; accessibilit\u00e9 et usage du jardin\u00a0; \u00e9quipement(s) public(s) m\u00e9tropolitain(s) et programmation\u00a0; qualit\u00e9 environnementale et d\u00e9veloppement durable\u00a0; caract\u00e9ristiques du p\u00f4le de transport\u00a0; circulations automobiles et voiries souterraines et en surface\u00a0; livraisons et logistique urbaine ferroviaire\u00a0; continuit\u00e9 d\u2019exploitation et phasage des travaux.<\/li>\n<li><a href=\"http:\/\/www.accomplir.asso.fr\/dossiers\/renovation\/10%20conseil%20de%20paris.htm\" target=\"_blank\" rel=\"noopener\">Compte rendu int\u00e9gral du d\u00e9bat du Conseil de Paris<\/a> sur \"La mise en valeur du quartier des Halles\" (06\/07\/04).<\/li>\n<li><a href=\"http:\/\/www.accomplir.asso.fr\/dossiers\/renovation\/02%20Association%20des%20Usagers%20des%20Transports%20remplace.pdf\" target=\"_blank\" rel=\"noopener\">Note de l\u2019Association des Usagers des Transports d\u2019Ile-de-France<\/a> sur les 4 projets expos\u00e9s pour le r\u00e9am\u00e9nagement du quartier des Halles (juillet 2004)\u00a0: les trois crit\u00e8res retenus par l\u2019AUT sont la lisibilit\u00e9 et la facilit\u00e9 d\u2019acc\u00e8s aux espaces RATP, l\u2019\u00e9clairage et l\u2019a\u00e9ration, la facilit\u00e9 des \u00e9changes interquartiers\u00a0; le projet SEURA-Mangin est class\u00e9 parmi les projets qui apportent les meilleures solutions pour chacun de ces trois crit\u00e8res.<\/li>\n<li><a href=\"http:\/\/www.accomplir.asso.fr\/dossiers\/renovation\/03%20CR%20debat%20arsenal.htm\" target=\"_blank\" rel=\"noopener\">Conf\u00e9rence-d\u00e9bat sur le projet des Halles organis\u00e9e au Pavillon de l\u2019Arsenal<\/a> par l\u2019Institut fran\u00e7ais d\u2019Urbanisme et le laboratoire Th\u00e9ories des mutations urbaines (01\/07\/04). Pierre Bourdin, pr\u00e9sident de l\u2019IFU\u00a0: \u00ab\u00a0L\u2019audimat n\u2019est pas la d\u00e9mocratie\u00a0; il faut construire l\u2019\u00e9change\u00a0m\u00e9dias \/ experts \/ politique\u00a0; cela se fera avec un ensemble de dispositifs \u00e0 inventer\u00a0\u00bb<\/li>\n<li><a href=\"http:\/\/www.accomplir.asso.fr\/dossiers\/renovation\/01%20analyse%20critique%20du%20site%20du%20projet.htm\" target=\"_blank\" rel=\"noopener\">Du site urbain au site internet\u00a0: analyse critique du site officiel du projet des Halles <\/a> (projetleshalles.com) par Emilie Bajolet (05\/06\/04)\u00a0: \u00ab\u00a0Les pages consacr\u00e9es aux quatre propositions ne permettent pas au visiteur de se faire une id\u00e9e pr\u00e9cise et de construire un point de vue \u00e9clair\u00e9 sur la pertinence respective de ces projets et des solutions qu'ils offrent aux probl\u00e8mes pos\u00e9s. En revanche, on saluera le travail d'une des associations de riverains, Accomplir, qui fournit une \u00e9tude comparative de ces projets \u00e0 partir d'une cinquantaine de crit\u00e8res.\u00a0\u00bb<\/li>\n<li>Le Collectif R\u00e9novation des Halles, cr\u00e9\u00e9 \u00e0 l\u2019initiative d\u2019ACCOMPLIR et compos\u00e9 de 26 associations au 27\/06\/04, a lanc\u00e9 une p\u00e9tition en faveur du projet et Mangin\u00a0; il vient d\u2019adresser une <a href=\"http:\/\/www.accomplir.asso.fr\/dossiers\/renovation\/Lettre%20au%20Maire%20de%20Paris.pdf\" target=\"_blank\" rel=\"noopener\">lettre au Maire de Paris<\/a> pour lui demander un rendez-vous \u00e0 la rentr\u00e9e afin de lui remettre ces p\u00e9titions et de lui pr\u00e9senter ses arguments en faveur de ce projet (20\/06\/04).<\/li>\n<li>A propos de la r\u00e9novation des Halles, on entend parfois d\u00e9noncer dans la presse le \u00ab\u00a0lobby des riverains\u00a0\u00bb\u00a0; le <a href=\"http:\/\/www.accomplir.asso.fr\/dossiers\/renovation\/memoire.pdf\" target=\"_blank\" rel=\"noopener\">M\u00e9moire sur la r\u00e9vision de l\u2019op\u00e9ration d\u2019am\u00e9nagement des Halles<\/a> r\u00e9dig\u00e9 en mai 2004 par Jean-Jacques Gouret (Union des Champeaux) et Charles de Fr\u00e9minville (COPRAS) rappelle utilement quel r\u00f4le crucial les associations d\u2019habitants ont jou\u00e9 il y a trente ans pour limiter la catastrophe urbanistique qui se pr\u00e9parait\u2026<\/li>\n<li><a href=\"http:\/\/www.accomplir.asso.fr\/dossiers\/renovation\/Halles-Verts%2075%20GVCP.htm\" target=\"_blank\" rel=\"noopener\">Communiqu\u00e9 des Verts sur le projet de r\u00e9novation des Halles<\/a> : pour un coeur de Paris plus \u00e9cologique (09\/06\/04)<\/li>\n<li><a href=\"http:\/\/www.accomplir.asso.fr\/dossiers\/renovation\/Lettre%20plate-forme.pdf\" target=\"_blank\" rel=\"noopener\">Lettre adress\u00e9e au Maire de Paris par le pr\u00e9sident de la Plate-forme parisienne des associations d'habitants<\/a> (25\/05\/04) : \"avant de d\u00e9cider d'un projet, il\u00a0faudrait organiser une concertation avec les\u00a0associations locales et parisiennes pour d\u00e9terminer la finalit\u00e9 de ce projet.\"<\/li>\n<li><a href=\"http:\/\/www.accomplir.asso.fr\/dossiers\/renovation\/Lettre%20cure%20St%20Eustache.pdf\" target=\"_blank\" rel=\"noopener\">Le point de vue de Luc Forestier, cur\u00e9 de Saint-Eustache<\/a>, sur le projet de r\u00e9novation des Halles (22\/05\/04)<\/li>\n<li><a href=\"http:\/\/www.accomplir.asso.fr\/dossiers\/renovation\/ETAPE%205.pdf\" target=\"_blank\" rel=\"noopener\">Etape 5 : R\u00e9ponses aux questions suscit\u00e9es par notre texte \u00ab Etape 4 \u00bb - Mai 2004<\/a>\u00a0:\u00a0ces questions sont class\u00e9es en trois rubriques : sur le projet en g\u00e9n\u00e9ral, sur le projet Mangin, sur la l\u00e9gitimit\u00e9 de l'action de l'association ACCOMPLIR.<\/li>\n<li><a href=\"http:\/\/www.accomplir.asso.fr\/dossiers\/renovation\/CR_Reu_6_ForumSt-Eustache.pdf\" target=\"_blank\" rel=\"noopener\">Compte rendu de la 6\u00e8me r\u00e9union de concertation publique<\/a> organis\u00e9e par ACCOMPLIR sur le projet de r\u00e9novation des Halles (17\/05\/04)<\/li>\n<li><a href=\"http:\/\/www.accomplir.asso.fr\/dossiers\/renovation\/ETAPE%204.pdf\" target=\"_blank\" rel=\"noopener\">Etape 4\u00a0: Comparaison entre les quatre projets sur la base de 51 crit\u00e8res d\u2019\u00e9valuation \u2013 Avril 2004<\/a>\u00a0: Pour ACCOMPLIR, c\u2019est le projet SEURA-Mangin qui l\u2019emporte, avec la note de 41\/51\u00a0; nous demandons que ce soit ce projet qui soit retenu comme projet de r\u00e9f\u00e9rence, m\u00eame s\u2019il peut et doit \u00eatre am\u00e9lior\u00e9.<\/li>\n<li>Pr\u00e9sentation des maquettes des quatre projets (08\/04\/04)\u00a0: le <a href=\"http:\/\/www.accomplir.asso.fr\/dossiers\/20071111\/20%20projet%20Koolhaas.jpg\" target=\"_blank\" rel=\"noopener\">projet de Rem Koolhaas<\/a>, le <a href=\"http:\/\/www.accomplir.asso.fr\/dossiers\/20071111\/21%20projet%20Nouvel.jpg\" target=\"_blank\" rel=\"noopener\">projet de Jean Nouvel<\/a>, le <a href=\"http:\/\/www.accomplir.asso.fr\/dossiers\/20071111\/22%20projet%20Maas.gif\" target=\"_blank\" rel=\"noopener\">projet de Winy Maas<\/a>, le <a href=\"http:\/\/www.accomplir.asso.fr\/dossiers\/20071111\/23%20projet%20Mangin.jpg\" target=\"_blank\" rel=\"noopener\">projet de David Mangin<\/a>.<\/li>\n<li>La SEM-Paris-Centre organise une nouvelle r\u00e9union de travail avec les associations pour leur pr\u00e9senter le <a href=\"http:\/\/www.accomplir.asso.fr\/dossiers\/renovation\/reu%20SEM%20projet%20halles%20mars%2004.html\" target=\"_blank\" rel=\"noopener\">calendrier de la suite de la concertation<\/a> (04\/03\/04).<\/li>\n<li>Le\u00a0pr\u00e9sident de la SEM-Paris-Centre, <a href=\"http:\/\/www.accomplir.asso.fr\/dossiers\/renovation\/Reponse%20de%20la%20SEM.html\" target=\"_blank\" rel=\"noopener\">Alain Le Garrec, a r\u00e9pondu point par point \u00e0 notre 3\u00e8me contribution<\/a> sur le projet de r\u00e9novation des Halles (27\/02\/04).<\/li>\n<li><a href=\"http:\/\/www.accomplir.asso.fr\/dossiers\/renovation\/ETAPE%203.pdf\" target=\"_blank\" rel=\"noopener\">Etape 3 : Analyse de la prise en compte des propositions et des remarques de l'association ACCOMPLIR<\/a> dans le Programme d\u00e9finitif de la Phase 2 de l'\u00e9tude - Janvier 2004 : ce premier bilan de la concertation est tr\u00e8s positif, mais nous restons vigilants pour voir si ce programme sera r\u00e9ellement respect\u00e9 par les architectes...<\/li>\n<li><a href=\"http:\/\/www.accomplir.asso.fr\/dossiers\/renovation\/CR%20Espace%20expansion.pdf\" target=\"_blank\" rel=\"noopener\">Entretien avec les responsables d'Espace Expansion<\/a> (13\/01\/04) : nous avons enfin pu rencontrer Marguerite Des Cars et Dominique Hautbois, et ils ont r\u00e9pondu \u00e0 toutes nos questions sur leurs souhaits concernant le projet des Halles.<\/li>\n<li><a href=\"http:\/\/www.accomplir.asso.fr\/dossiers\/renovation\/CR%20soiree%20Caffet.htm\" target=\"_blank\" rel=\"noopener\">Deuxi\u00e8me r\u00e9union publique d'information en pr\u00e9sence de Jean-Pierre Caffet<\/a> (08\/01\/04) : grosse affluence et ambiance houleuse.<\/li>\n<\/ul>\n<\/li>\n<\/ul>\n<\/li>\n<\/ul>\n<\/li>\n<\/ul>\n<hr \/>\n<div id=\"2003\">2003 - <a href=\"#top\">Haut<\/a><\/div>\n<ul>\n<li style=\"list-style-type: none;\">\n<ul>\n<li style=\"list-style-type: none;\">\n<ul>\n<li style=\"list-style-type: none;\">\n<ul>\n<li><a href=\"http:\/\/www.accomplir.asso.fr\/dossiers\/renovation\/programme%20definitif%202003.pdf\" target=\"_blank\" rel=\"noopener\">Programme d\u00e9finitif du march\u00e9 de d\u00e9finition du r\u00e9am\u00e9nagement des Halles<\/a> (D\u00e9cembre 2003)<\/li>\n<li>La SEM Paris-Centre a invit\u00e9 les associations \u00e0 une <a href=\"http:\/\/www.accomplir.asso.fr\/dossiers\/renovation\/Reunion%20SEM.html\" target=\"_blank\" rel=\"noopener\">r\u00e9union d'information sur la deuxi\u00e8me phase d'\u00e9tude du projet<\/a> \u00a0(16\/12\/03).<\/li>\n<li>Le comit\u00e9 Montorgueil (2\u00e8me arrondissement) s'est pench\u00e9 depuis plusieurs mois sur le <a href=\"http:\/\/www.accomplir.asso.fr\/dossiers\/renovation\/Quartier%20pietonnier%20Montorgueil.html\" target=\"_blank\" rel=\"noopener\">fonctionnement du quartier pi\u00e9tonnier\u00a0Montorgueil\u00a0<\/a>; nous avons demand\u00e9 \u00e0 y assister pour pouvoir en tirer les le\u00e7ons pour les am\u00e9nagements futurs du quartier pi\u00e9tonnier des Halles\u00a0; voici le compte-rendu de la derni\u00e8re r\u00e9union, destin\u00e9e \u00e0 faire le bilan de l'ensemble de ces r\u00e9flexions, et d'une visite que nous avons faite au central Bellan, qui g\u00e8re les entr\u00e9es dans le quartier pi\u00e9tonnier Montorgueil et bient\u00f4t les entr\u00e9es dans le quartier pi\u00e9tonnier des Halles (26\/11\/03).<\/li>\n<li><a href=\"http:\/\/www.accomplir.asso.fr\/dossiers\/renovation\/CR%20soiree%20Delanoe%2013-11-03.htm\" target=\"_blank\" rel=\"noopener\">Bilan annuel de mandature par Bertrand Delano\u00eb dans le 1er arrondissement\u00a0<\/a>: questions pos\u00e9es par ACCOMPLIR et r\u00e9ponses obtenues (13\/11\/03)<\/li>\n<li><a href=\"http:\/\/www.accomplir.asso.fr\/dossiers\/renovation\/CR_Reu_5_ForumSt-Eustache.htm\" target=\"_blank\" rel=\"noopener\">Compte rendu de la 5 \u00e8me r\u00e9union de concertation publique organis\u00e9e par ACCOMPLIR<\/a> sur le projet de r\u00e9novation des Halles\u00a0: restitution du r\u00e9sultat des entretiens de l'association avec quelques-uns des acteurs majeurs du projet (06\/11\/03) (<a href=\"http:\/\/www.accomplir.asso.fr\/dossiers\/renovation\/5eme%20reunion\/5eme%20reunion.php\" target=\"_blank\" rel=\"noopener\">Voir les photos<\/a>)<\/li>\n<li><a href=\"http:\/\/www.accomplir.asso.fr\/dossiers\/renovation\/dir%20urba%20nov%202003.htm\" target=\"_blank\" rel=\"noopener\">Entretien avec Catherine Barb\u00e9\u00a0(Directrice de l'Urbanisme \u00e0 la Ville de Paris)<\/a>, Denis Caillet (architecte voyer g\u00e9n\u00e9ral charg\u00e9 de la Sous-Direction des Etudes et des R\u00e8glements d'urbanisme - SDER) et Anne Calves (architecte voyer en chef, chef de projet quartiers centraux - SDER) (01\/11\/03)<\/li>\n<li><a href=\"http:\/\/www.accomplir.asso.fr\/dossiers\/renovation\/Entretien%20RATP.htm\" target=\"_blank\" rel=\"noopener\">Entretien avec Marie Jorio et Rapha\u00ebl Ren\u00e9-Bazin (RATP)<\/a> sur le projet de r\u00e9novation des Halles (29\/10\/03)<\/li>\n<li><a href=\"http:\/\/www.accomplir.asso.fr\/dossiers\/renovation\/CR%2013-10-03%20final.htm\" target=\"_blank\" rel=\"noopener\">R\u00e9union de concertation entre la SEM Paris-Centre et les associations<\/a> sur le projet de r\u00e9novation des Halles (13\/10\/03)<\/li>\n<li><a href=\"http:\/\/www.accomplir.asso.fr\/dossiers\/renovation\/Propositions%20etape%202.htm\" target=\"_blank\" rel=\"noopener\">Contribution de l\u2019Association ACCOMPLIR \u00e0 l\u2019\u00e9laboration du Programme d\u2019urbanisme<\/a> du projet de r\u00e9novation des Halles \u2013 Etape 2 \u2013 Octobre 2003<\/li>\n<li><a href=\"http:\/\/www.accomplir.asso.fr\/dossiers\/renovation\/CR%20affaires%20sociales.htm\" target=\"_blank\" rel=\"noopener\">Entretien<\/a> avec Delphine L\u00e9vy (Cabinet du Maire de Paris), Agn\u00e8s El Majeri (cabinet de Gis\u00e8le Stievenard, charg\u00e9e de la solidarit\u00e9 et des affaires sociales), et Alain Le Garrec (Pr\u00e9sident de Paris-Centre, en charge du projet des Halles) sur le projet de r\u00e9novation des Halles (29\/09\/03)<\/li>\n<li><a href=\"http:\/\/www.accomplir.asso.fr\/dossiers\/renovation\/Prem%20reflex%20concepteurs.htm\" target=\"_blank\" rel=\"noopener\">Premi\u00e8res r\u00e9flexions des quatre \u00e9quipes de concepteurs qui travaillent actuellement sur le projet de r\u00e9novation<\/a> (Synth\u00e8se communiqu\u00e9e par la SEM-Centre - 17\/09\/03)<\/li>\n<li><a href=\"http:\/\/www.accomplir.asso.fr\/dossiers\/renovation\/Contassot.htm\" target=\"_blank\" rel=\"noopener\">Entretien avec Yves Contassot<\/a>, Adjoint au Maire de Paris, charg\u00e9 de l\u2019environnement et des Espaces Verts, sur le projet de r\u00e9novation des Halles, en particulier concernant le Jardin (01\/09\/03)<\/li>\n<li><a href=\"http:\/\/www.accomplir.asso.fr\/dossiers\/renovation\/CR%20Atelier%20assoc%2009-07.html\">Compte rendu de la r\u00e9union de concertation entre les associations et les quatre \u00e9quipes d'architectes<\/a> (09\/07\/03). Ce sont manifestement des \u00e9quipes tr\u00e8s r\u00e9put\u00e9es qui ont \u00e9t\u00e9 s\u00e9lectionn\u00e9es, mais du coup on peut \u00e9prouver une certaine inqui\u00e9tude : il semble que d'un projet qui consistait pour l'essentiel \u00e0 am\u00e9liorer l'existant, on passe insensiblement \u00e0 un projet d'envergure, avec des \"gestes architecturaux\" ; en particulier, alors que jusqu'ici la modification principale concernait les pavillons Villerwal et la sortie directe du RER sur la rue, on commence \u00e0 parler de modifier le crat\u00e8re du Forum et surtout... de monter en hauteur, en \u00e9voquant comme r\u00e9f\u00e9rence la hauteur des pavillons Baltard ! Nous devrons \u00eatre vigilants !...<\/li>\n<li><a href=\"http:\/\/www.accomplir.asso.fr\/dossiers\/renovation\/APDH_SEM_html target=\">D\u00e9claration d'intention publi\u00e9e par l'association \"Paris des Halles\"<\/a> (nouvelle association d'habitants du quartier, dont le pr\u00e9sident est Olivier P\u00e9ray), \u00e0 l'adresse des concepteurs et des d\u00e9cideurs du projet de r\u00e9novation des Halles (9\/07\/03) ; nous nous r\u00e9jouissons qu'une autre association du quartier partage les m\u00eames id\u00e9es essentielles sur les principes que devra respecter le projet\u00a0de r\u00e9novation des Halles :\u00a0cela donnera plus de forces \u00e0 nos demandes communes !<\/li>\n<li><a href=\"http:\/\/www.accomplir.asso.fr\/dossiers\/renovation\/Propositions%20et1.html\" target=\"_blank\" rel=\"noopener\">Les 90 propositions\u00a0de l\u2019Association ACCOMPLIR<\/a> pour le projet de r\u00e9novation du quartier des Halles (Etape 1- Juillet 2003). A partir des divers d\u00e9bats qu\u2019elle a organis\u00e9 en interne et avec les habitants du quartier, l\u2019association ACCOMPLIR a r\u00e9dig\u00e9 et adopt\u00e9 en s\u00e9ance pl\u00e9ni\u00e8re, le 28\/06\/03, une liste de 90 propositions destin\u00e9es au maire de Paris, aux diff\u00e9rents \u00e9lus concern\u00e9s, aux ma\u00eetres d\u2019\u0153uvre du projet, mais aussi aux responsables d\u2019\u00e9quipements collectifs, aux responsables associatifs du quartier, et \u00e0 la presse. D\u00e9couvrez-les et donnez-nous votre avis\u00a0! <a href=\"mailto:contact@accomplir.asso.fr\">contact@accomplir.asso.fr<\/a><\/li>\n<li><a href=\"http:\/\/www.accomplir.asso.fr\/dossiers\/renovation\/CR_reunion_publ.6_juin_2003.pdf\" target=\"_blank\" rel=\"noopener\">Compte rendu officiel de la premi\u00e8re r\u00e9union publique sur le projet des Halles<\/a>, en pr\u00e9sence de Bertrand Delano\u00eb (26\/06\/03)<\/li>\n<li><a href=\"http:\/\/www.accomplir.asso.fr\/dossiers\/renovation\/RENOV02.htm\" target=\"_blank\" rel=\"noopener\">4\u00e8me r\u00e9union de concertation sur la r\u00e9novation des Halles\u00a0: les \u00e9quipements culturels et sportifs<\/a> (10\/06\/03). Avant de cr\u00e9er de nouveaux \u00e9quipements, faisons l'inventaire de ceux qui existent\u00a0et mutualisons les moyens dont ils disposent !<\/li>\n<li><a href=\"http:\/\/www.accomplir.asso.fr\/dossiers\/renovation\/RENOV01.htm\" target=\"_blank\" rel=\"noopener\">Compte-rendu de deux r\u00e9unions de travail avec les ados du quartier des Halles<\/a> (9\/05\/03 et 16\/05\/03)\u00a0: les jeunes\u00a0veulent pouvoir jouer au foot, avoir une rampe de rollers, se retrouver ensemble dans une salle de loisirs, pouvoir louer une salle pas trop ch\u00e8re pour organiser des boums.<\/li>\n<li><a href=\"http:\/\/www.accomplir.asso.fr\/dossiers\/renovation\/extr%20let%20ACC%2004%20web.htm\" target=\"_blank\" rel=\"noopener\">Invitation \u00e0 la quatri\u00e8me r\u00e9union de concertation<\/a> : les \u00e9quipements culturels et sportifs dans le quartier des Halles.<\/li>\n<li><a href=\"http:\/\/www.accomplir.asso.fr\/dossiers\/renovation\/CR%2008%20Reu%203%20Forum%20St%20E.html\" target=\"_blank\" rel=\"noopener\">Troisi\u00e8me r\u00e9union\u00a0de concertation sur la r\u00e9novation des Halles : les d\u00e9placements dans le quartier des Halles<\/a>, en pr\u00e9sence des responsables de la RATP, du Forum des Halles, d'Espace Expansion, de la SEM-Centre (<a href=\"http:\/\/www.accomplir.asso.fr\/dossiers\/renovation\/reunion_6_mai_2003\/reunion_6_mai_2003.html\" target=\"_blank\" rel=\"noopener\">voir les photos<\/a>).<\/li>\n<li><a href=\"http:\/\/www.accomplir.asso.fr\/dossiers\/renovation\/extr%20let%20ACC%2003%20web.htm\" target=\"_blank\" rel=\"noopener\">Invitation \u00e0 la troisi\u00e8me r\u00e9union de concertation<\/a> : les d\u00e9placements dans le quartier des Halles: transports en commun, pi\u00e9tons, voitures, livraisons...<\/li>\n<li><a href=\"http:\/\/www.accomplir.asso.fr\/dossiers\/renovation\/43_resume_cdc.pdf\" target=\"_blank\" rel=\"noopener\">R\u00e9sum\u00e9 du cahier des charges du projet de r\u00e9novation des Halles<\/a> (publi\u00e9 en avril 2003) : beaucoup d\u2019\u00e9l\u00e9ments int\u00e9ressants, quelques points inqui\u00e9tants\u2026<\/li>\n<li><a href=\"http:\/\/www.accomplir.asso.fr\/dossiers\/renovation\/42_concertation_2.pdf\" target=\"_blank\" rel=\"noopener\">Deuxi\u00e8me R\u00e9union de concertation sur la r\u00e9novation des Halles : la mixit\u00e9 sociale<\/a> (28\/03\/03) : ACCOMPLIR lance de premi\u00e8res \u00ab propositions de propositions \u00bb pour prot\u00e9ger et renforcer la mixit\u00e9 sociale de ce quartier, qui est une richesse.<\/li>\n<li><a href=\"http:\/\/www.accomplir.asso.fr\/dossiers\/renovation\/34_Concertation_1.pdf\" target=\"_blank\" rel=\"noopener\">Premi\u00e8re r\u00e9union de concertation sur le projet de r\u00e9novation des Halles au Forum Saint-Eustache<\/a> (05\/02\/03) : Une premi\u00e8re r\u00e9union pour se souvenir des projets d\u2019il y a trente ans et commencer \u00e0 explorer les enjeux du projet de r\u00e9novation des Halles.<\/li>\n<li><a href=\"http:\/\/www.accomplir.asso.fr\/dossiers\/renovation\/extr%20let%20ACC%2001%20web.htm\" target=\"_blank\" rel=\"noopener\">Invitation \u00e0 la premi\u00e8re r\u00e9union de concertation<\/a> : d'un projet de r\u00e9novation \u00e0 l'autre.<\/li>\n<\/ul>\n<\/li>\n<\/ul>\n<\/li>\n<\/ul>\n<\/li>\n<\/ul>\n<hr \/>\n<div id=\"2002\">2002 - <a href=\"#top\">Haut<\/a><\/div>\n<ul>\n<li style=\"list-style-type: none;\">\n<ul>\n<li style=\"list-style-type: none;\">\n<ul>\n<li style=\"list-style-type: none;\">\n<ul>\n<li><a href=\"http:\/\/www.accomplir.asso.fr\/dossiers\/renovation\/projet%20renov%20Halles.pdf\" target=\"_blank\" rel=\"noopener\">Projet de d\u00e9lib\u00e9ration du Conseil de Paris<\/a> pour confier \u00e0 la SEM Paris-Centre le suivi des \u00e9tudes pr\u00e9alables pour la r\u00e9alisation d'un projet d'am\u00e9nagement sur le quartier des Halles : c'est cette d\u00e9lib\u00e9ration, vot\u00e9e par le Conseil de Paris\u00a0le 11 d\u00e9cembre 2002, qui a constitu\u00e9 le lancement du projet. <a href=\"http:\/\/www.accomplir.asso.fr\/dossiers\/renovation\/01_renovation_resume.pdf\" target=\"_blank\" rel=\"noopener\">R\u00e9sum\u00e9<\/a> diffus\u00e9 par ACCOMPLIR en d\u00e9cembre 2002.<\/li>\n<li><a href=\"http:\/\/www.accomplir.asso.fr\/dossiers\/renovation\/02_Entretien_ALG.pdf\" target=\"_blank\" rel=\"noopener\">Entretien avec A. Le Garrec<\/a> (22\/10\/02) : les grandes lignes du projet de d\u00e9lib\u00e9ration.<\/li>\n<\/ul>\n<\/li>\n<\/ul>\n<\/li>\n<\/ul>\n<\/li>\n<\/ul>\n<hr \/>\n<div id=\"2001\">2001 - <a href=\"#top\">Haut<\/a><\/div>\n<ul>\n<li style=\"list-style-type: none;\">\n<ul>\n<li style=\"list-style-type: none;\">\n<ul>\n<li style=\"list-style-type: none;\">\n<ul>\n<li>La toute premi\u00e8re mention du projet de r\u00e9novation des Halles tient en deux lignes et demie dans le document <i>\u00ab Paris : Changeons d\u2019\u00e8re avec Bertrand Delano\u00eb \u00bb<\/i>, programme de campagne du candidat Delano\u00eb (2001). <a href=\"http:\/\/www.accomplir.asso.fr\/dossiers\/20101002\/06 changeons-d-ere.pdf\" target=\"_blank\" rel=\"noopener\">Le passage se trouve en haut \u00e0 droite de la page 13<\/a>.<\/li>\n<li><a href=\"http:\/\/www.accomplir.asso.fr\/dossiers\/renovation\/HISTORIQUE%20DES%20HALLES.htm\" target=\"_blank\" rel=\"noopener\">Historique du premier chantier des Halles<\/a> (1963-1985), par Jean-Jacques Gouret, de l'Union des Champeaux... parce qu'on ne pr\u00e9pare bien l'avenir qu'en connaissant bien le pass\u00e9. <a href=\"http:\/\/www.accomplir.asso.fr\/images\/dossiers_classes\/05b%20annexe%20etude%20evaluation%20patrimoine.pdf\" target=\"_blank\" rel=\"noopener\">Autre chronologie des Halles<\/a> (d'origine inconnue, 6 avril 2005).<\/li>\n<\/ul>\n<\/li>\n<\/ul>\n<\/li>\n<\/ul>\n<\/li>\n<\/ul>\n<hr \/>\n<div id=\"2000\">2000 - <a href=\"#top\">Haut<\/a><\/div>\n<ul>\n<li style=\"list-style-type: none;\">\n<ul>\n<li style=\"list-style-type: none;\">\n<ul>\n<li><a href=\"http:\/\/www.accomplir.asso.fr\/dossiers\/20101205\/24 debats tempete 2000.pdf\" target=\"_blank\" rel=\"noopener\">Extraits des d\u00e9bats du Conseil de Paris du 25 janvier 2000 sur la temp\u00eate du 26 d\u00e9cembre 1999, ses cons\u00e9quences et les mesures propos\u00e9es pour y faire face<\/a> et sur l\u2019intensification de la politique de cession d'actifs de la Ville de Paris (25\/01\/00).<\/li>\n<\/ul>\n<\/li>\n<\/ul>\n<\/li>\n<\/ul>\n","protected":false},"excerpt":{"rendered":"<p>Nos dossiers 2018 -2015 - 2014 - 2013 - 2012 - 2011 - 2010 - 2009 - 2008 - 2007 - 2006 - 2005 - 2004 - 2003 - 2002 - 2001 - 2000 2018 - Haut D\u00e9bat au conseil de Paris sur le rapport de la Cour des Comptes sur l'am\u00e9nagement des Halles (octobre &hellip; <a href=\"http:\/\/www.accomplir.asso.fr\/accomplir\/?page_id=489\" class=\"more-link\">Continuer la lecture de <span class=\"screen-reader-text\">R\u00e9novation des Halles<\/span>  <span class=\"meta-nav\">&rarr;<\/span><\/a><\/p>\n","protected":false},"author":4,"featured_media":0,"parent":27,"menu_order":0,"comment_status":"closed","ping_status":"closed","template":"","meta":[],"_links":{"self":[{"href":"http:\/\/www.accomplir.asso.fr\/accomplir\/index.php?rest_route=\/wp\/v2\/pages\/489"}],"collection":[{"href":"http:\/\/www.accomplir.asso.fr\/accomplir\/index.php?rest_route=\/wp\/v2\/pages"}],"about":[{"href":"http:\/\/www.accomplir.asso.fr\/accomplir\/index.php?rest_route=\/wp\/v2\/types\/page"}],"author":[{"embeddable":true,"href":"http:\/\/www.accomplir.asso.fr\/accomplir\/index.php?rest_route=\/wp\/v2\/users\/4"}],"replies":[{"embeddable":true,"href":"http:\/\/www.accomplir.asso.fr\/accomplir\/index.php?rest_route=%2Fwp%2Fv2%2Fcomments&post=489"}],"version-history":[{"count":66,"href":"http:\/\/www.accomplir.asso.fr\/accomplir\/index.php?rest_route=\/wp\/v2\/pages\/489\/revisions"}],"predecessor-version":[{"id":5018,"href":"http:\/\/www.accomplir.asso.fr\/accomplir\/index.php?rest_route=\/wp\/v2\/pages\/489\/revisions\/5018"}],"up":[{"embeddable":true,"href":"http:\/\/www.accomplir.asso.fr\/accomplir\/index.php?rest_route=\/wp\/v2\/pages\/27"}],"wp:attachment":[{"href":"http:\/\/www.accomplir.asso.fr\/accomplir\/index.php?rest_route=%2Fwp%2Fv2%2Fmedia&parent=489"}],"curies":[{"name":"wp","href":"https:\/\/api.w.org\/{rel}","templated":true}]}}