{"id":214,"date":"2014-05-09T17:31:00","date_gmt":"2014-05-09T15:31:00","guid":{"rendered":"http:\/\/www.accomplir.asso.fr\/accomplir\/?page_id=214"},"modified":"2015-04-30T23:48:41","modified_gmt":"2015-04-30T21:48:41","slug":"conservatoire-du-centre-archives","status":"publish","type":"page","link":"http:\/\/www.accomplir.asso.fr\/accomplir\/?page_id=214","title":{"rendered":"Conservatoire"},"content":{"rendered":"<h2>Nos archives<\/h2>\n<ul>\n<li>Participation d'ACCOMPLIR au <a href=\"http:\/\/www.accomplir.asso.fr\/dossiers\/Conservatoire\/CR%20conservatoire.htm\" target=\"blank\">comit\u00e9 de pilotage du projet d'\u00e9tablissement du Conservatoire<\/a> : enqu\u00eate sur le Conservatoire parmi nos adh\u00e9rents (28\/01\/04).<\/li>\n<li><a href=\"http:\/\/www.accomplir.asso.fr\/dossiers\/Conservatoire\/CONS12.htm\" target=\"blank\">Cr\u00e9ation d'une nouvelle association de parents d'\u00e9l\u00e8ves au Conservatoire<\/a> : Serge Ezdra, pr\u00e9sident de cette nouvelle association, a \u00e9crit aux \u00e9lus pour leur annoncer sa cr\u00e9ation officielle (17\/06\/03), et a rencontr\u00e9 le directeur du Conservatoire pour commencer \u00e0 \u00e9voquer avec lui quelques-unes des pr\u00e9occupations des parents d'\u00e9l\u00e8ves.<\/li>\n<li><a href=\"http:\/\/www.accomplir.asso.fr\/dossiers\/Conservatoire\/CONS11.htm\" target=\"blank\">Le Conservatoire du centre n'est pas menac\u00e9<\/a> : selon Christophe Girard, adjoint au Maire de Paris charg\u00e9 de la Culture, interrog\u00e9 \u00e0 l'occasion du CICA du 1er arrondissement sur la culture (05\/06\/03), le projet de r\u00e9novation des Halles sera l'occasion de moderniser et de d\u00e9velopper le Conservatoire du Centre, \"qui est celui qui compte le plus d\u2019enfants prim\u00e9s aux examens\".<\/li>\n<li><a href=\"http:\/\/www.accomplir.asso.fr\/dossiers\/Conservatoire\/CONS01.pdf\" target=\"blank\">Extrait du Compte rendu sommaire officiel de la s\u00e9ance du Conseil de Paris des lundi 28 et mardi 29 avril 2003<\/a> : le Conseil de Paris a accord\u00e9 une subvention exceptionnelle de 138.000 \u20ac au Conservatoire du Centre, car \u00ab <em>celui-ci a d\u00fb faire face depuis 2000 \u00e0 des d\u00e9penses li\u00e9es \u00e0 des contentieux importants avec son personnel. Ceux-ci ont tr\u00e8s largement contribu\u00e9 \u00e0 la d\u00e9t\u00e9rioration de la situation financi\u00e8re de l\u2019association, d\u00e9j\u00e0 tendue par une politique insuffisamment rigoureuse men\u00e9e ant\u00e9rieurement<\/em> \u00bb. Pour mieux comprendre les tenants et aboutissants de cette d\u00e9lib\u00e9ration et \u00eatre enfin \u00e9clair\u00e9s sur la gestion pass\u00e9e du Conservatoire et sur sa situation financi\u00e8re actuelle, vous pouvez \u00e9galement consulter <a href=\"http:\/\/www.accomplir.asso.fr\/dossiers\/Conservatoire\/CONS02.pdf\" target=\"blank\">la Note de l\u2019Inspection g\u00e9n\u00e9rale de la Mairie de Paris sur la situation budg\u00e9taire du Conservatoire du Centre de 1997 \u00e0 2001<\/a>, qui d\u00e9crit dans les grandes lignes les \u00ab erreurs de gestion \u00bb commises par l\u2019ancienne direction du Conservatoire (il ne s\u2019agit pas du rapport dans son int\u00e9gralit\u00e9, car le Maire de Paris n'a pas re\u00e7u de la CADA l\u2019autorisation de le diffuser, mais d\u2019une note succincte qui a \u00e9t\u00e9 transmise aux \u00e9lus 48 heures avant le conseil de Paris) ; et enfin <a href=\"http:\/\/www.accomplir.asso.fr\/dossiers\/Conservatoire\/CONS03.pdf\" target=\"blank\">l\u2019Amendement relatif \u00e0 la d\u00e9lib\u00e9ration DAC 2003-116<\/a> propos\u00e9 par Christophe Girard puis finalement retir\u00e9 par lui-m\u00eame \u00e0 l\u2019issue du d\u00e9bat du 29\/04\/03.<\/li>\n<li><a href=\"http:\/\/www.accomplir.asso.fr\/dossiers\/Conservatoire\/47_Conservatoire_Ezdra.pdf\" target=\"blank\">Conservatoire : l\u2019\u00e9tat des lieux fait par Serge Ezdra, pr\u00e9sident de l\u2019association \u00ab Les Parents du Conservatoire du Centre de Paris \u00bb<\/a> (23\/04\/03) : L\u2019audit ne sera pas rendue publique, et les parents ne seront pas invit\u00e9s \u00e0 la r\u00e9union d\u2019information\u2026 car la salle est trop petite !<\/li>\n<li><a href=\"http:\/\/www.accomplir.asso.fr\/dossiers\/Conservatoire\/46_Conservatoire_en_danger.pdf\" target=\"blank\">Notre Conservatoire en danger ?<\/a> (Lettre d\u2019ACCOMPLIR f\u00e9vrier-mars 2003) : Nous demandons au Maire de Paris de rendre publique l\u2019audit sur la gestion pass\u00e9e du Conservatoire et d\u2019organiser une r\u00e9union sur sa situation actuelle.<\/li>\n<\/ul>\n","protected":false},"excerpt":{"rendered":"<p>Nos archives Participation d'ACCOMPLIR au comit\u00e9 de pilotage du projet d'\u00e9tablissement du Conservatoire : enqu\u00eate sur le Conservatoire parmi nos adh\u00e9rents (28\/01\/04). Cr\u00e9ation d'une nouvelle association de parents d'\u00e9l\u00e8ves au Conservatoire : Serge Ezdra, pr\u00e9sident de cette nouvelle association, a \u00e9crit aux \u00e9lus pour leur annoncer sa cr\u00e9ation officielle (17\/06\/03), et a rencontr\u00e9 le directeur &hellip; <a href=\"http:\/\/www.accomplir.asso.fr\/accomplir\/?page_id=214\" class=\"more-link\">Continuer la lecture de <span class=\"screen-reader-text\">Conservatoire<\/span>  <span class=\"meta-nav\">&rarr;<\/span><\/a><\/p>\n","protected":false},"author":4,"featured_media":0,"parent":0,"menu_order":0,"comment_status":"closed","ping_status":"closed","template":"","meta":[],"_links":{"self":[{"href":"http:\/\/www.accomplir.asso.fr\/accomplir\/index.php?rest_route=\/wp\/v2\/pages\/214"}],"collection":[{"href":"http:\/\/www.accomplir.asso.fr\/accomplir\/index.php?rest_route=\/wp\/v2\/pages"}],"about":[{"href":"http:\/\/www.accomplir.asso.fr\/accomplir\/index.php?rest_route=\/wp\/v2\/types\/page"}],"author":[{"embeddable":true,"href":"http:\/\/www.accomplir.asso.fr\/accomplir\/index.php?rest_route=\/wp\/v2\/users\/4"}],"replies":[{"embeddable":true,"href":"http:\/\/www.accomplir.asso.fr\/accomplir\/index.php?rest_route=%2Fwp%2Fv2%2Fcomments&post=214"}],"version-history":[{"count":7,"href":"http:\/\/www.accomplir.asso.fr\/accomplir\/index.php?rest_route=\/wp\/v2\/pages\/214\/revisions"}],"predecessor-version":[{"id":748,"href":"http:\/\/www.accomplir.asso.fr\/accomplir\/index.php?rest_route=\/wp\/v2\/pages\/214\/revisions\/748"}],"wp:attachment":[{"href":"http:\/\/www.accomplir.asso.fr\/accomplir\/index.php?rest_route=%2Fwp%2Fv2%2Fmedia&parent=214"}],"curies":[{"name":"wp","href":"https:\/\/api.w.org\/{rel}","templated":true}]}}