{"id":205,"date":"2014-05-09T17:22:51","date_gmt":"2014-05-09T15:22:51","guid":{"rendered":"http:\/\/www.accomplir.asso.fr\/accomplir\/?page_id=205"},"modified":"2015-04-30T23:48:11","modified_gmt":"2015-04-30T21:48:11","slug":"citoyennete-active-archives","status":"publish","type":"page","link":"http:\/\/www.accomplir.asso.fr\/accomplir\/?page_id=205","title":{"rendered":"Citoyennet\u00e9 active"},"content":{"rendered":"<h2>Nos archives<\/h2>\n<h2>Ailleurs dans Paris<\/h2>\n<ul>\n<li>Quand la concertation s'av\u00e8re impuissante... il reste les tribunaux ! La Coordination pour la sauvegarde du Bois de Boulogne vient de remporter une victoire \u00e9clatante contre la Ville et contre LVMH, en obtenant l'annulation partielle du PLU du Bois de Boulogne par la Cour administrative d'appel (12\/02\/09), au motif que les dispositions correspondantes \u00e9taient \"vagues, permissives et inadapt\u00e9es \u00e0 une bonne protection des espaces verts et bois\u00e9s\" : elles permettaient de construire 57000 m2 de plus dans un bois r\u00e9put\u00e9 inconstructible ! Voir <a href=\"http:\/\/www.accomplir.asso.fr\/dossiers\/20090404\/Coord-bois-de-boulogne.pdf\" target=\"blank\">l'\u00e9difiant article r\u00e9dig\u00e9 sur ce sujet par la Coordination<\/a>, qui ne compte pas s'arr\u00eater l\u00e0 et esp\u00e8re obtenir l'annulation du permis de construire du centre culturel de LVMH.<\/li>\n<\/ul>\n<hr>\n<h2>Aux Halles et \u00e0 Montorgueil<\/h2>\n<ul>\n<li>CICA consacr\u00e9 \u00e0 la pr\u00e9sentation de la nouvelle Maison des associations du 1er (30\/06\/11). Voir le <a href=\"http:\/\/www.accomplir.asso.fr\/dossiers\/20111017\/05 CICA juin 2011.pdf\" target=\"blank\">compte rendu officiel<\/a>.<\/li>\n<li><em>\"Paris, un temps d\u2019avance\"<\/em> : c\u2019\u00e9tait le slogan de campagne de Bertrand Delano\u00eb sollicitant les suffrages des Parisiens en 2008. Il leur promettait notamment monts et merveilles en mati\u00e8re de concertation. Trois ans plus tard, dans toutes les grandes op\u00e9rations d\u2019am\u00e9nagement parisiennes, la concertation est soit tomb\u00e9e en panne lorsqu\u2019elle existait, soit demeur\u00e9e au stade des promesses \u00e9lectorales. Un groupe d\u2019associations repr\u00e9sentatives de ces grandes op\u00e9rations a organis\u00e9 une r\u00e9union publique intitul\u00e9e <em>\"Concertation \u00e0 Paris, un temps de retard\"<\/em>, qui a attir\u00e9 80 personnes, parmi lesquelles 28 repr\u00e9sentants d\u2019associations d\u2019habitants (11\/03\/10).  Voir <a href=\"http:\/\/www.accomplir.asso.fr\/dossiers\/20100327\/01 concertation_a_paris-final.pdf\" target=\"blank\">l\u2019invitation<\/a>, les <a href=\"http:\/\/www.accomplir.asso.fr\/dossiers\/20100327\/02 DELANOE reponse.pdf\" target=\"blank\">promesses adress\u00e9es par le candidat Delano\u00eb au Pr\u00e9sident de la Plateforme en 2008<\/a> et <a href=\"http:\/\/www.accomplir.asso.fr\/dossiers\/20100327\/03 BD lettre commentee.pdf\" target=\"blank\">les commentaire du Pr\u00e9sident Birenbaum<\/a> ; les diff\u00e9rents bilans de la concertation : <a href=\"http:\/\/www.accomplir.asso.fr\/dossiers\/20100327\/04 PERBOS concertation MdP EcoZac 27 01 10.pdf\" target=\"blank\">ECOZAC des Batignolles<\/a> (17\u00e8me), <a href=\"http:\/\/www.accomplir.asso.fr\/dossiers\/20100327\/05 PBE reunion 11 mars 2010.pdf\" target=\"blank\">Paris Nord-Est<\/a><br \/>\n(19\u00e8me), <a href=\"http:\/\/www.accomplir.asso.fr\/dossiers\/20100327\/06 La concertation selon Cherki.pdf\" target=\"blank\">h\u00f4pital Broussais<\/a> (14\u00e8me), <a href=\"http:\/\/www.accomplir.asso.fr\/dossiers\/20100327\/07 BLANC zac beaujon.pdf\" target=\"blank\">ZAC Beaujon<\/a> (7\u00e8me), <a href=\"http:\/\/www.accomplir.asso.fr\/dossiers\/20100327\/08 DOUADY Plateforme concertation a Paris.pdf\" target=\"blank\">Bois de Boulogne et stade Jean Bouin<\/a> (16\u00e8me), <a href=\"http:\/\/www.accomplir.asso.fr\/dossiers\/20100327\/09 Tam-Tam PRG &amp; Bercy Charenton.pdf\" target=\"blank\">Paris Rive Gauche et Bercy Charenton<\/a> (13\u00e8me), <a href=\"http:\/\/www.accomplir.asso.fr\/dossiers\/20100327\/10 ACCOMPLIR contrib-Samar-Halles.pdf\" target=\"blank\">Projet des Halles et Samaritaine<\/a> (1er) ; la <a href=\"http:\/\/www.accomplir.asso.fr\/dossiers\/20100115\/03 CHARTE participative-02-12-09.pdf\" target=\"blank\">Charte parisienne de la participation<\/a> adopt\u00e9e par le Conseil de Paris en 2009 et la <a href=\"http:\/\/www.accomplir.asso.fr\/dossiers\/20100327\/11 Marc Ambroise Rendu Analyse-charte.pdf\" target=\"blank\">lecture critique que nous en faisons<\/a> ; et enfin la <a href=\"http:\/\/www.accomplir.asso.fr\/dossiers\/20100327\/12 charte concertation 1996.pdf\" target=\"blank\">Charte de la concertation de 1996<\/a> qui nous para\u00eet un bien meilleur texte de r\u00e9f\u00e9rence, et <a href=\"http:\/\/www.accomplir.asso.fr\/dossiers\/20100327\/13 CONCLUSION.pdf\" target=\"blank\">nos conclusions<\/a>.<\/li>\n<li>Camille Gardesse (doctorante Lab\u2019Urba), <a href=\"http:\/\/www.accomplir.asso.fr\/dossiers\/20100505\/03 gardesse.pdf\" target=\"blank\"><em>D\u00e9cideurs et professionnels de l\u2019urbanisme face aux revendications d\u2019expertise de citoyen : Le cas de la concertation pour le projet de r\u00e9am\u00e9nagement des Halles, 2002 \u2013 2009<\/em> <\/a> (20\/01\/10)<\/li>\n<li><a href=\"http:\/\/www.accomplir.asso.fr\/accomplir\/wp-content\/uploads\/2014\/05\/10ans-extrait2.mp4\" target=\"blank\">Un extrait du film <em>\u00ab Les dix ans d\u2019Accomplir \u00bb<\/em><\/a> pour comprendre ce que c\u2019est que la d\u00e9mocratie participative selon Bertrand Delano\u00eb<\/a> et pourquoi nous avons \u00ab la rage \u00bb sur le projet des Halles\u2026 (d\u00e9cembre 2009)<\/li>\n<li><a href=\"http:\/\/www.accomplir.asso.fr\/dossiers\/20100115\/03 CHARTE participative-02-12-09.pdf\" target=\"blank\">La Charte parisienne de la participation : dix clefs pour la participation des Parisiennes et des Parisiens<\/a> (02\/12\/09)<\/li>\n<li>Pour m\u00e9moire, <a href=\"http:\/\/www.accomplir.asso.fr\/dossiers\/20080524\/02%20promesses%20legaret.pdf\" target=\"blank\">les promesses que nous a faites le candidat Jean-Fran\u00e7ois Legaret<\/a> lors des municipales de mars 2008.<\/li>\n<li>L\u2019association d\u2019habitants Tam-Tam, situ\u00e9e dans le 13\u00e8me arrondissement et fortement mobilis\u00e9e sur le projet Paris Rive Gauche, organise une r\u00e9union publique sur un sujet qui int\u00e9resse tous les Parisiens, <a href=\"http:\/\/www.accomplir.asso.fr\/dossiers\/20080210\/02%20Annonce%20reunion%20Tam-Tam%20tours%2013.02.pdf\" target=\"blank\">la construction de tours \u00e0 Paris<\/a> (13\/02\/08).<\/li>\n<li><a href=\"http:\/\/www.accomplir.asso.fr\/accomplir\/wp-content\/uploads\/2014\/05\/A-quoi-sert-un-maire.mp4\" target=\"_blank\">A quoi sert un maire d'arrondissement ?<\/a> Dans ce reportage Dominique Bertinotti, maire PS du 4\u00e8me arrondissement \u00e0 Paris, et Jean-Fran\u00e7ois Legaret, maire UMP du 1er, expliquent leur r\u00f4le, leur emploi du temps, et leur position sur le cumul des mandats (27\/01\/08). Voir aussi la <a href=\"http:\/\/www.accomplir.asso.fr\/dossiers\/citoyennete\/A quoi sert un maire.pdf\" target=\"blank\">conf\u00e9rence de Dominique Bertinotti<\/a> \u00e0 l'Ecole de Paris du management sur le m\u00eame th\u00e8me.<\/li>\n<li>Gardons trace des promesses \u00e9lectorales\u2026 \u00ab <a href=\"http:\/\/www.accomplir.asso.fr\/dossiers\/20080125\/13%20projet_delanoe_2008.pdf\" target=\"blank\">Paris, un temps d\u2019avance : le projet de Bertrand Delano\u00eb pour Paris 2008-2014<\/a> \u00bb (janvier 2008)<\/li>\n<li>Vous nous avez souvent vu distribuer la Lettre d\u2019Accomplir sur le march\u00e9 ou \u00e0 la porte des \u00e9coles, organiser des animations dans le Jardin des Halles, ou encore prendre la parole dans les r\u00e9unions de concertation du 1er ou du 2\u00e8me, et vous vous \u00eates peut-\u00eatre demand\u00e9 ce qui nous motivait. En cette fin d\u2019ann\u00e9e o\u00f9 nous renouvelons les adh\u00e9sions, nous avons r\u00e9capitul\u00e9 nos <a href=\"http:\/\/www.accomplir.asso.fr\/dossiers\/20071215\/10%20moment%20dadherer.pdf\" target=\"blank\">raisons d\u2019adh\u00e9rer \u00e0 cette association <\/a>: conna\u00eetre des gens de votre quartier, ne pas laisser son devenir se d\u00e9cider sans vous, avoir une action efficace.<br \/>\nPour devenir vous aussi acteur de votre quartier, rejoignez-nous en nous retournant le <a href=\"http:\/\/www.accomplir.asso.fr\/association\/presentationasso\/bulletin%20adhesion%202008.pdf\" target=\"blank\">bulletin d\u2019adh\u00e9sion<\/a> accompagn\u00e9 de votre cotisation de 10 \u20ac (D\u00e9cembre 2007).<\/li>\n<li><a href=\"http:\/\/www.accomplir.asso.fr\/dossiers\/20071215\/08%20suggestions%20democratie%20participative.pdf\" target=\"blank\">Suggestions de l\u2019association Accomplir aux candidats des \u00e9lections municipales 2008 pour le d\u00e9veloppement de la d\u00e9mocratie participative \u00e0 Paris<\/a> (novembre 2007). A l\u2019approche des municipales, nous avons adress\u00e9 ce texte aux 163 conseillers de Paris, en attendant de conna\u00eetre l\u2019ensemble des t\u00eates de listes parisiennes.<\/li>\n<li><a href=\"http:\/\/www.accomplir.asso.fr\/dossiers\/citoyennete\/30%20CICA%2009.10.06.pdf\" target=\"blank\">CICA du 1er arrondissement<\/a>, en pr\u00e9sence de Mme de La Gontrie, adjointe charg\u00e9e des associations, sur la cr\u00e9ation d\u2019une maison des associations dans le 1er (09\/10\/06)<\/li>\n<li><a href=\"http:\/\/www.accomplir.asso.fr\/dossiers\/citoyennete\/04%20CQMSDBilan20022006.pdf\" target=\"blank\">Conseil de quartier Montorgueil Saint Denis (2\u00e8me) : bilan apr\u00e8s ann\u00e9es de fonctionnement 2002-2006<\/a> (mars 2006). Un bilan tr\u00e8s int\u00e9ressant, r\u00e9v\u00e9lant un fonctionement structur\u00e9 et une transparence budg\u00e9taire dont les conseils de quartier du 1er feraient bien de s'inspirer !<\/li>\n<li><a href=\"http:\/\/www.accomplir.asso.fr\/dossiers\/citoyennete\/08%20charte%20CDQ.pdf\" target=\"blank\">Charte de fonctionnement des conseils de quartier du 1er arrondissement<\/a> (novembre 2005).<\/li>\n<li>Alors que la plupart des conseils de quartier de Paris ont adopt\u00e9 depuis longtemps un fonctionnement clair, ceux du 1er viennent seulement de se doter d\u2019une charte, dont il est \u00e0 craindre d\u2019ailleurs qu\u2019elle n\u2019am\u00e9liore gu\u00e8re leur fonctionnement. <a href=\"http:\/\/www.accomplir.asso.fr\/dossiers\/citoyennete\/11%20commentaires%20charte%20cdq.pdf\" target=\"blank\">Nos commentaires<\/a>.<\/li>\n<li>Intervention pr\u00e9vue par l\u2019association Accomplir pour le <a href=\"http:\/\/www.accomplir.asso.fr\/dossiers\/citoyennete\/Questions%20Delanoe.pdf\" target=\"blank\">bilan de mandature de Bertrand Delano\u00eb<\/a> le 19\/10\/05<\/li>\n<li><a href=\"http:\/\/www.accomplir.asso.fr\/dossiers\/citoyennete\/F.%20Piault.pdf\" target=\"blank\">Le dispositif de concertation des Halles<\/a>, par Fabrice PIAULT, pr\u00e9sident de l\u2019association TAM-TAM (Paris 13\u00e8me) (12\/10\/05).<br \/>\n\u00ab Avec l\u2019installation d\u2019un comit\u00e9 permanent de concertation (CPC) sur le mod\u00e8le de celui cr\u00e9\u00e9 en 1997 pour la ZAC Paris rive gauche, g\u00e9r\u00e9 par un bureau repr\u00e9sentatif des diff\u00e9rents acteurs, nourri par les r\u00e9flexions de groupes de travail, et accompagn\u00e9 par un garant, la r\u00e9flexion collective sur l\u2019am\u00e9nagement des Halles va pouvoir entrer dans une nouvelle dimension. \u00bb<\/li>\n<li><a href=\"http:\/\/www.accomplir.asso.fr\/dossiers\/citoyennete\/Conference%20EB%20EDP.pdf\" target=\"blank\">Accomplir : les secrets d\u2019une association de quartier efficace<\/a> (conf\u00e9rence \u00e0 l\u2019Ecole de Paris du Management, 14\/04\/05) \u00c9lisabeth Bourguinat, secr\u00e9taire d\u2019Accomplir, \u00e9voque le fonctionnement de cette association, cr\u00e9\u00e9e en 1999 pour \u201cd\u00e9velopper la convivialit\u00e9 et renforcer la citoyennet\u00e9 dans le quartier des Halles\u201d. Parmi les secrets de l\u2019efficacit\u00e9 d\u2019Accomplir, mesur\u00e9e par la fa\u00e7on dont elle atteint son double objectif, figurent le partage des t\u00e2ches, la recherche de la d\u00e9mocratie interne, la place centrale accord\u00e9e \u00e0 l\u2019\u00e9crit, ou encore le travail en r\u00e9seau. Ce t\u00e9moignage suscite plusieurs questions : comment concilier fonctionnement d\u00e9mocratique et leadership de certains membres ? Quelle est la repr\u00e9sentativit\u00e9 de cette association hyperactive ? Comment g\u00e9rer l\u2019apr\u00e8s victoire ?<\/li>\n<li><a href=\"http:\/\/www.accomplir.asso.fr\/dossiers\/citoyennete\/Fichier%202.pdf\" target=\"blank\">Notre d\u00e9put\u00e9e Martine Billard<\/a> vous explique tout ce que vous voulez savoir sur le m\u00e9tier de parlementaire et sur le fonctionnement \u2013 mais aussi les dysfonctionnements de l\u2019Assembl\u00e9e nationale (20\/01\/05)<\/li>\n<li>La mairie du 1er a organis\u00e9 des \u00ab <a href=\"http:\/\/www.accomplir.asso.fr\/dossiers\/citoyennete\/01%20demo%20locale.pdf\" target=\"blank\">Rencontres de la d\u00e9mocratie locale<\/a> \u00bb dont le bilan est peu enthousiasmant, entre le manque de communication de la part de la mairie (d'o\u00f9 moins d'une vingtaine de visiteurs en tout pour les stands associatifs !) et certains repr\u00e9sentants d'associations qui r\u00e9clament moins de r\u00e9unions de d\u00e9mocratie participative sous pr\u00e9texte qu'ils ne peuvent pas y assister ! (01-02\/04\/05)<\/li>\n<li><a href=\"http:\/\/www.accomplir.asso.fr\/dossiers\/citoyennete\/Contrat%20objectifs%20ZAC%20PRG_web.pdf\" target=\"blank\">Contrat d\u2019objectif de la concertation \u00e0 Paris Rive Gauche \u2013 Plans d\u2019action 2003-2004<\/a> : le document de base de la concertation pour la ZAC Rive gauche.<\/li>\n<li><a href=\"http:\/\/www.accomplir.asso.fr\/dossiers\/citoyennete\/IAURIF.htm\">Table-ronde du 27 avril 2000, publi\u00e9s par l\u2019IAURIF<\/a>, sur les exp\u00e9riences de concertation de la ZAC Paris Rive Gauche, du Plan de d\u00e9placement urbain de la r\u00e9gion IDF, et du Stadtforum dans la planification de Berlin.<\/li>\n<li><a href=\"http:\/\/www.accomplir.asso.fr\/dossiers\/citoyennete\/Charte%20concertation%201996.pdf\" target=\"blank\">Charte de la concertation du Minist\u00e8re de l'Am\u00e9nagement du Territoire et de l'Environnement de 1996<\/a>, document fondateur qui peut servir de r\u00e9f\u00e9rence pour \u00e9valuer les op\u00e9rations de concertation sur les projets d\u2019urbanisme.<\/li>\n<li><a href=\"http:\/\/www.accomplir.asso.fr\/dossiers\/citoyennete\/Concertation.pdf\" target=\"blank\">\u00ab L'implication des habitants dans des micro-projets urbains : enjeux politiques et propositions pratiques \u00bb<\/a><em>, <\/em>par Jodelle Zetlaoui-L\u00e9ger, sociologue, urbaniste, ma\u00eetre de conf\u00e9rences \u00e0 l'Institut d'Urbanisme de Paris, Laboratoire CRETEIL (octobre 2004). \u00ab La question de l'implication des habitants dans des projets d'am\u00e9nagement ou de construction para\u00eet en fait aujourd'hui d'autant plus incontournable que les territoires d'intervention ne sont plus vierges. Ils sont d\u00e9j\u00e0 habit\u00e9s, \"v\u00e9cus\" ; difficile donc d'envisager de \"refaire la ville sur la ville\", sans tenir compte des pratiques et des repr\u00e9sentations sociales et spatiales qui ont marqu\u00e9 et marquent encore l'identit\u00e9 des lieux. Or si l'intention d'associer les habitants \u00e0 des d\u00e9marches de projet s'exprime de plus en plus en France comme dans d'autres pays d'Europe, elle reste souvent trait\u00e9e comme une question annexe et a du mal \u00e0 \u00eatre v\u00e9ritablement int\u00e9gr\u00e9e aux d\u00e9marches op\u00e9rationnelles \u00bb<\/li>\n<li><a href=\"http:\/\/www.accomplir.asso.fr\/dossiers\/citoyennete\/Conseils%20de%20quartier.htm\">Les conseils de quartier s'ouvrent plus largement, mais avec quel fonctionnement ?<\/a> ( <em>Lettre d'ACCOMPLIR <\/em>, novembre 2003).<\/li>\n<li>Compte rendu de la soir\u00e9e \" <a href=\"http:\/\/www.accomplir.asso.fr\/dossiers\/renovation\/odyssee.htm\">l\u2019Odyss\u00e9e du 1er<\/a> \" sur le th\u00e8me de la d\u00e9mocratie locale, organis\u00e9e par le Maire du 1er , qui n'a malheureusement eu que peu de succ\u00e8s ; elle a pourtant \u00e9t\u00e9 tr\u00e8s instructive par les d\u00e9bats anim\u00e9s sur la d\u00e9mocratie locale auxquels elle a donn\u00e9 lieu (15\/09\/03).<\/li>\n<li>Dans le 1er arrondissement, c'est le maire qui d\u00e9signe lui-m\u00eame les membres des conseils de quartier, sans concertation avec les \u00e9lecteurs, sans s'expliquer sur les crit\u00e8res qu'il retient, et sans tenir compte de l'absent\u00e9isme important de certains membres d\u00e9sign\u00e9s depuis deux ans maintenant, et syst\u00e9matiquement renouvel\u00e9s. Voici <a href=\"http:\/\/www.accomplir.asso.fr\/dossiers\/citoyennete\/tableau%20de%20fonctionmt.pdf\" target=\"blank\">un tableau comparatif sur le fonctionnement des conseils de quartier de Paris<\/a>, qui a \u00e9t\u00e9 distribu\u00e9 aux participants du Printemps de la D\u00e9mocratie Locale en juin 2003, et permet de constater que d'autres fonctionnements sont possibles...<\/li>\n<li><a href=\"http:\/\/www.accomplir.asso.fr\/dossiers\/citoyennete\/31_Vie_associative_democratie_active.pdf\" target=\"blank\">Vie associative et d\u00e9mocratie active<\/a> - Soir\u00e9e d\u00e9bat avec Michel Herv\u00e9, ancien maire de Parthenay (18\/11\/02) : Michel Herv\u00e9 nous a expliqu\u00e9 sa conception de la d\u00e9mocratie active, de l'organisation horizontale des associations et du partage r\u00e9volutionnaire de l'information que permet Internet.<\/li>\n<\/ul>\n","protected":false},"excerpt":{"rendered":"<p>Nos archives Ailleurs dans Paris Quand la concertation s'av\u00e8re impuissante... il reste les tribunaux ! La Coordination pour la sauvegarde du Bois de Boulogne vient de remporter une victoire \u00e9clatante contre la Ville et contre LVMH, en obtenant l'annulation partielle du PLU du Bois de Boulogne par la Cour administrative d'appel (12\/02\/09), au motif que &hellip; <a href=\"http:\/\/www.accomplir.asso.fr\/accomplir\/?page_id=205\" class=\"more-link\">Continuer la lecture de <span class=\"screen-reader-text\">Citoyennet\u00e9 active<\/span>  <span class=\"meta-nav\">&rarr;<\/span><\/a><\/p>\n","protected":false},"author":4,"featured_media":0,"parent":0,"menu_order":0,"comment_status":"closed","ping_status":"closed","template":"","meta":[],"_links":{"self":[{"href":"http:\/\/www.accomplir.asso.fr\/accomplir\/index.php?rest_route=\/wp\/v2\/pages\/205"}],"collection":[{"href":"http:\/\/www.accomplir.asso.fr\/accomplir\/index.php?rest_route=\/wp\/v2\/pages"}],"about":[{"href":"http:\/\/www.accomplir.asso.fr\/accomplir\/index.php?rest_route=\/wp\/v2\/types\/page"}],"author":[{"embeddable":true,"href":"http:\/\/www.accomplir.asso.fr\/accomplir\/index.php?rest_route=\/wp\/v2\/users\/4"}],"replies":[{"embeddable":true,"href":"http:\/\/www.accomplir.asso.fr\/accomplir\/index.php?rest_route=%2Fwp%2Fv2%2Fcomments&post=205"}],"version-history":[{"count":11,"href":"http:\/\/www.accomplir.asso.fr\/accomplir\/index.php?rest_route=\/wp\/v2\/pages\/205\/revisions"}],"predecessor-version":[{"id":602,"href":"http:\/\/www.accomplir.asso.fr\/accomplir\/index.php?rest_route=\/wp\/v2\/pages\/205\/revisions\/602"}],"wp:attachment":[{"href":"http:\/\/www.accomplir.asso.fr\/accomplir\/index.php?rest_route=%2Fwp%2Fv2%2Fmedia&parent=205"}],"curies":[{"name":"wp","href":"https:\/\/api.w.org\/{rel}","templated":true}]}}